{"id":4800,"date":"2016-04-01T11:32:00","date_gmt":"2016-04-01T09:32:00","guid":{"rendered":"https:\/\/www.graphik-shaker.com\/assises\/?page_id=4800"},"modified":"2024-02-06T16:39:54","modified_gmt":"2024-02-06T15:39:54","slug":"3emes-ads-bordeaux-2016","status":"publish","type":"page","link":"https:\/\/www.droitdusport.com\/assises\/3emes-ads-bordeaux-2016\/","title":{"rendered":"3\u00b0 Assises du droit du sport \u2013 Bordeaux 2016"},"content":{"rendered":"\n[et_pb_section fb_built=\u00a0\u00bb1&Prime; admin_label=\u00a0\u00bbHero\u00a0\u00bb _builder_version=\u00a0\u00bb4.23.1&Prime; background_color=\u00a0\u00bb#000000&Prime; background_color_gradient_direction=\u00a0\u00bb271deg\u00a0\u00bb custom_margin=\u00a0\u00bb||\u00a0\u00bb custom_padding=\u00a0\u00bb0|0px|0|0px|false|false\u00a0\u00bb locked=\u00a0\u00bboff\u00a0\u00bb global_colors_info=\u00a0\u00bb{}\u00a0\u00bb][et_pb_row column_structure=\u00a0\u00bb1_2,1_2&Prime; make_equal=\u00a0\u00bbon\u00a0\u00bb _builder_version=\u00a0\u00bb4.23.2&Prime; _module_preset=\u00a0\u00bbdefault\u00a0\u00bb width=\u00a0\u00bb100%\u00a0\u00bb max_width=\u00a0\u00bb70%\u00a0\u00bb module_alignment=\u00a0\u00bbcenter\u00a0\u00bb min_height=\u00a0\u00bb100%\u00a0\u00bb height=\u00a0\u00bb100%\u00a0\u00bb max_height=\u00a0\u00bb100%\u00a0\u00bb custom_margin=\u00a0\u00bb0px||0px||false|false\u00a0\u00bb custom_padding=\u00a0\u00bb22px||22px||false|false\u00a0\u00bb pac_drh_column_numbers_tablet=\u00a0\u00bbpac_drh_tab_col_two\u00a0\u00bb pac_drh_column_numbers_phone=\u00a0\u00bbpac_drh_phone_col_two\u00a0\u00bb locked=\u00a0\u00bboff\u00a0\u00bb global_colors_info=\u00a0\u00bb{}\u00a0\u00bb][et_pb_column type=\u00a0\u00bb1_2&Prime; module_class=\u00a0\u00bbcentrer-verticalement\u00a0\u00bb _builder_version=\u00a0\u00bb4.23.2&Prime; _module_preset=\u00a0\u00bbdefault\u00a0\u00bb custom_padding=\u00a0\u00bb||||false|false\u00a0\u00bb global_colors_info=\u00a0\u00bb{}\u00a0\u00bb][et_pb_image src=\u00a0\u00bbhttps:\/\/www.droitdusport.com\/assises\/wp-content\/uploads\/2023\/11\/logo-dds-adds-3.svg\u00a0\u00bb title_text=\u00a0\u00bblogo-dds-adds-3&Prime; url=\u00a0\u00bbhttps:\/\/www.droitdusport.com\u00a0\u00bb url_new_window=\u00a0\u00bbon\u00a0\u00bb align=\u00a0\u00bbright\u00a0\u00bb align_tablet=\u00a0\u00bbright\u00a0\u00bb align_phone=\u00a0\u00bbright\u00a0\u00bb align_last_edited=\u00a0\u00bboff|desktop\u00a0\u00bb _builder_version=\u00a0\u00bb4.23.2&Prime; _module_preset=\u00a0\u00bbdefault\u00a0\u00bb width=\u00a0\u00bb35%\u00a0\u00bb width_tablet=\u00a0\u00bb75%\u00a0\u00bb width_phone=\u00a0\u00bb100%\u00a0\u00bb width_last_edited=\u00a0\u00bbon|tablet\u00a0\u00bb max_width=\u00a0\u00bb100%\u00a0\u00bb max_width_tablet=\u00a0\u00bb100%\u00a0\u00bb max_width_phone=\u00a0\u00bb100%\u00a0\u00bb max_width_last_edited=\u00a0\u00bbon|phone\u00a0\u00bb module_alignment=\u00a0\u00bbright\u00a0\u00bb custom_padding=\u00a0\u00bb||||false|false\u00a0\u00bb custom_padding_tablet=\u00a0\u00bb30px||||false|false\u00a0\u00bb custom_padding_phone=\u00a0\u00bb30px||||false|false\u00a0\u00bb custom_padding_last_edited=\u00a0\u00bbon|tablet\u00a0\u00bb global_colors_info=\u00a0\u00bb{}\u00a0\u00bb][\/et_pb_image][\/et_pb_column][et_pb_column type=\u00a0\u00bb1_2&Prime; module_class=\u00a0\u00bbcentrer-verticalement\u00a0\u00bb _builder_version=\u00a0\u00bb4.23.1&Prime; _module_preset=\u00a0\u00bbdefault\u00a0\u00bb global_colors_info=\u00a0\u00bb{}\u00a0\u00bb][et_pb_image src=\u00a0\u00bbhttps:\/\/www.droitdusport.com\/assises\/wp-content\/uploads\/2022\/06\/presente.svg\u00a0\u00bb title_text=\u00a0\u00bbpresente\u00a0\u00bb url_new_window=\u00a0\u00bbon\u00a0\u00bb align=\u00a0\u00bbcenter\u00a0\u00bb align_tablet=\u00a0\u00bbright\u00a0\u00bb align_phone=\u00a0\u00bbright\u00a0\u00bb align_last_edited=\u00a0\u00bboff|desktop\u00a0\u00bb _builder_version=\u00a0\u00bb4.23.2&Prime; _module_preset=\u00a0\u00bbdefault\u00a0\u00bb width=\u00a0\u00bb20%\u00a0\u00bb width_tablet=\u00a0\u00bb40%\u00a0\u00bb width_phone=\u00a0\u00bb62%\u00a0\u00bb width_last_edited=\u00a0\u00bbon|tablet\u00a0\u00bb max_width=\u00a0\u00bb100%\u00a0\u00bb max_width_tablet=\u00a0\u00bb75%\u00a0\u00bb max_width_phone=\u00a0\u00bb100%\u00a0\u00bb max_width_last_edited=\u00a0\u00bbon|phone\u00a0\u00bb module_alignment=\u00a0\u00bbleft\u00a0\u00bb custom_padding_tablet=\u00a0\u00bb0px||||false|false\u00a0\u00bb custom_padding_phone=\u00a0\u00bb0px||||false|false\u00a0\u00bb custom_padding_last_edited=\u00a0\u00bbon|tablet\u00a0\u00bb global_colors_info=\u00a0\u00bb{}\u00a0\u00bb][\/et_pb_image][\/et_pb_column][\/et_pb_row][\/et_pb_section][et_pb_section fb_built=\u00a0\u00bb1&Prime; make_equal=\u00a0\u00bbon\u00a0\u00bb use_custom_gutter=\u00a0\u00bbon\u00a0\u00bb gutter_width=\u00a0\u00bb1&Prime; specialty=\u00a0\u00bbon\u00a0\u00bb module_class_1=\u00a0\u00bbcentrer-verticalement\u00a0\u00bb module_class_2=\u00a0\u00bbcentrer-verticalement\u00a0\u00bb module_class_3=\u00a0\u00bbcentrer-verticalement\u00a0\u00bb disabled_on=\u00a0\u00bboff|off|off\u00a0\u00bb module_class=\u00a0\u00bbcentrer-verticalement\u00a0\u00bb _builder_version=\u00a0\u00bb4.23.1&Prime; _module_preset=\u00a0\u00bbdefault\u00a0\u00bb background_enable_color=\u00a0\u00bboff\u00a0\u00bb background_image=\u00a0\u00bbhttps:\/\/www.droitdusport.com\/assises\/wp-content\/uploads\/2023\/11\/fond-header-adds-3.jpg\u00a0\u00bb parallax=\u00a0\u00bbon\u00a0\u00bb parallax_method=\u00a0\u00bboff\u00a0\u00bb background_blend=\u00a0\u00bbmultiply\u00a0\u00bb width=\u00a0\u00bb100%\u00a0\u00bb max_width=\u00a0\u00bb100%\u00a0\u00bb module_alignment=\u00a0\u00bbcenter\u00a0\u00bb inner_width=\u00a0\u00bb100%\u00a0\u00bb inner_max_width=\u00a0\u00bb100%\u00a0\u00bb custom_padding=\u00a0\u00bb||120px|||\u00a0\u00bb background_last_edited=\u00a0\u00bbon|tablet\u00a0\u00bb background_image_tablet=\u00a0\u00bbhttps:\/\/www.droitdusport.com\/assises\/wp-content\/uploads\/2023\/12\/fond-header-adds3-tablette.jpg\u00a0\u00bb background_image_phone=\u00a0\u00bbhttps:\/\/www.droitdusport.com\/assises\/wp-content\/uploads\/2023\/12\/fond-header-adds3-mobile.jpg\u00a0\u00bb background_enable_image_tablet=\u00a0\u00bbon\u00a0\u00bb background_enable_image_phone=\u00a0\u00bbon\u00a0\u00bb global_colors_info=\u00a0\u00bb{}\u00a0\u00bb][et_pb_column type=\u00a0\u00bb1_4&Prime; _builder_version=\u00a0\u00bb4.16&Prime; custom_padding=\u00a0\u00bb|||\u00a0\u00bb global_colors_info=\u00a0\u00bb{}\u00a0\u00bb custom_padding__hover=\u00a0\u00bb|||\u00a0\u00bb][et_pb_image src=\u00a0\u00bbhttps:\/\/www.droitdusport.com\/assises\/wp-content\/uploads\/2023\/11\/dates-adds-3.svg\u00a0\u00bb title_text=\u00a0\u00bbdates-adds-3&Prime; align=\u00a0\u00bbcenter\u00a0\u00bb disabled_on=\u00a0\u00bbon|on|off\u00a0\u00bb _builder_version=\u00a0\u00bb4.23.1&Prime; _module_preset=\u00a0\u00bbdefault\u00a0\u00bb width=\u00a0\u00bb25%\u00a0\u00bb module_alignment=\u00a0\u00bbcenter\u00a0\u00bb global_colors_info=\u00a0\u00bb{}\u00a0\u00bb][\/et_pb_image][\/et_pb_column][et_pb_column type=\u00a0\u00bb1_2&Prime; specialty_columns=\u00a0\u00bb2&Prime; _builder_version=\u00a0\u00bb4.16&Prime; custom_padding=\u00a0\u00bb|||\u00a0\u00bb global_colors_info=\u00a0\u00bb{}\u00a0\u00bb custom_padding__hover=\u00a0\u00bb|||\u00a0\u00bb][et_pb_row_inner disabled_on=\u00a0\u00bbon|on|off\u00a0\u00bb _builder_version=\u00a0\u00bb4.23.1&Prime; _module_preset=\u00a0\u00bbdefault\u00a0\u00bb global_colors_info=\u00a0\u00bb{}\u00a0\u00bb][et_pb_column_inner saved_specialty_column_type=\u00a0\u00bb1_2&Prime; _builder_version=\u00a0\u00bb4.23.1&Prime; _module_preset=\u00a0\u00bbdefault\u00a0\u00bb global_colors_info=\u00a0\u00bb{}\u00a0\u00bb][et_pb_image src=\u00a0\u00bbhttps:\/\/www.droitdusport.com\/assises\/wp-content\/uploads\/2023\/11\/logo-adds-3.svg\u00a0\u00bb title_text=\u00a0\u00bblogo-adds-3&Prime; _builder_version=\u00a0\u00bb4.23.1&Prime; _module_preset=\u00a0\u00bbdefault\u00a0\u00bb width=\u00a0\u00bb45%\u00a0\u00bb module_alignment=\u00a0\u00bbcenter\u00a0\u00bb global_colors_info=\u00a0\u00bb{}\u00a0\u00bb][\/et_pb_image][\/et_pb_column_inner][\/et_pb_row_inner][et_pb_row_inner disabled_on=\u00a0\u00bbon|on|off\u00a0\u00bb _builder_version=\u00a0\u00bb4.23.1&Prime; _module_preset=\u00a0\u00bbdefault\u00a0\u00bb custom_padding=\u00a0\u00bb||||false|false\u00a0\u00bb global_colors_info=\u00a0\u00bb{}\u00a0\u00bb][et_pb_column_inner saved_specialty_column_type=\u00a0\u00bb1_2&Prime; _builder_version=\u00a0\u00bb4.23.1&Prime; _module_preset=\u00a0\u00bbdefault\u00a0\u00bb global_colors_info=\u00a0\u00bb{}\u00a0\u00bb][et_pb_image src=\u00a0\u00bbhttps:\/\/www.droitdusport.com\/assises\/wp-content\/uploads\/2023\/12\/titre-adds-1-2.svg\u00a0\u00bb title_text=\u00a0\u00bbtitre-adds-1-2&Prime; _builder_version=\u00a0\u00bb4.23.2&Prime; _module_preset=\u00a0\u00bbdefault\u00a0\u00bb global_colors_info=\u00a0\u00bb{}\u00a0\u00bb][\/et_pb_image][\/et_pb_column_inner][\/et_pb_row_inner][et_pb_row_inner disabled_on=\u00a0\u00bbon|off|on\u00a0\u00bb _builder_version=\u00a0\u00bb4.23.1&Prime; _module_preset=\u00a0\u00bbdefault\u00a0\u00bb global_colors_info=\u00a0\u00bb{}\u00a0\u00bb][et_pb_column_inner saved_specialty_column_type=\u00a0\u00bb1_2&Prime; _builder_version=\u00a0\u00bb4.23.1&Prime; _module_preset=\u00a0\u00bbdefault\u00a0\u00bb global_colors_info=\u00a0\u00bb{}\u00a0\u00bb][et_pb_image src=\u00a0\u00bbhttps:\/\/www.droitdusport.com\/assises\/wp-content\/uploads\/2023\/12\/texte-header-adds_3-tablette-3.svg\u00a0\u00bb title_text=\u00a0\u00bbtexte-header-adds_3-tablette-3&Prime; src_tablet=\u00a0\u00bb\u00a0\u00bb src_phone=\u00a0\u00bb\u00a0\u00bb src_last_edited=\u00a0\u00bbon|desktop\u00a0\u00bb disabled_on=\u00a0\u00bbon|off|on\u00a0\u00bb _builder_version=\u00a0\u00bb4.23.2&Prime; _module_preset=\u00a0\u00bbdefault\u00a0\u00bb global_colors_info=\u00a0\u00bb{}\u00a0\u00bb][\/et_pb_image][\/et_pb_column_inner][\/et_pb_row_inner][et_pb_row_inner _builder_version=\u00a0\u00bb4.23.1&Prime; _module_preset=\u00a0\u00bbdefault\u00a0\u00bb global_colors_info=\u00a0\u00bb{}\u00a0\u00bb][et_pb_column_inner saved_specialty_column_type=\u00a0\u00bb1_2&Prime; _builder_version=\u00a0\u00bb4.23.1&Prime; _module_preset=\u00a0\u00bbdefault\u00a0\u00bb global_colors_info=\u00a0\u00bb{}\u00a0\u00bb][et_pb_image src=\u00a0\u00bbhttps:\/\/www.droitdusport.com\/assises\/wp-content\/uploads\/2023\/12\/texte-header-adds3-mobile-2.svg\u00a0\u00bb title_text=\u00a0\u00bbtexte-header-adds3-mobile-2&Prime; disabled_on=\u00a0\u00bboff|on|on\u00a0\u00bb _builder_version=\u00a0\u00bb4.23.2&Prime; _module_preset=\u00a0\u00bbdefault\u00a0\u00bb global_colors_info=\u00a0\u00bb{}\u00a0\u00bb][\/et_pb_image][\/et_pb_column_inner][\/et_pb_row_inner][\/et_pb_column][et_pb_column type=\u00a0\u00bb1_4&Prime; _builder_version=\u00a0\u00bb4.16&Prime; custom_padding=\u00a0\u00bb|||\u00a0\u00bb global_colors_info=\u00a0\u00bb{}\u00a0\u00bb custom_padding__hover=\u00a0\u00bb|||\u00a0\u00bb][et_pb_image src=\u00a0\u00bbhttps:\/\/www.droitdusport.com\/assises\/wp-content\/uploads\/2023\/11\/dates-adds-3-1.svg\u00a0\u00bb title_text=\u00a0\u00bbdates-adds-3&Prime; disabled_on=\u00a0\u00bbon|on|off\u00a0\u00bb _builder_version=\u00a0\u00bb4.23.1&Prime; _module_preset=\u00a0\u00bbdefault\u00a0\u00bb width=\u00a0\u00bb50%\u00a0\u00bb module_alignment=\u00a0\u00bbcenter\u00a0\u00bb global_colors_info=\u00a0\u00bb{}\u00a0\u00bb][\/et_pb_image][\/et_pb_column][\/et_pb_section][et_pb_section fb_built=\u00a0\u00bb1&Prime; custom_padding_last_edited=\u00a0\u00bboff|desktop\u00a0\u00bb admin_label=\u00a0\u00bbhero section\u00a0\u00bb module_id=\u00a0\u00bbpropos\u00a0\u00bb _builder_version=\u00a0\u00bb4.23.1&Prime; custom_margin=\u00a0\u00bb|||\u00a0\u00bb custom_padding=\u00a0\u00bb0||80px||false|false\u00a0\u00bb custom_padding_tablet=\u00a0\u00bb130px||130px|\u00a0\u00bb global_colors_info=\u00a0\u00bb{}\u00a0\u00bb][et_pb_row _builder_version=\u00a0\u00bb4.16&Prime; custom_padding=\u00a0\u00bb80px|0px|0|0px|false|false\u00a0\u00bb global_colors_info=\u00a0\u00bb{}\u00a0\u00bb][et_pb_column type=\u00a0\u00bb4_4&Prime; _builder_version=\u00a0\u00bb4.16&Prime; custom_padding=\u00a0\u00bb|||\u00a0\u00bb global_colors_info=\u00a0\u00bb{}\u00a0\u00bb custom_padding__hover=\u00a0\u00bb|||\u00a0\u00bb][et_pb_text _builder_version=\u00a0\u00bb4.23.2&Prime; header_font=\u00a0\u00bbMontserrat|700|||||||\u00a0\u00bb header_text_color=\u00a0\u00bb#000000&Prime; header_font_size=\u00a0\u00bb40px\u00a0\u00bb header_font_size_tablet=\u00a0\u00bb\u00a0\u00bb header_font_size_phone=\u00a0\u00bb30px\u00a0\u00bb header_font_size_last_edited=\u00a0\u00bbon|phone\u00a0\u00bb global_colors_info=\u00a0\u00bb{}\u00a0\u00bb]<h1>Les 3<span style=\"font-size: large;\"><sup>\u00e8mes<\/sup><\/span> Assises du droit du sport<\/h1>[\/et_pb_text][\/et_pb_column][\/et_pb_row][et_pb_row use_custom_gutter=\u00a0\u00bbon\u00a0\u00bb admin_label=\u00a0\u00bbtitle and illustration\u00a0\u00bb _builder_version=\u00a0\u00bb4.16&Prime; background_size=\u00a0\u00bbinitial\u00a0\u00bb background_position=\u00a0\u00bbtop_left\u00a0\u00bb background_repeat=\u00a0\u00bbrepeat\u00a0\u00bb custom_padding=\u00a0\u00bb||0||false|false\u00a0\u00bb global_colors_info=\u00a0\u00bb{}\u00a0\u00bb][et_pb_column type=\u00a0\u00bb4_4&Prime; _builder_version=\u00a0\u00bb4.16&Prime; custom_padding=\u00a0\u00bb|||\u00a0\u00bb global_colors_info=\u00a0\u00bb{}\u00a0\u00bb custom_padding__hover=\u00a0\u00bb|||\u00a0\u00bb][et_pb_text content_tablet=\u00a0\u00bb<p>Les <span style=%22text-decoration: underline;%22><a href=%22https:\/\/www.droitdusport.com%22 data-et-target-link=%22_blank%22 rel=%22noopener%22><span style=%22color: #517fb8; text-decoration: underline;%22><strong>\u00c9ditions droitdusport.com<\/strong><\/span><\/a><\/span> organisent deux journ\u00e9es exceptionnelles de d\u00e9bats sur les sujets<br \/>d&rsquo;actualit\u00e9 suivants :<br \/><strong><span style=%22color: #517fb8;%22>\u2022 31 mars 2016 :<\/span> Construire et exploiter les \u00e9quipements sportifs<\/strong><br \/><strong><span style=%22color: #517fb8;%22>\u2022 1er avril 2016 :<\/span> L\u2019activit\u00e9 d\u2019interm\u00e9diaire dans le sport professionnel<\/strong><\/p>\u00a0\u00bb content_phone=\u00a0\u00bb<p>Les <span style=%22text-decoration: underline;%22><a href=%22https:\/\/www.droitdusport.com%22 data-et-target-link=%22_blank%22 rel=%22noopener%22><span style=%22color: #517fb8; text-decoration: underline;%22><strong>\u00c9ditions droitdusport.com<\/strong><\/span><\/a><\/span> organisent deux journ\u00e9es exceptionnelles de d\u00e9bats sur les sujets<br \/>d&rsquo;actualit\u00e9 suivants :<br \/><strong><span style=%22color: #517fb8;%22>\u2022 31 mars 2016 :<\/span> Construire et exploiter les \u00e9quipements sportifs<\/strong><br \/><strong><span style=%22color: #517fb8;%22>\u2022 1er avril 2016 :<\/span> L\u2019activit\u00e9 d\u2019interm\u00e9diaire dans le sport professionnel<\/strong><\/p>\u00a0\u00bb content_last_edited=\u00a0\u00bbon|desktop\u00a0\u00bb _builder_version=\u00a0\u00bb4.23.1&Prime; text_font=\u00a0\u00bb||||||||\u00a0\u00bb text_font_size=\u00a0\u00bb20px\u00a0\u00bb text_line_height=\u00a0\u00bb1.8em\u00a0\u00bb custom_margin=\u00a0\u00bb|||\u00a0\u00bb custom_padding=\u00a0\u00bb||\u00a0\u00bb animation_direction=\u00a0\u00bbtop\u00a0\u00bb global_colors_info=\u00a0\u00bb{}\u00a0\u00bb]<p>Les <span style=\"text-decoration: underline;\"><a href=\"https:\/\/www.droitdusport.com\" target=\"_blank\" rel=\"noopener\"><span style=\"color: #517fb8; text-decoration: underline;\"><strong>\u00c9ditions droitdusport.com<\/strong><\/span><\/a><\/span> organisent deux journ\u00e9es exceptionnelles de d\u00e9bats sur les sujets<br \/>d&rsquo;actualit\u00e9 suivants :<br \/><strong><span style=\"color: #517fb8;\">\u2022 31 mars 2016 :<\/span> Construire et exploiter les \u00e9quipements sportifs<\/strong><br \/><strong><span style=\"color: #517fb8;\">\u2022 1er avril 2016 :<\/span> L\u2019activit\u00e9 d\u2019interm\u00e9diaire dans le sport professionnel<\/strong><\/p>[\/et_pb_text][\/et_pb_column][\/et_pb_row][\/et_pb_section][et_pb_section fb_built=\u00a0\u00bb1&Prime; fullwidth=\u00a0\u00bbon\u00a0\u00bb disabled_on=\u00a0\u00bboff|off|on\u00a0\u00bb module_id=\u00a0\u00bbretrospective-mobile\u00a0\u00bb _builder_version=\u00a0\u00bb4.23.1&Prime; _module_preset=\u00a0\u00bbdefault\u00a0\u00bb background_color=\u00a0\u00bbRGBA(255,255,255,0)\u00a0\u00bb background_enable_image=\u00a0\u00bboff\u00a0\u00bb parallax=\u00a0\u00bbon\u00a0\u00bb hover_enabled=\u00a0\u00bb0&Prime; locked=\u00a0\u00bboff\u00a0\u00bb global_colors_info=\u00a0\u00bb{}\u00a0\u00bb sticky_enabled=\u00a0\u00bb0&Prime;][et_pb_fullwidth_slider show_pagination=\u00a0\u00bboff\u00a0\u00bb _builder_version=\u00a0\u00bb4.23.1&Prime; _module_preset=\u00a0\u00bbdefault\u00a0\u00bb body_font_size=\u00a0\u00bb27px\u00a0\u00bb custom_margin=\u00a0\u00bb||||false|false\u00a0\u00bb custom_padding=\u00a0\u00bb350px||350px||false|false\u00a0\u00bb animation_style=\u00a0\u00bbfade\u00a0\u00bb animation_duration=\u00a0\u00bb1500ms\u00a0\u00bb animation_delay=\u00a0\u00bb500ms\u00a0\u00bb auto=\u00a0\u00bbon\u00a0\u00bb auto_speed=\u00a0\u00bb2000&Prime; body_text_shadow_style=\u00a0\u00bbpreset1&Prime; global_colors_info=\u00a0\u00bb{}\u00a0\u00bb][et_pb_slide button_link=\u00a0\u00bbhttps:\/\/www.aiaf-law.com\/10th-aiaf-congress-bordeaux-2023\/\u00a0\u00bb _builder_version=\u00a0\u00bb4.23.1&Prime; _module_preset=\u00a0\u00bbdefault\u00a0\u00bb header_line_height=\u00a0\u00bb1.7em\u00a0\u00bb body_font=\u00a0\u00bbMontserrat|500|||||||\u00a0\u00bb body_font_size=\u00a0\u00bb24px\u00a0\u00bb background_color=\u00a0\u00bbRGBA(255,255,255,0)\u00a0\u00bb background_enable_color=\u00a0\u00bbon\u00a0\u00bb background_image=\u00a0\u00bbhttps:\/\/www.droitdusport.com\/assises\/wp-content\/uploads\/2023\/12\/01-diapo-retrospective-adds-3-tablette.jpg\u00a0\u00bb background_enable_image=\u00a0\u00bbon\u00a0\u00bb parallax=\u00a0\u00bbon\u00a0\u00bb background_blend=\u00a0\u00bbmultiply\u00a0\u00bb header_text_shadow_style=\u00a0\u00bbpreset1&Prime; header_text_shadow_horizontal_length=\u00a0\u00bb-0.05em\u00a0\u00bb header_text_shadow_blur_strength=\u00a0\u00bb0.21em\u00a0\u00bb body_text_shadow_style=\u00a0\u00bbpreset1&Prime; body_text_shadow_blur_strength=\u00a0\u00bb0.3em\u00a0\u00bb global_colors_info=\u00a0\u00bb{}\u00a0\u00bb sticky_transition=\u00a0\u00bbon\u00a0\u00bb][\/et_pb_slide][et_pb_slide button_link=\u00a0\u00bbhttps:\/\/www.aiaf-law.com\/articles\/a-look-back-at-the-9th-aiaf-congress\/\u00a0\u00bb url_new_window=\u00a0\u00bbon\u00a0\u00bb _builder_version=\u00a0\u00bb4.23.1&Prime; _module_preset=\u00a0\u00bbdefault\u00a0\u00bb header_line_height=\u00a0\u00bb1.3em\u00a0\u00bb body_font=\u00a0\u00bbMontserrat|500|||||||\u00a0\u00bb body_font_size=\u00a0\u00bb22px\u00a0\u00bb background_enable_color=\u00a0\u00bboff\u00a0\u00bb background_image=\u00a0\u00bbhttps:\/\/www.droitdusport.com\/assises\/wp-content\/uploads\/2023\/12\/02-diapo-retrospective-adds-3-tablette.jpg\u00a0\u00bb background_enable_image=\u00a0\u00bbon\u00a0\u00bb parallax=\u00a0\u00bbon\u00a0\u00bb custom_button=\u00a0\u00bbon\u00a0\u00bb button_text_size=\u00a0\u00bb20px\u00a0\u00bb button_bg_color=\u00a0\u00bb#E30413&Prime; button_font=\u00a0\u00bb|700|||||||\u00a0\u00bb button_use_icon=\u00a0\u00bbon\u00a0\u00bb header_text_shadow_style=\u00a0\u00bbpreset1&Prime; header_text_shadow_blur_strength=\u00a0\u00bb0.19em\u00a0\u00bb body_text_shadow_style=\u00a0\u00bbpreset1&Prime; body_text_shadow_blur_strength=\u00a0\u00bb0.21em\u00a0\u00bb body_text_shadow_color=\u00a0\u00bb#626262&Prime; box_shadow_style_button=\u00a0\u00bbpreset2&Prime; global_colors_info=\u00a0\u00bb{}\u00a0\u00bb sticky_transition=\u00a0\u00bbon\u00a0\u00bb][\/et_pb_slide][et_pb_slide button_link=\u00a0\u00bbhttps:\/\/www.aiaf-law.com\/articles\/a-look-back-at-the-9th-aiaf-congress\/\u00a0\u00bb url_new_window=\u00a0\u00bbon\u00a0\u00bb _builder_version=\u00a0\u00bb4.23.1&Prime; _module_preset=\u00a0\u00bbdefault\u00a0\u00bb header_line_height=\u00a0\u00bb1.3em\u00a0\u00bb body_font=\u00a0\u00bbMontserrat|500|||||||\u00a0\u00bb body_font_size=\u00a0\u00bb22px\u00a0\u00bb background_enable_color=\u00a0\u00bboff\u00a0\u00bb background_image=\u00a0\u00bbhttps:\/\/www.droitdusport.com\/assises\/wp-content\/uploads\/2023\/12\/03-diapo-retrospective-adds-3-tablette.jpg\u00a0\u00bb background_enable_image=\u00a0\u00bbon\u00a0\u00bb parallax=\u00a0\u00bbon\u00a0\u00bb custom_button=\u00a0\u00bbon\u00a0\u00bb button_text_size=\u00a0\u00bb20px\u00a0\u00bb button_bg_color=\u00a0\u00bb#E30413&Prime; button_font=\u00a0\u00bb|700|||||||\u00a0\u00bb button_use_icon=\u00a0\u00bbon\u00a0\u00bb header_text_shadow_style=\u00a0\u00bbpreset1&Prime; header_text_shadow_blur_strength=\u00a0\u00bb0.19em\u00a0\u00bb body_text_shadow_style=\u00a0\u00bbpreset1&Prime; body_text_shadow_blur_strength=\u00a0\u00bb0.21em\u00a0\u00bb body_text_shadow_color=\u00a0\u00bb#626262&Prime; box_shadow_style_button=\u00a0\u00bbpreset2&Prime; global_colors_info=\u00a0\u00bb{}\u00a0\u00bb sticky_transition=\u00a0\u00bbon\u00a0\u00bb][\/et_pb_slide][et_pb_slide button_link=\u00a0\u00bbhttps:\/\/www.aiaf-law.com\/articles\/a-look-back-at-the-9th-aiaf-congress\/\u00a0\u00bb url_new_window=\u00a0\u00bbon\u00a0\u00bb _builder_version=\u00a0\u00bb4.23.1&Prime; _module_preset=\u00a0\u00bbdefault\u00a0\u00bb header_line_height=\u00a0\u00bb1.3em\u00a0\u00bb body_font=\u00a0\u00bbMontserrat|500|||||||\u00a0\u00bb body_font_size=\u00a0\u00bb22px\u00a0\u00bb background_enable_color=\u00a0\u00bboff\u00a0\u00bb background_image=\u00a0\u00bbhttps:\/\/www.droitdusport.com\/assises\/wp-content\/uploads\/2023\/12\/04-diapo-retrospective-adds-3-tablette.jpg\u00a0\u00bb background_enable_image=\u00a0\u00bbon\u00a0\u00bb parallax=\u00a0\u00bbon\u00a0\u00bb custom_button=\u00a0\u00bbon\u00a0\u00bb button_text_size=\u00a0\u00bb20px\u00a0\u00bb button_bg_color=\u00a0\u00bb#E30413&Prime; button_font=\u00a0\u00bb|700|||||||\u00a0\u00bb button_use_icon=\u00a0\u00bbon\u00a0\u00bb header_text_shadow_style=\u00a0\u00bbpreset1&Prime; header_text_shadow_blur_strength=\u00a0\u00bb0.19em\u00a0\u00bb body_text_shadow_style=\u00a0\u00bbpreset1&Prime; body_text_shadow_blur_strength=\u00a0\u00bb0.21em\u00a0\u00bb body_text_shadow_color=\u00a0\u00bb#626262&Prime; box_shadow_style_button=\u00a0\u00bbpreset2&Prime; global_colors_info=\u00a0\u00bb{}\u00a0\u00bb sticky_transition=\u00a0\u00bbon\u00a0\u00bb][\/et_pb_slide][et_pb_slide button_link=\u00a0\u00bbhttps:\/\/www.aiaf-law.com\/articles\/a-look-back-at-the-9th-aiaf-congress\/\u00a0\u00bb url_new_window=\u00a0\u00bbon\u00a0\u00bb _builder_version=\u00a0\u00bb4.23.1&Prime; _module_preset=\u00a0\u00bbdefault\u00a0\u00bb header_line_height=\u00a0\u00bb1.3em\u00a0\u00bb body_font=\u00a0\u00bbMontserrat|500|||||||\u00a0\u00bb body_font_size=\u00a0\u00bb22px\u00a0\u00bb background_enable_color=\u00a0\u00bboff\u00a0\u00bb background_image=\u00a0\u00bbhttps:\/\/www.droitdusport.com\/assises\/wp-content\/uploads\/2023\/12\/05-diapo-retrospective-adds-3-tablette.jpg\u00a0\u00bb background_enable_image=\u00a0\u00bbon\u00a0\u00bb parallax=\u00a0\u00bbon\u00a0\u00bb custom_button=\u00a0\u00bbon\u00a0\u00bb button_text_size=\u00a0\u00bb20px\u00a0\u00bb button_bg_color=\u00a0\u00bb#E30413&Prime; button_font=\u00a0\u00bb|700|||||||\u00a0\u00bb button_use_icon=\u00a0\u00bbon\u00a0\u00bb header_text_shadow_style=\u00a0\u00bbpreset1&Prime; header_text_shadow_blur_strength=\u00a0\u00bb0.19em\u00a0\u00bb body_text_shadow_style=\u00a0\u00bbpreset1&Prime; body_text_shadow_blur_strength=\u00a0\u00bb0.21em\u00a0\u00bb body_text_shadow_color=\u00a0\u00bb#626262&Prime; box_shadow_style_button=\u00a0\u00bbpreset2&Prime; global_colors_info=\u00a0\u00bb{}\u00a0\u00bb sticky_transition=\u00a0\u00bbon\u00a0\u00bb][\/et_pb_slide][et_pb_slide button_link=\u00a0\u00bbhttps:\/\/www.aiaf-law.com\/articles\/a-look-back-at-the-9th-aiaf-congress\/\u00a0\u00bb url_new_window=\u00a0\u00bbon\u00a0\u00bb _builder_version=\u00a0\u00bb4.23.1&Prime; _module_preset=\u00a0\u00bbdefault\u00a0\u00bb header_line_height=\u00a0\u00bb1.3em\u00a0\u00bb body_font=\u00a0\u00bbMontserrat|500|||||||\u00a0\u00bb body_font_size=\u00a0\u00bb22px\u00a0\u00bb background_enable_color=\u00a0\u00bboff\u00a0\u00bb background_image=\u00a0\u00bbhttps:\/\/www.droitdusport.com\/assises\/wp-content\/uploads\/2023\/12\/06-diapo-retrospective-adds-3-tablette.jpg\u00a0\u00bb background_enable_image=\u00a0\u00bbon\u00a0\u00bb parallax=\u00a0\u00bbon\u00a0\u00bb custom_button=\u00a0\u00bbon\u00a0\u00bb button_text_size=\u00a0\u00bb20px\u00a0\u00bb button_bg_color=\u00a0\u00bb#E30413&Prime; button_font=\u00a0\u00bb|700|||||||\u00a0\u00bb button_use_icon=\u00a0\u00bbon\u00a0\u00bb header_text_shadow_style=\u00a0\u00bbpreset1&Prime; header_text_shadow_blur_strength=\u00a0\u00bb0.19em\u00a0\u00bb body_text_shadow_style=\u00a0\u00bbpreset1&Prime; body_text_shadow_blur_strength=\u00a0\u00bb0.21em\u00a0\u00bb body_text_shadow_color=\u00a0\u00bb#626262&Prime; box_shadow_style_button=\u00a0\u00bbpreset2&Prime; global_colors_info=\u00a0\u00bb{}\u00a0\u00bb sticky_transition=\u00a0\u00bbon\u00a0\u00bb][\/et_pb_slide][et_pb_slide button_link=\u00a0\u00bbhttps:\/\/www.aiaf-law.com\/articles\/a-look-back-at-the-9th-aiaf-congress\/\u00a0\u00bb url_new_window=\u00a0\u00bbon\u00a0\u00bb _builder_version=\u00a0\u00bb4.23.1&Prime; _module_preset=\u00a0\u00bbdefault\u00a0\u00bb header_line_height=\u00a0\u00bb1.3em\u00a0\u00bb body_font=\u00a0\u00bbMontserrat|500|||||||\u00a0\u00bb body_font_size=\u00a0\u00bb22px\u00a0\u00bb background_enable_color=\u00a0\u00bboff\u00a0\u00bb background_image=\u00a0\u00bbhttps:\/\/www.droitdusport.com\/assises\/wp-content\/uploads\/2023\/12\/07-diapo-retrospective-adds-3-tablette.jpg\u00a0\u00bb background_enable_image=\u00a0\u00bbon\u00a0\u00bb parallax=\u00a0\u00bbon\u00a0\u00bb custom_button=\u00a0\u00bbon\u00a0\u00bb button_text_size=\u00a0\u00bb20px\u00a0\u00bb button_bg_color=\u00a0\u00bb#E30413&Prime; button_font=\u00a0\u00bb|700|||||||\u00a0\u00bb button_use_icon=\u00a0\u00bbon\u00a0\u00bb header_text_shadow_style=\u00a0\u00bbpreset1&Prime; header_text_shadow_blur_strength=\u00a0\u00bb0.19em\u00a0\u00bb body_text_shadow_style=\u00a0\u00bbpreset1&Prime; body_text_shadow_blur_strength=\u00a0\u00bb0.21em\u00a0\u00bb body_text_shadow_color=\u00a0\u00bb#626262&Prime; box_shadow_style_button=\u00a0\u00bbpreset2&Prime; global_colors_info=\u00a0\u00bb{}\u00a0\u00bb sticky_transition=\u00a0\u00bbon\u00a0\u00bb][\/et_pb_slide][et_pb_slide button_link=\u00a0\u00bbhttps:\/\/www.aiaf-law.com\/articles\/a-look-back-at-the-9th-aiaf-congress\/\u00a0\u00bb url_new_window=\u00a0\u00bbon\u00a0\u00bb _builder_version=\u00a0\u00bb4.23.1&Prime; _module_preset=\u00a0\u00bbdefault\u00a0\u00bb header_line_height=\u00a0\u00bb1.3em\u00a0\u00bb body_font=\u00a0\u00bbMontserrat|500|||||||\u00a0\u00bb body_font_size=\u00a0\u00bb22px\u00a0\u00bb background_enable_color=\u00a0\u00bboff\u00a0\u00bb background_image=\u00a0\u00bbhttps:\/\/www.droitdusport.com\/assises\/wp-content\/uploads\/2023\/12\/08-diapo-retrospective-adds-3-tablette.jpg\u00a0\u00bb background_enable_image=\u00a0\u00bbon\u00a0\u00bb parallax=\u00a0\u00bbon\u00a0\u00bb custom_button=\u00a0\u00bbon\u00a0\u00bb button_text_size=\u00a0\u00bb20px\u00a0\u00bb button_bg_color=\u00a0\u00bb#E30413&Prime; button_font=\u00a0\u00bb|700|||||||\u00a0\u00bb button_use_icon=\u00a0\u00bbon\u00a0\u00bb header_text_shadow_style=\u00a0\u00bbpreset1&Prime; header_text_shadow_blur_strength=\u00a0\u00bb0.19em\u00a0\u00bb body_text_shadow_style=\u00a0\u00bbpreset1&Prime; body_text_shadow_blur_strength=\u00a0\u00bb0.21em\u00a0\u00bb body_text_shadow_color=\u00a0\u00bb#626262&Prime; box_shadow_style_button=\u00a0\u00bbpreset2&Prime; global_colors_info=\u00a0\u00bb{}\u00a0\u00bb sticky_transition=\u00a0\u00bbon\u00a0\u00bb][\/et_pb_slide][et_pb_slide _builder_version=\u00a0\u00bb4.23.1&Prime; _module_preset=\u00a0\u00bbdefault\u00a0\u00bb background_color=\u00a0\u00bbRGBA(255,255,255,0)\u00a0\u00bb background_enable_color=\u00a0\u00bbon\u00a0\u00bb background_image=\u00a0\u00bbhttps:\/\/www.droitdusport.com\/assises\/wp-content\/uploads\/2023\/12\/09-diapo-retrospective-adds-3-tablette.jpg\u00a0\u00bb background_enable_image=\u00a0\u00bbon\u00a0\u00bb global_colors_info=\u00a0\u00bb{}\u00a0\u00bb sticky_transition=\u00a0\u00bbon\u00a0\u00bb][\/et_pb_slide][et_pb_slide _builder_version=\u00a0\u00bb4.23.1&Prime; _module_preset=\u00a0\u00bbdefault\u00a0\u00bb background_color=\u00a0\u00bbRGBA(255,255,255,0)\u00a0\u00bb background_enable_color=\u00a0\u00bbon\u00a0\u00bb background_image=\u00a0\u00bbhttps:\/\/www.droitdusport.com\/assises\/wp-content\/uploads\/2023\/12\/10-diapo-retrospective-adds-3-tablette.jpg\u00a0\u00bb background_enable_image=\u00a0\u00bbon\u00a0\u00bb global_colors_info=\u00a0\u00bb{}\u00a0\u00bb sticky_transition=\u00a0\u00bbon\u00a0\u00bb][\/et_pb_slide][et_pb_slide _builder_version=\u00a0\u00bb4.23.1&Prime; _module_preset=\u00a0\u00bbdefault\u00a0\u00bb background_color=\u00a0\u00bbRGBA(255,255,255,0)\u00a0\u00bb background_enable_color=\u00a0\u00bbon\u00a0\u00bb background_image=\u00a0\u00bbhttps:\/\/www.droitdusport.com\/assises\/wp-content\/uploads\/2023\/12\/11-diapo-retrospective-adds-3-tablette.jpg\u00a0\u00bb background_enable_image=\u00a0\u00bbon\u00a0\u00bb global_colors_info=\u00a0\u00bb{}\u00a0\u00bb sticky_transition=\u00a0\u00bbon\u00a0\u00bb][\/et_pb_slide][et_pb_slide _builder_version=\u00a0\u00bb4.23.1&Prime; _module_preset=\u00a0\u00bbdefault\u00a0\u00bb background_color=\u00a0\u00bbRGBA(255,255,255,0)\u00a0\u00bb background_enable_color=\u00a0\u00bbon\u00a0\u00bb background_image=\u00a0\u00bbhttps:\/\/www.droitdusport.com\/assises\/wp-content\/uploads\/2023\/12\/12-diapo-retrospective-adds-3-tablette.jpg\u00a0\u00bb background_enable_image=\u00a0\u00bbon\u00a0\u00bb global_colors_info=\u00a0\u00bb{}\u00a0\u00bb sticky_transition=\u00a0\u00bbon\u00a0\u00bb][\/et_pb_slide][et_pb_slide _builder_version=\u00a0\u00bb4.23.1&Prime; _module_preset=\u00a0\u00bbdefault\u00a0\u00bb background_color=\u00a0\u00bbRGBA(255,255,255,0)\u00a0\u00bb background_enable_color=\u00a0\u00bbon\u00a0\u00bb background_image=\u00a0\u00bbhttps:\/\/www.droitdusport.com\/assises\/wp-content\/uploads\/2023\/12\/13-diapo-retrospective-adds-3-tablette.jpg\u00a0\u00bb background_enable_image=\u00a0\u00bbon\u00a0\u00bb global_colors_info=\u00a0\u00bb{}\u00a0\u00bb sticky_transition=\u00a0\u00bbon\u00a0\u00bb][\/et_pb_slide][et_pb_slide _builder_version=\u00a0\u00bb4.23.1&Prime; _module_preset=\u00a0\u00bbdefault\u00a0\u00bb background_color=\u00a0\u00bbRGBA(255,255,255,0)\u00a0\u00bb background_enable_color=\u00a0\u00bbon\u00a0\u00bb background_image=\u00a0\u00bbhttps:\/\/www.droitdusport.com\/assises\/wp-content\/uploads\/2023\/12\/14-diapo-retrospective-adds-3-tablette.jpg\u00a0\u00bb background_enable_image=\u00a0\u00bbon\u00a0\u00bb global_colors_info=\u00a0\u00bb{}\u00a0\u00bb sticky_transition=\u00a0\u00bbon\u00a0\u00bb][\/et_pb_slide][et_pb_slide _builder_version=\u00a0\u00bb4.23.1&Prime; _module_preset=\u00a0\u00bbdefault\u00a0\u00bb background_color=\u00a0\u00bbRGBA(255,255,255,0)\u00a0\u00bb background_enable_color=\u00a0\u00bbon\u00a0\u00bb background_image=\u00a0\u00bbhttps:\/\/www.droitdusport.com\/assises\/wp-content\/uploads\/2023\/12\/15-diapo-retrospective-adds-3-tablette.jpg\u00a0\u00bb background_enable_image=\u00a0\u00bbon\u00a0\u00bb global_colors_info=\u00a0\u00bb{}\u00a0\u00bb sticky_transition=\u00a0\u00bbon\u00a0\u00bb][\/et_pb_slide][\/et_pb_fullwidth_slider][\/et_pb_section][et_pb_section fb_built=\u00a0\u00bb1&Prime; fullwidth=\u00a0\u00bbon\u00a0\u00bb disabled_on=\u00a0\u00bbon|on|off\u00a0\u00bb module_id=\u00a0\u00bbretrospective\u00a0\u00bb _builder_version=\u00a0\u00bb4.23.1&Prime; _module_preset=\u00a0\u00bbdefault\u00a0\u00bb background_color=\u00a0\u00bbRGBA(255,255,255,0)\u00a0\u00bb background_enable_image=\u00a0\u00bboff\u00a0\u00bb parallax=\u00a0\u00bbon\u00a0\u00bb hover_enabled=\u00a0\u00bb0&Prime; locked=\u00a0\u00bboff\u00a0\u00bb global_colors_info=\u00a0\u00bb{}\u00a0\u00bb sticky_enabled=\u00a0\u00bb0&Prime;][et_pb_fullwidth_slider show_pagination=\u00a0\u00bboff\u00a0\u00bb _builder_version=\u00a0\u00bb4.23.2&Prime; _module_preset=\u00a0\u00bbdefault\u00a0\u00bb body_font_size=\u00a0\u00bb27px\u00a0\u00bb custom_margin=\u00a0\u00bb||||false|false\u00a0\u00bb custom_padding=\u00a0\u00bb350px||350px||false|false\u00a0\u00bb animation_style=\u00a0\u00bbfade\u00a0\u00bb animation_duration=\u00a0\u00bb1500ms\u00a0\u00bb animation_delay=\u00a0\u00bb500ms\u00a0\u00bb auto=\u00a0\u00bbon\u00a0\u00bb auto_speed=\u00a0\u00bb2000&Prime; hover_enabled=\u00a0\u00bb0&Prime; body_text_shadow_style=\u00a0\u00bbpreset1&Prime; global_colors_info=\u00a0\u00bb{}\u00a0\u00bb sticky_enabled=\u00a0\u00bb0&Prime;][et_pb_slide button_link=\u00a0\u00bbhttps:\/\/www.aiaf-law.com\/10th-aiaf-congress-bordeaux-2023\/\u00a0\u00bb _builder_version=\u00a0\u00bb4.23.2&Prime; _module_preset=\u00a0\u00bbdefault\u00a0\u00bb header_line_height=\u00a0\u00bb1.7em\u00a0\u00bb body_font=\u00a0\u00bbMontserrat|500|||||||\u00a0\u00bb body_font_size=\u00a0\u00bb24px\u00a0\u00bb background_color=\u00a0\u00bbRGBA(255,255,255,0)\u00a0\u00bb background_enable_color=\u00a0\u00bbon\u00a0\u00bb background_image=\u00a0\u00bbhttps:\/\/www.droitdusport.com\/assises\/wp-content\/uploads\/2023\/12\/01-diapo-retrospective-adds-3.jpg\u00a0\u00bb background_enable_image=\u00a0\u00bbon\u00a0\u00bb background_blend=\u00a0\u00bbmultiply\u00a0\u00bb hover_enabled=\u00a0\u00bb0&Prime; header_text_shadow_style=\u00a0\u00bbpreset1&Prime; header_text_shadow_horizontal_length=\u00a0\u00bb-0.05em\u00a0\u00bb header_text_shadow_blur_strength=\u00a0\u00bb0.21em\u00a0\u00bb body_text_shadow_style=\u00a0\u00bbpreset1&Prime; body_text_shadow_blur_strength=\u00a0\u00bb0.3em\u00a0\u00bb global_colors_info=\u00a0\u00bb{}\u00a0\u00bb sticky_transition=\u00a0\u00bbon\u00a0\u00bb sticky_enabled=\u00a0\u00bb0&Prime;][\/et_pb_slide][et_pb_slide button_link=\u00a0\u00bbhttps:\/\/www.aiaf-law.com\/articles\/a-look-back-at-the-9th-aiaf-congress\/\u00a0\u00bb url_new_window=\u00a0\u00bbon\u00a0\u00bb _builder_version=\u00a0\u00bb4.23.2&Prime; _module_preset=\u00a0\u00bbdefault\u00a0\u00bb header_line_height=\u00a0\u00bb1.3em\u00a0\u00bb body_font=\u00a0\u00bbMontserrat|500|||||||\u00a0\u00bb body_font_size=\u00a0\u00bb22px\u00a0\u00bb background_enable_color=\u00a0\u00bboff\u00a0\u00bb background_image=\u00a0\u00bbhttps:\/\/www.droitdusport.com\/assises\/wp-content\/uploads\/2023\/12\/02-diapo-retrospective-adds-3.jpg\u00a0\u00bb background_enable_image=\u00a0\u00bbon\u00a0\u00bb custom_button=\u00a0\u00bbon\u00a0\u00bb button_text_size=\u00a0\u00bb20px\u00a0\u00bb button_bg_color=\u00a0\u00bb#E30413&Prime; button_font=\u00a0\u00bb|700|||||||\u00a0\u00bb button_use_icon=\u00a0\u00bbon\u00a0\u00bb hover_enabled=\u00a0\u00bb0&Prime; header_text_shadow_style=\u00a0\u00bbpreset1&Prime; header_text_shadow_blur_strength=\u00a0\u00bb0.19em\u00a0\u00bb body_text_shadow_style=\u00a0\u00bbpreset1&Prime; body_text_shadow_blur_strength=\u00a0\u00bb0.21em\u00a0\u00bb body_text_shadow_color=\u00a0\u00bb#626262&Prime; box_shadow_style_button=\u00a0\u00bbpreset2&Prime; global_colors_info=\u00a0\u00bb{}\u00a0\u00bb sticky_transition=\u00a0\u00bbon\u00a0\u00bb sticky_enabled=\u00a0\u00bb0&Prime;][\/et_pb_slide][et_pb_slide button_link=\u00a0\u00bbhttps:\/\/www.aiaf-law.com\/articles\/a-look-back-at-the-9th-aiaf-congress\/\u00a0\u00bb url_new_window=\u00a0\u00bbon\u00a0\u00bb _builder_version=\u00a0\u00bb4.23.2&Prime; _module_preset=\u00a0\u00bbdefault\u00a0\u00bb header_line_height=\u00a0\u00bb1.3em\u00a0\u00bb body_font=\u00a0\u00bbMontserrat|500|||||||\u00a0\u00bb body_font_size=\u00a0\u00bb22px\u00a0\u00bb background_enable_color=\u00a0\u00bboff\u00a0\u00bb background_image=\u00a0\u00bbhttps:\/\/www.droitdusport.com\/assises\/wp-content\/uploads\/2023\/12\/03-diapo-retrospective-adds-3.jpg\u00a0\u00bb background_enable_image=\u00a0\u00bbon\u00a0\u00bb custom_button=\u00a0\u00bbon\u00a0\u00bb button_text_size=\u00a0\u00bb20px\u00a0\u00bb button_bg_color=\u00a0\u00bb#E30413&Prime; button_font=\u00a0\u00bb|700|||||||\u00a0\u00bb button_use_icon=\u00a0\u00bbon\u00a0\u00bb hover_enabled=\u00a0\u00bb0&Prime; header_text_shadow_style=\u00a0\u00bbpreset1&Prime; header_text_shadow_blur_strength=\u00a0\u00bb0.19em\u00a0\u00bb body_text_shadow_style=\u00a0\u00bbpreset1&Prime; body_text_shadow_blur_strength=\u00a0\u00bb0.21em\u00a0\u00bb body_text_shadow_color=\u00a0\u00bb#626262&Prime; box_shadow_style_button=\u00a0\u00bbpreset2&Prime; global_colors_info=\u00a0\u00bb{}\u00a0\u00bb sticky_transition=\u00a0\u00bbon\u00a0\u00bb sticky_enabled=\u00a0\u00bb0&Prime;][\/et_pb_slide][et_pb_slide button_link=\u00a0\u00bbhttps:\/\/www.aiaf-law.com\/articles\/a-look-back-at-the-9th-aiaf-congress\/\u00a0\u00bb url_new_window=\u00a0\u00bbon\u00a0\u00bb _builder_version=\u00a0\u00bb4.23.2&Prime; _module_preset=\u00a0\u00bbdefault\u00a0\u00bb header_line_height=\u00a0\u00bb1.3em\u00a0\u00bb body_font=\u00a0\u00bbMontserrat|500|||||||\u00a0\u00bb body_font_size=\u00a0\u00bb22px\u00a0\u00bb background_enable_color=\u00a0\u00bboff\u00a0\u00bb background_image=\u00a0\u00bbhttps:\/\/www.droitdusport.com\/assises\/wp-content\/uploads\/2023\/12\/04-diapo-retrospective-adds-3.jpg\u00a0\u00bb background_enable_image=\u00a0\u00bbon\u00a0\u00bb custom_button=\u00a0\u00bbon\u00a0\u00bb button_text_size=\u00a0\u00bb20px\u00a0\u00bb button_bg_color=\u00a0\u00bb#E30413&Prime; button_font=\u00a0\u00bb|700|||||||\u00a0\u00bb button_use_icon=\u00a0\u00bbon\u00a0\u00bb hover_enabled=\u00a0\u00bb0&Prime; header_text_shadow_style=\u00a0\u00bbpreset1&Prime; header_text_shadow_blur_strength=\u00a0\u00bb0.19em\u00a0\u00bb body_text_shadow_style=\u00a0\u00bbpreset1&Prime; body_text_shadow_blur_strength=\u00a0\u00bb0.21em\u00a0\u00bb body_text_shadow_color=\u00a0\u00bb#626262&Prime; box_shadow_style_button=\u00a0\u00bbpreset2&Prime; global_colors_info=\u00a0\u00bb{}\u00a0\u00bb sticky_transition=\u00a0\u00bbon\u00a0\u00bb sticky_enabled=\u00a0\u00bb0&Prime; background_position=\u00a0\u00bbtop_center\u00a0\u00bb][\/et_pb_slide][et_pb_slide button_link=\u00a0\u00bbhttps:\/\/www.aiaf-law.com\/articles\/a-look-back-at-the-9th-aiaf-congress\/\u00a0\u00bb url_new_window=\u00a0\u00bbon\u00a0\u00bb _builder_version=\u00a0\u00bb4.23.2&Prime; _module_preset=\u00a0\u00bbdefault\u00a0\u00bb header_line_height=\u00a0\u00bb1.3em\u00a0\u00bb body_font=\u00a0\u00bbMontserrat|500|||||||\u00a0\u00bb body_font_size=\u00a0\u00bb22px\u00a0\u00bb background_enable_color=\u00a0\u00bboff\u00a0\u00bb background_image=\u00a0\u00bbhttps:\/\/www.droitdusport.com\/assises\/wp-content\/uploads\/2023\/12\/05-diapo-retrospective-adds-3.jpg\u00a0\u00bb background_enable_image=\u00a0\u00bbon\u00a0\u00bb custom_button=\u00a0\u00bbon\u00a0\u00bb button_text_size=\u00a0\u00bb20px\u00a0\u00bb button_bg_color=\u00a0\u00bb#E30413&Prime; button_font=\u00a0\u00bb|700|||||||\u00a0\u00bb button_use_icon=\u00a0\u00bbon\u00a0\u00bb hover_enabled=\u00a0\u00bb0&Prime; header_text_shadow_style=\u00a0\u00bbpreset1&Prime; header_text_shadow_blur_strength=\u00a0\u00bb0.19em\u00a0\u00bb body_text_shadow_style=\u00a0\u00bbpreset1&Prime; body_text_shadow_blur_strength=\u00a0\u00bb0.21em\u00a0\u00bb body_text_shadow_color=\u00a0\u00bb#626262&Prime; box_shadow_style_button=\u00a0\u00bbpreset2&Prime; global_colors_info=\u00a0\u00bb{}\u00a0\u00bb sticky_transition=\u00a0\u00bbon\u00a0\u00bb background_position=\u00a0\u00bbtop_center\u00a0\u00bb sticky_enabled=\u00a0\u00bb0&Prime;][\/et_pb_slide][et_pb_slide button_link=\u00a0\u00bbhttps:\/\/www.aiaf-law.com\/articles\/a-look-back-at-the-9th-aiaf-congress\/\u00a0\u00bb url_new_window=\u00a0\u00bbon\u00a0\u00bb _builder_version=\u00a0\u00bb4.23.2&Prime; _module_preset=\u00a0\u00bbdefault\u00a0\u00bb header_line_height=\u00a0\u00bb1.3em\u00a0\u00bb body_font=\u00a0\u00bbMontserrat|500|||||||\u00a0\u00bb body_font_size=\u00a0\u00bb22px\u00a0\u00bb background_enable_color=\u00a0\u00bboff\u00a0\u00bb background_image=\u00a0\u00bbhttps:\/\/www.droitdusport.com\/assises\/wp-content\/uploads\/2023\/12\/06-diapo-retrospective-adds-3.jpg\u00a0\u00bb background_enable_image=\u00a0\u00bbon\u00a0\u00bb custom_button=\u00a0\u00bbon\u00a0\u00bb button_text_size=\u00a0\u00bb20px\u00a0\u00bb button_bg_color=\u00a0\u00bb#E30413&Prime; button_font=\u00a0\u00bb|700|||||||\u00a0\u00bb button_use_icon=\u00a0\u00bbon\u00a0\u00bb hover_enabled=\u00a0\u00bb0&Prime; header_text_shadow_style=\u00a0\u00bbpreset1&Prime; header_text_shadow_blur_strength=\u00a0\u00bb0.19em\u00a0\u00bb body_text_shadow_style=\u00a0\u00bbpreset1&Prime; body_text_shadow_blur_strength=\u00a0\u00bb0.21em\u00a0\u00bb body_text_shadow_color=\u00a0\u00bb#626262&Prime; box_shadow_style_button=\u00a0\u00bbpreset2&Prime; global_colors_info=\u00a0\u00bb{}\u00a0\u00bb sticky_transition=\u00a0\u00bbon\u00a0\u00bb background_position=\u00a0\u00bbtop_center\u00a0\u00bb sticky_enabled=\u00a0\u00bb0&Prime;][\/et_pb_slide][et_pb_slide button_link=\u00a0\u00bbhttps:\/\/www.aiaf-law.com\/articles\/a-look-back-at-the-9th-aiaf-congress\/\u00a0\u00bb url_new_window=\u00a0\u00bbon\u00a0\u00bb _builder_version=\u00a0\u00bb4.23.2&Prime; _module_preset=\u00a0\u00bbdefault\u00a0\u00bb header_line_height=\u00a0\u00bb1.3em\u00a0\u00bb body_font=\u00a0\u00bbMontserrat|500|||||||\u00a0\u00bb body_font_size=\u00a0\u00bb22px\u00a0\u00bb background_enable_color=\u00a0\u00bboff\u00a0\u00bb background_image=\u00a0\u00bbhttps:\/\/www.droitdusport.com\/assises\/wp-content\/uploads\/2023\/12\/07-diapo-retrospective-adds-3.jpg\u00a0\u00bb background_enable_image=\u00a0\u00bbon\u00a0\u00bb custom_button=\u00a0\u00bbon\u00a0\u00bb button_text_size=\u00a0\u00bb20px\u00a0\u00bb button_bg_color=\u00a0\u00bb#E30413&Prime; button_font=\u00a0\u00bb|700|||||||\u00a0\u00bb button_use_icon=\u00a0\u00bbon\u00a0\u00bb hover_enabled=\u00a0\u00bb0&Prime; header_text_shadow_style=\u00a0\u00bbpreset1&Prime; header_text_shadow_blur_strength=\u00a0\u00bb0.19em\u00a0\u00bb body_text_shadow_style=\u00a0\u00bbpreset1&Prime; body_text_shadow_blur_strength=\u00a0\u00bb0.21em\u00a0\u00bb body_text_shadow_color=\u00a0\u00bb#626262&Prime; box_shadow_style_button=\u00a0\u00bbpreset2&Prime; global_colors_info=\u00a0\u00bb{}\u00a0\u00bb sticky_transition=\u00a0\u00bbon\u00a0\u00bb background_position=\u00a0\u00bbtop_center\u00a0\u00bb sticky_enabled=\u00a0\u00bb0&Prime;][\/et_pb_slide][et_pb_slide button_link=\u00a0\u00bbhttps:\/\/www.aiaf-law.com\/articles\/a-look-back-at-the-9th-aiaf-congress\/\u00a0\u00bb url_new_window=\u00a0\u00bbon\u00a0\u00bb _builder_version=\u00a0\u00bb4.23.2&Prime; _module_preset=\u00a0\u00bbdefault\u00a0\u00bb header_line_height=\u00a0\u00bb1.3em\u00a0\u00bb body_font=\u00a0\u00bbMontserrat|500|||||||\u00a0\u00bb body_font_size=\u00a0\u00bb22px\u00a0\u00bb background_enable_color=\u00a0\u00bboff\u00a0\u00bb background_image=\u00a0\u00bbhttps:\/\/www.droitdusport.com\/assises\/wp-content\/uploads\/2023\/12\/08-diapo-retrospective-adds-3.jpg\u00a0\u00bb background_enable_image=\u00a0\u00bbon\u00a0\u00bb custom_button=\u00a0\u00bbon\u00a0\u00bb button_text_size=\u00a0\u00bb20px\u00a0\u00bb button_bg_color=\u00a0\u00bb#E30413&Prime; button_font=\u00a0\u00bb|700|||||||\u00a0\u00bb button_use_icon=\u00a0\u00bbon\u00a0\u00bb hover_enabled=\u00a0\u00bb0&Prime; header_text_shadow_style=\u00a0\u00bbpreset1&Prime; header_text_shadow_blur_strength=\u00a0\u00bb0.19em\u00a0\u00bb body_text_shadow_style=\u00a0\u00bbpreset1&Prime; body_text_shadow_blur_strength=\u00a0\u00bb0.21em\u00a0\u00bb body_text_shadow_color=\u00a0\u00bb#626262&Prime; box_shadow_style_button=\u00a0\u00bbpreset2&Prime; global_colors_info=\u00a0\u00bb{}\u00a0\u00bb sticky_transition=\u00a0\u00bbon\u00a0\u00bb background_position=\u00a0\u00bbtop_center\u00a0\u00bb sticky_enabled=\u00a0\u00bb0&Prime;][\/et_pb_slide][et_pb_slide button_link=\u00a0\u00bbhttps:\/\/www.aiaf-law.com\/articles\/a-look-back-at-the-9th-aiaf-congress\/\u00a0\u00bb url_new_window=\u00a0\u00bbon\u00a0\u00bb _builder_version=\u00a0\u00bb4.23.2&Prime; _module_preset=\u00a0\u00bbdefault\u00a0\u00bb header_line_height=\u00a0\u00bb1.3em\u00a0\u00bb body_font=\u00a0\u00bbMontserrat|500|||||||\u00a0\u00bb body_font_size=\u00a0\u00bb22px\u00a0\u00bb background_enable_color=\u00a0\u00bboff\u00a0\u00bb background_image=\u00a0\u00bbhttps:\/\/www.droitdusport.com\/assises\/wp-content\/uploads\/2023\/12\/09-diapo-retrospective-adds-3.jpg\u00a0\u00bb background_enable_image=\u00a0\u00bbon\u00a0\u00bb custom_button=\u00a0\u00bbon\u00a0\u00bb button_text_size=\u00a0\u00bb20px\u00a0\u00bb button_bg_color=\u00a0\u00bb#E30413&Prime; button_font=\u00a0\u00bb|700|||||||\u00a0\u00bb button_use_icon=\u00a0\u00bbon\u00a0\u00bb hover_enabled=\u00a0\u00bb0&Prime; header_text_shadow_style=\u00a0\u00bbpreset1&Prime; header_text_shadow_blur_strength=\u00a0\u00bb0.19em\u00a0\u00bb body_text_shadow_style=\u00a0\u00bbpreset1&Prime; body_text_shadow_blur_strength=\u00a0\u00bb0.21em\u00a0\u00bb body_text_shadow_color=\u00a0\u00bb#626262&Prime; box_shadow_style_button=\u00a0\u00bbpreset2&Prime; global_colors_info=\u00a0\u00bb{}\u00a0\u00bb sticky_transition=\u00a0\u00bbon\u00a0\u00bb sticky_enabled=\u00a0\u00bb0&Prime;][\/et_pb_slide][et_pb_slide button_link=\u00a0\u00bbhttps:\/\/www.aiaf-law.com\/articles\/a-look-back-at-the-9th-aiaf-congress\/\u00a0\u00bb url_new_window=\u00a0\u00bbon\u00a0\u00bb _builder_version=\u00a0\u00bb4.23.2&Prime; _module_preset=\u00a0\u00bbdefault\u00a0\u00bb header_line_height=\u00a0\u00bb1.3em\u00a0\u00bb body_font=\u00a0\u00bbMontserrat|500|||||||\u00a0\u00bb body_font_size=\u00a0\u00bb22px\u00a0\u00bb background_enable_color=\u00a0\u00bboff\u00a0\u00bb background_image=\u00a0\u00bbhttps:\/\/www.droitdusport.com\/assises\/wp-content\/uploads\/2023\/12\/10-diapo-retrospective-adds-3.jpg\u00a0\u00bb background_enable_image=\u00a0\u00bbon\u00a0\u00bb custom_button=\u00a0\u00bbon\u00a0\u00bb button_text_size=\u00a0\u00bb20px\u00a0\u00bb button_bg_color=\u00a0\u00bb#E30413&Prime; button_font=\u00a0\u00bb|700|||||||\u00a0\u00bb button_use_icon=\u00a0\u00bbon\u00a0\u00bb hover_enabled=\u00a0\u00bb0&Prime; header_text_shadow_style=\u00a0\u00bbpreset1&Prime; header_text_shadow_blur_strength=\u00a0\u00bb0.19em\u00a0\u00bb body_text_shadow_style=\u00a0\u00bbpreset1&Prime; body_text_shadow_blur_strength=\u00a0\u00bb0.21em\u00a0\u00bb body_text_shadow_color=\u00a0\u00bb#626262&Prime; box_shadow_style_button=\u00a0\u00bbpreset2&Prime; global_colors_info=\u00a0\u00bb{}\u00a0\u00bb sticky_transition=\u00a0\u00bbon\u00a0\u00bb background_position=\u00a0\u00bbtop_center\u00a0\u00bb sticky_enabled=\u00a0\u00bb0&Prime;][\/et_pb_slide][et_pb_slide button_link=\u00a0\u00bbhttps:\/\/www.aiaf-law.com\/articles\/a-look-back-at-the-9th-aiaf-congress\/\u00a0\u00bb url_new_window=\u00a0\u00bbon\u00a0\u00bb _builder_version=\u00a0\u00bb4.23.2&Prime; _module_preset=\u00a0\u00bbdefault\u00a0\u00bb header_line_height=\u00a0\u00bb1.3em\u00a0\u00bb body_font=\u00a0\u00bbMontserrat|500|||||||\u00a0\u00bb body_font_size=\u00a0\u00bb22px\u00a0\u00bb background_enable_color=\u00a0\u00bboff\u00a0\u00bb background_image=\u00a0\u00bbhttps:\/\/www.droitdusport.com\/assises\/wp-content\/uploads\/2023\/12\/11-diapo-retrospective-adds-3.jpg\u00a0\u00bb background_enable_image=\u00a0\u00bbon\u00a0\u00bb custom_button=\u00a0\u00bbon\u00a0\u00bb button_text_size=\u00a0\u00bb20px\u00a0\u00bb button_bg_color=\u00a0\u00bb#E30413&Prime; button_font=\u00a0\u00bb|700|||||||\u00a0\u00bb button_use_icon=\u00a0\u00bbon\u00a0\u00bb hover_enabled=\u00a0\u00bb0&Prime; header_text_shadow_style=\u00a0\u00bbpreset1&Prime; header_text_shadow_blur_strength=\u00a0\u00bb0.19em\u00a0\u00bb body_text_shadow_style=\u00a0\u00bbpreset1&Prime; body_text_shadow_blur_strength=\u00a0\u00bb0.21em\u00a0\u00bb body_text_shadow_color=\u00a0\u00bb#626262&Prime; box_shadow_style_button=\u00a0\u00bbpreset2&Prime; global_colors_info=\u00a0\u00bb{}\u00a0\u00bb sticky_transition=\u00a0\u00bbon\u00a0\u00bb sticky_enabled=\u00a0\u00bb0&Prime;][\/et_pb_slide][et_pb_slide button_link=\u00a0\u00bbhttps:\/\/www.aiaf-law.com\/articles\/a-look-back-at-the-9th-aiaf-congress\/\u00a0\u00bb url_new_window=\u00a0\u00bbon\u00a0\u00bb _builder_version=\u00a0\u00bb4.23.2&Prime; _module_preset=\u00a0\u00bbdefault\u00a0\u00bb header_line_height=\u00a0\u00bb1.3em\u00a0\u00bb body_font=\u00a0\u00bbMontserrat|500|||||||\u00a0\u00bb body_font_size=\u00a0\u00bb22px\u00a0\u00bb background_enable_color=\u00a0\u00bboff\u00a0\u00bb background_image=\u00a0\u00bbhttps:\/\/www.droitdusport.com\/assises\/wp-content\/uploads\/2023\/12\/12-diapo-retrospective-adds-3.jpg\u00a0\u00bb background_enable_image=\u00a0\u00bbon\u00a0\u00bb custom_button=\u00a0\u00bbon\u00a0\u00bb button_text_size=\u00a0\u00bb20px\u00a0\u00bb button_bg_color=\u00a0\u00bb#E30413&Prime; button_font=\u00a0\u00bb|700|||||||\u00a0\u00bb button_use_icon=\u00a0\u00bbon\u00a0\u00bb hover_enabled=\u00a0\u00bb0&Prime; header_text_shadow_style=\u00a0\u00bbpreset1&Prime; header_text_shadow_blur_strength=\u00a0\u00bb0.19em\u00a0\u00bb body_text_shadow_style=\u00a0\u00bbpreset1&Prime; body_text_shadow_blur_strength=\u00a0\u00bb0.21em\u00a0\u00bb body_text_shadow_color=\u00a0\u00bb#626262&Prime; box_shadow_style_button=\u00a0\u00bbpreset2&Prime; global_colors_info=\u00a0\u00bb{}\u00a0\u00bb sticky_transition=\u00a0\u00bbon\u00a0\u00bb background_position=\u00a0\u00bbbottom_center\u00a0\u00bb sticky_enabled=\u00a0\u00bb0&Prime;][\/et_pb_slide][et_pb_slide button_link=\u00a0\u00bbhttps:\/\/www.aiaf-law.com\/articles\/a-look-back-at-the-9th-aiaf-congress\/\u00a0\u00bb url_new_window=\u00a0\u00bbon\u00a0\u00bb _builder_version=\u00a0\u00bb4.23.2&Prime; _module_preset=\u00a0\u00bbdefault\u00a0\u00bb header_line_height=\u00a0\u00bb1.3em\u00a0\u00bb body_font=\u00a0\u00bbMontserrat|500|||||||\u00a0\u00bb body_font_size=\u00a0\u00bb22px\u00a0\u00bb background_enable_color=\u00a0\u00bboff\u00a0\u00bb background_image=\u00a0\u00bbhttps:\/\/www.droitdusport.com\/assises\/wp-content\/uploads\/2023\/12\/13-diapo-retrospective-adds-3.jpg\u00a0\u00bb background_enable_image=\u00a0\u00bbon\u00a0\u00bb custom_button=\u00a0\u00bbon\u00a0\u00bb button_text_size=\u00a0\u00bb20px\u00a0\u00bb button_bg_color=\u00a0\u00bb#E30413&Prime; button_font=\u00a0\u00bb|700|||||||\u00a0\u00bb button_use_icon=\u00a0\u00bbon\u00a0\u00bb hover_enabled=\u00a0\u00bb0&Prime; header_text_shadow_style=\u00a0\u00bbpreset1&Prime; header_text_shadow_blur_strength=\u00a0\u00bb0.19em\u00a0\u00bb body_text_shadow_style=\u00a0\u00bbpreset1&Prime; body_text_shadow_blur_strength=\u00a0\u00bb0.21em\u00a0\u00bb body_text_shadow_color=\u00a0\u00bb#626262&Prime; box_shadow_style_button=\u00a0\u00bbpreset2&Prime; global_colors_info=\u00a0\u00bb{}\u00a0\u00bb sticky_transition=\u00a0\u00bbon\u00a0\u00bb background_position=\u00a0\u00bbtop_center\u00a0\u00bb sticky_enabled=\u00a0\u00bb0&Prime;][\/et_pb_slide][et_pb_slide button_link=\u00a0\u00bbhttps:\/\/www.aiaf-law.com\/articles\/a-look-back-at-the-9th-aiaf-congress\/\u00a0\u00bb url_new_window=\u00a0\u00bbon\u00a0\u00bb _builder_version=\u00a0\u00bb4.23.2&Prime; _module_preset=\u00a0\u00bbdefault\u00a0\u00bb header_line_height=\u00a0\u00bb1.3em\u00a0\u00bb body_font=\u00a0\u00bbMontserrat|500|||||||\u00a0\u00bb body_font_size=\u00a0\u00bb22px\u00a0\u00bb background_enable_color=\u00a0\u00bboff\u00a0\u00bb background_image=\u00a0\u00bbhttps:\/\/www.droitdusport.com\/assises\/wp-content\/uploads\/2023\/12\/14-diapo-retrospective-adds-3.jpg\u00a0\u00bb background_enable_image=\u00a0\u00bbon\u00a0\u00bb custom_button=\u00a0\u00bbon\u00a0\u00bb button_text_size=\u00a0\u00bb20px\u00a0\u00bb button_bg_color=\u00a0\u00bb#E30413&Prime; button_font=\u00a0\u00bb|700|||||||\u00a0\u00bb button_use_icon=\u00a0\u00bbon\u00a0\u00bb hover_enabled=\u00a0\u00bb0&Prime; header_text_shadow_style=\u00a0\u00bbpreset1&Prime; header_text_shadow_blur_strength=\u00a0\u00bb0.19em\u00a0\u00bb body_text_shadow_style=\u00a0\u00bbpreset1&Prime; body_text_shadow_blur_strength=\u00a0\u00bb0.21em\u00a0\u00bb body_text_shadow_color=\u00a0\u00bb#626262&Prime; box_shadow_style_button=\u00a0\u00bbpreset2&Prime; global_colors_info=\u00a0\u00bb{}\u00a0\u00bb sticky_transition=\u00a0\u00bbon\u00a0\u00bb background_position=\u00a0\u00bbtop_center\u00a0\u00bb sticky_enabled=\u00a0\u00bb0&Prime;][\/et_pb_slide][et_pb_slide button_link=\u00a0\u00bbhttps:\/\/www.aiaf-law.com\/articles\/a-look-back-at-the-9th-aiaf-congress\/\u00a0\u00bb url_new_window=\u00a0\u00bbon\u00a0\u00bb _builder_version=\u00a0\u00bb4.23.2&Prime; _module_preset=\u00a0\u00bbdefault\u00a0\u00bb header_line_height=\u00a0\u00bb1.3em\u00a0\u00bb body_font=\u00a0\u00bbMontserrat|500|||||||\u00a0\u00bb body_font_size=\u00a0\u00bb22px\u00a0\u00bb background_enable_color=\u00a0\u00bboff\u00a0\u00bb background_image=\u00a0\u00bbhttps:\/\/www.droitdusport.com\/assises\/wp-content\/uploads\/2023\/12\/15-diapo-retrospective-adds-3.jpg\u00a0\u00bb background_enable_image=\u00a0\u00bbon\u00a0\u00bb custom_button=\u00a0\u00bbon\u00a0\u00bb button_text_size=\u00a0\u00bb20px\u00a0\u00bb button_bg_color=\u00a0\u00bb#E30413&Prime; button_font=\u00a0\u00bb|700|||||||\u00a0\u00bb button_use_icon=\u00a0\u00bbon\u00a0\u00bb hover_enabled=\u00a0\u00bb0&Prime; header_text_shadow_style=\u00a0\u00bbpreset1&Prime; header_text_shadow_blur_strength=\u00a0\u00bb0.19em\u00a0\u00bb body_text_shadow_style=\u00a0\u00bbpreset1&Prime; body_text_shadow_blur_strength=\u00a0\u00bb0.21em\u00a0\u00bb body_text_shadow_color=\u00a0\u00bb#626262&Prime; box_shadow_style_button=\u00a0\u00bbpreset2&Prime; global_colors_info=\u00a0\u00bb{}\u00a0\u00bb sticky_transition=\u00a0\u00bbon\u00a0\u00bb background_position=\u00a0\u00bbtop_center\u00a0\u00bb sticky_enabled=\u00a0\u00bb0&Prime;][\/et_pb_slide][\/et_pb_fullwidth_slider][\/et_pb_section]\n","protected":false},"excerpt":{"rendered":"<p>Les 3\u00e8mes Assises du droit du sportLes \u00c9ditions droitdusport.com organisent deux journ\u00e9es exceptionnelles de d\u00e9bats sur les sujetsd&rsquo;actualit\u00e9 suivants :\u2022 31 mars 2016 : Construire et exploiter les \u00e9quipements sportifs\u2022 1er avril 2016 : L\u2019activit\u00e9 d\u2019interm\u00e9diaire dans le sport professionnel<\/p>\n","protected":false},"author":1,"featured_media":6682,"parent":0,"menu_order":0,"comment_status":"closed","ping_status":"closed","template":"","meta":{"_et_pb_use_builder":"on","_et_pb_old_content":"","_et_gb_content_width":"","footnotes":""},"class_list":["post-4800","page","type-page","status-publish","has-post-thumbnail","hentry"],"yoast_head":"<!-- This site is optimized with the Yoast SEO plugin v27.5 - https:\/\/yoast.com\/product\/yoast-seo-wordpress\/ -->\n<title>3\u00b0 Assises du droit du sport - Grand Colloque<\/title>\n<meta name=\"description\" content=\"Le 31 mars et 1er avril 2016 au stade Matmut Atlantique de Bordeaux. L&#039;\u00e9dition 2016 proposera cette ann\u00e9e un Grand Colloque sur les th\u00e9matiques &quot;Le financement et la gestion des \u00e9quipements sportifs&quot; et &quot;L&quot;activit\u00e9 d&#039;interm\u00e9diaire dans le sport professionnel&quot;.\" \/>\n<meta name=\"robots\" content=\"index, follow, max-snippet:-1, max-image-preview:large, max-video-preview:-1\" \/>\n<link rel=\"canonical\" href=\"https:\/\/www.droitdusport.com\/assises\/3emes-ads-bordeaux-2016\/\" \/>\n<meta property=\"og:locale\" content=\"fr_FR\" \/>\n<meta property=\"og:type\" content=\"article\" \/>\n<meta property=\"og:title\" content=\"3\u00b0 Assises du droit du sport - Grand Colloque\" \/>\n<meta property=\"og:description\" content=\"Le 31 mars et 1er avril 2016 au stade Matmut Atlantique de Bordeaux. L&#039;\u00e9dition 2016 proposera cette ann\u00e9e un Grand Colloque sur les th\u00e9matiques &quot;Le financement et la gestion des \u00e9quipements sportifs&quot; et &quot;L&quot;activit\u00e9 d&#039;interm\u00e9diaire dans le sport professionnel&quot;.\" \/>\n<meta property=\"og:url\" content=\"https:\/\/www.droitdusport.com\/assises\/3emes-ads-bordeaux-2016\/\" \/>\n<meta property=\"og:site_name\" content=\"Les Assises du droit du sport\" \/>\n<meta property=\"article:modified_time\" content=\"2024-02-06T15:39:54+00:00\" \/>\n<meta property=\"og:image\" content=\"https:\/\/www.droitdusport.com\/assises\/wp-content\/uploads\/2023\/12\/adds-3-rs.jpg\" \/>\n\t<meta property=\"og:image:width\" content=\"769\" \/>\n\t<meta property=\"og:image:height\" content=\"769\" \/>\n\t<meta property=\"og:image:type\" content=\"image\/jpeg\" \/>\n<meta name=\"twitter:card\" content=\"summary_large_image\" \/>\n<meta name=\"twitter:site\" content=\"@Droitdusportcom\" \/>\n<meta name=\"twitter:label1\" content=\"Dur\u00e9e de lecture estim\u00e9e\" \/>\n\t<meta name=\"twitter:data1\" content=\"2 minutes\" \/>\n<script type=\"application\/ld+json\" class=\"yoast-schema-graph\">{\"@context\":\"https:\\\/\\\/schema.org\",\"@graph\":[{\"@type\":\"WebPage\",\"@id\":\"https:\\\/\\\/www.droitdusport.com\\\/assises\\\/3emes-ads-bordeaux-2016\\\/\",\"url\":\"https:\\\/\\\/www.droitdusport.com\\\/assises\\\/3emes-ads-bordeaux-2016\\\/\",\"name\":\"3\u00b0 Assises du droit du sport - Grand Colloque\",\"isPartOf\":{\"@id\":\"https:\\\/\\\/www.droitdusport.com\\\/assises\\\/#website\"},\"primaryImageOfPage\":{\"@id\":\"https:\\\/\\\/www.droitdusport.com\\\/assises\\\/3emes-ads-bordeaux-2016\\\/#primaryimage\"},\"image\":{\"@id\":\"https:\\\/\\\/www.droitdusport.com\\\/assises\\\/3emes-ads-bordeaux-2016\\\/#primaryimage\"},\"thumbnailUrl\":\"https:\\\/\\\/www.droitdusport.com\\\/assises\\\/wp-content\\\/uploads\\\/2023\\\/12\\\/adds-3-rs.jpg\",\"datePublished\":\"2016-04-01T09:32:00+00:00\",\"dateModified\":\"2024-02-06T15:39:54+00:00\",\"description\":\"Le 31 mars et 1er avril 2016 au stade Matmut Atlantique de Bordeaux. L'\u00e9dition 2016 proposera cette ann\u00e9e un Grand Colloque sur les th\u00e9matiques \\\"Le financement et la gestion des \u00e9quipements sportifs\\\" et \\\"L\\\"activit\u00e9 d'interm\u00e9diaire dans le sport professionnel\\\".\",\"breadcrumb\":{\"@id\":\"https:\\\/\\\/www.droitdusport.com\\\/assises\\\/3emes-ads-bordeaux-2016\\\/#breadcrumb\"},\"inLanguage\":\"fr-FR\",\"potentialAction\":[{\"@type\":\"ReadAction\",\"target\":[\"https:\\\/\\\/www.droitdusport.com\\\/assises\\\/3emes-ads-bordeaux-2016\\\/\"]}]},{\"@type\":\"ImageObject\",\"inLanguage\":\"fr-FR\",\"@id\":\"https:\\\/\\\/www.droitdusport.com\\\/assises\\\/3emes-ads-bordeaux-2016\\\/#primaryimage\",\"url\":\"https:\\\/\\\/www.droitdusport.com\\\/assises\\\/wp-content\\\/uploads\\\/2023\\\/12\\\/adds-3-rs.jpg\",\"contentUrl\":\"https:\\\/\\\/www.droitdusport.com\\\/assises\\\/wp-content\\\/uploads\\\/2023\\\/12\\\/adds-3-rs.jpg\",\"width\":769,\"height\":769},{\"@type\":\"BreadcrumbList\",\"@id\":\"https:\\\/\\\/www.droitdusport.com\\\/assises\\\/3emes-ads-bordeaux-2016\\\/#breadcrumb\",\"itemListElement\":[{\"@type\":\"ListItem\",\"position\":1,\"name\":\"Home\",\"item\":\"https:\\\/\\\/www.droitdusport.com\\\/assises\\\/\"},{\"@type\":\"ListItem\",\"position\":2,\"name\":\"3\u00b0 Assises du droit du sport \u2013 Bordeaux 2016\"}]},{\"@type\":\"WebSite\",\"@id\":\"https:\\\/\\\/www.droitdusport.com\\\/assises\\\/#website\",\"url\":\"https:\\\/\\\/www.droitdusport.com\\\/assises\\\/\",\"name\":\"Les Assises du droit du sport\",\"description\":\"Grand Colloque sur le droit du sport\",\"publisher\":{\"@id\":\"https:\\\/\\\/www.droitdusport.com\\\/assises\\\/#organization\"},\"potentialAction\":[{\"@type\":\"SearchAction\",\"target\":{\"@type\":\"EntryPoint\",\"urlTemplate\":\"https:\\\/\\\/www.droitdusport.com\\\/assises\\\/?s={search_term_string}\"},\"query-input\":{\"@type\":\"PropertyValueSpecification\",\"valueRequired\":true,\"valueName\":\"search_term_string\"}}],\"inLanguage\":\"fr-FR\"},{\"@type\":\"Organization\",\"@id\":\"https:\\\/\\\/www.droitdusport.com\\\/assises\\\/#organization\",\"name\":\"\u00c9ditions droitdusport.com\",\"url\":\"https:\\\/\\\/www.droitdusport.com\\\/assises\\\/\",\"logo\":{\"@type\":\"ImageObject\",\"inLanguage\":\"fr-FR\",\"@id\":\"https:\\\/\\\/www.droitdusport.com\\\/assises\\\/#\\\/schema\\\/logo\\\/image\\\/\",\"url\":\"https:\\\/\\\/www.droitdusport.com\\\/assises\\\/wp-content\\\/uploads\\\/2019\\\/03\\\/logo-droit_du_sport-nv.svg\",\"contentUrl\":\"https:\\\/\\\/www.droitdusport.com\\\/assises\\\/wp-content\\\/uploads\\\/2019\\\/03\\\/logo-droit_du_sport-nv.svg\",\"width\":499,\"height\":91,\"caption\":\"\u00c9ditions droitdusport.com\"},\"image\":{\"@id\":\"https:\\\/\\\/www.droitdusport.com\\\/assises\\\/#\\\/schema\\\/logo\\\/image\\\/\"},\"sameAs\":[\"https:\\\/\\\/x.com\\\/Droitdusportcom\",\"https:\\\/\\\/www.linkedin.com\\\/company\\\/editions-droitdusport-com\\\/about\\\/\"]}]}<\/script>\n<!-- \/ Yoast SEO plugin. -->","yoast_head_json":{"title":"3\u00b0 Assises du droit du sport - Grand Colloque","description":"Le 31 mars et 1er avril 2016 au stade Matmut Atlantique de Bordeaux. L'\u00e9dition 2016 proposera cette ann\u00e9e un Grand Colloque sur les th\u00e9matiques \"Le financement et la gestion des \u00e9quipements sportifs\" et \"L\"activit\u00e9 d'interm\u00e9diaire dans le sport professionnel\".","robots":{"index":"index","follow":"follow","max-snippet":"max-snippet:-1","max-image-preview":"max-image-preview:large","max-video-preview":"max-video-preview:-1"},"canonical":"https:\/\/www.droitdusport.com\/assises\/3emes-ads-bordeaux-2016\/","og_locale":"fr_FR","og_type":"article","og_title":"3\u00b0 Assises du droit du sport - Grand Colloque","og_description":"Le 31 mars et 1er avril 2016 au stade Matmut Atlantique de Bordeaux. L'\u00e9dition 2016 proposera cette ann\u00e9e un Grand Colloque sur les th\u00e9matiques \"Le financement et la gestion des \u00e9quipements sportifs\" et \"L\"activit\u00e9 d'interm\u00e9diaire dans le sport professionnel\".","og_url":"https:\/\/www.droitdusport.com\/assises\/3emes-ads-bordeaux-2016\/","og_site_name":"Les Assises du droit du sport","article_modified_time":"2024-02-06T15:39:54+00:00","og_image":[{"width":769,"height":769,"url":"https:\/\/www.droitdusport.com\/assises\/wp-content\/uploads\/2023\/12\/adds-3-rs.jpg","type":"image\/jpeg"}],"twitter_card":"summary_large_image","twitter_site":"@Droitdusportcom","twitter_misc":{"Dur\u00e9e de lecture estim\u00e9e":"2 minutes"},"schema":{"@context":"https:\/\/schema.org","@graph":[{"@type":"WebPage","@id":"https:\/\/www.droitdusport.com\/assises\/3emes-ads-bordeaux-2016\/","url":"https:\/\/www.droitdusport.com\/assises\/3emes-ads-bordeaux-2016\/","name":"3\u00b0 Assises du droit du sport - Grand Colloque","isPartOf":{"@id":"https:\/\/www.droitdusport.com\/assises\/#website"},"primaryImageOfPage":{"@id":"https:\/\/www.droitdusport.com\/assises\/3emes-ads-bordeaux-2016\/#primaryimage"},"image":{"@id":"https:\/\/www.droitdusport.com\/assises\/3emes-ads-bordeaux-2016\/#primaryimage"},"thumbnailUrl":"https:\/\/www.droitdusport.com\/assises\/wp-content\/uploads\/2023\/12\/adds-3-rs.jpg","datePublished":"2016-04-01T09:32:00+00:00","dateModified":"2024-02-06T15:39:54+00:00","description":"Le 31 mars et 1er avril 2016 au stade Matmut Atlantique de Bordeaux. L'\u00e9dition 2016 proposera cette ann\u00e9e un Grand Colloque sur les th\u00e9matiques \"Le financement et la gestion des \u00e9quipements sportifs\" et \"L\"activit\u00e9 d'interm\u00e9diaire dans le sport professionnel\".","breadcrumb":{"@id":"https:\/\/www.droitdusport.com\/assises\/3emes-ads-bordeaux-2016\/#breadcrumb"},"inLanguage":"fr-FR","potentialAction":[{"@type":"ReadAction","target":["https:\/\/www.droitdusport.com\/assises\/3emes-ads-bordeaux-2016\/"]}]},{"@type":"ImageObject","inLanguage":"fr-FR","@id":"https:\/\/www.droitdusport.com\/assises\/3emes-ads-bordeaux-2016\/#primaryimage","url":"https:\/\/www.droitdusport.com\/assises\/wp-content\/uploads\/2023\/12\/adds-3-rs.jpg","contentUrl":"https:\/\/www.droitdusport.com\/assises\/wp-content\/uploads\/2023\/12\/adds-3-rs.jpg","width":769,"height":769},{"@type":"BreadcrumbList","@id":"https:\/\/www.droitdusport.com\/assises\/3emes-ads-bordeaux-2016\/#breadcrumb","itemListElement":[{"@type":"ListItem","position":1,"name":"Home","item":"https:\/\/www.droitdusport.com\/assises\/"},{"@type":"ListItem","position":2,"name":"3\u00b0 Assises du droit du sport \u2013 Bordeaux 2016"}]},{"@type":"WebSite","@id":"https:\/\/www.droitdusport.com\/assises\/#website","url":"https:\/\/www.droitdusport.com\/assises\/","name":"Les Assises du droit du sport","description":"Grand Colloque sur le droit du sport","publisher":{"@id":"https:\/\/www.droitdusport.com\/assises\/#organization"},"potentialAction":[{"@type":"SearchAction","target":{"@type":"EntryPoint","urlTemplate":"https:\/\/www.droitdusport.com\/assises\/?s={search_term_string}"},"query-input":{"@type":"PropertyValueSpecification","valueRequired":true,"valueName":"search_term_string"}}],"inLanguage":"fr-FR"},{"@type":"Organization","@id":"https:\/\/www.droitdusport.com\/assises\/#organization","name":"\u00c9ditions droitdusport.com","url":"https:\/\/www.droitdusport.com\/assises\/","logo":{"@type":"ImageObject","inLanguage":"fr-FR","@id":"https:\/\/www.droitdusport.com\/assises\/#\/schema\/logo\/image\/","url":"https:\/\/www.droitdusport.com\/assises\/wp-content\/uploads\/2019\/03\/logo-droit_du_sport-nv.svg","contentUrl":"https:\/\/www.droitdusport.com\/assises\/wp-content\/uploads\/2019\/03\/logo-droit_du_sport-nv.svg","width":499,"height":91,"caption":"\u00c9ditions droitdusport.com"},"image":{"@id":"https:\/\/www.droitdusport.com\/assises\/#\/schema\/logo\/image\/"},"sameAs":["https:\/\/x.com\/Droitdusportcom","https:\/\/www.linkedin.com\/company\/editions-droitdusport-com\/about\/"]}]}},"_links":{"self":[{"href":"https:\/\/www.droitdusport.com\/assises\/wp-json\/wp\/v2\/pages\/4800","targetHints":{"allow":["GET"]}}],"collection":[{"href":"https:\/\/www.droitdusport.com\/assises\/wp-json\/wp\/v2\/pages"}],"about":[{"href":"https:\/\/www.droitdusport.com\/assises\/wp-json\/wp\/v2\/types\/page"}],"author":[{"embeddable":true,"href":"https:\/\/www.droitdusport.com\/assises\/wp-json\/wp\/v2\/users\/1"}],"replies":[{"embeddable":true,"href":"https:\/\/www.droitdusport.com\/assises\/wp-json\/wp\/v2\/comments?post=4800"}],"version-history":[{"count":1,"href":"https:\/\/www.droitdusport.com\/assises\/wp-json\/wp\/v2\/pages\/4800\/revisions"}],"predecessor-version":[{"id":6913,"href":"https:\/\/www.droitdusport.com\/assises\/wp-json\/wp\/v2\/pages\/4800\/revisions\/6913"}],"wp:featuredmedia":[{"embeddable":true,"href":"https:\/\/www.droitdusport.com\/assises\/wp-json\/wp\/v2\/media\/6682"}],"wp:attachment":[{"href":"https:\/\/www.droitdusport.com\/assises\/wp-json\/wp\/v2\/media?parent=4800"}],"curies":[{"name":"wp","href":"https:\/\/api.w.org\/{rel}","templated":true}]}}