{"id":7866,"date":"2026-01-09T17:03:15","date_gmt":"2026-01-09T16:03:15","guid":{"rendered":"https:\/\/www.droitdusport.com\/assises\/?page_id=7866"},"modified":"2026-07-16T18:35:18","modified_gmt":"2026-07-16T16:35:18","slug":"7emes-ads-montpellier-2026","status":"publish","type":"page","link":"https:\/\/www.droitdusport.com\/assises\/","title":{"rendered":"7\u00b0 Assises du droit du sport \u2013 Montpellier 2026"},"content":{"rendered":"<div class=\"et_pb_section_0 et_pb_section et_section_regular et_block_section\">\n<div class=\"et_pb_row_0 et_pb_row et_pb_equal_columns et_pb_gutters1 et_block_row\">\n<div class=\"et_pb_column_0 et_pb_column et_pb_column_1_3 et_block_column et_pb_css_mix_blend_mode_passthrough\">\n<div class=\"et_pb_image_0 et_pb_image et_pb_module et_block_module\"><a href=\"https:\/\/www.droitdusport.com\" target=\"_blank\"><span class=\"et_pb_image_wrap\"><img loading=\"lazy\" decoding=\"async\" src=\"https:\/\/www.droitdusport.com\/assises\/wp-content\/uploads\/2026\/01\/logo-adds-7-blanc.svg\" width=\"200\" height=\"65\" srcset=\"https:\/\/www.droitdusport.com\/assises\/wp-content\/uploads\/2026\/01\/logo-adds-7-blanc.svg 200w\" class=\"wp-image-7894\" title=\"logo-adds-7-blanc\" \/><\/span><\/a><\/div>\n<\/div>\n\n<div class=\"et_pb_column_1 et_pb_column et_pb_column_1_3 et_block_column et_pb_css_mix_blend_mode_passthrough\">\n<div class=\"et_pb_image_1 et_pb_image et_pb_module et_block_module\"><a href=\"https:\/\/www.barreau-montpellier.com\/\" target=\"_blank\"><span class=\"et_pb_image_wrap\"><img loading=\"lazy\" decoding=\"async\" src=\"https:\/\/www.droitdusport.com\/assises\/wp-content\/uploads\/2026\/01\/logo-barreau-montpellier-vb.svg\" width=\"134\" height=\"60\" srcset=\"https:\/\/www.droitdusport.com\/assises\/wp-content\/uploads\/2026\/01\/logo-barreau-montpellier-vb.svg 134w\" class=\"wp-image-7895\" title=\"logo-barreau-montpellier-vb\" \/><\/span><\/a><\/div>\n<\/div>\n\n<div class=\"et_pb_column_2 et_pb_column et_pb_column_1_3 et-last-child et_block_column et_pb_css_mix_blend_mode_passthrough\">\n<div class=\"et_pb_image_2 et_pb_image et_pb_module et_block_module\"><span class=\"et_pb_image_wrap\"><img loading=\"lazy\" decoding=\"async\" src=\"https:\/\/www.droitdusport.com\/assises\/wp-content\/uploads\/2022\/02\/presentent.svg\" width=\"222\" height=\"109\" srcset=\"https:\/\/www.droitdusport.com\/assises\/wp-content\/uploads\/2022\/02\/presentent.svg 222w\" class=\"wp-image-4180\" title=\"presentent\" \/><\/span><\/div>\n<\/div>\n<\/div>\n<\/div>\n\n<div class=\"et_pb_section_1 et_pb_section et_section_regular et_block_section et_pb_section_parallax\"><span class=\"et-pb-parallax-wrapper et-pb-parallax-hidden-tablet et-pb-parallax-hidden-phone\"><span class=\"et-pb-parallax-background et-pb-parallax-background--css et-pb-parallax-background-module--divi-section-1\" style=\"background-image:url(https:\/\/www.droitdusport.com\/assises\/wp-content\/uploads\/2026\/03\/adds-7-visuel-desktop-07.svg)\"><\/span><\/span>\n<div class=\"et_pb_row_1 et_pb_row et_block_row custom_row\">\n<div class=\"et_pb_column_3 et_pb_column et_pb_column_1_3 et_block_column et_pb_css_mix_blend_mode_passthrough first-on-mobile\">\n<div class=\"et_pb_image_3 et_pb_image et_pb_module et_block_module\"><span class=\"et_pb_image_wrap\"><img loading=\"lazy\" decoding=\"async\" src=\"https:\/\/www.droitdusport.com\/assises\/wp-content\/uploads\/2026\/01\/dates-illu-adds_7-01.svg\" width=\"108\" height=\"319\" srcset=\"https:\/\/www.droitdusport.com\/assises\/wp-content\/uploads\/2026\/01\/dates-illu-adds_7-01.svg 108w\" class=\"wp-image-7958\" title=\"dates-illu-adds_7-01\" \/><\/span><\/div>\n<\/div>\n\n<div class=\"et_pb_column_4 et_pb_column et_pb_column_1_3 et_block_column et_pb_column_empty et_pb_css_mix_blend_mode_passthrough third-on-mobile\"><\/div>\n\n<div class=\"et_pb_column_5 et_pb_column et_pb_column_1_3 et-last-child et_block_column et_pb_css_mix_blend_mode_passthrough third-on-mobile\">\n<div class=\"et_pb_image_4 et_pb_image et_pb_image_sticky et_pb_module et_block_module\"><a href=\"#grandcolloque\"><span class=\"et_pb_image_wrap\"><img loading=\"lazy\" decoding=\"async\" src=\"https:\/\/www.droitdusport.com\/assises\/wp-content\/uploads\/2026\/03\/infos-adds-7-10-heures.svg\" width=\"169\" height=\"286\" srcset=\"https:\/\/www.droitdusport.com\/assises\/wp-content\/uploads\/2026\/03\/infos-adds-7-10-heures.svg 169w\" class=\"wp-image-8408\" title=\"infos-adds-7-10-heures\" \/><\/span><\/a><\/div>\n<\/div>\n<\/div>\n\n<div class=\"et_pb_row_2 et_pb_row et_block_row et_pb_row_fullwidth\">\n<div class=\"et_pb_column_6 et_pb_column et_pb_column_4_4 et-last-child et_block_column et_pb_css_mix_blend_mode_passthrough\">\n<div class=\"et_pb_image_5 et_pb_image et_pb_image_sticky et_pb_module et_block_module\"><span class=\"et_pb_image_wrap\"><img loading=\"lazy\" decoding=\"async\" src=\"https:\/\/www.droitdusport.com\/assises\/wp-content\/uploads\/2026\/03\/titre-adds-8.svg\" width=\"1019\" height=\"339\" srcset=\"https:\/\/www.droitdusport.com\/assises\/wp-content\/uploads\/2026\/03\/titre-adds-8.svg 1019w\" sizes=\"(min-width: 0px) and (max-width: 480px) 480px, (min-width: 481px) and (max-width: 980px) 980px, (min-width: 981px) 1019px, 100vw\" class=\"wp-image-8562\" title=\"titre-adds-8\" \/><\/span><\/div>\n<\/div>\n<\/div>\n<\/div>\n\n<div class=\"et_pb_section_2 et_pb_section et_section_regular et_block_section\" id=\"propos\">\n<div class=\"et_pb_row_3 et_pb_row et_block_row\">\n<div class=\"et_pb_column_7 et_pb_column et_pb_column_4_4 et-last-child et_block_column et_pb_css_mix_blend_mode_passthrough\">\n<div class=\"et_pb_text_0 et_pb_text et_pb_bg_layout_light et_pb_module et_block_module\"><div class=\"et_pb_text_inner\"><h1>Les 7<span style=\"font-size: large;\"><sup>\u00e8mes<\/sup><\/span> Assises du droit du sport<\/h1>\n<\/div><\/div>\n\n<div class=\"et_pb_text_1 et_pb_text et_pb_bg_layout_light et_pb_module et_block_module\"><div class=\"et_pb_text_inner\"><p><span><span>Cette <span style=\"color: #5664ab;\"><strong>7<span style=\"font-size: x-small;\"><sup>\u00e8me<\/sup><\/span> \u00a0\u00e9dition des Assises du droit du sport<\/strong><\/span> du sport <\/span><\/span>sera consacr\u00e9e \u00e0 <strong>la valeur du sportif.<\/strong> Elle proposera dans ce cadre un <strong>Grand colloque<\/strong> et des <strong>Ateliers pratiques<\/strong>, en pr\u00e9sence de nombreux acteurs du sport et d\u2019experts reconnus.<\/p>\n<\/div><\/div>\n<\/div>\n<\/div>\n<\/div>\n\n<div class=\"et_pb_section_3 et_pb_section et_section_regular et_block_section et_animated\" id=\"video\">\n<div class=\"et_pb_row_4 et_pb_row et_pb_equal_columns et_pb_gutters1 et_block_row et_pb_row_fullwidth\">\n<div class=\"et_pb_column_8 et_pb_column et_pb_column_4_4 et-last-child et_block_column et_pb_css_mix_blend_mode_passthrough\">\n<div class=\"et_pb_video_0 et_pb_video et_pb_module et_block_module\" id=\"video\"><div class=\"et_pb_video_box\"><iframe loading=\"lazy\" title=\"7\u00e8mes Assises du Droit du Sport - R\u00e9trospective\" width=\"1080\" height=\"608\" src=\"https:\/\/www.youtube.com\/embed\/aup5KFpjG-s?feature=oembed\"  allow=\"accelerometer; autoplay; clipboard-write; encrypted-media; gyroscope; picture-in-picture; web-share\" referrerpolicy=\"strict-origin-when-cross-origin\" allowfullscreen><\/iframe><\/div><\/div>\n<\/div>\n<\/div>\n<\/div>\n\n<div class=\"et_pb_section_4 et_pb_section et_pb_fullwidth_section et_section_regular et_block_section\" id=\"retrospective\">\n<section class=\"et_pb_fullwidth_header_0 et_pb_fullwidth_header et_pb_bg_layout_dark et_pb_text_align_center et_animated et_pb_section_parallax et_pb_module et_flex_module\"><span class=\"et-pb-parallax-wrapper\"><span class=\"et-pb-parallax-background et-pb-parallax-background-module--divi-fullwidth-header-0\" style=\"background-image:url(https:\/\/www.droitdusport.com\/assises\/wp-content\/uploads\/2026\/06\/fond-retrospective-7.webp)\"><\/span><\/span><div class=\"et_pb_fullwidth_header_container center\"><div class=\"header-content-container center\"><div class=\"header-content et_flex_module\"><h1 class=\"et_pb_module_header\">R\u00e9trospective<\/h1><div class=\"et_pb_header_button_wrapper\"><a class=\"et_pb_button et_pb_more_button et_pb_button_one\" href=\"https:\/\/www.droitdusport.com\/assises\/retrospective-7emes-assises-du-droit-du-sport\/\">Voir la galerie de photos<\/a><\/div><\/div><\/div><\/div><div class=\"et_pb_fullwidth_header_overlay\"><\/div><div class=\"et_pb_fullwidth_header_scroll\"><\/div><\/section>\n<\/div>\n\n\n\n\n\n\n\n\n\n\n\n\n\n\n\n\n\n\n\n\n\n\n\n\n\n\n\n\n\n\n\n","protected":false},"excerpt":{"rendered":"","protected":false},"author":1,"featured_media":8620,"parent":0,"menu_order":0,"comment_status":"closed","ping_status":"closed","template":"","meta":{"footnotes":""},"class_list":["post-7866","page","type-page","status-publish","has-post-thumbnail","hentry"],"yoast_head":"<!-- This site is optimized with the Yoast SEO plugin v28.3 - https:\/\/yoast.com\/product\/yoast-seo-wordpress\/ -->\n<title>7\u00b0 Assises du droit du sport - Grand Colloque<\/title>\n<meta name=\"description\" content=\"Participez \u00e0 la 7\u00e8me \u00e9dition des Assises du droit du sport qui se tiendra \u00e0 l&#039;Hotel de ville de Montpellier, les 25 et 26 juin 2026.\" \/>\n<meta name=\"robots\" content=\"noindex, nofollow\" \/>\n<meta property=\"og:locale\" content=\"fr_FR\" \/>\n<meta property=\"og:type\" content=\"article\" \/>\n<meta property=\"og:title\" content=\"7\u00b0 Assises du droit du sport - Grand Colloque\" \/>\n<meta property=\"og:description\" content=\"Participez \u00e0 la 7\u00e8me \u00e9dition des Assises du droit du sport qui se tiendra \u00e0 l&#039;Hotel de ville de Montpellier, les 25 et 26 juin 2026.\" \/>\n<meta property=\"og:url\" content=\"https:\/\/www.droitdusport.com\/assises\/\" \/>\n<meta property=\"og:site_name\" content=\"Les Assises du droit du sport\" \/>\n<meta property=\"article:modified_time\" content=\"2026-07-16T16:35:18+00:00\" \/>\n<meta property=\"og:image\" content=\"https:\/\/www.droitdusport.com\/assises\/wp-content\/uploads\/2026\/03\/assises-droit-du-sport-7-2026-rs-05.webp\" \/>\n\t<meta property=\"og:image:width\" content=\"1201\" \/>\n\t<meta property=\"og:image:height\" content=\"676\" \/>\n\t<meta property=\"og:image:type\" content=\"image\/webp\" \/>\n<meta name=\"twitter:card\" content=\"summary_large_image\" \/>\n<meta name=\"twitter:image\" content=\"https:\/\/www.droitdusport.com\/assises\/wp-content\/uploads\/2023\/12\/adds-6-rs.jpg\" \/>\n<meta name=\"twitter:site\" content=\"@Droitdusportcom\" \/>\n<meta name=\"twitter:label1\" content=\"Dur\u00e9e de lecture estim\u00e9e\" \/>\n\t<meta name=\"twitter:data1\" content=\"9 minutes\" \/>\n<script type=\"application\/ld+json\" class=\"yoast-schema-graph\">{\"@context\":\"https:\\\/\\\/schema.org\",\"@graph\":[{\"@type\":\"WebPage\",\"@id\":\"https:\\\/\\\/www.droitdusport.com\\\/assises\\\/\",\"url\":\"https:\\\/\\\/www.droitdusport.com\\\/assises\\\/\",\"name\":\"7\u00b0 Assises du droit du sport - Grand Colloque\",\"isPartOf\":{\"@id\":\"https:\\\/\\\/www.droitdusport.com\\\/assises\\\/#website\"},\"primaryImageOfPage\":{\"@id\":\"https:\\\/\\\/www.droitdusport.com\\\/assises\\\/#primaryimage\"},\"image\":{\"@id\":\"https:\\\/\\\/www.droitdusport.com\\\/assises\\\/#primaryimage\"},\"thumbnailUrl\":\"https:\\\/\\\/www.droitdusport.com\\\/assises\\\/wp-content\\\/uploads\\\/2026\\\/03\\\/assises-droit-du-sport-7-2026-feat-03.webp\",\"datePublished\":\"2026-01-09T16:03:15+00:00\",\"dateModified\":\"2026-07-16T16:35:18+00:00\",\"description\":\"Participez \u00e0 la 7\u00e8me \u00e9dition des Assises du droit du sport qui se tiendra \u00e0 l'Hotel de ville de Montpellier, les 25 et 26 juin 2026.\",\"breadcrumb\":{\"@id\":\"https:\\\/\\\/www.droitdusport.com\\\/assises\\\/#breadcrumb\"},\"inLanguage\":\"fr-FR\",\"potentialAction\":[{\"@type\":\"ReadAction\",\"target\":[\"https:\\\/\\\/www.droitdusport.com\\\/assises\\\/\"]}]},{\"@type\":\"ImageObject\",\"inLanguage\":\"fr-FR\",\"@id\":\"https:\\\/\\\/www.droitdusport.com\\\/assises\\\/#primaryimage\",\"url\":\"https:\\\/\\\/www.droitdusport.com\\\/assises\\\/wp-content\\\/uploads\\\/2026\\\/03\\\/assises-droit-du-sport-7-2026-feat-03.webp\",\"contentUrl\":\"https:\\\/\\\/www.droitdusport.com\\\/assises\\\/wp-content\\\/uploads\\\/2026\\\/03\\\/assises-droit-du-sport-7-2026-feat-03.webp\",\"width\":1921,\"height\":1921},{\"@type\":\"BreadcrumbList\",\"@id\":\"https:\\\/\\\/www.droitdusport.com\\\/assises\\\/#breadcrumb\",\"itemListElement\":[{\"@type\":\"ListItem\",\"position\":1,\"name\":\"Home\",\"item\":\"https:\\\/\\\/www.droitdusport.com\\\/assises\\\/\"},{\"@type\":\"ListItem\",\"position\":2,\"name\":\"7\u00b0 Assises du droit du sport \u2013 Montpellier 2026\"}]},{\"@type\":\"WebSite\",\"@id\":\"https:\\\/\\\/www.droitdusport.com\\\/assises\\\/#website\",\"url\":\"https:\\\/\\\/www.droitdusport.com\\\/assises\\\/\",\"name\":\"Les Assises du droit du sport\",\"description\":\"Grand Colloque sur le droit du sport\",\"publisher\":{\"@id\":\"https:\\\/\\\/www.droitdusport.com\\\/assises\\\/#organization\"},\"potentialAction\":[{\"@type\":\"SearchAction\",\"target\":{\"@type\":\"EntryPoint\",\"urlTemplate\":\"https:\\\/\\\/www.droitdusport.com\\\/assises\\\/?s={search_term_string}\"},\"query-input\":{\"@type\":\"PropertyValueSpecification\",\"valueRequired\":true,\"valueName\":\"search_term_string\"}}],\"inLanguage\":\"fr-FR\"},{\"@type\":\"Organization\",\"@id\":\"https:\\\/\\\/www.droitdusport.com\\\/assises\\\/#organization\",\"name\":\"\u00c9ditions droitdusport.com\",\"url\":\"https:\\\/\\\/www.droitdusport.com\\\/assises\\\/\",\"logo\":{\"@type\":\"ImageObject\",\"inLanguage\":\"fr-FR\",\"@id\":\"https:\\\/\\\/www.droitdusport.com\\\/assises\\\/#\\\/schema\\\/logo\\\/image\\\/\",\"url\":\"https:\\\/\\\/www.droitdusport.com\\\/assises\\\/wp-content\\\/uploads\\\/2019\\\/03\\\/logo-droit_du_sport-nv.svg\",\"contentUrl\":\"https:\\\/\\\/www.droitdusport.com\\\/assises\\\/wp-content\\\/uploads\\\/2019\\\/03\\\/logo-droit_du_sport-nv.svg\",\"width\":499,\"height\":91,\"caption\":\"\u00c9ditions droitdusport.com\"},\"image\":{\"@id\":\"https:\\\/\\\/www.droitdusport.com\\\/assises\\\/#\\\/schema\\\/logo\\\/image\\\/\"},\"sameAs\":[\"https:\\\/\\\/x.com\\\/Droitdusportcom\",\"https:\\\/\\\/www.linkedin.com\\\/company\\\/editions-droitdusport-com\\\/about\\\/\"]}]}<\/script>\n<!-- \/ Yoast SEO plugin. -->","yoast_head_json":{"title":"7\u00b0 Assises du droit du sport - Grand Colloque","description":"Participez \u00e0 la 7\u00e8me \u00e9dition des Assises du droit du sport qui se tiendra \u00e0 l'Hotel de ville de Montpellier, les 25 et 26 juin 2026.","robots":{"index":"noindex","follow":"nofollow"},"og_locale":"fr_FR","og_type":"article","og_title":"7\u00b0 Assises du droit du sport - Grand Colloque","og_description":"Participez \u00e0 la 7\u00e8me \u00e9dition des Assises du droit du sport qui se tiendra \u00e0 l'Hotel de ville de Montpellier, les 25 et 26 juin 2026.","og_url":"https:\/\/www.droitdusport.com\/assises\/","og_site_name":"Les Assises du droit du sport","article_modified_time":"2026-07-16T16:35:18+00:00","og_image":[{"width":1201,"height":676,"url":"https:\/\/www.droitdusport.com\/assises\/wp-content\/uploads\/2026\/03\/assises-droit-du-sport-7-2026-rs-05.webp","type":"image\/webp"}],"twitter_card":"summary_large_image","twitter_image":"https:\/\/www.droitdusport.com\/assises\/wp-content\/uploads\/2023\/12\/adds-6-rs.jpg","twitter_site":"@Droitdusportcom","twitter_misc":{"Dur\u00e9e de lecture estim\u00e9e":"9 minutes"},"schema":{"@context":"https:\/\/schema.org","@graph":[{"@type":"WebPage","@id":"https:\/\/www.droitdusport.com\/assises\/","url":"https:\/\/www.droitdusport.com\/assises\/","name":"7\u00b0 Assises du droit du sport - Grand Colloque","isPartOf":{"@id":"https:\/\/www.droitdusport.com\/assises\/#website"},"primaryImageOfPage":{"@id":"https:\/\/www.droitdusport.com\/assises\/#primaryimage"},"image":{"@id":"https:\/\/www.droitdusport.com\/assises\/#primaryimage"},"thumbnailUrl":"https:\/\/www.droitdusport.com\/assises\/wp-content\/uploads\/2026\/03\/assises-droit-du-sport-7-2026-feat-03.webp","datePublished":"2026-01-09T16:03:15+00:00","dateModified":"2026-07-16T16:35:18+00:00","description":"Participez \u00e0 la 7\u00e8me \u00e9dition des Assises du droit du sport qui se tiendra \u00e0 l'Hotel de ville de Montpellier, les 25 et 26 juin 2026.","breadcrumb":{"@id":"https:\/\/www.droitdusport.com\/assises\/#breadcrumb"},"inLanguage":"fr-FR","potentialAction":[{"@type":"ReadAction","target":["https:\/\/www.droitdusport.com\/assises\/"]}]},{"@type":"ImageObject","inLanguage":"fr-FR","@id":"https:\/\/www.droitdusport.com\/assises\/#primaryimage","url":"https:\/\/www.droitdusport.com\/assises\/wp-content\/uploads\/2026\/03\/assises-droit-du-sport-7-2026-feat-03.webp","contentUrl":"https:\/\/www.droitdusport.com\/assises\/wp-content\/uploads\/2026\/03\/assises-droit-du-sport-7-2026-feat-03.webp","width":1921,"height":1921},{"@type":"BreadcrumbList","@id":"https:\/\/www.droitdusport.com\/assises\/#breadcrumb","itemListElement":[{"@type":"ListItem","position":1,"name":"Home","item":"https:\/\/www.droitdusport.com\/assises\/"},{"@type":"ListItem","position":2,"name":"7\u00b0 Assises du droit du sport \u2013 Montpellier 2026"}]},{"@type":"WebSite","@id":"https:\/\/www.droitdusport.com\/assises\/#website","url":"https:\/\/www.droitdusport.com\/assises\/","name":"Les Assises du droit du sport","description":"Grand Colloque sur le droit du sport","publisher":{"@id":"https:\/\/www.droitdusport.com\/assises\/#organization"},"potentialAction":[{"@type":"SearchAction","target":{"@type":"EntryPoint","urlTemplate":"https:\/\/www.droitdusport.com\/assises\/?s={search_term_string}"},"query-input":{"@type":"PropertyValueSpecification","valueRequired":true,"valueName":"search_term_string"}}],"inLanguage":"fr-FR"},{"@type":"Organization","@id":"https:\/\/www.droitdusport.com\/assises\/#organization","name":"\u00c9ditions droitdusport.com","url":"https:\/\/www.droitdusport.com\/assises\/","logo":{"@type":"ImageObject","inLanguage":"fr-FR","@id":"https:\/\/www.droitdusport.com\/assises\/#\/schema\/logo\/image\/","url":"https:\/\/www.droitdusport.com\/assises\/wp-content\/uploads\/2019\/03\/logo-droit_du_sport-nv.svg","contentUrl":"https:\/\/www.droitdusport.com\/assises\/wp-content\/uploads\/2019\/03\/logo-droit_du_sport-nv.svg","width":499,"height":91,"caption":"\u00c9ditions droitdusport.com"},"image":{"@id":"https:\/\/www.droitdusport.com\/assises\/#\/schema\/logo\/image\/"},"sameAs":["https:\/\/x.com\/Droitdusportcom","https:\/\/www.linkedin.com\/company\/editions-droitdusport-com\/about\/"]}]}},"_links":{"self":[{"href":"https:\/\/www.droitdusport.com\/assises\/wp-json\/wp\/v2\/pages\/7866","targetHints":{"allow":["GET"]}}],"collection":[{"href":"https:\/\/www.droitdusport.com\/assises\/wp-json\/wp\/v2\/pages"}],"about":[{"href":"https:\/\/www.droitdusport.com\/assises\/wp-json\/wp\/v2\/types\/page"}],"author":[{"embeddable":true,"href":"https:\/\/www.droitdusport.com\/assises\/wp-json\/wp\/v2\/users\/1"}],"replies":[{"embeddable":true,"href":"https:\/\/www.droitdusport.com\/assises\/wp-json\/wp\/v2\/comments?post=7866"}],"version-history":[{"count":248,"href":"https:\/\/www.droitdusport.com\/assises\/wp-json\/wp\/v2\/pages\/7866\/revisions"}],"predecessor-version":[{"id":9834,"href":"https:\/\/www.droitdusport.com\/assises\/wp-json\/wp\/v2\/pages\/7866\/revisions\/9834"}],"wp:featuredmedia":[{"embeddable":true,"href":"https:\/\/www.droitdusport.com\/assises\/wp-json\/wp\/v2\/media\/8620"}],"wp:attachment":[{"href":"https:\/\/www.droitdusport.com\/assises\/wp-json\/wp\/v2\/media?parent=7866"}],"curies":[{"name":"wp","href":"https:\/\/api.w.org\/{rel}","templated":true}]}}