{"id":8301,"date":"2026-03-06T16:01:34","date_gmt":"2026-03-06T15:01:34","guid":{"rendered":"https:\/\/www.droitdusport.com\/assises\/?page_id=8301"},"modified":"2026-03-22T12:10:52","modified_gmt":"2026-03-22T11:10:52","slug":"remuneration-contrat-sportifs","status":"publish","type":"page","link":"https:\/\/www.droitdusport.com\/assises\/remuneration-contrat-sportifs\/","title":{"rendered":"La r\u00e9mun\u00e9ration dans le contrat de travail"},"content":{"rendered":"\n[et_pb_section fb_built=\u00a0\u00bb1&Prime; custom_padding_last_edited=\u00a0\u00bbon|tablet\u00a0\u00bb admin_label=\u00a0\u00bbOverview\u00a0\u00bb _builder_version=\u00a0\u00bb4.27.6&Prime; background_color=\u00a0\u00bb#5664ab\u00a0\u00bb background_enable_image=\u00a0\u00bboff\u00a0\u00bb background_size=\u00a0\u00bbcustom\u00a0\u00bb background_image_width=\u00a0\u00bb17%\u00a0\u00bb background_image_height=\u00a0\u00bb79%\u00a0\u00bb background_position=\u00a0\u00bbcenter_right\u00a0\u00bb background_horizontal_offset=\u00a0\u00bb0%\u00a0\u00bb max_width_tablet=\u00a0\u00bb\u00a0\u00bb max_width_phone=\u00a0\u00bb\u00a0\u00bb max_width_last_edited=\u00a0\u00bbon|desktop\u00a0\u00bb module_alignment=\u00a0\u00bbright\u00a0\u00bb custom_padding=\u00a0\u00bb0px|0px|0px|0px|false|false\u00a0\u00bb custom_padding_tablet=\u00a0\u00bb0px|||0px|false|false\u00a0\u00bb custom_padding_phone=\u00a0\u00bb40px||||false|false\u00a0\u00bb background_last_edited=\u00a0\u00bbon|desktop\u00a0\u00bb background_enable_image_tablet=\u00a0\u00bboff\u00a0\u00bb locked=\u00a0\u00bboff\u00a0\u00bb global_colors_info=\u00a0\u00bb{}\u00a0\u00bb][et_pb_row custom_padding_last_edited=\u00a0\u00bboff|desktop\u00a0\u00bb _builder_version=\u00a0\u00bb4.23.2&Prime; background_color=\u00a0\u00bb#ffffff\u00a0\u00bb custom_padding=\u00a0\u00bb40px|0px|80px|0|false|false\u00a0\u00bb custom_padding_tablet=\u00a0\u00bb|||40px\u00a0\u00bb box_shadow_style=\u00a0\u00bbpreset4&Prime; box_shadow_horizontal=\u00a0\u00bb-700px\u00a0\u00bb box_shadow_vertical=\u00a0\u00bb0px\u00a0\u00bb box_shadow_color=\u00a0\u00bb#ffffff\u00a0\u00bb global_colors_info=\u00a0\u00bb{}\u00a0\u00bb][et_pb_column type=\u00a0\u00bb4_4&Prime; _builder_version=\u00a0\u00bb4.16&Prime; custom_padding=\u00a0\u00bb|||\u00a0\u00bb global_colors_info=\u00a0\u00bb{}\u00a0\u00bb custom_padding__hover=\u00a0\u00bb|||\u00a0\u00bb][et_pb_text content_tablet=\u00a0\u00bb<h5><span class=%22background-details%22><span class=%22lt-line-clamp__line%22><strong>Panel 2<\/strong> &#8211; jeudi 18 juin, 11h15 &#8211; 12h30<\/span><\/span><\/h5>\n<h1>La r\u00e9mun\u00e9ration dans<br \/>le contrat de travail<\/h1>\u00a0\u00bb content_phone=\u00a0\u00bb<h5><span class=%22background-details%22><span class=%22lt-line-clamp__line%22><strong>Panel 2<br \/><\/strong>jeudi 18 juin, 11h15 &#8211; 12h30<\/span><\/span><\/h5>\n<h1>La r\u00e9mun\u00e9ration dans le contrat de travail<\/h1>\u00a0\u00bb content_last_edited=\u00a0\u00bbon|phone\u00a0\u00bb _builder_version=\u00a0\u00bb4.27.6&Prime; text_font=\u00a0\u00bb||||||||\u00a0\u00bb text_font_size=\u00a0\u00bb16px\u00a0\u00bb text_line_height=\u00a0\u00bb1.8em\u00a0\u00bb header_font=\u00a0\u00bbMontserrat|700|||||||\u00a0\u00bb header_text_color=\u00a0\u00bb#000000&Prime; header_font_size=\u00a0\u00bb49px\u00a0\u00bb header_line_height=\u00a0\u00bb1.2em\u00a0\u00bb header_2_font=\u00a0\u00bbMuli|700|||||||\u00a0\u00bb header_2_font_size=\u00a0\u00bb36px\u00a0\u00bb header_2_line_height=\u00a0\u00bb1.4em\u00a0\u00bb header_5_font=\u00a0\u00bbMontserrat||||||||\u00a0\u00bb header_5_text_color=\u00a0\u00bb#000000&Prime; header_5_font_size=\u00a0\u00bb20px\u00a0\u00bb header_5_line_height=\u00a0\u00bb1.6em\u00a0\u00bb custom_padding=\u00a0\u00bb|20px|0px||false|false\u00a0\u00bb custom_padding_tablet=\u00a0\u00bb|||20px|false|false\u00a0\u00bb custom_padding_phone=\u00a0\u00bb|20px|||false|false\u00a0\u00bb custom_padding_last_edited=\u00a0\u00bbon|phone\u00a0\u00bb animation_style=\u00a0\u00bbfade\u00a0\u00bb animation_delay=\u00a0\u00bb100ms\u00a0\u00bb header_font_size_tablet=\u00a0\u00bb34px\u00a0\u00bb header_font_size_phone=\u00a0\u00bb24px\u00a0\u00bb header_font_size_last_edited=\u00a0\u00bbon|phone\u00a0\u00bb header_2_font_size_tablet=\u00a0\u00bb24px\u00a0\u00bb header_2_font_size_phone=\u00a0\u00bb18px\u00a0\u00bb header_2_font_size_last_edited=\u00a0\u00bbon|phone\u00a0\u00bb header_5_font_size_tablet=\u00a0\u00bb20px\u00a0\u00bb header_5_font_size_phone=\u00a0\u00bb18px\u00a0\u00bb header_5_font_size_last_edited=\u00a0\u00bbon|phone\u00a0\u00bb locked=\u00a0\u00bboff\u00a0\u00bb global_colors_info=\u00a0\u00bb{}\u00a0\u00bb text_font_size__hover=\u00a0\u00bb14px\u00a0\u00bb text_font_size__hover_enabled=\u00a0\u00bb14px\u00a0\u00bb text_letter_spacing__hover=\u00a0\u00bb0px\u00a0\u00bb text_letter_spacing__hover_enabled=\u00a0\u00bb0px\u00a0\u00bb text_line_height__hover=\u00a0\u00bb1.7em\u00a0\u00bb text_line_height__hover_enabled=\u00a0\u00bb1.7em\u00a0\u00bb text_text_shadow_style__hover=\u00a0\u00bbnone\u00a0\u00bb text_text_shadow_style__hover_enabled=\u00a0\u00bbnone\u00a0\u00bb text_text_shadow_color__hover=\u00a0\u00bbrgba(0,0,0,0.4)\u00a0\u00bb text_text_shadow_color__hover_enabled=\u00a0\u00bbrgba(0,0,0,0.4)\u00a0\u00bb link_font_size__hover=\u00a0\u00bb14px\u00a0\u00bb link_font_size__hover_enabled=\u00a0\u00bb14px\u00a0\u00bb link_letter_spacing__hover=\u00a0\u00bb0px\u00a0\u00bb link_letter_spacing__hover_enabled=\u00a0\u00bb0px\u00a0\u00bb link_line_height__hover=\u00a0\u00bb1em\u00a0\u00bb link_line_height__hover_enabled=\u00a0\u00bb1em\u00a0\u00bb link_text_shadow_style__hover=\u00a0\u00bbnone\u00a0\u00bb link_text_shadow_style__hover_enabled=\u00a0\u00bbnone\u00a0\u00bb link_text_shadow_color__hover=\u00a0\u00bbrgba(0,0,0,0.4)\u00a0\u00bb link_text_shadow_color__hover_enabled=\u00a0\u00bbrgba(0,0,0,0.4)\u00a0\u00bb ul_font_size__hover=\u00a0\u00bb14px\u00a0\u00bb ul_font_size__hover_enabled=\u00a0\u00bb14px\u00a0\u00bb ul_letter_spacing__hover=\u00a0\u00bb0px\u00a0\u00bb ul_letter_spacing__hover_enabled=\u00a0\u00bb0px\u00a0\u00bb ul_line_height__hover=\u00a0\u00bb1em\u00a0\u00bb ul_line_height__hover_enabled=\u00a0\u00bb1em\u00a0\u00bb ul_text_shadow_style__hover=\u00a0\u00bbnone\u00a0\u00bb ul_text_shadow_style__hover_enabled=\u00a0\u00bbnone\u00a0\u00bb ul_text_shadow_color__hover=\u00a0\u00bbrgba(0,0,0,0.4)\u00a0\u00bb ul_text_shadow_color__hover_enabled=\u00a0\u00bbrgba(0,0,0,0.4)\u00a0\u00bb ol_font_size__hover=\u00a0\u00bb14px\u00a0\u00bb ol_font_size__hover_enabled=\u00a0\u00bb14px\u00a0\u00bb ol_letter_spacing__hover=\u00a0\u00bb0px\u00a0\u00bb ol_letter_spacing__hover_enabled=\u00a0\u00bb0px\u00a0\u00bb ol_line_height__hover=\u00a0\u00bb1em\u00a0\u00bb ol_line_height__hover_enabled=\u00a0\u00bb1em\u00a0\u00bb ol_text_shadow_style__hover=\u00a0\u00bbnone\u00a0\u00bb ol_text_shadow_style__hover_enabled=\u00a0\u00bbnone\u00a0\u00bb ol_text_shadow_color__hover=\u00a0\u00bbrgba(0,0,0,0.4)\u00a0\u00bb ol_text_shadow_color__hover_enabled=\u00a0\u00bbrgba(0,0,0,0.4)\u00a0\u00bb quote_font_size__hover=\u00a0\u00bb14px\u00a0\u00bb quote_font_size__hover_enabled=\u00a0\u00bb14px\u00a0\u00bb quote_letter_spacing__hover=\u00a0\u00bb0px\u00a0\u00bb quote_letter_spacing__hover_enabled=\u00a0\u00bb0px\u00a0\u00bb quote_line_height__hover=\u00a0\u00bb1em\u00a0\u00bb quote_line_height__hover_enabled=\u00a0\u00bb1em\u00a0\u00bb quote_text_shadow_style__hover=\u00a0\u00bbnone\u00a0\u00bb quote_text_shadow_style__hover_enabled=\u00a0\u00bbnone\u00a0\u00bb quote_text_shadow_color__hover=\u00a0\u00bbrgba(0,0,0,0.4)\u00a0\u00bb quote_text_shadow_color__hover_enabled=\u00a0\u00bbrgba(0,0,0,0.4)\u00a0\u00bb text_orientation__hover=\u00a0\u00bbleft\u00a0\u00bb text_orientation__hover_enabled=\u00a0\u00bbleft\u00a0\u00bb background_layout__hover=\u00a0\u00bblight\u00a0\u00bb background_layout__hover_enabled=\u00a0\u00bblight\u00a0\u00bb header_3_font_size__hover=\u00a0\u00bb22px\u00a0\u00bb header_3_font_size__hover_enabled=\u00a0\u00bb22px\u00a0\u00bb header_3_letter_spacing__hover=\u00a0\u00bb0px\u00a0\u00bb header_3_letter_spacing__hover_enabled=\u00a0\u00bb0px\u00a0\u00bb header_3_line_height__hover=\u00a0\u00bb1em\u00a0\u00bb header_3_line_height__hover_enabled=\u00a0\u00bb1em\u00a0\u00bb header_3_text_shadow_style__hover=\u00a0\u00bbnone\u00a0\u00bb header_3_text_shadow_style__hover_enabled=\u00a0\u00bbnone\u00a0\u00bb header_3_text_shadow_color__hover=\u00a0\u00bbrgba(0,0,0,0.4)\u00a0\u00bb header_3_text_shadow_color__hover_enabled=\u00a0\u00bbrgba(0,0,0,0.4)\u00a0\u00bb header_6_font_size__hover=\u00a0\u00bb14px\u00a0\u00bb header_6_font_size__hover_enabled=\u00a0\u00bb14px\u00a0\u00bb header_6_letter_spacing__hover=\u00a0\u00bb0px\u00a0\u00bb header_6_letter_spacing__hover_enabled=\u00a0\u00bb0px\u00a0\u00bb header_6_line_height__hover=\u00a0\u00bb1em\u00a0\u00bb header_6_line_height__hover_enabled=\u00a0\u00bb1em\u00a0\u00bb header_6_text_shadow_style__hover=\u00a0\u00bbnone\u00a0\u00bb header_6_text_shadow_style__hover_enabled=\u00a0\u00bbnone\u00a0\u00bb header_6_text_shadow_color__hover=\u00a0\u00bbrgba(0,0,0,0.4)\u00a0\u00bb header_6_text_shadow_color__hover_enabled=\u00a0\u00bbrgba(0,0,0,0.4)\u00a0\u00bb]<h5><span class=\"background-details\"><span class=\"lt-line-clamp__line\"><strong>Panel 2<\/strong> &#8211; jeudi 18 juin, 11h15 &#8211; 12h30<\/span><\/span><\/h5>\n<h1>La r\u00e9mun\u00e9ration dans<br \/>le contrat de travail<\/h1>[\/et_pb_text][et_pb_image src=\u00a0\u00bbhttps:\/\/www.droitdusport.com\/assises\/wp-content\/uploads\/2026\/03\/Panel-2-illu-Desktop.webp\u00a0\u00bb title_text=\u00a0\u00bbPanel-2-illu-Desktop\u00a0\u00bb disabled_on=\u00a0\u00bbon|off|off\u00a0\u00bb _builder_version=\u00a0\u00bb4.27.6&Prime; _module_preset=\u00a0\u00bbdefault\u00a0\u00bb animation_style=\u00a0\u00bbfade\u00a0\u00bb animation_delay=\u00a0\u00bb100ms\u00a0\u00bb hover_enabled=\u00a0\u00bb0&Prime; locked=\u00a0\u00bboff\u00a0\u00bb global_colors_info=\u00a0\u00bb{}\u00a0\u00bb sticky_enabled=\u00a0\u00bb0&Prime;][\/et_pb_image][et_pb_image src=\u00a0\u00bbhttps:\/\/www.droitdusport.com\/assises\/wp-content\/uploads\/2026\/03\/Panel-2-illu-Mobile.webp\u00a0\u00bb title_text=\u00a0\u00bbPanel-2-illu-Mobile\u00a0\u00bb disabled_on=\u00a0\u00bboff|on|on\u00a0\u00bb _builder_version=\u00a0\u00bb4.27.6&Prime; _module_preset=\u00a0\u00bbdefault\u00a0\u00bb animation_style=\u00a0\u00bbfade\u00a0\u00bb animation_delay=\u00a0\u00bb100ms\u00a0\u00bb hover_enabled=\u00a0\u00bb0&Prime; locked=\u00a0\u00bboff\u00a0\u00bb global_colors_info=\u00a0\u00bb{}\u00a0\u00bb sticky_enabled=\u00a0\u00bb0&Prime;][\/et_pb_image][et_pb_text _builder_version=\u00a0\u00bb4.27.6&Prime; text_font=\u00a0\u00bb||||||||\u00a0\u00bb text_font_size=\u00a0\u00bb16px\u00a0\u00bb text_line_height=\u00a0\u00bb1.8em\u00a0\u00bb header_font=\u00a0\u00bbMontserrat|700|||||||\u00a0\u00bb header_text_color=\u00a0\u00bb#000000&Prime; header_font_size=\u00a0\u00bb55px\u00a0\u00bb header_line_height=\u00a0\u00bb1.2em\u00a0\u00bb header_2_font=\u00a0\u00bbMuli|700|||||||\u00a0\u00bb header_2_font_size=\u00a0\u00bb36px\u00a0\u00bb header_2_line_height=\u00a0\u00bb1.4em\u00a0\u00bb header_5_font=\u00a0\u00bbMontserrat||||||||\u00a0\u00bb header_5_text_color=\u00a0\u00bb#000000&Prime; header_5_font_size=\u00a0\u00bb20px\u00a0\u00bb header_5_line_height=\u00a0\u00bb1.6em\u00a0\u00bb custom_padding=\u00a0\u00bb|40px|||false|false\u00a0\u00bb custom_padding_tablet=\u00a0\u00bb|20px||20px|false|false\u00a0\u00bb custom_padding_phone=\u00a0\u00bb|20px||20px|false|false\u00a0\u00bb custom_padding_last_edited=\u00a0\u00bbon|phone\u00a0\u00bb animation_style=\u00a0\u00bbfade\u00a0\u00bb animation_delay=\u00a0\u00bb100ms\u00a0\u00bb header_font_size_tablet=\u00a0\u00bb\u00a0\u00bb header_font_size_phone=\u00a0\u00bb32px\u00a0\u00bb header_font_size_last_edited=\u00a0\u00bbon|phone\u00a0\u00bb header_2_font_size_tablet=\u00a0\u00bb24px\u00a0\u00bb header_2_font_size_phone=\u00a0\u00bb18px\u00a0\u00bb header_2_font_size_last_edited=\u00a0\u00bbon|phone\u00a0\u00bb locked=\u00a0\u00bboff\u00a0\u00bb global_colors_info=\u00a0\u00bb{}\u00a0\u00bb text_font_size__hover=\u00a0\u00bb14px\u00a0\u00bb text_font_size__hover_enabled=\u00a0\u00bb14px\u00a0\u00bb text_letter_spacing__hover=\u00a0\u00bb0px\u00a0\u00bb text_letter_spacing__hover_enabled=\u00a0\u00bb0px\u00a0\u00bb text_line_height__hover=\u00a0\u00bb1.7em\u00a0\u00bb text_line_height__hover_enabled=\u00a0\u00bb1.7em\u00a0\u00bb text_text_shadow_style__hover=\u00a0\u00bbnone\u00a0\u00bb text_text_shadow_style__hover_enabled=\u00a0\u00bbnone\u00a0\u00bb text_text_shadow_color__hover=\u00a0\u00bbrgba(0,0,0,0.4)\u00a0\u00bb text_text_shadow_color__hover_enabled=\u00a0\u00bbrgba(0,0,0,0.4)\u00a0\u00bb link_font_size__hover=\u00a0\u00bb14px\u00a0\u00bb link_font_size__hover_enabled=\u00a0\u00bb14px\u00a0\u00bb link_letter_spacing__hover=\u00a0\u00bb0px\u00a0\u00bb link_letter_spacing__hover_enabled=\u00a0\u00bb0px\u00a0\u00bb link_line_height__hover=\u00a0\u00bb1em\u00a0\u00bb link_line_height__hover_enabled=\u00a0\u00bb1em\u00a0\u00bb link_text_shadow_style__hover=\u00a0\u00bbnone\u00a0\u00bb link_text_shadow_style__hover_enabled=\u00a0\u00bbnone\u00a0\u00bb link_text_shadow_color__hover=\u00a0\u00bbrgba(0,0,0,0.4)\u00a0\u00bb link_text_shadow_color__hover_enabled=\u00a0\u00bbrgba(0,0,0,0.4)\u00a0\u00bb ul_font_size__hover=\u00a0\u00bb14px\u00a0\u00bb ul_font_size__hover_enabled=\u00a0\u00bb14px\u00a0\u00bb ul_letter_spacing__hover=\u00a0\u00bb0px\u00a0\u00bb ul_letter_spacing__hover_enabled=\u00a0\u00bb0px\u00a0\u00bb ul_line_height__hover=\u00a0\u00bb1em\u00a0\u00bb ul_line_height__hover_enabled=\u00a0\u00bb1em\u00a0\u00bb ul_text_shadow_style__hover=\u00a0\u00bbnone\u00a0\u00bb ul_text_shadow_style__hover_enabled=\u00a0\u00bbnone\u00a0\u00bb ul_text_shadow_color__hover=\u00a0\u00bbrgba(0,0,0,0.4)\u00a0\u00bb ul_text_shadow_color__hover_enabled=\u00a0\u00bbrgba(0,0,0,0.4)\u00a0\u00bb ol_font_size__hover=\u00a0\u00bb14px\u00a0\u00bb ol_font_size__hover_enabled=\u00a0\u00bb14px\u00a0\u00bb ol_letter_spacing__hover=\u00a0\u00bb0px\u00a0\u00bb ol_letter_spacing__hover_enabled=\u00a0\u00bb0px\u00a0\u00bb ol_line_height__hover=\u00a0\u00bb1em\u00a0\u00bb ol_line_height__hover_enabled=\u00a0\u00bb1em\u00a0\u00bb ol_text_shadow_style__hover=\u00a0\u00bbnone\u00a0\u00bb ol_text_shadow_style__hover_enabled=\u00a0\u00bbnone\u00a0\u00bb ol_text_shadow_color__hover=\u00a0\u00bbrgba(0,0,0,0.4)\u00a0\u00bb ol_text_shadow_color__hover_enabled=\u00a0\u00bbrgba(0,0,0,0.4)\u00a0\u00bb quote_font_size__hover=\u00a0\u00bb14px\u00a0\u00bb quote_font_size__hover_enabled=\u00a0\u00bb14px\u00a0\u00bb quote_letter_spacing__hover=\u00a0\u00bb0px\u00a0\u00bb quote_letter_spacing__hover_enabled=\u00a0\u00bb0px\u00a0\u00bb quote_line_height__hover=\u00a0\u00bb1em\u00a0\u00bb quote_line_height__hover_enabled=\u00a0\u00bb1em\u00a0\u00bb quote_text_shadow_style__hover=\u00a0\u00bbnone\u00a0\u00bb quote_text_shadow_style__hover_enabled=\u00a0\u00bbnone\u00a0\u00bb quote_text_shadow_color__hover=\u00a0\u00bbrgba(0,0,0,0.4)\u00a0\u00bb quote_text_shadow_color__hover_enabled=\u00a0\u00bbrgba(0,0,0,0.4)\u00a0\u00bb text_orientation__hover=\u00a0\u00bbleft\u00a0\u00bb text_orientation__hover_enabled=\u00a0\u00bbleft\u00a0\u00bb background_layout__hover=\u00a0\u00bblight\u00a0\u00bb background_layout__hover_enabled=\u00a0\u00bblight\u00a0\u00bb header_3_font_size__hover=\u00a0\u00bb22px\u00a0\u00bb header_3_font_size__hover_enabled=\u00a0\u00bb22px\u00a0\u00bb header_3_letter_spacing__hover=\u00a0\u00bb0px\u00a0\u00bb header_3_letter_spacing__hover_enabled=\u00a0\u00bb0px\u00a0\u00bb header_3_line_height__hover=\u00a0\u00bb1em\u00a0\u00bb header_3_line_height__hover_enabled=\u00a0\u00bb1em\u00a0\u00bb header_3_text_shadow_style__hover=\u00a0\u00bbnone\u00a0\u00bb header_3_text_shadow_style__hover_enabled=\u00a0\u00bbnone\u00a0\u00bb header_3_text_shadow_color__hover=\u00a0\u00bbrgba(0,0,0,0.4)\u00a0\u00bb header_3_text_shadow_color__hover_enabled=\u00a0\u00bbrgba(0,0,0,0.4)\u00a0\u00bb header_6_font_size__hover=\u00a0\u00bb14px\u00a0\u00bb header_6_font_size__hover_enabled=\u00a0\u00bb14px\u00a0\u00bb header_6_letter_spacing__hover=\u00a0\u00bb0px\u00a0\u00bb header_6_letter_spacing__hover_enabled=\u00a0\u00bb0px\u00a0\u00bb header_6_line_height__hover=\u00a0\u00bb1em\u00a0\u00bb header_6_line_height__hover_enabled=\u00a0\u00bb1em\u00a0\u00bb header_6_text_shadow_style__hover=\u00a0\u00bbnone\u00a0\u00bb header_6_text_shadow_style__hover_enabled=\u00a0\u00bbnone\u00a0\u00bb header_6_text_shadow_color__hover=\u00a0\u00bbrgba(0,0,0,0.4)\u00a0\u00bb header_6_text_shadow_color__hover_enabled=\u00a0\u00bbrgba(0,0,0,0.4)\u00a0\u00bb]<p>Quels sont les m\u00e9canismes de r\u00e9mun\u00e9ration pr\u00e9vus dans les contrats des sportifs professionnels ? Sont-ils toujours conformes aux r\u00e9glementations sportives et sociales ? R\u00e9mun\u00e9rations apparentes, indirectes ou cach\u00e9es : quels sont les risques juridiques ?<\/p>[\/et_pb_text][\/et_pb_column][\/et_pb_row][et_pb_row column_structure=\u00a0\u00bb1_5,1_5,1_5,1_5,1_5&Prime; use_custom_gutter=\u00a0\u00bbon\u00a0\u00bb gutter_width=\u00a0\u00bb2&Prime; custom_padding_last_edited=\u00a0\u00bboff|desktop\u00a0\u00bb disabled_on=\u00a0\u00bboff|off|off\u00a0\u00bb _builder_version=\u00a0\u00bb4.24.2&Prime; background_color=\u00a0\u00bb#ffffff\u00a0\u00bb custom_padding=\u00a0\u00bb0px|0px|40px|0|false|false\u00a0\u00bb custom_padding_tablet=\u00a0\u00bb|||40px\u00a0\u00bb pac_drh_column_numbers_tablet=\u00a0\u00bbpac_drh_tab_col_three\u00a0\u00bb box_shadow_style=\u00a0\u00bbpreset4&Prime; box_shadow_horizontal=\u00a0\u00bb-700px\u00a0\u00bb box_shadow_vertical=\u00a0\u00bb0px\u00a0\u00bb box_shadow_color=\u00a0\u00bb#ffffff\u00a0\u00bb locked=\u00a0\u00bboff\u00a0\u00bb global_colors_info=\u00a0\u00bb{}\u00a0\u00bb][et_pb_column type=\u00a0\u00bb1_5&Prime; _builder_version=\u00a0\u00bb4.16&Prime; custom_padding=\u00a0\u00bb|||\u00a0\u00bb global_colors_info=\u00a0\u00bb{}\u00a0\u00bb custom_padding__hover=\u00a0\u00bb|||\u00a0\u00bb][et_pb_image src=\u00a0\u00bbhttps:\/\/www.droitdusport.com\/assises\/wp-content\/uploads\/2026\/03\/David-JACOTOT-nb.webp\u00a0\u00bb title_text=\u00a0\u00bbDavid-JACOTOT-nb\u00a0\u00bb align_tablet=\u00a0\u00bbcenter\u00a0\u00bb align_phone=\u00a0\u00bb\u00a0\u00bb align_last_edited=\u00a0\u00bbon|desktop\u00a0\u00bb module_class=\u00a0\u00bbzoom-image\u00a0\u00bb _builder_version=\u00a0\u00bb4.27.6&Prime; custom_margin=\u00a0\u00bb0px|0px|20px|0px\u00a0\u00bb custom_padding=\u00a0\u00bb0px|0px|0px|0px\u00a0\u00bb animation_style=\u00a0\u00bbfade\u00a0\u00bb animation_delay=\u00a0\u00bb100ms\u00a0\u00bb border_width_bottom=\u00a0\u00bb6px\u00a0\u00bb border_style_bottom=\u00a0\u00bbinset\u00a0\u00bb global_colors_info=\u00a0\u00bb{}\u00a0\u00bb border_radii__hover_enabled=\u00a0\u00bbon\u00a0\u00bb border_width_bottom__hover_enabled=\u00a0\u00bbon|hover\u00a0\u00bb border_color_bottom__hover_enabled=\u00a0\u00bbon\u00a0\u00bb border_color_bottom__hover=\u00a0\u00bb#5664ab\u00a0\u00bb border_radii__hover=\u00a0\u00bb||||\u00a0\u00bb border_width_bottom__hover=\u00a0\u00bb6px\u00a0\u00bb][\/et_pb_image][et_pb_text _builder_version=\u00a0\u00bb4.27.6&Prime; text_font=\u00a0\u00bb||||||||\u00a0\u00bb text_text_color=\u00a0\u00bb#7a7a7a\u00a0\u00bb text_font_size=\u00a0\u00bb13px\u00a0\u00bb header_font=\u00a0\u00bb||||||||\u00a0\u00bb header_4_font=\u00a0\u00bbMontserrat|700|||||||\u00a0\u00bb custom_margin=\u00a0\u00bb0px|0px|0px|0px\u00a0\u00bb custom_padding=\u00a0\u00bb0px|0px|5px|0px\u00a0\u00bb custom_padding_tablet=\u00a0\u00bb|||20px|false|false\u00a0\u00bb custom_padding_phone=\u00a0\u00bb|||20px|false|false\u00a0\u00bb custom_padding_last_edited=\u00a0\u00bbon|phone\u00a0\u00bb animation_style=\u00a0\u00bbfade\u00a0\u00bb animation_delay=\u00a0\u00bb100ms\u00a0\u00bb locked=\u00a0\u00bboff\u00a0\u00bb global_colors_info=\u00a0\u00bb{}\u00a0\u00bb header_4_text_color__hover_enabled=\u00a0\u00bbon\u00a0\u00bb header_4_text_color__hover=\u00a0\u00bb#4dbdc6&Prime;]<p><span style=\"color: #5664ab;\"><strong>Mod\u00e9rateur<\/strong><\/span><\/p>[\/et_pb_text][et_pb_text content_tablet=\u00a0\u00bb<h4>David<br \/>JACOTOT<\/h4>\n<p><span style=%22color: #7a7a7a;%22>Professeur de droit priv\u00e9 \u00e0 l\u2019Universit\u00e9 de Bourgogne, Co-directeur du Master 2 Professions juridiques du sport<\/span><\/p>\u00a0\u00bb content_phone=\u00a0\u00bb<h4>David<br \/>JACOTOT<\/h4>\n<p><span style=%22color: #7a7a7a;%22>Professeur de droit priv\u00e9 \u00e0 l\u2019Universit\u00e9 de Bourgogne, Co-directeur du Master 2 Professions juridiques du sport<\/span><\/p>\u00a0\u00bb content_last_edited=\u00a0\u00bbon|desktop\u00a0\u00bb _builder_version=\u00a0\u00bb4.27.6&Prime; text_font=\u00a0\u00bb||||||||\u00a0\u00bb text_text_color=\u00a0\u00bb#7a7a7a\u00a0\u00bb text_font_size=\u00a0\u00bb13px\u00a0\u00bb header_font=\u00a0\u00bb||||||||\u00a0\u00bb header_4_font=\u00a0\u00bbMontserrat|700|||||||\u00a0\u00bb custom_margin=\u00a0\u00bb0px|0px|0px|0px\u00a0\u00bb custom_padding=\u00a0\u00bb0px|0px|0px|0px|false|false\u00a0\u00bb custom_padding_tablet=\u00a0\u00bb|||20px|false|false\u00a0\u00bb custom_padding_phone=\u00a0\u00bb|||20px|false|false\u00a0\u00bb custom_padding_last_edited=\u00a0\u00bbon|tablet\u00a0\u00bb animation_style=\u00a0\u00bbfade\u00a0\u00bb animation_delay=\u00a0\u00bb100ms\u00a0\u00bb locked=\u00a0\u00bboff\u00a0\u00bb global_colors_info=\u00a0\u00bb{}\u00a0\u00bb header_4_text_color__hover_enabled=\u00a0\u00bboff|desktop\u00a0\u00bb header_4_text_color__hover=\u00a0\u00bb#4dbdc6&Prime; content__hover_enabled=\u00a0\u00bboff|desktop\u00a0\u00bb]<h4>David JACOTOT<\/h4>\n<p><span style=\"color: #7a7a7a;\">Professeur de droit priv\u00e9 \u00e0 l\u2019Universit\u00e9 de Bourgogne, Co-directeur du Master 2 Professions juridiques du sport<\/span><\/p>[\/et_pb_text][\/et_pb_column][et_pb_column type=\u00a0\u00bb1_5&Prime; _builder_version=\u00a0\u00bb4.16&Prime; custom_padding=\u00a0\u00bb|||\u00a0\u00bb global_colors_info=\u00a0\u00bb{}\u00a0\u00bb custom_padding__hover=\u00a0\u00bb|||\u00a0\u00bb][et_pb_image src=\u00a0\u00bbhttps:\/\/www.droitdusport.com\/assises\/wp-content\/uploads\/2026\/03\/Remy-LEVY-nb.webp\u00a0\u00bb title_text=\u00a0\u00bbRe\u0301my-LEVY-nb\u00a0\u00bb align_tablet=\u00a0\u00bbcenter\u00a0\u00bb align_phone=\u00a0\u00bb\u00a0\u00bb align_last_edited=\u00a0\u00bbon|desktop\u00a0\u00bb module_class=\u00a0\u00bbzoom-image\u00a0\u00bb _builder_version=\u00a0\u00bb4.27.6&Prime; custom_margin=\u00a0\u00bb0px|0px|20px|0px\u00a0\u00bb custom_padding=\u00a0\u00bb0px|0px|0px|0px\u00a0\u00bb animation_style=\u00a0\u00bbfade\u00a0\u00bb animation_delay=\u00a0\u00bb100ms\u00a0\u00bb border_width_bottom=\u00a0\u00bb6px\u00a0\u00bb border_style_bottom=\u00a0\u00bbinset\u00a0\u00bb locked=\u00a0\u00bboff\u00a0\u00bb global_colors_info=\u00a0\u00bb{}\u00a0\u00bb border_radii__hover_enabled=\u00a0\u00bbon\u00a0\u00bb border_width_bottom__hover_enabled=\u00a0\u00bbon|hover\u00a0\u00bb border_color_bottom__hover_enabled=\u00a0\u00bbon\u00a0\u00bb border_color_bottom__hover=\u00a0\u00bb#5664ab\u00a0\u00bb border_radii__hover=\u00a0\u00bb||||\u00a0\u00bb border_width_bottom__hover=\u00a0\u00bb6px\u00a0\u00bb][\/et_pb_image][et_pb_text _builder_version=\u00a0\u00bb4.27.6&Prime; text_font=\u00a0\u00bb||||||||\u00a0\u00bb text_text_color=\u00a0\u00bb#7a7a7a\u00a0\u00bb text_font_size=\u00a0\u00bb13px\u00a0\u00bb header_font=\u00a0\u00bb||||||||\u00a0\u00bb header_4_font=\u00a0\u00bbMontserrat|700|||||||\u00a0\u00bb custom_margin=\u00a0\u00bb0px|0px|0px|0px\u00a0\u00bb custom_padding=\u00a0\u00bb0px|0px|5px|0px|false|false\u00a0\u00bb custom_padding_tablet=\u00a0\u00bb0px|0px|5px|0px|false|false\u00a0\u00bb custom_padding_phone=\u00a0\u00bb|||20px|false|false\u00a0\u00bb custom_padding_last_edited=\u00a0\u00bbon|phone\u00a0\u00bb animation_style=\u00a0\u00bbfade\u00a0\u00bb animation_delay=\u00a0\u00bb100ms\u00a0\u00bb locked=\u00a0\u00bboff\u00a0\u00bb global_colors_info=\u00a0\u00bb{}\u00a0\u00bb header_4_text_color__hover_enabled=\u00a0\u00bbon\u00a0\u00bb header_4_text_color__hover=\u00a0\u00bb#4dbdc6&Prime;]<span style=\"color: #5664ab;\"><strong>Intervenant<\/strong><\/span>[\/et_pb_text][et_pb_text content_tablet=\u00a0\u00bb<h4>R\u00e9my LEVY<\/h4>\n<p><span style=%22color: #7a7a7a;%22>Avocat au barreau de Montpellier, vice-pr\u00e9sident de la F\u00e9d\u00e9ration Fran\u00e7aise de handball<\/span><span style=%22color: #7a7a7a;%22><a href=%22https:\/\/cnosf.franceolympique.com\/cnosf\/%22 data-et-target-link=%22_blank%22 rel=%22noopener%22 style=%22color: #7a7a7a;%22><span style=%22text-decoration: underline;%22><strong><\/strong><\/span><\/a><\/span><\/p>\u00a0\u00bb content_phone=\u00a0\u00bb<h4>R\u00e9my LEVY<\/h4>\n<p><span style=%22color: #7a7a7a;%22>Avocat au barreau de Montpellier, vice-pr\u00e9sident de la F\u00e9d\u00e9ration Fran\u00e7aise de handball<\/span><span style=%22color: #7a7a7a;%22><a href=%22https:\/\/cnosf.franceolympique.com\/cnosf\/%22 data-et-target-link=%22_blank%22 rel=%22noopener%22 style=%22color: #7a7a7a;%22><span style=%22text-decoration: underline;%22><strong><\/strong><\/span><\/a><\/span><\/p>\u00a0\u00bb content_last_edited=\u00a0\u00bbon|phone\u00a0\u00bb _builder_version=\u00a0\u00bb4.27.6&Prime; text_font=\u00a0\u00bb||||||||\u00a0\u00bb text_text_color=\u00a0\u00bb#7a7a7a\u00a0\u00bb text_font_size=\u00a0\u00bb13px\u00a0\u00bb header_font=\u00a0\u00bb||||||||\u00a0\u00bb header_4_font=\u00a0\u00bbMontserrat|700|||||||\u00a0\u00bb custom_margin=\u00a0\u00bb0px|0px|0px|0px\u00a0\u00bb custom_padding=\u00a0\u00bb0px|0px|0px|0px|false|false\u00a0\u00bb custom_padding_tablet=\u00a0\u00bb||||false|false\u00a0\u00bb custom_padding_phone=\u00a0\u00bb|||20px|false|false\u00a0\u00bb custom_padding_last_edited=\u00a0\u00bbon|phone\u00a0\u00bb animation_style=\u00a0\u00bbfade\u00a0\u00bb animation_delay=\u00a0\u00bb100ms\u00a0\u00bb text_font_size_tablet=\u00a0\u00bb12px\u00a0\u00bb text_font_size_phone=\u00a0\u00bb12px\u00a0\u00bb text_font_size_last_edited=\u00a0\u00bbon|desktop\u00a0\u00bb locked=\u00a0\u00bboff\u00a0\u00bb global_colors_info=\u00a0\u00bb{}\u00a0\u00bb header_4_text_color__hover_enabled=\u00a0\u00bboff|desktop\u00a0\u00bb header_4_text_color__hover=\u00a0\u00bb#4dbdc6&Prime; content__hover_enabled=\u00a0\u00bboff|desktop\u00a0\u00bb]<h4>R\u00e9my LEVY<\/h4>\n<p><span style=\"color: #7a7a7a;\">Avocat au barreau de Montpellier, vice-pr\u00e9sident de la F\u00e9d\u00e9ration Fran\u00e7aise de handball<\/span><span style=\"color: #7a7a7a;\"><a href=\"https:\/\/cnosf.franceolympique.com\/cnosf\/\" target=\"_blank\" rel=\"noopener\" style=\"color: #7a7a7a;\"><span style=\"text-decoration: underline;\"><strong><\/strong><\/span><\/a><\/span><\/p>[\/et_pb_text][\/et_pb_column][et_pb_column type=\u00a0\u00bb1_5&Prime; _builder_version=\u00a0\u00bb4.16&Prime; custom_padding=\u00a0\u00bb|||\u00a0\u00bb global_colors_info=\u00a0\u00bb{}\u00a0\u00bb custom_padding__hover=\u00a0\u00bb|||\u00a0\u00bb][et_pb_image src=\u00a0\u00bbhttps:\/\/www.droitdusport.com\/assises\/wp-content\/uploads\/2026\/03\/Claude-Alberic-MAETZ-nb.webp\u00a0\u00bb title_text=\u00a0\u00bbClaude-Albe\u0301ric-MAETZ-nb\u00a0\u00bb align_tablet=\u00a0\u00bbcenter\u00a0\u00bb align_phone=\u00a0\u00bb\u00a0\u00bb align_last_edited=\u00a0\u00bbon|desktop\u00a0\u00bb module_class=\u00a0\u00bbzoom-image\u00a0\u00bb _builder_version=\u00a0\u00bb4.27.6&Prime; custom_margin=\u00a0\u00bb0px|0px|20px|0px\u00a0\u00bb custom_padding=\u00a0\u00bb0px|0px|0px|0px\u00a0\u00bb animation_style=\u00a0\u00bbfade\u00a0\u00bb animation_delay=\u00a0\u00bb100ms\u00a0\u00bb border_width_bottom=\u00a0\u00bb6px\u00a0\u00bb border_style_bottom=\u00a0\u00bbinset\u00a0\u00bb locked=\u00a0\u00bboff\u00a0\u00bb global_colors_info=\u00a0\u00bb{}\u00a0\u00bb border_radii__hover_enabled=\u00a0\u00bbon\u00a0\u00bb border_width_bottom__hover_enabled=\u00a0\u00bbon|hover\u00a0\u00bb border_color_bottom__hover_enabled=\u00a0\u00bbon\u00a0\u00bb border_color_bottom__hover=\u00a0\u00bb#5664ab\u00a0\u00bb border_radii__hover=\u00a0\u00bb||||\u00a0\u00bb border_width_bottom__hover=\u00a0\u00bb6px\u00a0\u00bb][\/et_pb_image][et_pb_text _builder_version=\u00a0\u00bb4.27.6&Prime; text_font=\u00a0\u00bb||||||||\u00a0\u00bb text_text_color=\u00a0\u00bb#7a7a7a\u00a0\u00bb text_font_size=\u00a0\u00bb13px\u00a0\u00bb header_font=\u00a0\u00bb||||||||\u00a0\u00bb header_4_font=\u00a0\u00bbMontserrat|700|||||||\u00a0\u00bb custom_margin=\u00a0\u00bb0px|0px|0px|0px\u00a0\u00bb custom_padding=\u00a0\u00bb0px|0px|5px|0px|false|false\u00a0\u00bb custom_padding_tablet=\u00a0\u00bb|||20px|false|false\u00a0\u00bb custom_padding_phone=\u00a0\u00bb|||20px|false|false\u00a0\u00bb custom_padding_last_edited=\u00a0\u00bbon|phone\u00a0\u00bb animation_style=\u00a0\u00bbfade\u00a0\u00bb animation_delay=\u00a0\u00bb100ms\u00a0\u00bb locked=\u00a0\u00bboff\u00a0\u00bb global_colors_info=\u00a0\u00bb{}\u00a0\u00bb header_4_text_color__hover_enabled=\u00a0\u00bbon\u00a0\u00bb header_4_text_color__hover=\u00a0\u00bb#4dbdc6&Prime;]<p><span style=\"color: #5664ab;\"><strong>Intervenant<\/strong><\/span><\/p>[\/et_pb_text][et_pb_text content_tablet=\u00a0\u00bb<h4>Claude-Alb\u00e9ric<br \/>MAETZ<\/h4>\n<p><span style=%22color: #7a7a7a;%22>Codirecteur de l&rsquo;Institut de droit des affaires, Aix-Marseille Universit\u00e9, Pr\u00e9sident de la Commission juridique de la LFP<\/span><\/p>\u00a0\u00bb content_phone=\u00a0\u00bb<h4>Claude-Alb\u00e9ric<br \/>MAETZ<\/h4>\n<p><span style=%22color: #7a7a7a;%22>Codirecteur de l&rsquo;Institut de droit des affaires, Aix-Marseille Universit\u00e9, Pr\u00e9sident de la Commission juridique de la LFP<\/span><\/p>\u00a0\u00bb content_last_edited=\u00a0\u00bbon|phone\u00a0\u00bb _builder_version=\u00a0\u00bb4.27.6&Prime; text_font=\u00a0\u00bb||||||||\u00a0\u00bb text_font_size=\u00a0\u00bb13px\u00a0\u00bb header_font=\u00a0\u00bb||||||||\u00a0\u00bb header_4_font=\u00a0\u00bbMontserrat|700|||||||\u00a0\u00bb custom_margin=\u00a0\u00bb0px|0px|0px|0px\u00a0\u00bb custom_padding=\u00a0\u00bb0px|0px|5px|0px\u00a0\u00bb custom_padding_tablet=\u00a0\u00bb0px|0px|5px|20px|false|false\u00a0\u00bb custom_padding_phone=\u00a0\u00bb|||20px|false|false\u00a0\u00bb custom_padding_last_edited=\u00a0\u00bbon|desktop\u00a0\u00bb animation_style=\u00a0\u00bbfade\u00a0\u00bb animation_delay=\u00a0\u00bb100ms\u00a0\u00bb global_colors_info=\u00a0\u00bb{}\u00a0\u00bb header_4_text_color__hover_enabled=\u00a0\u00bboff|hover\u00a0\u00bb header_4_text_color__hover=\u00a0\u00bb#4dbdc6&Prime;]<h4>Claude-Alb\u00e9ric<br \/>MAETZ<\/h4>\n<p><span style=\"color: #7a7a7a;\">Codirecteur de l&rsquo;Institut de droit des affaires, Aix-Marseille Universit\u00e9, Pr\u00e9sident de la Commission juridique de la LFP<\/span><span style=\"color: #7a7a7a;\"><a href=\"https:\/\/cnosf.franceolympique.com\/cnosf\/\" target=\"_blank\" rel=\"noopener\" style=\"color: #7a7a7a;\"><span style=\"text-decoration: underline;\"><strong><\/strong><\/span><\/a><\/span><\/p>[\/et_pb_text][\/et_pb_column][et_pb_column type=\u00a0\u00bb1_5&Prime; _builder_version=\u00a0\u00bb4.16&Prime; custom_padding=\u00a0\u00bb|||\u00a0\u00bb global_colors_info=\u00a0\u00bb{}\u00a0\u00bb custom_padding__hover=\u00a0\u00bb|||\u00a0\u00bb][et_pb_image src=\u00a0\u00bbhttps:\/\/www.droitdusport.com\/assises\/wp-content\/uploads\/2026\/03\/Anthony-MOTTAIS-nb.webp\u00a0\u00bb title_text=\u00a0\u00bbAnthony-MOTTAIS-nb\u00a0\u00bb align_tablet=\u00a0\u00bbcenter\u00a0\u00bb align_phone=\u00a0\u00bb\u00a0\u00bb align_last_edited=\u00a0\u00bbon|desktop\u00a0\u00bb module_class=\u00a0\u00bbzoom-image\u00a0\u00bb _builder_version=\u00a0\u00bb4.27.6&Prime; custom_margin=\u00a0\u00bb0px|0px|20px|0px\u00a0\u00bb custom_padding=\u00a0\u00bb0px|0px|0px|0px\u00a0\u00bb animation_style=\u00a0\u00bbfade\u00a0\u00bb animation_delay=\u00a0\u00bb100ms\u00a0\u00bb border_width_bottom=\u00a0\u00bb6px\u00a0\u00bb border_style_bottom=\u00a0\u00bbinset\u00a0\u00bb locked=\u00a0\u00bboff\u00a0\u00bb global_colors_info=\u00a0\u00bb{}\u00a0\u00bb border_radii__hover_enabled=\u00a0\u00bbon\u00a0\u00bb border_width_bottom__hover_enabled=\u00a0\u00bbon|hover\u00a0\u00bb border_color_bottom__hover_enabled=\u00a0\u00bbon\u00a0\u00bb border_color_bottom__hover=\u00a0\u00bb#5664ab\u00a0\u00bb border_radii__hover=\u00a0\u00bb||||\u00a0\u00bb border_width_bottom__hover=\u00a0\u00bb6px\u00a0\u00bb][\/et_pb_image][et_pb_text _builder_version=\u00a0\u00bb4.27.6&Prime; text_font=\u00a0\u00bb||||||||\u00a0\u00bb text_text_color=\u00a0\u00bb#7a7a7a\u00a0\u00bb text_font_size=\u00a0\u00bb13px\u00a0\u00bb header_font=\u00a0\u00bb||||||||\u00a0\u00bb header_4_font=\u00a0\u00bbMontserrat|700|||||||\u00a0\u00bb custom_margin=\u00a0\u00bb0px|0px|0px|0px\u00a0\u00bb custom_padding=\u00a0\u00bb0px|0px|5px|0px\u00a0\u00bb custom_padding_tablet=\u00a0\u00bb|||0px|false|false\u00a0\u00bb custom_padding_phone=\u00a0\u00bb|||20px|false|false\u00a0\u00bb custom_padding_last_edited=\u00a0\u00bbon|desktop\u00a0\u00bb animation_style=\u00a0\u00bbfade\u00a0\u00bb animation_delay=\u00a0\u00bb100ms\u00a0\u00bb locked=\u00a0\u00bboff\u00a0\u00bb global_colors_info=\u00a0\u00bb{}\u00a0\u00bb header_4_text_color__hover_enabled=\u00a0\u00bbon\u00a0\u00bb header_4_text_color__hover=\u00a0\u00bb#4dbdc6&Prime;]<p><span style=\"color: #5664ab;\"><strong>Intervenant<\/strong><\/span><\/p>[\/et_pb_text][et_pb_text content_tablet=\u00a0\u00bb<h4>Anthony MOTTAIS<\/h4>\n<p><span style=%22color: #7a7a7a;%22>Avocat au barreau de Caen<\/span><\/p>\u00a0\u00bb content_phone=\u00a0\u00bb<h4>Anthony MOTTAIS<\/h4>\n<p><span style=%22color: #7a7a7a;%22>Avocat au barreau de Caen<\/span><\/p>\u00a0\u00bb content_last_edited=\u00a0\u00bbon|tablet\u00a0\u00bb _builder_version=\u00a0\u00bb4.27.6&Prime; text_font=\u00a0\u00bb||||||||\u00a0\u00bb text_font_size=\u00a0\u00bb13px\u00a0\u00bb header_font=\u00a0\u00bb||||||||\u00a0\u00bb header_4_font=\u00a0\u00bbMontserrat|700|||||||\u00a0\u00bb custom_margin=\u00a0\u00bb0px|0px|0px|0px\u00a0\u00bb custom_padding=\u00a0\u00bb0px|0px|5px|0px\u00a0\u00bb custom_padding_tablet=\u00a0\u00bb|||0px|false|false\u00a0\u00bb custom_padding_phone=\u00a0\u00bb|||20px|false|false\u00a0\u00bb custom_padding_last_edited=\u00a0\u00bbon|tablet\u00a0\u00bb animation_style=\u00a0\u00bbfade\u00a0\u00bb animation_delay=\u00a0\u00bb100ms\u00a0\u00bb text_font_size_tablet=\u00a0\u00bb12px\u00a0\u00bb text_font_size_phone=\u00a0\u00bb12px\u00a0\u00bb text_font_size_last_edited=\u00a0\u00bboff|desktop\u00a0\u00bb global_colors_info=\u00a0\u00bb{}\u00a0\u00bb header_4_text_color__hover_enabled=\u00a0\u00bboff|hover\u00a0\u00bb header_4_text_color__hover=\u00a0\u00bb#4dbdc6&Prime;]<h4>Anthony MOTTAIS<\/h4>\n<p><span style=\"color: #7a7a7a;\">Avocat au barreau de Caen<\/span><\/p>[\/et_pb_text][\/et_pb_column][et_pb_column type=\u00a0\u00bb1_5&Prime; _builder_version=\u00a0\u00bb4.16&Prime; custom_padding=\u00a0\u00bb|||\u00a0\u00bb global_colors_info=\u00a0\u00bb{}\u00a0\u00bb custom_padding__hover=\u00a0\u00bb|||\u00a0\u00bb][et_pb_image src=\u00a0\u00bbhttps:\/\/www.droitdusport.com\/assises\/wp-content\/uploads\/2026\/03\/Etienne-ROBERT-nb.webp\u00a0\u00bb title_text=\u00a0\u00bbEtienne-ROBERT-nb\u00a0\u00bb align_tablet=\u00a0\u00bbcenter\u00a0\u00bb align_phone=\u00a0\u00bb\u00a0\u00bb align_last_edited=\u00a0\u00bbon|desktop\u00a0\u00bb module_class=\u00a0\u00bbzoom-image\u00a0\u00bb _builder_version=\u00a0\u00bb4.27.6&Prime; custom_margin=\u00a0\u00bb0px|0px|20px|0px\u00a0\u00bb custom_padding=\u00a0\u00bb0px|0px|0px|0px\u00a0\u00bb animation_style=\u00a0\u00bbfade\u00a0\u00bb animation_delay=\u00a0\u00bb100ms\u00a0\u00bb border_width_bottom=\u00a0\u00bb6px\u00a0\u00bb border_style_bottom=\u00a0\u00bbinset\u00a0\u00bb locked=\u00a0\u00bboff\u00a0\u00bb global_colors_info=\u00a0\u00bb{}\u00a0\u00bb border_radii__hover_enabled=\u00a0\u00bbon\u00a0\u00bb border_width_bottom__hover_enabled=\u00a0\u00bbon|hover\u00a0\u00bb border_color_bottom__hover_enabled=\u00a0\u00bbon\u00a0\u00bb border_color_bottom__hover=\u00a0\u00bb#5664ab\u00a0\u00bb border_radii__hover=\u00a0\u00bb||||\u00a0\u00bb border_width_bottom__hover=\u00a0\u00bb6px\u00a0\u00bb][\/et_pb_image][et_pb_text _builder_version=\u00a0\u00bb4.27.6&Prime; text_font=\u00a0\u00bb||||||||\u00a0\u00bb text_text_color=\u00a0\u00bb#7a7a7a\u00a0\u00bb text_font_size=\u00a0\u00bb13px\u00a0\u00bb header_font=\u00a0\u00bb||||||||\u00a0\u00bb header_4_font=\u00a0\u00bbMontserrat|700|||||||\u00a0\u00bb custom_margin=\u00a0\u00bb0px|0px|0px|0px\u00a0\u00bb custom_padding=\u00a0\u00bb0px|0px|5px|0px|false|false\u00a0\u00bb custom_padding_tablet=\u00a0\u00bb|||20px|false|false\u00a0\u00bb custom_padding_phone=\u00a0\u00bb|||20px|false|false\u00a0\u00bb custom_padding_last_edited=\u00a0\u00bbon|tablet\u00a0\u00bb animation_style=\u00a0\u00bbfade\u00a0\u00bb animation_delay=\u00a0\u00bb100ms\u00a0\u00bb locked=\u00a0\u00bboff\u00a0\u00bb global_colors_info=\u00a0\u00bb{}\u00a0\u00bb header_4_text_color__hover_enabled=\u00a0\u00bbon\u00a0\u00bb header_4_text_color__hover=\u00a0\u00bb#4dbdc6&Prime;]<p><span style=\"color: #5664ab;\"><strong>Intervenant<\/strong><\/span><\/p>[\/et_pb_text][et_pb_text content_tablet=\u00a0\u00bb<h4>Etienne ROBERT<\/h4>\n<p><span style=%22color: #7a7a7a;%22>Directeur L\u00e9gal de la LNB<\/span><\/p>\u00a0\u00bb content_phone=\u00a0\u00bb<h4>Etienne ROBERT<\/h4>\n<p><span style=%22color: #7a7a7a;%22>Directeur L\u00e9gal de la LNB<\/span><\/p>\u00a0\u00bb content_last_edited=\u00a0\u00bbon|phone\u00a0\u00bb _builder_version=\u00a0\u00bb4.27.6&Prime; text_font=\u00a0\u00bb||||||||\u00a0\u00bb text_font_size=\u00a0\u00bb13px\u00a0\u00bb header_font=\u00a0\u00bb||||||||\u00a0\u00bb header_4_font=\u00a0\u00bbMontserrat|700|||||||\u00a0\u00bb custom_margin=\u00a0\u00bb0px|0px|0px|0px\u00a0\u00bb custom_padding=\u00a0\u00bb0px|0px|5px|0px|false|false\u00a0\u00bb custom_padding_tablet=\u00a0\u00bb|||20px|false|false\u00a0\u00bb custom_padding_phone=\u00a0\u00bb|||20px|false|false\u00a0\u00bb custom_padding_last_edited=\u00a0\u00bbon|phone\u00a0\u00bb animation_style=\u00a0\u00bbfade\u00a0\u00bb animation_delay=\u00a0\u00bb100ms\u00a0\u00bb global_colors_info=\u00a0\u00bb{}\u00a0\u00bb header_4_text_color__hover_enabled=\u00a0\u00bboff|desktop\u00a0\u00bb header_4_text_color__hover=\u00a0\u00bb#4dbdc6&Prime;]<h4>Etienne ROBERT<\/h4>\n<p><span style=\"color: #7a7a7a;\">Directeur L\u00e9gal de la LNB<\/span><\/p>\n<p><span style=\"color: #7a7a7a;\"><a href=\"https:\/\/centrededroitdusport.fr\" target=\"_blank\" rel=\"noopener\" style=\"color: #7a7a7a;\"><span style=\"text-decoration: underline;\"><strong><\/strong><\/span><\/a><\/span><\/p>[\/et_pb_text][\/et_pb_column][\/et_pb_row][et_pb_row _builder_version=\u00a0\u00bb4.27.5&Prime; background_color=\u00a0\u00bb#ffffff\u00a0\u00bb custom_padding=\u00a0\u00bb40px|0px|0px|0|false|false\u00a0\u00bb box_shadow_style=\u00a0\u00bbpreset4&Prime; box_shadow_horizontal=\u00a0\u00bb-700px\u00a0\u00bb box_shadow_vertical=\u00a0\u00bb0px\u00a0\u00bb box_shadow_color=\u00a0\u00bb#ffffff\u00a0\u00bb locked=\u00a0\u00bboff\u00a0\u00bb global_colors_info=\u00a0\u00bb{}\u00a0\u00bb][et_pb_column type=\u00a0\u00bb4_4&Prime; _builder_version=\u00a0\u00bb4.16&Prime; background_blend=\u00a0\u00bbmultiply\u00a0\u00bb custom_padding=\u00a0\u00bb|||\u00a0\u00bb global_colors_info=\u00a0\u00bb{}\u00a0\u00bb custom_padding__hover=\u00a0\u00bb|||\u00a0\u00bb][et_pb_text content_tablet=\u00a0\u00bb<h2>Le Grand Colloque :<br \/><span style=%22color: #5664ab;%22>La valeur du sportif<\/span><\/h2>\u00a0\u00bb content_phone=\u00a0\u00bb<h2>Le Grand Colloque :<br \/><span style=%22color: #5664ab;%22>La valeur du sportif<\/span><\/h2>\u00a0\u00bb content_last_edited=\u00a0\u00bbon|phone\u00a0\u00bb _builder_version=\u00a0\u00bb4.27.6&Prime; text_font=\u00a0\u00bb||||||||\u00a0\u00bb text_font_size=\u00a0\u00bb16px\u00a0\u00bb text_line_height=\u00a0\u00bb1.8em\u00a0\u00bb header_font=\u00a0\u00bbMontserrat|700|||||||\u00a0\u00bb header_text_color=\u00a0\u00bb#000000&Prime; header_font_size=\u00a0\u00bb55px\u00a0\u00bb header_line_height=\u00a0\u00bb1.2em\u00a0\u00bb header_2_font=\u00a0\u00bb|700|||||||\u00a0\u00bb header_2_font_size=\u00a0\u00bb50px\u00a0\u00bb header_2_line_height=\u00a0\u00bb1.4em\u00a0\u00bb header_5_font=\u00a0\u00bbMontserrat||||||||\u00a0\u00bb header_5_text_color=\u00a0\u00bb#000000&Prime; header_5_font_size=\u00a0\u00bb20px\u00a0\u00bb header_5_line_height=\u00a0\u00bb1.6em\u00a0\u00bb custom_margin=\u00a0\u00bb||0px|||\u00a0\u00bb custom_padding=\u00a0\u00bb|20px|0px||false|false\u00a0\u00bb custom_padding_tablet=\u00a0\u00bb|||20px|false|false\u00a0\u00bb custom_padding_phone=\u00a0\u00bb|20px|||false|false\u00a0\u00bb custom_padding_last_edited=\u00a0\u00bbon|phone\u00a0\u00bb animation_style=\u00a0\u00bbfade\u00a0\u00bb animation_direction=\u00a0\u00bbtop\u00a0\u00bb animation_delay=\u00a0\u00bb100ms\u00a0\u00bb header_font_size_tablet=\u00a0\u00bb35px\u00a0\u00bb header_font_size_phone=\u00a0\u00bb28px\u00a0\u00bb header_font_size_last_edited=\u00a0\u00bbon|phone\u00a0\u00bb header_2_font_size_tablet=\u00a0\u00bb35px\u00a0\u00bb header_2_font_size_phone=\u00a0\u00bb38px\u00a0\u00bb header_2_font_size_last_edited=\u00a0\u00bbon|tablet\u00a0\u00bb locked=\u00a0\u00bboff\u00a0\u00bb inline_fonts=\u00a0\u00bbGeorgia\u00a0\u00bb global_colors_info=\u00a0\u00bb{}\u00a0\u00bb]<h2>Le Grand Colloque : <span style=\"color: #5664ab;\">La valeur du sportif<\/span><\/h2>[\/et_pb_text][et_pb_text content_tablet=\u00a0\u00bb<h3><span style=%22font-size: x-large;%22><strong><span style=%22font-family: Montserrat;%22>La valeur r\u00e9v\u00e9l\u00e9e<\/span><\/strong><\/span><\/h3>\u00a0\u00bb content_phone=\u00a0\u00bb<h3><span style=%22font-size: x-large;%22><strong><span style=%22font-family: Montserrat;%22>La valeur r\u00e9v\u00e9l\u00e9e<\/span><\/strong><\/span><\/h3>\u00a0\u00bb content_last_edited=\u00a0\u00bbon|desktop\u00a0\u00bb _builder_version=\u00a0\u00bb4.27.6&Prime; text_font=\u00a0\u00bbMontserrat|700|||||||\u00a0\u00bb text_text_color=\u00a0\u00bb#282828&Prime; text_font_size=\u00a0\u00bb10px\u00a0\u00bb header_font=\u00a0\u00bbMontserrat|700|||||||\u00a0\u00bb header_text_color=\u00a0\u00bb#000000&Prime; header_font_size=\u00a0\u00bb40px\u00a0\u00bb header_2_font=\u00a0\u00bb||||||||\u00a0\u00bb header_3_font=\u00a0\u00bb||||on||||\u00a0\u00bb header_3_text_color=\u00a0\u00bb#5664ab\u00a0\u00bb custom_margin=\u00a0\u00bb||0px||false|false\u00a0\u00bb custom_padding=\u00a0\u00bb40px||||false|false\u00a0\u00bb custom_padding_tablet=\u00a0\u00bb|||20px|false|false\u00a0\u00bb custom_padding_phone=\u00a0\u00bb|||20px|false|false\u00a0\u00bb custom_padding_last_edited=\u00a0\u00bbon|phone\u00a0\u00bb animation_style=\u00a0\u00bbfade\u00a0\u00bb animation_direction=\u00a0\u00bbtop\u00a0\u00bb animation_delay=\u00a0\u00bb100ms\u00a0\u00bb header_font_size_tablet=\u00a0\u00bb\u00a0\u00bb header_font_size_phone=\u00a0\u00bb27px\u00a0\u00bb header_font_size_last_edited=\u00a0\u00bbon|desktop\u00a0\u00bb locked=\u00a0\u00bboff\u00a0\u00bb inline_fonts=\u00a0\u00bbMontserrat\u00a0\u00bb global_colors_info=\u00a0\u00bb{}\u00a0\u00bb]<h3><span style=\"font-size: x-large;\"><strong><span style=\"font-family: Montserrat;\">La valeur r\u00e9v\u00e9l\u00e9e<\/span><\/strong><\/span><\/h3>[\/et_pb_text][\/et_pb_column][\/et_pb_row][et_pb_row column_structure=\u00a0\u00bb1_2,1_2&Prime; _builder_version=\u00a0\u00bb4.27.6&Prime; background_color=\u00a0\u00bb#ffffff\u00a0\u00bb custom_padding=\u00a0\u00bb10px|0px|0px|0|false|false\u00a0\u00bb pac_drh_column_numbers_tablet=\u00a0\u00bbpac_drh_tab_col_two\u00a0\u00bb box_shadow_style=\u00a0\u00bbpreset4&Prime; box_shadow_horizontal=\u00a0\u00bb-700px\u00a0\u00bb box_shadow_vertical=\u00a0\u00bb0px\u00a0\u00bb box_shadow_color=\u00a0\u00bb#ffffff\u00a0\u00bb global_module=\u00a0\u00bb8241&Prime; saved_tabs=\u00a0\u00bball\u00a0\u00bb locked=\u00a0\u00bboff\u00a0\u00bb global_colors_info=\u00a0\u00bb{}\u00a0\u00bb][et_pb_column type=\u00a0\u00bb1_2&Prime; _builder_version=\u00a0\u00bb4.16&Prime; custom_padding=\u00a0\u00bb|||\u00a0\u00bb global_colors_info=\u00a0\u00bb{}\u00a0\u00bb custom_padding__hover=\u00a0\u00bb|||\u00a0\u00bb][et_pb_image src=\u00a0\u00bbhttps:\/\/www.droitdusport.com\/assises\/wp-content\/uploads\/2026\/01\/agent-sportif.jpg\u00a0\u00bb title_text=\u00a0\u00bbagent-sportif\u00a0\u00bb url=\u00a0\u00bbhttps:\/\/www.droitdusport.com\/assises\/relation-agent-sportif\/\u00a0\u00bb align_tablet=\u00a0\u00bbcenter\u00a0\u00bb align_phone=\u00a0\u00bb\u00a0\u00bb align_last_edited=\u00a0\u00bbon|desktop\u00a0\u00bb module_class=\u00a0\u00bbzoom-image\u00a0\u00bb _builder_version=\u00a0\u00bb4.27.6&Prime; custom_margin=\u00a0\u00bb0px|0px|20px|0px\u00a0\u00bb custom_padding=\u00a0\u00bb0px|0px|0px|0px\u00a0\u00bb filter_saturate=\u00a0\u00bb0%\u00a0\u00bb animation_style=\u00a0\u00bbfade\u00a0\u00bb animation_delay=\u00a0\u00bb100ms\u00a0\u00bb border_width_bottom=\u00a0\u00bb6px\u00a0\u00bb border_style_bottom=\u00a0\u00bbinset\u00a0\u00bb locked=\u00a0\u00bboff\u00a0\u00bb global_colors_info=\u00a0\u00bb{}\u00a0\u00bb border_radii__hover_enabled=\u00a0\u00bbon\u00a0\u00bb border_width_bottom__hover_enabled=\u00a0\u00bbon|hover\u00a0\u00bb border_color_bottom__hover_enabled=\u00a0\u00bbon|hover\u00a0\u00bb border_color_bottom__hover=\u00a0\u00bb#5664ab\u00a0\u00bb border_radii__hover=\u00a0\u00bb||||\u00a0\u00bb filter_saturate__hover_enabled=\u00a0\u00bbon\u00a0\u00bb filter_saturate__hover=\u00a0\u00bb100%\u00a0\u00bb border_width_bottom__hover=\u00a0\u00bb6px\u00a0\u00bb][\/et_pb_image][et_pb_text content_tablet=\u00a0\u00bb<\/p>\n<h4><span style=%22color: #000000;%22><strong>Panel 1 <\/strong>&#8211; jeudi 18 juin, 9h45 &#8211; 11h00<\/span><\/h4>\n<p>\u00a0\u00bb content_phone=\u00a0\u00bb<\/p>\n<h4><span style=%22color: #000000;%22><strong>Panel 1 <\/strong>&#8211; jeudi 18 juin, 9h45 &#8211; 11h00<\/span><\/h4>\n<p>\u00a0\u00bb content_last_edited=\u00a0\u00bbon|tablet\u00a0\u00bb _builder_version=\u00a0\u00bb4.27.6&Prime; header_font=\u00a0\u00bb||||||||\u00a0\u00bb header_4_font=\u00a0\u00bb||||||||\u00a0\u00bb header_4_font_size=\u00a0\u00bb14px\u00a0\u00bb header_4_line_height=\u00a0\u00bb1.7em\u00a0\u00bb custom_margin=\u00a0\u00bb0px|0px|0px|0px\u00a0\u00bb custom_padding=\u00a0\u00bb0px|0px|5px|0px\u00a0\u00bb custom_padding_tablet=\u00a0\u00bb|||20px|false|false\u00a0\u00bb custom_padding_phone=\u00a0\u00bb\u00a0\u00bb custom_padding_last_edited=\u00a0\u00bbon|tablet\u00a0\u00bb animation_style=\u00a0\u00bbfade\u00a0\u00bb animation_delay=\u00a0\u00bb100ms\u00a0\u00bb locked=\u00a0\u00bboff\u00a0\u00bb global_colors_info=\u00a0\u00bb{}\u00a0\u00bb]<h4><span style=\"color: #000000;\"><strong>Panel 1 <\/strong>&#8211; jeudi 18 juin, 9h45 &#8211; 11h00<span style=\"text-decoration: underline;\"><strong><\/strong><\/span><\/span><\/h4>[\/et_pb_text][et_pb_text content_tablet=\u00a0\u00bb<\/p>\n<\/p>\n<h4><span style=%22color: #000000;%22><a href=%22https:\/\/www.droitdusport.com\/assises\/relation-agent-sportif\/%22><strong><span style=%22color: #5664ab;%22><span style=%22text-decoration: underline;%22><b>L&rsquo;agent sportif<\/b><\/span><\/span><\/strong><\/a><span style=%22text-decoration: underline;%22><strong><\/strong><\/span><\/span><\/h4>\n<p>La r\u00e9glementation applicable aux agents sportifs est-elle suffisante, voire n\u00e9cessaire, pour garantir que les int\u00e9r\u00eats propres de leurs clients soient respect\u00e9s ? Garantit-elle que la relation entre l&rsquo;agent et le sportif professionnel dont il g\u00e8re les int\u00e9r\u00eats&#8230; <a href=%22https:\/\/www.droitdusport.com\/assises\/relation-agent-sportif\/%22><span style=%22text-decoration: underline; color: #5664ab;%22><em><strong>> Lire la suite<\/strong><\/em><\/span><\/a><\/p>\n<\/p>\n<p>\u00a0\u00bb content_phone=\u00a0\u00bb<\/p>\n<\/p>\n<h4><span style=%22color: #000000;%22><a href=%22https:\/\/www.droitdusport.com\/assises\/relation-agent-sportif\/%22><strong><span style=%22color: #5664ab;%22><span style=%22text-decoration: underline;%22><b>L&rsquo;agent sportif<\/b><\/span><\/span><\/strong><\/a><span style=%22text-decoration: underline;%22><strong><\/strong><\/span><\/span><\/h4>\n<p>La r\u00e9glementation applicable aux agents sportifs est-elle suffisante, voire n\u00e9cessaire, pour garantir que les int\u00e9r\u00eats propres de leurs clients soient respect\u00e9s ? Garantit-elle que la relation entre l&rsquo;agent et le sportif professionnel dont il g\u00e8re les int\u00e9r\u00eats&#8230; <a href=%22https:\/\/www.droitdusport.com\/assises\/relation-agent-sportif\/%22><span style=%22text-decoration: underline; color: #5664ab;%22><em><strong>> Lire la suite<\/strong><\/em><\/span><\/a><\/p>\n<\/p>\n<p>\u00a0\u00bb content_last_edited=\u00a0\u00bbon|phone\u00a0\u00bb _builder_version=\u00a0\u00bb4.27.6&Prime; header_font=\u00a0\u00bb||||||||\u00a0\u00bb header_4_font=\u00a0\u00bb||||||||\u00a0\u00bb header_4_font_size=\u00a0\u00bb14px\u00a0\u00bb header_4_line_height=\u00a0\u00bb1.7em\u00a0\u00bb custom_margin=\u00a0\u00bb0px|0px|0px|0px\u00a0\u00bb custom_padding=\u00a0\u00bb0px|0px|5px|0px\u00a0\u00bb custom_padding_tablet=\u00a0\u00bb|||20px|false|false\u00a0\u00bb custom_padding_phone=\u00a0\u00bb\u00a0\u00bb custom_padding_last_edited=\u00a0\u00bbon|phone\u00a0\u00bb animation_style=\u00a0\u00bbfade\u00a0\u00bb animation_delay=\u00a0\u00bb100ms\u00a0\u00bb locked=\u00a0\u00bboff\u00a0\u00bb global_colors_info=\u00a0\u00bb{}\u00a0\u00bb]<h4><span style=\"color: #000000;\"><a href=\"https:\/\/www.droitdusport.com\/assises\/relation-agent-sportif\/\"><strong><span style=\"color: #5664ab;\"><span style=\"text-decoration: underline;\"><b>L&rsquo;agent sportif<\/b><\/span><\/span><\/strong><\/a><span style=\"text-decoration: underline;\"><strong><\/strong><\/span><\/span><\/h4>\n<p>La r\u00e9glementation applicable aux agents sportifs est-elle suffisante, voire n\u00e9cessaire, pour garantir que les int\u00e9r\u00eats propres de leurs clients soient respect\u00e9s ? Garantit-elle que la relation entre l&rsquo;agent et le sportif professionnel dont il g\u00e8re les int\u00e9r\u00eats&#8230; <a href=\"https:\/\/www.droitdusport.com\/assises\/relation-agent-sportif\/\"><span style=\"text-decoration: underline; color: #5664ab;\"><em><strong>&gt; Lire la suite<\/strong><\/em><\/span><\/a><\/p>[\/et_pb_text][\/et_pb_column][et_pb_column type=\u00a0\u00bb1_2&Prime; _builder_version=\u00a0\u00bb4.16&Prime; custom_padding=\u00a0\u00bb|||\u00a0\u00bb global_colors_info=\u00a0\u00bb{}\u00a0\u00bb custom_padding__hover=\u00a0\u00bb|||\u00a0\u00bb][et_pb_image src=\u00a0\u00bbhttps:\/\/www.droitdusport.com\/assises\/wp-content\/uploads\/2026\/01\/remuneration-contrat-sportif.jpg\u00a0\u00bb title_text=\u00a0\u00bbremuneration-contrat-sportif\u00a0\u00bb url=\u00a0\u00bbhttps:\/\/www.droitdusport.com\/assises\/remuneration-contrat-sportifs\/\u00a0\u00bb align_tablet=\u00a0\u00bbcenter\u00a0\u00bb align_phone=\u00a0\u00bb\u00a0\u00bb align_last_edited=\u00a0\u00bbon|desktop\u00a0\u00bb module_class=\u00a0\u00bbzoom-image\u00a0\u00bb _builder_version=\u00a0\u00bb4.27.6&Prime; custom_margin=\u00a0\u00bb0px|0px|20px|0px\u00a0\u00bb custom_padding=\u00a0\u00bb0px|0px|0px|0px\u00a0\u00bb filter_saturate=\u00a0\u00bb0%\u00a0\u00bb animation_style=\u00a0\u00bbfade\u00a0\u00bb animation_delay=\u00a0\u00bb100ms\u00a0\u00bb border_width_bottom=\u00a0\u00bb6px\u00a0\u00bb border_style_bottom=\u00a0\u00bbinset\u00a0\u00bb locked=\u00a0\u00bboff\u00a0\u00bb global_colors_info=\u00a0\u00bb{}\u00a0\u00bb border_radii__hover_enabled=\u00a0\u00bbon\u00a0\u00bb border_width_bottom__hover_enabled=\u00a0\u00bbon|hover\u00a0\u00bb border_color_bottom__hover_enabled=\u00a0\u00bbon|hover\u00a0\u00bb border_color_bottom__hover=\u00a0\u00bb#5664ab\u00a0\u00bb border_radii__hover=\u00a0\u00bb||||\u00a0\u00bb filter_saturate__hover_enabled=\u00a0\u00bbon\u00a0\u00bb filter_saturate__hover=\u00a0\u00bb100%\u00a0\u00bb border_width_bottom__hover=\u00a0\u00bb6px\u00a0\u00bb][\/et_pb_image][et_pb_text content_tablet=\u00a0\u00bb<\/p>\n<h4><span style=%22color: #000000;%22><strong>Panel 2 &#8211; <\/strong>A venir<span style=%22text-decoration: underline;%22><strong><\/strong><\/span><\/span><\/h4>\n<p>\u00a0\u00bb content_phone=\u00a0\u00bb<\/p>\n<h4><span style=%22color: #000000;%22><strong>Panel 2 &#8211; <\/strong>A venir <\/span><\/h4>\n<p>\u00a0\u00bb content_last_edited=\u00a0\u00bbon|desktop\u00a0\u00bb _builder_version=\u00a0\u00bb4.27.6&Prime; header_font=\u00a0\u00bb||||||||\u00a0\u00bb header_4_font=\u00a0\u00bb||||||||\u00a0\u00bb header_4_font_size=\u00a0\u00bb14px\u00a0\u00bb header_4_line_height=\u00a0\u00bb1.7em\u00a0\u00bb custom_margin=\u00a0\u00bb0px|0px|0px|0px\u00a0\u00bb custom_padding=\u00a0\u00bb0px|0px|5px|0px\u00a0\u00bb custom_padding_tablet=\u00a0\u00bb0px|0px|5px|20px|false|false\u00a0\u00bb custom_padding_phone=\u00a0\u00bb\u00a0\u00bb custom_padding_last_edited=\u00a0\u00bbon|tablet\u00a0\u00bb animation_style=\u00a0\u00bbfade\u00a0\u00bb animation_delay=\u00a0\u00bb100ms\u00a0\u00bb locked=\u00a0\u00bboff\u00a0\u00bb global_colors_info=\u00a0\u00bb{}\u00a0\u00bb]<h4><span style=\"color: #000000;\"><strong>Panel 2 &#8211; <\/strong>Jeudi 18 juin 2026, 11h15 &#8211; 12h30<span style=\"text-decoration: underline;\"><strong><br \/><\/strong><\/span><\/span><\/h4>[\/et_pb_text][et_pb_text content_tablet=\u00a0\u00bb<\/p>\n<h4><a href=%22https:\/\/www.droitdusport.com\/assises\/remuneration-contrat-sportifs\/%22><span style=%22color: #000000;%22><strong><span style=%22color: #5664ab;%22><span style=%22text-decoration: underline;%22><b>La r\u00e9mun\u00e9ration dans le contrat des sportifs professionnels<\/b><\/span><\/span><\/strong><\/span><\/a><span style=%22color: #000000;%22><a href=%22https:\/\/www.droitdusport.com\/assises\/relation-agent-sportif\/%22><strong><span style=%22color: #5664ab;%22><span style=%22text-decoration: underline;%22><b><\/b><\/span><\/span><\/strong><\/a><span style=%22text-decoration: underline;%22><strong><\/strong><\/span><\/span><\/h4>\n<p>Quels sont les m\u00e9canismes de r\u00e9mun\u00e9ration pr\u00e9vus dans les contrats des sportifs professionnels ? Sont-ils toujours conformes aux r\u00e9glementations sportives et sociales ? R\u00e9mun\u00e9rations apparentes, indirectes ou cach\u00e9es : quels sont les risques juridiques ? <a href=%22https:\/\/www.droitdusport.com\/assises\/remuneration-contrat-sportifs\/%22><span style=%22text-decoration: underline; color: #5664ab;%22><em><strong>> Lire la suite<\/strong><\/em><\/span><\/a><\/p>\n<p>\u00a0\u00bb content_phone=\u00a0\u00bb<\/p>\n<h4><a href=%22https:\/\/www.droitdusport.com\/assises\/remuneration-contrat-sportifs\/%22><span style=%22color: #000000;%22><strong><span style=%22color: #5664ab;%22><span style=%22text-decoration: underline;%22><b>La r\u00e9mun\u00e9ration dans le contrat des sportifs professionnels<\/b><\/span><\/span><\/strong><\/span><\/a><span style=%22color: #000000;%22><a href=%22https:\/\/www.droitdusport.com\/assises\/relation-agent-sportif\/%22><strong><span style=%22color: #5664ab;%22><span style=%22text-decoration: underline;%22><b><\/b><\/span><\/span><\/strong><\/a><span style=%22text-decoration: underline;%22><strong><\/strong><\/span><\/span><\/h4>\n<p>Quels sont les m\u00e9canismes de r\u00e9mun\u00e9ration pr\u00e9vus dans les contrats des sportifs professionnels ? Sont-ils toujours conformes aux r\u00e9glementations sportives et sociales ? R\u00e9mun\u00e9rations apparentes, indirectes ou cach\u00e9es : quels sont les risques juridiques ? <a href=%22https:\/\/www.droitdusport.com\/assises\/remuneration-contrat-sportifs\/%22><span style=%22text-decoration: underline; color: #5664ab;%22><em><strong>> Lire la suite<\/strong><\/em><\/span><\/a><\/p>\n<p>\u00a0\u00bb content_last_edited=\u00a0\u00bbon|phone\u00a0\u00bb _builder_version=\u00a0\u00bb4.27.6&Prime; header_font=\u00a0\u00bb||||||||\u00a0\u00bb header_4_font=\u00a0\u00bb||||||||\u00a0\u00bb header_4_font_size=\u00a0\u00bb14px\u00a0\u00bb header_4_line_height=\u00a0\u00bb1.7em\u00a0\u00bb custom_margin=\u00a0\u00bb0px|0px|0px|0px\u00a0\u00bb custom_padding=\u00a0\u00bb0px|0px|5px|0px\u00a0\u00bb custom_padding_tablet=\u00a0\u00bb|||20px|false|false\u00a0\u00bb custom_padding_phone=\u00a0\u00bb\u00a0\u00bb custom_padding_last_edited=\u00a0\u00bbon|phone\u00a0\u00bb animation_style=\u00a0\u00bbfade\u00a0\u00bb animation_delay=\u00a0\u00bb100ms\u00a0\u00bb locked=\u00a0\u00bboff\u00a0\u00bb global_colors_info=\u00a0\u00bb{}\u00a0\u00bb]<h4><a href=\"https:\/\/www.droitdusport.com\/assises\/remuneration-contrat-sportifs\/\"><span style=\"color: #000000;\"><strong><span style=\"color: #5664ab;\"><span style=\"text-decoration: underline;\"><b>La r\u00e9mun\u00e9ration dans le contrat de travail<\/b><\/span><\/span><\/strong><\/span><\/a><span style=\"color: #000000;\"><a href=\"https:\/\/www.droitdusport.com\/assises\/relation-agent-sportif\/\"><strong><span style=\"color: #5664ab;\"><span style=\"text-decoration: underline;\"><b><\/b><\/span><\/span><\/strong><\/a><span style=\"text-decoration: underline;\"><strong><\/strong><\/span><\/span><\/h4>\n<p>Quels sont les m\u00e9canismes de r\u00e9mun\u00e9ration pr\u00e9vus dans les contrats des sportifs professionnels ? Sont-ils toujours conformes aux r\u00e9glementations sportives et sociales ? R\u00e9mun\u00e9rations apparentes, indirectes ou cach\u00e9es : quels sont les risques juridiques ? <a href=\"https:\/\/www.droitdusport.com\/assises\/remuneration-contrat-sportifs\/\"><span style=\"text-decoration: underline; color: #5664ab;\"><em><strong>&gt; Lire la suite<\/strong><\/em><\/span><\/a><\/p>[\/et_pb_text][\/et_pb_column][\/et_pb_row][et_pb_row _builder_version=\u00a0\u00bb4.27.6&Prime; background_color=\u00a0\u00bb#ffffff\u00a0\u00bb custom_padding=\u00a0\u00bb50px|0px|0px|0|false|false\u00a0\u00bb box_shadow_style=\u00a0\u00bbpreset4&Prime; box_shadow_horizontal=\u00a0\u00bb-700px\u00a0\u00bb box_shadow_vertical=\u00a0\u00bb0px\u00a0\u00bb box_shadow_color=\u00a0\u00bb#ffffff\u00a0\u00bb locked=\u00a0\u00bboff\u00a0\u00bb global_colors_info=\u00a0\u00bb{}\u00a0\u00bb][et_pb_column type=\u00a0\u00bb4_4&Prime; _builder_version=\u00a0\u00bb4.16&Prime; background_blend=\u00a0\u00bbmultiply\u00a0\u00bb custom_padding=\u00a0\u00bb|||\u00a0\u00bb global_colors_info=\u00a0\u00bb{}\u00a0\u00bb custom_padding__hover=\u00a0\u00bb|||\u00a0\u00bb][et_pb_text content_tablet=\u00a0\u00bb<h3><span style=%22font-size: x-large;%22><strong><span style=%22font-family: Montserrat;%22>La valeur augment\u00e9e<\/span><\/strong><\/span><\/h3>\u00a0\u00bb content_phone=\u00a0\u00bb<h3><span style=%22font-size: x-large;%22><strong><span style=%22font-family: Montserrat;%22>La valeur augment\u00e9e<\/span><\/strong><\/span><\/h3>\u00a0\u00bb content_last_edited=\u00a0\u00bbon|phone\u00a0\u00bb _builder_version=\u00a0\u00bb4.27.6&Prime; text_font=\u00a0\u00bbMontserrat|700|||||||\u00a0\u00bb text_text_color=\u00a0\u00bb#282828&Prime; text_font_size=\u00a0\u00bb10px\u00a0\u00bb header_font=\u00a0\u00bbMontserrat|700|||||||\u00a0\u00bb header_text_color=\u00a0\u00bb#000000&Prime; header_font_size=\u00a0\u00bb40px\u00a0\u00bb header_2_font=\u00a0\u00bb||||||||\u00a0\u00bb header_3_font=\u00a0\u00bb||||on||||\u00a0\u00bb header_3_text_color=\u00a0\u00bb#5664ab\u00a0\u00bb custom_margin=\u00a0\u00bb||0px||false|false\u00a0\u00bb custom_padding=\u00a0\u00bb||||false|false\u00a0\u00bb custom_padding_tablet=\u00a0\u00bb|||20px|false|false\u00a0\u00bb custom_padding_phone=\u00a0\u00bb|||20px|false|false\u00a0\u00bb custom_padding_last_edited=\u00a0\u00bbon|phone\u00a0\u00bb animation_style=\u00a0\u00bbfade\u00a0\u00bb animation_direction=\u00a0\u00bbtop\u00a0\u00bb animation_delay=\u00a0\u00bb100ms\u00a0\u00bb header_font_size_tablet=\u00a0\u00bb\u00a0\u00bb header_font_size_phone=\u00a0\u00bb27px\u00a0\u00bb header_font_size_last_edited=\u00a0\u00bbon|desktop\u00a0\u00bb locked=\u00a0\u00bboff\u00a0\u00bb inline_fonts=\u00a0\u00bbMontserrat\u00a0\u00bb global_colors_info=\u00a0\u00bb{}\u00a0\u00bb]<h3><span style=\"font-size: x-large;\"><strong><span style=\"font-family: Montserrat;\">La valeur augment\u00e9e<\/span><\/strong><\/span><\/h3>[\/et_pb_text][\/et_pb_column][\/et_pb_row][et_pb_row column_structure=\u00a0\u00bb1_3,1_3,1_3&Prime; _builder_version=\u00a0\u00bb4.27.5&Prime; background_color=\u00a0\u00bb#ffffff\u00a0\u00bb custom_padding=\u00a0\u00bb10px|0px|0px|0|false|false\u00a0\u00bb pac_drh_column_numbers_tablet=\u00a0\u00bbpac_drh_tab_col_three\u00a0\u00bb box_shadow_style=\u00a0\u00bbpreset4&Prime; box_shadow_horizontal=\u00a0\u00bb-700px\u00a0\u00bb box_shadow_vertical=\u00a0\u00bb0px\u00a0\u00bb box_shadow_color=\u00a0\u00bb#ffffff\u00a0\u00bb global_module=\u00a0\u00bb8243&Prime; saved_tabs=\u00a0\u00bball\u00a0\u00bb locked=\u00a0\u00bboff\u00a0\u00bb global_colors_info=\u00a0\u00bb{}\u00a0\u00bb][et_pb_column type=\u00a0\u00bb1_3&Prime; _builder_version=\u00a0\u00bb4.16&Prime; custom_padding=\u00a0\u00bb|||\u00a0\u00bb global_colors_info=\u00a0\u00bb{}\u00a0\u00bb custom_padding__hover=\u00a0\u00bb|||\u00a0\u00bb][et_pb_image src=\u00a0\u00bbhttps:\/\/www.droitdusport.com\/assises\/wp-content\/uploads\/2026\/01\/Diarra.jpg\u00a0\u00bb title_text=\u00a0\u00bbDiarra\u00a0\u00bb align_tablet=\u00a0\u00bbcenter\u00a0\u00bb align_phone=\u00a0\u00bb\u00a0\u00bb align_last_edited=\u00a0\u00bbon|desktop\u00a0\u00bb module_class=\u00a0\u00bbzoom-image\u00a0\u00bb _builder_version=\u00a0\u00bb4.27.5&Prime; custom_margin=\u00a0\u00bb0px|0px|20px|0px\u00a0\u00bb custom_padding=\u00a0\u00bb0px|0px|0px|0px\u00a0\u00bb filter_saturate=\u00a0\u00bb0%\u00a0\u00bb animation_style=\u00a0\u00bbfade\u00a0\u00bb animation_delay=\u00a0\u00bb100ms\u00a0\u00bb border_width_bottom=\u00a0\u00bb6px\u00a0\u00bb border_style_bottom=\u00a0\u00bbinset\u00a0\u00bb locked=\u00a0\u00bboff\u00a0\u00bb global_colors_info=\u00a0\u00bb{}\u00a0\u00bb border_radii__hover_enabled=\u00a0\u00bbon\u00a0\u00bb border_width_bottom__hover_enabled=\u00a0\u00bbon|hover\u00a0\u00bb border_color_bottom__hover_enabled=\u00a0\u00bbon|hover\u00a0\u00bb border_color_bottom__hover=\u00a0\u00bb#5664ab\u00a0\u00bb border_radii__hover=\u00a0\u00bb||||\u00a0\u00bb filter_saturate__hover_enabled=\u00a0\u00bbon\u00a0\u00bb filter_saturate__hover=\u00a0\u00bb100%\u00a0\u00bb border_width_bottom__hover=\u00a0\u00bb6px\u00a0\u00bb][\/et_pb_image][et_pb_text content_tablet=\u00a0\u00bb<\/p>\n<h4><span style=%22color: #000000;%22><strong>Panel 3 &#8211; <\/strong>A venir<\/span><\/h4>\n<p>\u00a0\u00bb content_phone=\u00a0\u00bb<\/p>\n<h4><span style=%22color: #000000;%22><strong>Panel 3 &#8211; <\/strong>A venir<\/span><\/h4>\n<p>\u00a0\u00bb content_last_edited=\u00a0\u00bbon|phone\u00a0\u00bb _builder_version=\u00a0\u00bb4.27.6&Prime; header_font=\u00a0\u00bb||||||||\u00a0\u00bb header_4_font=\u00a0\u00bb||||||||\u00a0\u00bb header_4_font_size=\u00a0\u00bb14px\u00a0\u00bb header_4_line_height=\u00a0\u00bb1.7em\u00a0\u00bb custom_margin=\u00a0\u00bb0px|0px|0px|0px\u00a0\u00bb custom_padding=\u00a0\u00bb0px|0px|5px|0px\u00a0\u00bb custom_padding_tablet=\u00a0\u00bb|||20px|false|false\u00a0\u00bb custom_padding_phone=\u00a0\u00bb\u00a0\u00bb custom_padding_last_edited=\u00a0\u00bbon|phone\u00a0\u00bb animation_style=\u00a0\u00bbfade\u00a0\u00bb animation_delay=\u00a0\u00bb100ms\u00a0\u00bb global_colors_info=\u00a0\u00bb{}\u00a0\u00bb]<h4><span style=\"color: #000000;\"><strong>Panel 3 &#8211; <\/strong>A venir<\/span><\/h4>[\/et_pb_text][et_pb_text content_tablet=\u00a0\u00bb<\/p>\n<h4><span style=%22color: #000000;%22><strong><span style=%22color: #5664ab;%22><span style=%22text-decoration: underline;%22><b>Mobilit\u00e9 et libert\u00e9 contractuelle<\/b><\/span><\/span><\/strong><\/span><\/h4>\n<p>\u00a0\u00bb content_phone=\u00a0\u00bb<\/p>\n<h4><span style=%22color: #000000;%22><strong><span style=%22color: #5664ab;%22><span style=%22text-decoration: underline;%22><b>Mobilit\u00e9 et libert\u00e9 contractuelle<\/b><\/span><\/span><\/strong><\/span><\/h4>\n<p>\u00a0\u00bb content_last_edited=\u00a0\u00bbon|phone\u00a0\u00bb _builder_version=\u00a0\u00bb4.27.6&Prime; header_font=\u00a0\u00bb||||||||\u00a0\u00bb header_4_font=\u00a0\u00bb||||||||\u00a0\u00bb header_4_font_size=\u00a0\u00bb14px\u00a0\u00bb header_4_line_height=\u00a0\u00bb1.7em\u00a0\u00bb custom_margin=\u00a0\u00bb0px|0px|0px|0px\u00a0\u00bb custom_padding=\u00a0\u00bb0px|0px|5px|0px\u00a0\u00bb custom_padding_tablet=\u00a0\u00bb|||20px|false|false\u00a0\u00bb custom_padding_phone=\u00a0\u00bb\u00a0\u00bb custom_padding_last_edited=\u00a0\u00bbon|phone\u00a0\u00bb animation_style=\u00a0\u00bbfade\u00a0\u00bb animation_delay=\u00a0\u00bb100ms\u00a0\u00bb locked=\u00a0\u00bboff\u00a0\u00bb global_colors_info=\u00a0\u00bb{}\u00a0\u00bb]<h4><span style=\"color: #000000;\"><strong><span style=\"color: #5664ab;\"><span style=\"text-decoration: underline;\"><b>Mobilit\u00e9 et libert\u00e9 contractuelle<\/b><\/span><\/span><\/strong><\/span><\/h4>[\/et_pb_text][\/et_pb_column][et_pb_column type=\u00a0\u00bb1_3&Prime; _builder_version=\u00a0\u00bb4.16&Prime; custom_padding=\u00a0\u00bb|||\u00a0\u00bb global_colors_info=\u00a0\u00bb{}\u00a0\u00bb custom_padding__hover=\u00a0\u00bb|||\u00a0\u00bb][et_pb_image src=\u00a0\u00bbhttps:\/\/www.droitdusport.com\/assises\/wp-content\/uploads\/2026\/01\/contrat.jpg\u00a0\u00bb title_text=\u00a0\u00bbcontrat\u00a0\u00bb align_tablet=\u00a0\u00bbcenter\u00a0\u00bb align_phone=\u00a0\u00bb\u00a0\u00bb align_last_edited=\u00a0\u00bbon|desktop\u00a0\u00bb module_class=\u00a0\u00bbzoom-image\u00a0\u00bb _builder_version=\u00a0\u00bb4.27.5&Prime; custom_margin=\u00a0\u00bb0px|0px|20px|0px\u00a0\u00bb custom_padding=\u00a0\u00bb0px|0px|0px|0px\u00a0\u00bb filter_saturate=\u00a0\u00bb0%\u00a0\u00bb animation_style=\u00a0\u00bbfade\u00a0\u00bb animation_delay=\u00a0\u00bb100ms\u00a0\u00bb border_width_bottom=\u00a0\u00bb6px\u00a0\u00bb border_style_bottom=\u00a0\u00bbinset\u00a0\u00bb locked=\u00a0\u00bboff\u00a0\u00bb global_colors_info=\u00a0\u00bb{}\u00a0\u00bb border_radii__hover_enabled=\u00a0\u00bbon\u00a0\u00bb border_width_bottom__hover_enabled=\u00a0\u00bbon|hover\u00a0\u00bb border_color_bottom__hover_enabled=\u00a0\u00bbon|hover\u00a0\u00bb border_color_bottom__hover=\u00a0\u00bb#5664ab\u00a0\u00bb border_radii__hover=\u00a0\u00bb||||\u00a0\u00bb filter_saturate__hover_enabled=\u00a0\u00bbon\u00a0\u00bb filter_saturate__hover=\u00a0\u00bb100%\u00a0\u00bb border_width_bottom__hover=\u00a0\u00bb6px\u00a0\u00bb][\/et_pb_image][et_pb_text content_tablet=\u00a0\u00bb<\/p>\n<h4><span style=%22color: #000000;%22><strong>Panel 4 <\/strong><strong>&#8211; <\/strong>A venir<strong><\/strong><\/span><\/h4>\n<p>\u00a0\u00bb content_phone=\u00a0\u00bb<\/p>\n<h4><span style=%22color: #000000;%22><strong>Panel 4 <\/strong><strong>&#8211; <\/strong>A venir<strong><\/strong><\/span><\/h4>\n<p>\u00a0\u00bb content_last_edited=\u00a0\u00bbon|phone\u00a0\u00bb _builder_version=\u00a0\u00bb4.27.6&Prime; header_font=\u00a0\u00bb||||||||\u00a0\u00bb header_4_font=\u00a0\u00bb||||||||\u00a0\u00bb header_4_font_size=\u00a0\u00bb14px\u00a0\u00bb header_4_line_height=\u00a0\u00bb1.7em\u00a0\u00bb custom_margin=\u00a0\u00bb0px|0px|0px|0px\u00a0\u00bb custom_padding=\u00a0\u00bb0px|0px|5px|0px\u00a0\u00bb custom_padding_tablet=\u00a0\u00bb|||20px|false|false\u00a0\u00bb custom_padding_phone=\u00a0\u00bb\u00a0\u00bb custom_padding_last_edited=\u00a0\u00bbon|phone\u00a0\u00bb animation_style=\u00a0\u00bbfade\u00a0\u00bb animation_delay=\u00a0\u00bb100ms\u00a0\u00bb global_colors_info=\u00a0\u00bb{}\u00a0\u00bb]<h4><span style=\"color: #000000;\"><strong>Panel 4\u00a0<\/strong><strong>&#8211; <\/strong>A venir<strong><\/strong><\/span><\/h4>[\/et_pb_text][et_pb_text content_tablet=\u00a0\u00bb<\/p>\n<h4><span style=%22color: #000000;%22><strong><span style=%22color: #5664ab;%22><span style=%22text-decoration: underline;%22><b>La rupture du contrat de travail post Diarra : quel(s) droit(s) applicable(s) ?<\/b><\/span><\/span><\/strong><\/span><\/h4>\n<p>\u00a0\u00bb content_phone=\u00a0\u00bb<\/p>\n<h4><span style=%22color: #000000;%22><strong><span style=%22color: #5664ab;%22><span style=%22text-decoration: underline;%22><b>La rupture du contrat de travail post Diarra : quel(s) droit(s) applicable(s) ?<\/b><\/span><\/span><\/strong><\/span><\/h4>\n<p>\u00a0\u00bb content_last_edited=\u00a0\u00bbon|desktop\u00a0\u00bb _builder_version=\u00a0\u00bb4.27.6&Prime; header_font=\u00a0\u00bb||||||||\u00a0\u00bb header_4_font=\u00a0\u00bb||||||||\u00a0\u00bb header_4_font_size=\u00a0\u00bb14px\u00a0\u00bb header_4_letter_spacing=\u00a0\u00bb-1px\u00a0\u00bb header_4_line_height=\u00a0\u00bb1.7em\u00a0\u00bb custom_margin=\u00a0\u00bb0px|0px|0px|0px\u00a0\u00bb custom_padding=\u00a0\u00bb0px|0px|5px|0px\u00a0\u00bb custom_padding_tablet=\u00a0\u00bb|||20px|false|false\u00a0\u00bb custom_padding_phone=\u00a0\u00bb\u00a0\u00bb custom_padding_last_edited=\u00a0\u00bbon|phone\u00a0\u00bb animation_style=\u00a0\u00bbfade\u00a0\u00bb animation_delay=\u00a0\u00bb100ms\u00a0\u00bb header_4_letter_spacing_tablet=\u00a0\u00bb0px\u00a0\u00bb header_4_letter_spacing_phone=\u00a0\u00bb\u00a0\u00bb header_4_letter_spacing_last_edited=\u00a0\u00bbon|phone\u00a0\u00bb locked=\u00a0\u00bboff\u00a0\u00bb global_colors_info=\u00a0\u00bb{}\u00a0\u00bb]<h4><span style=\"color: #000000;\"><strong><span style=\"color: #5664ab;\"><span style=\"text-decoration: underline;\"><b>La rupture du contrat de travail post Diarra : <\/b><\/span><\/span><\/strong><\/span><span style=\"color: #000000;\"><strong><span style=\"color: #5664ab;\"><span style=\"text-decoration: underline;\"><b>quel(s) droit(s) applicable(s) ?<\/b><\/span><\/span><\/strong><\/span><\/h4>[\/et_pb_text][\/et_pb_column][et_pb_column type=\u00a0\u00bb1_3&Prime; _builder_version=\u00a0\u00bb4.16&Prime; custom_padding=\u00a0\u00bb|||\u00a0\u00bb global_colors_info=\u00a0\u00bb{}\u00a0\u00bb custom_padding__hover=\u00a0\u00bb|||\u00a0\u00bb][et_pb_image src=\u00a0\u00bbhttps:\/\/www.droitdusport.com\/assises\/wp-content\/uploads\/2026\/01\/mobilite-liberte-sportif-pro.jpg\u00a0\u00bb title_text=\u00a0\u00bbmobilite-liberte-sportif-pro\u00a0\u00bb align_tablet=\u00a0\u00bbcenter\u00a0\u00bb align_phone=\u00a0\u00bb\u00a0\u00bb align_last_edited=\u00a0\u00bbon|desktop\u00a0\u00bb module_class=\u00a0\u00bbzoom-image\u00a0\u00bb _builder_version=\u00a0\u00bb4.27.5&Prime; custom_margin=\u00a0\u00bb0px|0px|20px|0px\u00a0\u00bb custom_padding=\u00a0\u00bb0px|0px|0px|0px\u00a0\u00bb filter_saturate=\u00a0\u00bb0%\u00a0\u00bb animation_style=\u00a0\u00bbfade\u00a0\u00bb animation_delay=\u00a0\u00bb100ms\u00a0\u00bb border_width_bottom=\u00a0\u00bb6px\u00a0\u00bb border_style_bottom=\u00a0\u00bbinset\u00a0\u00bb locked=\u00a0\u00bboff\u00a0\u00bb global_colors_info=\u00a0\u00bb{}\u00a0\u00bb border_radii__hover_enabled=\u00a0\u00bbon\u00a0\u00bb border_width_bottom__hover_enabled=\u00a0\u00bbon|hover\u00a0\u00bb border_color_bottom__hover_enabled=\u00a0\u00bbon|hover\u00a0\u00bb border_color_bottom__hover=\u00a0\u00bb#5664ab\u00a0\u00bb border_radii__hover=\u00a0\u00bb||||\u00a0\u00bb filter_saturate__hover_enabled=\u00a0\u00bbon\u00a0\u00bb filter_saturate__hover=\u00a0\u00bb100%\u00a0\u00bb border_width_bottom__hover=\u00a0\u00bb6px\u00a0\u00bb][\/et_pb_image][et_pb_text content_tablet=\u00a0\u00bb<\/p>\n<h4><span style=%22color: #000000;%22><strong>Panel 5 <\/strong><strong>&#8211; <\/strong>A venir<strong><\/strong><\/span><\/h4>\n<p>\u00a0\u00bb content_phone=\u00a0\u00bb<\/p>\n<h4><span style=%22color: #000000;%22><strong>Panel 5 <\/strong><strong>&#8211; <\/strong>A venir<strong><\/strong><\/span><\/h4>\n<p>\u00a0\u00bb content_last_edited=\u00a0\u00bbon|phone\u00a0\u00bb _builder_version=\u00a0\u00bb4.27.6&Prime; header_font=\u00a0\u00bb||||||||\u00a0\u00bb header_4_font=\u00a0\u00bb||||||||\u00a0\u00bb header_4_font_size=\u00a0\u00bb14px\u00a0\u00bb header_4_line_height=\u00a0\u00bb1.7em\u00a0\u00bb custom_margin=\u00a0\u00bb0px|0px|0px|0px\u00a0\u00bb custom_padding=\u00a0\u00bb0px|0px|5px|0px\u00a0\u00bb custom_padding_tablet=\u00a0\u00bb|||20px|false|false\u00a0\u00bb custom_padding_phone=\u00a0\u00bb\u00a0\u00bb custom_padding_last_edited=\u00a0\u00bbon|phone\u00a0\u00bb animation_style=\u00a0\u00bbfade\u00a0\u00bb animation_delay=\u00a0\u00bb100ms\u00a0\u00bb locked=\u00a0\u00bboff\u00a0\u00bb global_colors_info=\u00a0\u00bb{}\u00a0\u00bb]<h4><span style=\"color: #000000;\"><strong>Panel 5 <\/strong><strong>&#8211; <\/strong>A venir<strong><\/strong><\/span><\/h4>[\/et_pb_text][et_pb_text content_tablet=\u00a0\u00bb<\/p>\n<h4><span style=%22color: #000000;%22><strong><span style=%22color: #5664ab;%22><span style=%22text-decoration: underline;%22><b>La re-r\u00e9gulation du march\u00e9 du travail des footballeurs : quel champ des possibles ?<\/b><\/span><\/span><\/strong><\/span><\/h4>\n<p>\u00a0\u00bb content_phone=\u00a0\u00bb<\/p>\n<h4><span style=%22color: #000000;%22><strong><span style=%22color: #5664ab;%22><span style=%22text-decoration: underline;%22><b>La re-r\u00e9gulation du march\u00e9 du travail des footballeurs : quel champ des possibles ?<\/b><\/span><\/span><\/strong><\/span><\/h4>\n<p>\u00a0\u00bb content_last_edited=\u00a0\u00bbon|phone\u00a0\u00bb _builder_version=\u00a0\u00bb4.27.6&Prime; header_font=\u00a0\u00bb||||||||\u00a0\u00bb header_4_font=\u00a0\u00bb||||||||\u00a0\u00bb header_4_font_size=\u00a0\u00bb14px\u00a0\u00bb header_4_line_height=\u00a0\u00bb1.7em\u00a0\u00bb custom_margin=\u00a0\u00bb0px|0px|0px|0px\u00a0\u00bb custom_padding=\u00a0\u00bb0px|0px|5px|0px\u00a0\u00bb custom_padding_tablet=\u00a0\u00bb|||20px|false|false\u00a0\u00bb custom_padding_phone=\u00a0\u00bb\u00a0\u00bb custom_padding_last_edited=\u00a0\u00bbon|phone\u00a0\u00bb animation_style=\u00a0\u00bbfade\u00a0\u00bb animation_delay=\u00a0\u00bb100ms\u00a0\u00bb locked=\u00a0\u00bboff\u00a0\u00bb global_colors_info=\u00a0\u00bb{}\u00a0\u00bb]<h4><span style=\"color: #000000;\"><strong><span style=\"color: #5664ab;\"><span style=\"text-decoration: underline;\"><b>La re-r\u00e9gulation du march\u00e9 du travail des footballeurs : quel champ des possibles ?<\/b><\/span><\/span><\/strong><\/span><\/h4>[\/et_pb_text][\/et_pb_column][\/et_pb_row][et_pb_row _builder_version=\u00a0\u00bb4.27.6&Prime; background_color=\u00a0\u00bb#ffffff\u00a0\u00bb custom_padding=\u00a0\u00bb50px|0px|0px|0|false|false\u00a0\u00bb box_shadow_style=\u00a0\u00bbpreset4&Prime; box_shadow_horizontal=\u00a0\u00bb-700px\u00a0\u00bb box_shadow_vertical=\u00a0\u00bb0px\u00a0\u00bb box_shadow_color=\u00a0\u00bb#ffffff\u00a0\u00bb locked=\u00a0\u00bboff\u00a0\u00bb global_colors_info=\u00a0\u00bb{}\u00a0\u00bb][et_pb_column type=\u00a0\u00bb4_4&Prime; _builder_version=\u00a0\u00bb4.16&Prime; background_blend=\u00a0\u00bbmultiply\u00a0\u00bb custom_padding=\u00a0\u00bb|||\u00a0\u00bb global_colors_info=\u00a0\u00bb{}\u00a0\u00bb custom_padding__hover=\u00a0\u00bb|||\u00a0\u00bb][et_pb_text content_tablet=\u00a0\u00bb<h3><span style=%22font-size: x-large;%22><strong><span style=%22font-family: Montserrat;%22>La valeur capitalis\u00e9e<\/span><\/strong><\/span><\/h3>\u00a0\u00bb content_phone=\u00a0\u00bb<h3><span style=%22font-size: x-large;%22><strong><span style=%22font-family: Montserrat;%22>La valeur capitalis\u00e9e<\/span><\/strong><\/span><\/h3>\u00a0\u00bb content_last_edited=\u00a0\u00bbon|phone\u00a0\u00bb _builder_version=\u00a0\u00bb4.27.6&Prime; text_font=\u00a0\u00bbMontserrat|700|||||||\u00a0\u00bb text_text_color=\u00a0\u00bb#282828&Prime; text_font_size=\u00a0\u00bb10px\u00a0\u00bb header_font=\u00a0\u00bbMontserrat|700|||||||\u00a0\u00bb header_text_color=\u00a0\u00bb#000000&Prime; header_font_size=\u00a0\u00bb40px\u00a0\u00bb header_2_font=\u00a0\u00bb||||||||\u00a0\u00bb header_3_font=\u00a0\u00bb||||on||||\u00a0\u00bb header_3_text_color=\u00a0\u00bb#5664ab\u00a0\u00bb custom_margin=\u00a0\u00bb||0px||false|false\u00a0\u00bb custom_padding=\u00a0\u00bb||||false|false\u00a0\u00bb custom_padding_tablet=\u00a0\u00bb|||20px|false|false\u00a0\u00bb custom_padding_phone=\u00a0\u00bb|||20px|false|false\u00a0\u00bb custom_padding_last_edited=\u00a0\u00bbon|phone\u00a0\u00bb animation_style=\u00a0\u00bbfade\u00a0\u00bb animation_direction=\u00a0\u00bbtop\u00a0\u00bb animation_delay=\u00a0\u00bb100ms\u00a0\u00bb header_font_size_tablet=\u00a0\u00bb\u00a0\u00bb header_font_size_phone=\u00a0\u00bb27px\u00a0\u00bb header_font_size_last_edited=\u00a0\u00bbon|desktop\u00a0\u00bb locked=\u00a0\u00bboff\u00a0\u00bb inline_fonts=\u00a0\u00bbMontserrat\u00a0\u00bb global_colors_info=\u00a0\u00bb{}\u00a0\u00bb]<h3><span style=\"font-size: x-large;\"><strong><span style=\"font-family: Montserrat;\">La valeur capitalis\u00e9e<\/span><\/strong><\/span><\/h3>[\/et_pb_text][\/et_pb_column][\/et_pb_row][et_pb_row column_structure=\u00a0\u00bb1_2,1_2&Prime; custom_padding_last_edited=\u00a0\u00bbon|phone\u00a0\u00bb _builder_version=\u00a0\u00bb4.27.6&Prime; background_color=\u00a0\u00bb#ffffff\u00a0\u00bb custom_padding=\u00a0\u00bb10px|0px|80px|0|false|false\u00a0\u00bb custom_padding_tablet=\u00a0\u00bb10px|0px|80px|0|false|false\u00a0\u00bb custom_padding_phone=\u00a0\u00bb10px|0px|80px|0|false|false\u00a0\u00bb pac_drh_column_numbers_tablet=\u00a0\u00bbpac_drh_tab_col_two\u00a0\u00bb box_shadow_style=\u00a0\u00bbpreset4&Prime; box_shadow_horizontal=\u00a0\u00bb-700px\u00a0\u00bb box_shadow_vertical=\u00a0\u00bb0px\u00a0\u00bb box_shadow_color=\u00a0\u00bb#ffffff\u00a0\u00bb global_module=\u00a0\u00bb8244&Prime; saved_tabs=\u00a0\u00bball\u00a0\u00bb locked=\u00a0\u00bboff\u00a0\u00bb global_colors_info=\u00a0\u00bb{}\u00a0\u00bb][et_pb_column type=\u00a0\u00bb1_2&Prime; _builder_version=\u00a0\u00bb4.16&Prime; custom_padding=\u00a0\u00bb|||\u00a0\u00bb global_colors_info=\u00a0\u00bb{}\u00a0\u00bb custom_padding__hover=\u00a0\u00bb|||\u00a0\u00bb][et_pb_image src=\u00a0\u00bbhttps:\/\/www.droitdusport.com\/assises\/wp-content\/uploads\/2026\/01\/image-sportif.jpg\u00a0\u00bb title_text=\u00a0\u00bbimage-sportif\u00a0\u00bb align_tablet=\u00a0\u00bbcenter\u00a0\u00bb align_phone=\u00a0\u00bb\u00a0\u00bb align_last_edited=\u00a0\u00bbon|desktop\u00a0\u00bb module_class=\u00a0\u00bbzoom-image\u00a0\u00bb _builder_version=\u00a0\u00bb4.27.5&Prime; custom_margin=\u00a0\u00bb0px|0px|20px|0px\u00a0\u00bb custom_padding=\u00a0\u00bb0px|0px|0px|0px\u00a0\u00bb filter_saturate=\u00a0\u00bb0%\u00a0\u00bb animation_style=\u00a0\u00bbfade\u00a0\u00bb animation_delay=\u00a0\u00bb100ms\u00a0\u00bb border_width_bottom=\u00a0\u00bb6px\u00a0\u00bb border_style_bottom=\u00a0\u00bbinset\u00a0\u00bb locked=\u00a0\u00bboff\u00a0\u00bb global_colors_info=\u00a0\u00bb{}\u00a0\u00bb border_radii__hover_enabled=\u00a0\u00bbon\u00a0\u00bb border_width_bottom__hover_enabled=\u00a0\u00bbon|hover\u00a0\u00bb border_color_bottom__hover_enabled=\u00a0\u00bbon|hover\u00a0\u00bb border_color_bottom__hover=\u00a0\u00bb#5664ab\u00a0\u00bb border_radii__hover=\u00a0\u00bb||||\u00a0\u00bb filter_saturate__hover_enabled=\u00a0\u00bbon\u00a0\u00bb filter_saturate__hover=\u00a0\u00bb100%\u00a0\u00bb border_width_bottom__hover=\u00a0\u00bb6px\u00a0\u00bb][\/et_pb_image][et_pb_text content_tablet=\u00a0\u00bb<\/p>\n<h4><span style=%22color: #000000;%22><strong>Panel 6 &#8211; <\/strong>A venir <span style=%22text-decoration: underline;%22><strong><br \/><\/strong><\/span><\/span><\/h4>\n<p>\u00a0\u00bb content_phone=\u00a0\u00bb<\/p>\n<h4><span style=%22color: #000000;%22><strong>Panel 6 &#8211; <\/strong>A venir <span style=%22text-decoration: underline;%22><strong><br \/><\/strong><\/span><\/span><\/h4>\n<p>\u00a0\u00bb content_last_edited=\u00a0\u00bbon|phone\u00a0\u00bb _builder_version=\u00a0\u00bb4.27.6&Prime; header_font=\u00a0\u00bb||||||||\u00a0\u00bb header_4_font=\u00a0\u00bb||||||||\u00a0\u00bb header_4_font_size=\u00a0\u00bb14px\u00a0\u00bb header_4_line_height=\u00a0\u00bb1.7em\u00a0\u00bb custom_margin=\u00a0\u00bb0px|0px|0px|0px\u00a0\u00bb custom_padding=\u00a0\u00bb0px|0px|5px|0px\u00a0\u00bb custom_padding_tablet=\u00a0\u00bb0px|0px|5px|20px|false|false\u00a0\u00bb custom_padding_phone=\u00a0\u00bb\u00a0\u00bb custom_padding_last_edited=\u00a0\u00bbon|tablet\u00a0\u00bb animation_style=\u00a0\u00bbfade\u00a0\u00bb animation_delay=\u00a0\u00bb100ms\u00a0\u00bb locked=\u00a0\u00bboff\u00a0\u00bb global_colors_info=\u00a0\u00bb{}\u00a0\u00bb]<h4><span style=\"color: #000000;\"><strong>Panel 6 &#8211; <\/strong>A venir\u00a0<span style=\"text-decoration: underline;\"><strong><br \/><\/strong><\/span><\/span><\/h4>[\/et_pb_text][et_pb_text content_tablet=\u00a0\u00bb<\/p>\n<h4><span style=%22color: #000000;%22><strong><span style=%22color: #5664ab;%22><span style=%22text-decoration: underline;%22><b>Le sportif et son image<\/b><\/span><\/span><\/strong><\/span><\/h4>\n<p>\u00a0\u00bb content_phone=\u00a0\u00bb<\/p>\n<h4><span style=%22color: #000000;%22><strong><span style=%22color: #5664ab;%22><span style=%22text-decoration: underline;%22><b>Le sportif et son image<\/b><\/span><\/span><\/strong><\/span><\/h4>\n<p>\u00a0\u00bb content_last_edited=\u00a0\u00bbon|phone\u00a0\u00bb _builder_version=\u00a0\u00bb4.27.6&Prime; header_font=\u00a0\u00bb||||||||\u00a0\u00bb header_4_font=\u00a0\u00bb||||||||\u00a0\u00bb header_4_font_size=\u00a0\u00bb14px\u00a0\u00bb header_4_line_height=\u00a0\u00bb1.7em\u00a0\u00bb custom_margin=\u00a0\u00bb0px|0px|0px|0px\u00a0\u00bb custom_padding=\u00a0\u00bb0px|0px|5px|0px\u00a0\u00bb custom_padding_tablet=\u00a0\u00bb|||20px|false|false\u00a0\u00bb custom_padding_phone=\u00a0\u00bb\u00a0\u00bb custom_padding_last_edited=\u00a0\u00bbon|phone\u00a0\u00bb animation_style=\u00a0\u00bbfade\u00a0\u00bb animation_delay=\u00a0\u00bb100ms\u00a0\u00bb locked=\u00a0\u00bboff\u00a0\u00bb global_colors_info=\u00a0\u00bb{}\u00a0\u00bb]<h4><span style=\"color: #000000;\"><strong><span style=\"color: #5664ab;\"><span style=\"text-decoration: underline;\"><b>Le sportif et son image<\/b><\/span><\/span><\/strong><\/span><\/h4>[\/et_pb_text][\/et_pb_column][et_pb_column type=\u00a0\u00bb1_2&Prime; _builder_version=\u00a0\u00bb4.16&Prime; custom_padding=\u00a0\u00bb|||\u00a0\u00bb global_colors_info=\u00a0\u00bb{}\u00a0\u00bb custom_padding__hover=\u00a0\u00bb|||\u00a0\u00bb][et_pb_image src=\u00a0\u00bbhttps:\/\/www.droitdusport.com\/assises\/wp-content\/uploads\/2026\/01\/reconversion-sportif.jpg\u00a0\u00bb title_text=\u00a0\u00bbreconversion-sportif\u00a0\u00bb align_tablet=\u00a0\u00bbcenter\u00a0\u00bb align_phone=\u00a0\u00bb\u00a0\u00bb align_last_edited=\u00a0\u00bbon|desktop\u00a0\u00bb module_class=\u00a0\u00bbzoom-image\u00a0\u00bb _builder_version=\u00a0\u00bb4.27.5&Prime; custom_margin=\u00a0\u00bb0px|0px|20px|0px\u00a0\u00bb custom_padding=\u00a0\u00bb0px|0px|0px|0px\u00a0\u00bb filter_saturate=\u00a0\u00bb0%\u00a0\u00bb animation_style=\u00a0\u00bbfade\u00a0\u00bb animation_delay=\u00a0\u00bb100ms\u00a0\u00bb border_width_bottom=\u00a0\u00bb6px\u00a0\u00bb border_style_bottom=\u00a0\u00bbinset\u00a0\u00bb locked=\u00a0\u00bboff\u00a0\u00bb global_colors_info=\u00a0\u00bb{}\u00a0\u00bb border_radii__hover_enabled=\u00a0\u00bbon\u00a0\u00bb border_width_bottom__hover_enabled=\u00a0\u00bbon|hover\u00a0\u00bb border_color_bottom__hover_enabled=\u00a0\u00bbon|hover\u00a0\u00bb border_color_bottom__hover=\u00a0\u00bb#5664ab\u00a0\u00bb border_radii__hover=\u00a0\u00bb||||\u00a0\u00bb filter_saturate__hover_enabled=\u00a0\u00bbon\u00a0\u00bb filter_saturate__hover=\u00a0\u00bb100%\u00a0\u00bb border_width_bottom__hover=\u00a0\u00bb6px\u00a0\u00bb][\/et_pb_image][et_pb_text content_tablet=\u00a0\u00bb<\/p>\n<h4><span style=%22color: #000000;%22><strong>Panel 7 &#8211; <\/strong>A venir<span style=%22text-decoration: underline;%22><strong><\/strong><\/span><\/span><\/h4>\n<p>\u00a0\u00bb content_phone=\u00a0\u00bb<\/p>\n<h4><span style=%22color: #000000;%22><strong>Panel 7 &#8211; <\/strong>A venir<\/span><span style=%22color: #000000;%22><span style=%22text-decoration: underline;%22><strong><\/strong><\/span><\/span><\/h4>\n<p>\u00a0\u00bb content_last_edited=\u00a0\u00bbon|desktop\u00a0\u00bb _builder_version=\u00a0\u00bb4.27.6&Prime; header_font=\u00a0\u00bb||||||||\u00a0\u00bb header_4_font=\u00a0\u00bb||||||||\u00a0\u00bb header_4_font_size=\u00a0\u00bb14px\u00a0\u00bb header_4_line_height=\u00a0\u00bb1.7em\u00a0\u00bb custom_margin=\u00a0\u00bb0px|0px|0px|0px\u00a0\u00bb custom_padding=\u00a0\u00bb0px|0px|5px|0px\u00a0\u00bb custom_padding_tablet=\u00a0\u00bb0px|0px|5px|20px|false|false\u00a0\u00bb custom_padding_phone=\u00a0\u00bb\u00a0\u00bb custom_padding_last_edited=\u00a0\u00bbon|tablet\u00a0\u00bb animation_style=\u00a0\u00bbfade\u00a0\u00bb animation_delay=\u00a0\u00bb100ms\u00a0\u00bb locked=\u00a0\u00bboff\u00a0\u00bb global_colors_info=\u00a0\u00bb{}\u00a0\u00bb]<h4><span style=\"color: #000000;\"><strong>Panel 7 &#8211; <\/strong>A venir<span style=\"text-decoration: underline;\"><strong><br \/><\/strong><\/span><\/span><\/h4>[\/et_pb_text][et_pb_text content_tablet=\u00a0\u00bb<\/p>\n<h4><span style=%22color: #000000;%22><strong><span style=%22color: #5664ab;%22><span style=%22text-decoration: underline;%22>Le sportif reconverti<\/span><\/span><\/strong><span style=%22text-decoration: underline;%22><strong><br \/><\/strong><\/span><\/span><\/h4>\n<p>\u00a0\u00bb content_phone=\u00a0\u00bb<\/p>\n<h4><span style=%22color: #000000;%22><strong><span style=%22color: #5664ab;%22><span style=%22text-decoration: underline;%22>Le sportif reconverti<\/span><\/span><\/strong><span style=%22text-decoration: underline;%22><strong><br \/><\/strong><\/span><\/span><\/h4>\n<p>\u00a0\u00bb content_last_edited=\u00a0\u00bbon|phone\u00a0\u00bb _builder_version=\u00a0\u00bb4.27.6&Prime; header_font=\u00a0\u00bb||||||||\u00a0\u00bb header_4_font=\u00a0\u00bb||||||||\u00a0\u00bb header_4_font_size=\u00a0\u00bb14px\u00a0\u00bb header_4_line_height=\u00a0\u00bb1.7em\u00a0\u00bb custom_margin=\u00a0\u00bb0px|0px|0px|0px\u00a0\u00bb custom_padding=\u00a0\u00bb0px|0px|5px|0px\u00a0\u00bb custom_padding_tablet=\u00a0\u00bb|||20px|false|false\u00a0\u00bb custom_padding_phone=\u00a0\u00bb\u00a0\u00bb custom_padding_last_edited=\u00a0\u00bbon|phone\u00a0\u00bb animation_style=\u00a0\u00bbfade\u00a0\u00bb animation_delay=\u00a0\u00bb100ms\u00a0\u00bb locked=\u00a0\u00bboff\u00a0\u00bb global_colors_info=\u00a0\u00bb{}\u00a0\u00bb]<h4><span style=\"color: #000000;\"><strong><span style=\"color: #5664ab;\"><span style=\"text-decoration: underline;\">Le sportif reconverti<\/span><\/span><\/strong><span style=\"text-decoration: underline;\"><strong><br \/><\/strong><\/span><\/span><\/h4>[\/et_pb_text][\/et_pb_column][\/et_pb_row][\/et_pb_section]\n","protected":false},"excerpt":{"rendered":"<p>Panel 2 &#8211; jeudi 18 juin, 11h15 &#8211; 12h30 La r\u00e9mun\u00e9ration dansle contrat de travailQuels sont les m\u00e9canismes de r\u00e9mun\u00e9ration pr\u00e9vus dans les contrats des sportifs professionnels ? Sont-ils toujours conformes aux r\u00e9glementations sportives et sociales ? R\u00e9mun\u00e9rations apparentes, indirectes ou cach\u00e9es : quels sont les risques juridiques ?Mod\u00e9rateurDavid JACOTOT Professeur de droit priv\u00e9 \u00e0 [&hellip;]<\/p>\n","protected":false},"author":1,"featured_media":8379,"parent":0,"menu_order":0,"comment_status":"closed","ping_status":"closed","template":"","meta":{"_et_pb_use_builder":"on","_et_pb_old_content":"","_et_gb_content_width":"","footnotes":""},"class_list":["post-8301","page","type-page","status-publish","has-post-thumbnail","hentry"],"yoast_head":"<!-- This site is optimized with the Yoast SEO plugin v27.4 - https:\/\/yoast.com\/product\/yoast-seo-wordpress\/ -->\n<title>La r\u00e9mun\u00e9ration dans le contrat de travail - Les Assises du droit du sport<\/title>\n<meta name=\"description\" content=\"Quels sont les m\u00e9canismes de r\u00e9mun\u00e9ration pr\u00e9vus dans les contrats des sportifs professionnels ? Sont-ils toujours conformes aux r\u00e9glementations sportives et sociales ? R\u00e9mun\u00e9rations apparentes, indirectes ou cach\u00e9es : quels sont les risques juridiques ?\" \/>\n<meta name=\"robots\" content=\"index, follow, max-snippet:-1, max-image-preview:large, max-video-preview:-1\" \/>\n<link rel=\"canonical\" href=\"https:\/\/www.droitdusport.com\/assises\/remuneration-contrat-sportifs\/\" \/>\n<meta property=\"og:locale\" content=\"fr_FR\" \/>\n<meta property=\"og:type\" content=\"article\" \/>\n<meta property=\"og:title\" content=\"La r\u00e9mun\u00e9ration dans le contrat de travail\" \/>\n<meta property=\"og:description\" content=\"Quels sont les m\u00e9canismes de r\u00e9mun\u00e9ration pr\u00e9vus dans les contrats des sportifs professionnels ? Sont-ils toujours conformes aux r\u00e9glementations sportives et sociales ? R\u00e9mun\u00e9rations apparentes, indirectes ou cach\u00e9es : quels sont les risques juridiques ?\" \/>\n<meta property=\"og:url\" content=\"https:\/\/www.droitdusport.com\/assises\/remuneration-contrat-sportifs\/\" \/>\n<meta property=\"og:site_name\" content=\"Les Assises du droit du sport\" \/>\n<meta property=\"article:modified_time\" content=\"2026-03-22T11:10:52+00:00\" \/>\n<meta property=\"og:image\" content=\"https:\/\/www.droitdusport.com\/assises\/wp-content\/uploads\/2026\/03\/Panel-2-illu-Mobile.webp\" \/>\n\t<meta property=\"og:image:width\" content=\"1920\" \/>\n\t<meta property=\"og:image:height\" content=\"1280\" \/>\n\t<meta property=\"og:image:type\" content=\"image\/webp\" \/>\n<meta name=\"twitter:card\" content=\"summary_large_image\" \/>\n<meta name=\"twitter:site\" content=\"@Droitdusportcom\" \/>\n<meta name=\"twitter:label1\" content=\"Dur\u00e9e de lecture estim\u00e9e\" \/>\n\t<meta name=\"twitter:data1\" content=\"7 minutes\" \/>\n<script type=\"application\/ld+json\" class=\"yoast-schema-graph\">{\"@context\":\"https:\\\/\\\/schema.org\",\"@graph\":[{\"@type\":\"WebPage\",\"@id\":\"https:\\\/\\\/www.droitdusport.com\\\/assises\\\/remuneration-contrat-sportifs\\\/\",\"url\":\"https:\\\/\\\/www.droitdusport.com\\\/assises\\\/remuneration-contrat-sportifs\\\/\",\"name\":\"La r\u00e9mun\u00e9ration dans le contrat de travail - Les Assises du droit du sport\",\"isPartOf\":{\"@id\":\"https:\\\/\\\/www.droitdusport.com\\\/assises\\\/#website\"},\"primaryImageOfPage\":{\"@id\":\"https:\\\/\\\/www.droitdusport.com\\\/assises\\\/remuneration-contrat-sportifs\\\/#primaryimage\"},\"image\":{\"@id\":\"https:\\\/\\\/www.droitdusport.com\\\/assises\\\/remuneration-contrat-sportifs\\\/#primaryimage\"},\"thumbnailUrl\":\"https:\\\/\\\/www.droitdusport.com\\\/assises\\\/wp-content\\\/uploads\\\/2026\\\/03\\\/Panel-2-illu-Mobile.webp\",\"datePublished\":\"2026-03-06T15:01:34+00:00\",\"dateModified\":\"2026-03-22T11:10:52+00:00\",\"description\":\"Quels sont les m\u00e9canismes de r\u00e9mun\u00e9ration pr\u00e9vus dans les contrats des sportifs professionnels ? Sont-ils toujours conformes aux r\u00e9glementations sportives et sociales ? R\u00e9mun\u00e9rations apparentes, indirectes ou cach\u00e9es : quels sont les risques juridiques ?\",\"breadcrumb\":{\"@id\":\"https:\\\/\\\/www.droitdusport.com\\\/assises\\\/remuneration-contrat-sportifs\\\/#breadcrumb\"},\"inLanguage\":\"fr-FR\",\"potentialAction\":[{\"@type\":\"ReadAction\",\"target\":[\"https:\\\/\\\/www.droitdusport.com\\\/assises\\\/remuneration-contrat-sportifs\\\/\"]}]},{\"@type\":\"ImageObject\",\"inLanguage\":\"fr-FR\",\"@id\":\"https:\\\/\\\/www.droitdusport.com\\\/assises\\\/remuneration-contrat-sportifs\\\/#primaryimage\",\"url\":\"https:\\\/\\\/www.droitdusport.com\\\/assises\\\/wp-content\\\/uploads\\\/2026\\\/03\\\/Panel-2-illu-Mobile.webp\",\"contentUrl\":\"https:\\\/\\\/www.droitdusport.com\\\/assises\\\/wp-content\\\/uploads\\\/2026\\\/03\\\/Panel-2-illu-Mobile.webp\",\"width\":1920,\"height\":1280},{\"@type\":\"BreadcrumbList\",\"@id\":\"https:\\\/\\\/www.droitdusport.com\\\/assises\\\/remuneration-contrat-sportifs\\\/#breadcrumb\",\"itemListElement\":[{\"@type\":\"ListItem\",\"position\":1,\"name\":\"Home\",\"item\":\"https:\\\/\\\/www.droitdusport.com\\\/assises\\\/\"},{\"@type\":\"ListItem\",\"position\":2,\"name\":\"La r\u00e9mun\u00e9ration dans le contrat de travail\"}]},{\"@type\":\"WebSite\",\"@id\":\"https:\\\/\\\/www.droitdusport.com\\\/assises\\\/#website\",\"url\":\"https:\\\/\\\/www.droitdusport.com\\\/assises\\\/\",\"name\":\"Les Assises du droit du sport\",\"description\":\"Grand Colloque sur le droit du sport\",\"publisher\":{\"@id\":\"https:\\\/\\\/www.droitdusport.com\\\/assises\\\/#organization\"},\"potentialAction\":[{\"@type\":\"SearchAction\",\"target\":{\"@type\":\"EntryPoint\",\"urlTemplate\":\"https:\\\/\\\/www.droitdusport.com\\\/assises\\\/?s={search_term_string}\"},\"query-input\":{\"@type\":\"PropertyValueSpecification\",\"valueRequired\":true,\"valueName\":\"search_term_string\"}}],\"inLanguage\":\"fr-FR\"},{\"@type\":\"Organization\",\"@id\":\"https:\\\/\\\/www.droitdusport.com\\\/assises\\\/#organization\",\"name\":\"\u00c9ditions droitdusport.com\",\"url\":\"https:\\\/\\\/www.droitdusport.com\\\/assises\\\/\",\"logo\":{\"@type\":\"ImageObject\",\"inLanguage\":\"fr-FR\",\"@id\":\"https:\\\/\\\/www.droitdusport.com\\\/assises\\\/#\\\/schema\\\/logo\\\/image\\\/\",\"url\":\"https:\\\/\\\/www.droitdusport.com\\\/assises\\\/wp-content\\\/uploads\\\/2019\\\/03\\\/logo-droit_du_sport-nv.svg\",\"contentUrl\":\"https:\\\/\\\/www.droitdusport.com\\\/assises\\\/wp-content\\\/uploads\\\/2019\\\/03\\\/logo-droit_du_sport-nv.svg\",\"width\":499,\"height\":91,\"caption\":\"\u00c9ditions droitdusport.com\"},\"image\":{\"@id\":\"https:\\\/\\\/www.droitdusport.com\\\/assises\\\/#\\\/schema\\\/logo\\\/image\\\/\"},\"sameAs\":[\"https:\\\/\\\/x.com\\\/Droitdusportcom\",\"https:\\\/\\\/www.linkedin.com\\\/company\\\/editions-droitdusport-com\\\/about\\\/\"]}]}<\/script>\n<!-- \/ Yoast SEO plugin. -->","yoast_head_json":{"title":"La r\u00e9mun\u00e9ration dans le contrat de travail - Les Assises du droit du sport","description":"Quels sont les m\u00e9canismes de r\u00e9mun\u00e9ration pr\u00e9vus dans les contrats des sportifs professionnels ? Sont-ils toujours conformes aux r\u00e9glementations sportives et sociales ? R\u00e9mun\u00e9rations apparentes, indirectes ou cach\u00e9es : quels sont les risques juridiques ?","robots":{"index":"index","follow":"follow","max-snippet":"max-snippet:-1","max-image-preview":"max-image-preview:large","max-video-preview":"max-video-preview:-1"},"canonical":"https:\/\/www.droitdusport.com\/assises\/remuneration-contrat-sportifs\/","og_locale":"fr_FR","og_type":"article","og_title":"La r\u00e9mun\u00e9ration dans le contrat de travail","og_description":"Quels sont les m\u00e9canismes de r\u00e9mun\u00e9ration pr\u00e9vus dans les contrats des sportifs professionnels ? Sont-ils toujours conformes aux r\u00e9glementations sportives et sociales ? R\u00e9mun\u00e9rations apparentes, indirectes ou cach\u00e9es : quels sont les risques juridiques ?","og_url":"https:\/\/www.droitdusport.com\/assises\/remuneration-contrat-sportifs\/","og_site_name":"Les Assises du droit du sport","article_modified_time":"2026-03-22T11:10:52+00:00","og_image":[{"width":1920,"height":1280,"url":"https:\/\/www.droitdusport.com\/assises\/wp-content\/uploads\/2026\/03\/Panel-2-illu-Mobile.webp","type":"image\/webp"}],"twitter_card":"summary_large_image","twitter_site":"@Droitdusportcom","twitter_misc":{"Dur\u00e9e de lecture estim\u00e9e":"7 minutes"},"schema":{"@context":"https:\/\/schema.org","@graph":[{"@type":"WebPage","@id":"https:\/\/www.droitdusport.com\/assises\/remuneration-contrat-sportifs\/","url":"https:\/\/www.droitdusport.com\/assises\/remuneration-contrat-sportifs\/","name":"La r\u00e9mun\u00e9ration dans le contrat de travail - Les Assises du droit du sport","isPartOf":{"@id":"https:\/\/www.droitdusport.com\/assises\/#website"},"primaryImageOfPage":{"@id":"https:\/\/www.droitdusport.com\/assises\/remuneration-contrat-sportifs\/#primaryimage"},"image":{"@id":"https:\/\/www.droitdusport.com\/assises\/remuneration-contrat-sportifs\/#primaryimage"},"thumbnailUrl":"https:\/\/www.droitdusport.com\/assises\/wp-content\/uploads\/2026\/03\/Panel-2-illu-Mobile.webp","datePublished":"2026-03-06T15:01:34+00:00","dateModified":"2026-03-22T11:10:52+00:00","description":"Quels sont les m\u00e9canismes de r\u00e9mun\u00e9ration pr\u00e9vus dans les contrats des sportifs professionnels ? Sont-ils toujours conformes aux r\u00e9glementations sportives et sociales ? R\u00e9mun\u00e9rations apparentes, indirectes ou cach\u00e9es : quels sont les risques juridiques ?","breadcrumb":{"@id":"https:\/\/www.droitdusport.com\/assises\/remuneration-contrat-sportifs\/#breadcrumb"},"inLanguage":"fr-FR","potentialAction":[{"@type":"ReadAction","target":["https:\/\/www.droitdusport.com\/assises\/remuneration-contrat-sportifs\/"]}]},{"@type":"ImageObject","inLanguage":"fr-FR","@id":"https:\/\/www.droitdusport.com\/assises\/remuneration-contrat-sportifs\/#primaryimage","url":"https:\/\/www.droitdusport.com\/assises\/wp-content\/uploads\/2026\/03\/Panel-2-illu-Mobile.webp","contentUrl":"https:\/\/www.droitdusport.com\/assises\/wp-content\/uploads\/2026\/03\/Panel-2-illu-Mobile.webp","width":1920,"height":1280},{"@type":"BreadcrumbList","@id":"https:\/\/www.droitdusport.com\/assises\/remuneration-contrat-sportifs\/#breadcrumb","itemListElement":[{"@type":"ListItem","position":1,"name":"Home","item":"https:\/\/www.droitdusport.com\/assises\/"},{"@type":"ListItem","position":2,"name":"La r\u00e9mun\u00e9ration dans le contrat de travail"}]},{"@type":"WebSite","@id":"https:\/\/www.droitdusport.com\/assises\/#website","url":"https:\/\/www.droitdusport.com\/assises\/","name":"Les Assises du droit du sport","description":"Grand Colloque sur le droit du sport","publisher":{"@id":"https:\/\/www.droitdusport.com\/assises\/#organization"},"potentialAction":[{"@type":"SearchAction","target":{"@type":"EntryPoint","urlTemplate":"https:\/\/www.droitdusport.com\/assises\/?s={search_term_string}"},"query-input":{"@type":"PropertyValueSpecification","valueRequired":true,"valueName":"search_term_string"}}],"inLanguage":"fr-FR"},{"@type":"Organization","@id":"https:\/\/www.droitdusport.com\/assises\/#organization","name":"\u00c9ditions droitdusport.com","url":"https:\/\/www.droitdusport.com\/assises\/","logo":{"@type":"ImageObject","inLanguage":"fr-FR","@id":"https:\/\/www.droitdusport.com\/assises\/#\/schema\/logo\/image\/","url":"https:\/\/www.droitdusport.com\/assises\/wp-content\/uploads\/2019\/03\/logo-droit_du_sport-nv.svg","contentUrl":"https:\/\/www.droitdusport.com\/assises\/wp-content\/uploads\/2019\/03\/logo-droit_du_sport-nv.svg","width":499,"height":91,"caption":"\u00c9ditions droitdusport.com"},"image":{"@id":"https:\/\/www.droitdusport.com\/assises\/#\/schema\/logo\/image\/"},"sameAs":["https:\/\/x.com\/Droitdusportcom","https:\/\/www.linkedin.com\/company\/editions-droitdusport-com\/about\/"]}]}},"_links":{"self":[{"href":"https:\/\/www.droitdusport.com\/assises\/wp-json\/wp\/v2\/pages\/8301","targetHints":{"allow":["GET"]}}],"collection":[{"href":"https:\/\/www.droitdusport.com\/assises\/wp-json\/wp\/v2\/pages"}],"about":[{"href":"https:\/\/www.droitdusport.com\/assises\/wp-json\/wp\/v2\/types\/page"}],"author":[{"embeddable":true,"href":"https:\/\/www.droitdusport.com\/assises\/wp-json\/wp\/v2\/users\/1"}],"replies":[{"embeddable":true,"href":"https:\/\/www.droitdusport.com\/assises\/wp-json\/wp\/v2\/comments?post=8301"}],"version-history":[{"count":15,"href":"https:\/\/www.droitdusport.com\/assises\/wp-json\/wp\/v2\/pages\/8301\/revisions"}],"predecessor-version":[{"id":8484,"href":"https:\/\/www.droitdusport.com\/assises\/wp-json\/wp\/v2\/pages\/8301\/revisions\/8484"}],"wp:featuredmedia":[{"embeddable":true,"href":"https:\/\/www.droitdusport.com\/assises\/wp-json\/wp\/v2\/media\/8379"}],"wp:attachment":[{"href":"https:\/\/www.droitdusport.com\/assises\/wp-json\/wp\/v2\/media?parent=8301"}],"curies":[{"name":"wp","href":"https:\/\/api.w.org\/{rel}","templated":true}]}}