{"id":85,"date":"2019-03-18T16:46:02","date_gmt":"2019-03-18T15:46:02","guid":{"rendered":"https:\/\/www.droitdusport.com\/assises\/?page_id=85"},"modified":"2026-01-25T13:32:12","modified_gmt":"2026-01-25T12:32:12","slug":"6emes-ads-paris-2024","status":"publish","type":"page","link":"https:\/\/www.droitdusport.com\/assises\/6emes-ads-paris-2024\/","title":{"rendered":"6\u00b0 Assises du droit du sport &#8211; Paris 2024"},"content":{"rendered":"<p>[et_pb_section fb_built=\u00a0\u00bb1&Prime; admin_label=\u00a0\u00bbHero\u00a0\u00bb _builder_version=\u00a0\u00bb4.16&Prime; background_color=\u00a0\u00bb#000000&Prime; background_color_gradient_direction=\u00a0\u00bb271deg\u00a0\u00bb custom_margin=\u00a0\u00bb||\u00a0\u00bb custom_padding=\u00a0\u00bb0|0px|0px|0px|false|false\u00a0\u00bb locked=\u00a0\u00bboff\u00a0\u00bb global_colors_info=\u00a0\u00bb{}\u00a0\u00bb][et_pb_row column_structure=\u00a0\u00bb1_3,1_3,1_3&Prime; use_custom_gutter=\u00a0\u00bbon\u00a0\u00bb gutter_width=\u00a0\u00bb1&Prime; make_equal=\u00a0\u00bbon\u00a0\u00bb _builder_version=\u00a0\u00bb4.23.1&Prime; _module_preset=\u00a0\u00bbdefault\u00a0\u00bb custom_margin=\u00a0\u00bb0px||0px||false|false\u00a0\u00bb custom_padding=\u00a0\u00bb15px||15px||false|false\u00a0\u00bb pac_drh_column_numbers_tablet=\u00a0\u00bbpac_drh_tab_col_three\u00a0\u00bb pac_drh_column_numbers_phone=\u00a0\u00bbpac_drh_phone_col_three\u00a0\u00bb global_colors_info=\u00a0\u00bb{}\u00a0\u00bb][et_pb_column type=\u00a0\u00bb1_3&Prime; _builder_version=\u00a0\u00bb4.23.1&Prime; _module_preset=\u00a0\u00bbdefault\u00a0\u00bb custom_padding=\u00a0\u00bb|0px||0px|false|false\u00a0\u00bb global_colors_info=\u00a0\u00bb{}\u00a0\u00bb][et_pb_image src=\u00a0\u00bbhttps:\/\/www.droitdusport.com\/assises\/wp-content\/uploads\/2023\/11\/logo-adds-6-blanc.svg\u00a0\u00bb title_text=\u00a0\u00bblogo-adds-6-blanc\u00a0\u00bb url=\u00a0\u00bbhttps:\/\/www.droitdusport.com\u00a0\u00bb url_new_window=\u00a0\u00bbon\u00a0\u00bb align=\u00a0\u00bbright\u00a0\u00bb align_tablet=\u00a0\u00bbright\u00a0\u00bb align_phone=\u00a0\u00bbright\u00a0\u00bb align_last_edited=\u00a0\u00bbon|desktop\u00a0\u00bb _builder_version=\u00a0\u00bb4.23.1&Prime; _module_preset=\u00a0\u00bbdefault\u00a0\u00bb max_width=\u00a0\u00bb50%\u00a0\u00bb max_width_tablet=\u00a0\u00bb75%\u00a0\u00bb max_width_phone=\u00a0\u00bb100%\u00a0\u00bb max_width_last_edited=\u00a0\u00bbon|phone\u00a0\u00bb module_alignment=\u00a0\u00bbright\u00a0\u00bb global_colors_info=\u00a0\u00bb{}\u00a0\u00bb][\/et_pb_image][\/et_pb_column][et_pb_column type=\u00a0\u00bb1_3&Prime; _builder_version=\u00a0\u00bb4.23.1&Prime; _module_preset=\u00a0\u00bbdefault\u00a0\u00bb global_colors_info=\u00a0\u00bb{}\u00a0\u00bb][et_pb_image src=\u00a0\u00bbhttps:\/\/www.droitdusport.com\/assises\/wp-content\/uploads\/2019\/03\/logo-barreau-paris-vb.svg\u00a0\u00bb title_text=\u00a0\u00bblogo-barreau-paris-vb\u00a0\u00bb url=\u00a0\u00bbhttps:\/\/www.avocatparis.org\/\u00a0\u00bb url_new_window=\u00a0\u00bbon\u00a0\u00bb _builder_version=\u00a0\u00bb4.23.1&Prime; _module_preset=\u00a0\u00bbdefault\u00a0\u00bb max_width=\u00a0\u00bb35%\u00a0\u00bb max_width_tablet=\u00a0\u00bb53%\u00a0\u00bb max_width_phone=\u00a0\u00bb65%\u00a0\u00bb max_width_last_edited=\u00a0\u00bbon|phone\u00a0\u00bb module_alignment=\u00a0\u00bbcenter\u00a0\u00bb global_colors_info=\u00a0\u00bb{}\u00a0\u00bb][\/et_pb_image][\/et_pb_column][et_pb_column type=\u00a0\u00bb1_3&Prime; _builder_version=\u00a0\u00bb4.23.1&Prime; _module_preset=\u00a0\u00bbdefault\u00a0\u00bb global_colors_info=\u00a0\u00bb{}\u00a0\u00bb][et_pb_image src=\u00a0\u00bbhttps:\/\/www.droitdusport.com\/assises\/wp-content\/uploads\/2022\/02\/presentent.svg\u00a0\u00bb title_text=\u00a0\u00bbpresentent\u00a0\u00bb _builder_version=\u00a0\u00bb4.23.1&Prime; _module_preset=\u00a0\u00bbdefault\u00a0\u00bb max_width=\u00a0\u00bb30%\u00a0\u00bb max_width_tablet=\u00a0\u00bb45%\u00a0\u00bb max_width_phone=\u00a0\u00bb55%\u00a0\u00bb max_width_last_edited=\u00a0\u00bbon|desktop\u00a0\u00bb module_alignment=\u00a0\u00bbleft\u00a0\u00bb module_alignment_tablet=\u00a0\u00bbleft\u00a0\u00bb module_alignment_phone=\u00a0\u00bbleft\u00a0\u00bb module_alignment_last_edited=\u00a0\u00bbon|desktop\u00a0\u00bb global_colors_info=\u00a0\u00bb{}\u00a0\u00bb][\/et_pb_image][\/et_pb_column][\/et_pb_row][\/et_pb_section][et_pb_section fb_built=\u00a0\u00bb1&Prime; admin_label=\u00a0\u00bbHero\u00a0\u00bb _builder_version=\u00a0\u00bb4.23.2&Prime; background_color=\u00a0\u00bb#4dbdc6&Prime; background_color_gradient_direction=\u00a0\u00bb271deg\u00a0\u00bb background_image=\u00a0\u00bbhttps:\/\/www.droitdusport.com\/assises\/wp-content\/uploads\/2023\/11\/adds-6-visuell-desktop.svg\u00a0\u00bb parallax=\u00a0\u00bbon\u00a0\u00bb parallax_method=\u00a0\u00bboff\u00a0\u00bb min_height_tablet=\u00a0\u00bb\u00a0\u00bb min_height_phone=\u00a0\u00bb1300px\u00a0\u00bb min_height_last_edited=\u00a0\u00bbon|phone\u00a0\u00bb height=\u00a0\u00bb1000px\u00a0\u00bb custom_margin=\u00a0\u00bb||||false|false\u00a0\u00bb custom_padding=\u00a0\u00bb0px||||false|false\u00a0\u00bb background_last_edited=\u00a0\u00bbon|tablet\u00a0\u00bb background_image_tablet=\u00a0\u00bbhttps:\/\/www.droitdusport.com\/assises\/wp-content\/uploads\/2023\/12\/adds_6_visuel_tablette-2.svg\u00a0\u00bb background_image_phone=\u00a0\u00bbhttps:\/\/www.droitdusport.com\/assises\/wp-content\/uploads\/2023\/12\/adds_6-visuel_mobile-2.svg\u00a0\u00bb background_enable_image_tablet=\u00a0\u00bbon\u00a0\u00bb background_enable_image_phone=\u00a0\u00bbon\u00a0\u00bb parallax_tablet=\u00a0\u00bboff\u00a0\u00bb parallax_phone=\u00a0\u00bboff\u00a0\u00bb locked=\u00a0\u00bboff\u00a0\u00bb global_colors_info=\u00a0\u00bb{}\u00a0\u00bb][et_pb_row column_structure=\u00a0\u00bb1_3,1_3,1_3&Prime; disabled_on=\u00a0\u00bbon|on|off\u00a0\u00bb module_class=\u00a0\u00bbcustom_row\u00a0\u00bb _builder_version=\u00a0\u00bb4.23.1&Prime; module_alignment=\u00a0\u00bbcenter\u00a0\u00bb custom_margin=\u00a0\u00bb|||\u00a0\u00bb custom_padding=\u00a0\u00bb275px||0px||false|false\u00a0\u00bb global_colors_info=\u00a0\u00bb{}\u00a0\u00bb][et_pb_column type=\u00a0\u00bb1_3&Prime; module_class=\u00a0\u00bbfirst-on-mobile\u00a0\u00bb _builder_version=\u00a0\u00bb4.23.1&Prime; custom_padding=\u00a0\u00bb|100px|||false|false\u00a0\u00bb global_colors_info=\u00a0\u00bb{}\u00a0\u00bb custom_padding__hover=\u00a0\u00bb|||\u00a0\u00bb][et_pb_image src=\u00a0\u00bbhttps:\/\/www.droitdusport.com\/assises\/wp-content\/uploads\/2023\/11\/dates-illu-adds_6.svg\u00a0\u00bb title_text=\u00a0\u00bbdates-illu-adds_6&Prime; align=\u00a0\u00bbcenter\u00a0\u00bb align_tablet=\u00a0\u00bbcenter\u00a0\u00bb align_phone=\u00a0\u00bb\u00a0\u00bb align_last_edited=\u00a0\u00bbon|desktop\u00a0\u00bb disabled_on=\u00a0\u00bboff|off|off\u00a0\u00bb _builder_version=\u00a0\u00bb4.23.1&Prime; max_width=\u00a0\u00bb100%\u00a0\u00bb module_alignment=\u00a0\u00bbright\u00a0\u00bb custom_margin=\u00a0\u00bb||||false|false\u00a0\u00bb custom_margin_last_edited=\u00a0\u00bboff|phone\u00a0\u00bb custom_padding=\u00a0\u00bb|100px|||false|false\u00a0\u00bb locked=\u00a0\u00bboff\u00a0\u00bb global_colors_info=\u00a0\u00bb{}\u00a0\u00bb][\/et_pb_image][\/et_pb_column][et_pb_column type=\u00a0\u00bb1_3&Prime; module_class=\u00a0\u00bbthird-on-mobile\u00a0\u00bb _builder_version=\u00a0\u00bb4.16&Prime; custom_padding=\u00a0\u00bb|||\u00a0\u00bb global_colors_info=\u00a0\u00bb{}\u00a0\u00bb custom_padding__hover=\u00a0\u00bb|||\u00a0\u00bb][\/et_pb_column][et_pb_column type=\u00a0\u00bb1_3&Prime; module_class=\u00a0\u00bbthird-on-mobile\u00a0\u00bb _builder_version=\u00a0\u00bb4.23.1&Prime; custom_padding=\u00a0\u00bb|||\u00a0\u00bb global_colors_info=\u00a0\u00bb{}\u00a0\u00bb custom_padding__hover=\u00a0\u00bb|||\u00a0\u00bb][et_pb_image src=\u00a0\u00bbhttps:\/\/www.droitdusport.com\/assises\/wp-content\/uploads\/2023\/12\/infos-adds-6-2.svg\u00a0\u00bb title_text=\u00a0\u00bbinfos-adds-6-2&Prime; url=\u00a0\u00bb#grandcolloque\u00a0\u00bb show_bottom_space=\u00a0\u00bboff\u00a0\u00bb align=\u00a0\u00bbcenter\u00a0\u00bb align_tablet=\u00a0\u00bbcenter\u00a0\u00bb align_phone=\u00a0\u00bb\u00a0\u00bb align_last_edited=\u00a0\u00bbon|desktop\u00a0\u00bb _builder_version=\u00a0\u00bb4.23.2&Prime; width=\u00a0\u00bb130%\u00a0\u00bb max_width=\u00a0\u00bb150%\u00a0\u00bb module_alignment=\u00a0\u00bbleft\u00a0\u00bb custom_margin=\u00a0\u00bb||||false|false\u00a0\u00bb custom_padding=\u00a0\u00bb|||200px|false|false\u00a0\u00bb locked=\u00a0\u00bboff\u00a0\u00bb global_colors_info=\u00a0\u00bb{}\u00a0\u00bb][\/et_pb_image][\/et_pb_column][\/et_pb_row][et_pb_row disabled_on=\u00a0\u00bbon|on|off\u00a0\u00bb module_class=\u00a0\u00bb et_pb_row_fullwidth\u00a0\u00bb _builder_version=\u00a0\u00bb4.23.1&Prime; width=\u00a0\u00bb89%\u00a0\u00bb width_tablet=\u00a0\u00bb80%\u00a0\u00bb width_phone=\u00a0\u00bb\u00a0\u00bb width_last_edited=\u00a0\u00bbon|desktop\u00a0\u00bb max_width=\u00a0\u00bb89%\u00a0\u00bb max_width_tablet=\u00a0\u00bb80%\u00a0\u00bb max_width_phone=\u00a0\u00bb\u00a0\u00bb max_width_last_edited=\u00a0\u00bbon|desktop\u00a0\u00bb module_alignment=\u00a0\u00bbcenter\u00a0\u00bb custom_margin=\u00a0\u00bb-25px|auto||auto|false|false\u00a0\u00bb custom_margin_tablet=\u00a0\u00bb75px|auto||auto|false|false\u00a0\u00bb custom_margin_phone=\u00a0\u00bb75px|auto||auto|false|false\u00a0\u00bb custom_margin_last_edited=\u00a0\u00bbon|desktop\u00a0\u00bb custom_padding=\u00a0\u00bb||||false|false\u00a0\u00bb make_fullwidth=\u00a0\u00bbon\u00a0\u00bb global_colors_info=\u00a0\u00bb{}\u00a0\u00bb][et_pb_column type=\u00a0\u00bb4_4&Prime; _builder_version=\u00a0\u00bb4.16&Prime; custom_padding=\u00a0\u00bb|||\u00a0\u00bb global_colors_info=\u00a0\u00bb{}\u00a0\u00bb custom_padding__hover=\u00a0\u00bb|||\u00a0\u00bb][et_pb_image src=\u00a0\u00bbhttps:\/\/www.droitdusport.com\/assises\/wp-content\/uploads\/2023\/11\/titre-adds_6.svg\u00a0\u00bb title_text=\u00a0\u00bbtitre-adds_6&Prime; show_bottom_space=\u00a0\u00bboff\u00a0\u00bb align=\u00a0\u00bbcenter\u00a0\u00bb align_tablet=\u00a0\u00bbcenter\u00a0\u00bb align_phone=\u00a0\u00bb\u00a0\u00bb align_last_edited=\u00a0\u00bbon|desktop\u00a0\u00bb _builder_version=\u00a0\u00bb4.23.1&Prime; max_width=\u00a0\u00bb35%\u00a0\u00bb module_alignment=\u00a0\u00bbcenter\u00a0\u00bb custom_margin=\u00a0\u00bb||||false|false\u00a0\u00bb custom_css_main_element=\u00a0\u00bbfilter: drop-shadow(1px 1px 2px #535353);\u00a0\u00bb global_colors_info=\u00a0\u00bb{}\u00a0\u00bb][\/et_pb_image][\/et_pb_column][\/et_pb_row][\/et_pb_section][et_pb_section fb_built=\u00a0\u00bb1&Prime; custom_padding_last_edited=\u00a0\u00bboff|desktop\u00a0\u00bb admin_label=\u00a0\u00bbhero section\u00a0\u00bb module_id=\u00a0\u00bbpropos\u00a0\u00bb _builder_version=\u00a0\u00bb4.23.1&Prime; background_color=\u00a0\u00bb#FFFFFF\u00a0\u00bb custom_margin=\u00a0\u00bb|||\u00a0\u00bb custom_padding=\u00a0\u00bb80px||80px||false|false\u00a0\u00bb custom_padding_tablet=\u00a0\u00bb130px||130px|\u00a0\u00bb global_colors_info=\u00a0\u00bb{}\u00a0\u00bb][et_pb_row use_custom_gutter=\u00a0\u00bbon\u00a0\u00bb admin_label=\u00a0\u00bbtitle and illustration\u00a0\u00bb _builder_version=\u00a0\u00bb4.23.2&Prime; background_color=\u00a0\u00bb#FFFFFF\u00a0\u00bb background_size=\u00a0\u00bbinitial\u00a0\u00bb background_position=\u00a0\u00bbtop_left\u00a0\u00bb background_repeat=\u00a0\u00bbrepeat\u00a0\u00bb custom_margin=\u00a0\u00bb||||false|false\u00a0\u00bb custom_padding=\u00a0\u00bb0px||0px||false|false\u00a0\u00bb global_colors_info=\u00a0\u00bb{}\u00a0\u00bb][et_pb_column type=\u00a0\u00bb4_4&Prime; _builder_version=\u00a0\u00bb4.16&Prime; custom_padding=\u00a0\u00bb|||\u00a0\u00bb global_colors_info=\u00a0\u00bb{}\u00a0\u00bb custom_padding__hover=\u00a0\u00bb|||\u00a0\u00bb][et_pb_text _builder_version=\u00a0\u00bb4.23.2&Prime; header_font=\u00a0\u00bbMontserrat|700|||||||\u00a0\u00bb header_text_color=\u00a0\u00bb#000000&Prime; header_font_size=\u00a0\u00bb40px\u00a0\u00bb custom_margin=\u00a0\u00bb||||false|false\u00a0\u00bb custom_padding=\u00a0\u00bb3px|||||\u00a0\u00bb header_font_size_tablet=\u00a0\u00bb\u00a0\u00bb header_font_size_phone=\u00a0\u00bb30px\u00a0\u00bb header_font_size_last_edited=\u00a0\u00bbon|phone\u00a0\u00bb global_colors_info=\u00a0\u00bb{}\u00a0\u00bb]<\/p>\n<h1>Les 6<span style=\"font-size: large;\"><sup>\u00e8mes<\/sup><\/span> Assises du droit du sport<\/h1>\n<p>[\/et_pb_text][et_pb_text _builder_version=\u00a0\u00bb4.23.2&Prime; text_font=\u00a0\u00bb||||||||\u00a0\u00bb text_font_size=\u00a0\u00bb20px\u00a0\u00bb text_line_height=\u00a0\u00bb1.8em\u00a0\u00bb background_color=\u00a0\u00bb#FFFFFF\u00a0\u00bb custom_margin=\u00a0\u00bb||||false|false\u00a0\u00bb custom_padding=\u00a0\u00bb||||false|false\u00a0\u00bb custom_padding_tablet=\u00a0\u00bb||||false|false\u00a0\u00bb custom_padding_phone=\u00a0\u00bb||||false|false\u00a0\u00bb custom_padding_last_edited=\u00a0\u00bbon|desktop\u00a0\u00bb animation_direction=\u00a0\u00bbtop\u00a0\u00bb global_colors_info=\u00a0\u00bb{}\u00a0\u00bb]<\/p>\n<div><span>Cette <span style=\"color: #4dbdc6;\"><strong>6<span style=\"font-size: x-small;\"><sup>\u00e8me<\/sup><\/span> \u00a0\u00e9dition des Assises du droit du sport<\/strong><\/span> du sport sera enti\u00e8rement consacr\u00e9e \u00e0 la th\u00e9matique des <strong>Droits et des Libert\u00e9s des sportifs<\/strong>. Elle proposera dans ce cadre un <strong>Grand colloque<\/strong> et des <strong>Ateliers pratiques<\/strong>, en pr\u00e9sence de nombreux acteurs du sport et d\u2019experts reconnus.<\/span><\/div>\n<p>[\/et_pb_text][\/et_pb_column][\/et_pb_row][\/et_pb_section][et_pb_section fb_built=\u00a0\u00bb1&Prime; disabled_on=\u00a0\u00bbon|on|on\u00a0\u00bb module_id=\u00a0\u00bbinscriptions\u00a0\u00bb _builder_version=\u00a0\u00bb4.25.0&Prime; background_image=\u00a0\u00bbhttps:\/\/www.droitdusport.com\/assises\/wp-content\/uploads\/2019\/04\/assises_droitdusport-conference-03.jpg\u00a0\u00bb parallax=\u00a0\u00bbon\u00a0\u00bb custom_padding=\u00a0\u00bb60px|0|60px|0px|false|false\u00a0\u00bb animation_style=\u00a0\u00bbfade\u00a0\u00bb animation_delay=\u00a0\u00bb100ms\u00a0\u00bb disabled=\u00a0\u00bbon\u00a0\u00bb global_colors_info=\u00a0\u00bb{}\u00a0\u00bb][et_pb_row _builder_version=\u00a0\u00bb4.16&Prime; custom_padding=\u00a0\u00bb0|0px|0|0px|false|false\u00a0\u00bb use_custom_width=\u00a0\u00bbon\u00a0\u00bb width_unit=\u00a0\u00bboff\u00a0\u00bb global_colors_info=\u00a0\u00bb{}\u00a0\u00bb][et_pb_column type=\u00a0\u00bb4_4&Prime; _builder_version=\u00a0\u00bb4.16&Prime; custom_padding=\u00a0\u00bb|||\u00a0\u00bb global_colors_info=\u00a0\u00bb{}\u00a0\u00bb custom_padding__hover=\u00a0\u00bb|||\u00a0\u00bb][et_pb_text content_tablet=\u00a0\u00bb<\/p>\n<h1 style=%22text-align: center;%22><strong>Inscriptions<\/strong><\/h1>\n<p style=%22text-align: center;%22><strong>Acc\u00e8s aux deux journ\u00e9es de l\u2019\u00e9v\u00e9nement :<br \/><\/strong>Grand colloque &#038; Ateliers pratiques<br \/>Accueil &#038; pauses caf\u00e9s &#8211; Buffet d\u00e9jeunatoire &#038; Cocktail<br \/><span style=%22text-decoration: underline;%22><strong>Tarif :<\/strong><\/span><\/p>\n<h4 style=%22text-align: center;%22>295\u20ac TTC<\/h4>\n<p>\u00a0\u00bb content_phone=\u00a0\u00bb<\/p>\n<h1 style=%22text-align: center;%22><strong>Inscriptions<\/strong><\/h1>\n<p style=%22text-align: center;%22><strong>Acc\u00e8s aux deux journ\u00e9es de l\u2019\u00e9v\u00e9nement :<br \/><\/strong>Grand colloque &#038; Ateliers pratiques<br \/>Accueil &#038; pauses caf\u00e9s &#8211; Buffet d\u00e9jeunatoire &#038; Cocktail<br \/><span style=%22text-decoration: underline;%22><strong>Tarif :<\/strong><\/span><\/p>\n<h4 style=%22text-align: center;%22>295 \u20ac<br \/>TTC<\/h4>\n<p>\u00a0\u00bb content_last_edited=\u00a0\u00bbon|phone\u00a0\u00bb _builder_version=\u00a0\u00bb4.24.0&Prime; text_font=\u00a0\u00bb||||||||\u00a0\u00bb text_text_color=\u00a0\u00bb#ffffff\u00a0\u00bb text_font_size=\u00a0\u00bb19px\u00a0\u00bb text_line_height=\u00a0\u00bb1.9em\u00a0\u00bb header_font=\u00a0\u00bbMontserrat|700||on|||||\u00a0\u00bb header_text_align=\u00a0\u00bbcenter\u00a0\u00bb header_text_color=\u00a0\u00bb#ffffff\u00a0\u00bb header_font_size=\u00a0\u00bb40px\u00a0\u00bb header_4_font=\u00a0\u00bbMontserrat|800|||||||\u00a0\u00bb header_4_text_color=\u00a0\u00bb#ffffff\u00a0\u00bb header_4_font_size=\u00a0\u00bb75px\u00a0\u00bb text_orientation=\u00a0\u00bbcenter\u00a0\u00bb custom_margin=\u00a0\u00bb||20px\u00a0\u00bb animation_style=\u00a0\u00bbfade\u00a0\u00bb animation_delay=\u00a0\u00bb100ms\u00a0\u00bb header_font_size_tablet=\u00a0\u00bb\u00a0\u00bb header_font_size_phone=\u00a0\u00bb30px\u00a0\u00bb header_font_size_last_edited=\u00a0\u00bbon|phone\u00a0\u00bb global_colors_info=\u00a0\u00bb{}\u00a0\u00bb]<\/p>\n<h1 style=\"text-align: center;\"><strong>Inscriptions<\/strong><\/h1>\n<p style=\"text-align: center;\"><strong>Acc\u00e8s aux deux journ\u00e9es de l\u2019\u00e9v\u00e9nement :<br \/><\/strong>Grand colloque &amp; Ateliers pratiques<br \/>Accueil &amp; pauses caf\u00e9s &#8211; Buffet d\u00e9jeunatoire &amp; Cocktail<br \/><span style=\"text-decoration: underline;\"><strong>Tarif :<\/strong><\/span><\/p>\n<h4 style=\"text-align: center;\">295\u20ac TTC<\/h4>\n<p>[\/et_pb_text][et_pb_button button_url=\u00a0\u00bbhttps:\/\/my.weezevent.com\/6emes-assises-du-droit-du-sport\/\u00a0\u00bb url_new_window=\u00a0\u00bbon\u00a0\u00bb button_text=\u00a0\u00bbJE M&rsquo;INSCRIS\u00a0\u00bb button_alignment=\u00a0\u00bbcenter\u00a0\u00bb _builder_version=\u00a0\u00bb4.23.2&Prime; custom_button=\u00a0\u00bbon\u00a0\u00bb button_text_size=\u00a0\u00bb25px\u00a0\u00bb button_text_color=\u00a0\u00bb#4DBDC6&Prime; button_bg_color=\u00a0\u00bb#ffffff\u00a0\u00bb button_border_width=\u00a0\u00bb7px\u00a0\u00bb button_border_color=\u00a0\u00bb#ffffff\u00a0\u00bb button_border_radius=\u00a0\u00bb0px\u00a0\u00bb button_font=\u00a0\u00bbMontserrat|700|||||||\u00a0\u00bb button_use_icon=\u00a0\u00bboff\u00a0\u00bb custom_margin=\u00a0\u00bb0px||0px\u00a0\u00bb custom_padding=\u00a0\u00bb0px|20px|0px|20px\u00a0\u00bb animation_style=\u00a0\u00bbfade\u00a0\u00bb animation_delay=\u00a0\u00bb100ms\u00a0\u00bb locked=\u00a0\u00bboff\u00a0\u00bb global_colors_info=\u00a0\u00bb{}\u00a0\u00bb button_text_size__hover_enabled=\u00a0\u00bboff\u00a0\u00bb button_one_text_size__hover_enabled=\u00a0\u00bboff\u00a0\u00bb button_two_text_size__hover_enabled=\u00a0\u00bboff\u00a0\u00bb button_text_color__hover_enabled=\u00a0\u00bboff\u00a0\u00bb button_one_text_color__hover_enabled=\u00a0\u00bboff\u00a0\u00bb button_two_text_color__hover_enabled=\u00a0\u00bboff\u00a0\u00bb button_border_width__hover_enabled=\u00a0\u00bboff\u00a0\u00bb button_one_border_width__hover_enabled=\u00a0\u00bboff\u00a0\u00bb button_two_border_width__hover_enabled=\u00a0\u00bboff\u00a0\u00bb button_border_color__hover_enabled=\u00a0\u00bboff\u00a0\u00bb button_one_border_color__hover_enabled=\u00a0\u00bboff\u00a0\u00bb button_two_border_color__hover_enabled=\u00a0\u00bboff\u00a0\u00bb button_border_radius__hover_enabled=\u00a0\u00bboff\u00a0\u00bb button_one_border_radius__hover_enabled=\u00a0\u00bboff\u00a0\u00bb button_two_border_radius__hover_enabled=\u00a0\u00bboff\u00a0\u00bb button_letter_spacing__hover_enabled=\u00a0\u00bboff\u00a0\u00bb button_one_letter_spacing__hover_enabled=\u00a0\u00bboff\u00a0\u00bb button_two_letter_spacing__hover_enabled=\u00a0\u00bboff\u00a0\u00bb button_bg_color__hover_enabled=\u00a0\u00bboff\u00a0\u00bb button_one_bg_color__hover_enabled=\u00a0\u00bboff\u00a0\u00bb button_two_bg_color__hover_enabled=\u00a0\u00bboff\u00a0\u00bb][\/et_pb_button][et_pb_text _builder_version=\u00a0\u00bb4.23.2&Prime; text_font=\u00a0\u00bb||||||||\u00a0\u00bb text_text_color=\u00a0\u00bb#ffffff\u00a0\u00bb text_font_size=\u00a0\u00bb13px\u00a0\u00bb text_line_height=\u00a0\u00bb1.9em\u00a0\u00bb header_font=\u00a0\u00bbMontserrat|700||on|||||\u00a0\u00bb header_text_align=\u00a0\u00bbcenter\u00a0\u00bb header_text_color=\u00a0\u00bb#ffffff\u00a0\u00bb header_font_size=\u00a0\u00bb45px\u00a0\u00bb header_4_font=\u00a0\u00bbMontserrat|800|||||||\u00a0\u00bb header_4_text_color=\u00a0\u00bb#ffffff\u00a0\u00bb header_4_font_size=\u00a0\u00bb75px\u00a0\u00bb text_orientation=\u00a0\u00bbcenter\u00a0\u00bb custom_margin=\u00a0\u00bb40px||\u00a0\u00bb animation_style=\u00a0\u00bbfade\u00a0\u00bb animation_delay=\u00a0\u00bb100ms\u00a0\u00bb global_colors_info=\u00a0\u00bb{}\u00a0\u00bb]<\/p>\n<p>L&rsquo;inscription aux 6\u00e8mes Assises du droit du sport ne pourra pas faire l&rsquo;objet d&rsquo;un remboursement.<br \/>Le jour de l&rsquo;\u00e9v\u00e9nement, vous devrez vous munir du pr\u00e9sent billet d&rsquo;entr\u00e9e aux 6\u00e8mes Assises du droit du sport et d&rsquo;une pi\u00e8ce d&rsquo;identit\u00e9.<\/p>\n<p>[\/et_pb_text][\/et_pb_column][\/et_pb_row][\/et_pb_section][et_pb_section fb_built=\u00a0\u00bb1&Prime; disabled_on=\u00a0\u00bbon|on|on\u00a0\u00bb _builder_version=\u00a0\u00bb4.25.0&Prime; background_color=\u00a0\u00bb#D3D3D3&Prime; background_image=\u00a0\u00bbhttps:\/\/www.droitdusport.com\/assises\/wp-content\/uploads\/2024\/03\/fond-compte-rebour-n-b.jpg\u00a0\u00bb parallax=\u00a0\u00bbon\u00a0\u00bb background_blend=\u00a0\u00bbmultiply\u00a0\u00bb custom_padding=\u00a0\u00bb80px|0|100px|0px|false|false\u00a0\u00bb animation_style=\u00a0\u00bbfade\u00a0\u00bb animation_delay=\u00a0\u00bb100ms\u00a0\u00bb disabled=\u00a0\u00bbon\u00a0\u00bb global_colors_info=\u00a0\u00bb{}\u00a0\u00bb][et_pb_row _builder_version=\u00a0\u00bb4.16&Prime; custom_padding=\u00a0\u00bb0|0px|0|0px|false|false\u00a0\u00bb global_colors_info=\u00a0\u00bb{}\u00a0\u00bb][et_pb_column type=\u00a0\u00bb4_4&Prime; _builder_version=\u00a0\u00bb4.16&Prime; custom_padding=\u00a0\u00bb|||\u00a0\u00bb global_colors_info=\u00a0\u00bb{}\u00a0\u00bb custom_padding__hover=\u00a0\u00bb|||\u00a0\u00bb][et_pb_countdown_timer title=\u00a0\u00bbLes 6\u00e8mes Assises du Droit du sport d\u00e9buteront dans :\u00a0\u00bb date_time=\u00a0\u00bb2024-04-25 08:30&Prime; _builder_version=\u00a0\u00bb4.23.2&Prime; header_font=\u00a0\u00bbMontserrat|700||on|||||\u00a0\u00bb header_font_size=\u00a0\u00bb45px\u00a0\u00bb numbers_font=\u00a0\u00bbMontserrat|800|||||||\u00a0\u00bb numbers_text_align=\u00a0\u00bbcenter\u00a0\u00bb separator_font_size=\u00a0\u00bb17px\u00a0\u00bb label_font=\u00a0\u00bbMontserrat|600||on|||||\u00a0\u00bb label_text_align=\u00a0\u00bbcenter\u00a0\u00bb label_line_height=\u00a0\u00bb40px\u00a0\u00bb use_background_color=\u00a0\u00bboff\u00a0\u00bb background_blend=\u00a0\u00bbmultiply\u00a0\u00bb animation_style=\u00a0\u00bbfade\u00a0\u00bb animation_delay=\u00a0\u00bb100ms\u00a0\u00bb header_font_size_tablet=\u00a0\u00bb45px\u00a0\u00bb header_font_size_phone=\u00a0\u00bb25px\u00a0\u00bb header_font_size_last_edited=\u00a0\u00bbon|phone\u00a0\u00bb numbers_font_size_tablet=\u00a0\u00bb30px\u00a0\u00bb numbers_font_size_phone=\u00a0\u00bb30px\u00a0\u00bb numbers_font_size_last_edited=\u00a0\u00bbon|phone\u00a0\u00bb numbers_letter_spacing_tablet=\u00a0\u00bb0px\u00a0\u00bb numbers_letter_spacing_phone=\u00a0\u00bb0px\u00a0\u00bb numbers_letter_spacing_last_edited=\u00a0\u00bbon|phone\u00a0\u00bb numbers_line_height_tablet=\u00a0\u00bb\u00a0\u00bb numbers_line_height_phone=\u00a0\u00bb50px\u00a0\u00bb numbers_line_height_last_edited=\u00a0\u00bbon|desktop\u00a0\u00bb separator_font_size_tablet=\u00a0\u00bb17px\u00a0\u00bb separator_font_size_phone=\u00a0\u00bb18px\u00a0\u00bb separator_font_size_last_edited=\u00a0\u00bbon|phone\u00a0\u00bb label_font_size_tablet=\u00a0\u00bb\u00a0\u00bb label_font_size_phone=\u00a0\u00bb10px\u00a0\u00bb label_font_size_last_edited=\u00a0\u00bbon|desktop\u00a0\u00bb global_colors_info=\u00a0\u00bb{}\u00a0\u00bb][\/et_pb_countdown_timer][\/et_pb_column][\/et_pb_row][\/et_pb_section][et_pb_section fb_built=\u00a0\u00bb1&Prime; disabled_on=\u00a0\u00bbon|on|on\u00a0\u00bb module_id=\u00a0\u00bbpanels\u00a0\u00bb _builder_version=\u00a0\u00bb4.25.1&Prime; background_color=\u00a0\u00bb#ededed\u00a0\u00bb custom_padding=\u00a0\u00bb80px|0px|80px|0px|false|false\u00a0\u00bb disabled=\u00a0\u00bbon\u00a0\u00bb locked=\u00a0\u00bboff\u00a0\u00bb global_colors_info=\u00a0\u00bb{}\u00a0\u00bb][et_pb_row _builder_version=\u00a0\u00bb4.23.1&Prime; custom_margin=\u00a0\u00bb||\u00a0\u00bb custom_padding=\u00a0\u00bb0px|0px|0|0px|false|false\u00a0\u00bb global_colors_info=\u00a0\u00bb{}\u00a0\u00bb][et_pb_column type=\u00a0\u00bb4_4&Prime; _builder_version=\u00a0\u00bb4.16&Prime; background_blend=\u00a0\u00bbmultiply\u00a0\u00bb custom_padding=\u00a0\u00bb|||\u00a0\u00bb global_colors_info=\u00a0\u00bb{}\u00a0\u00bb custom_padding__hover=\u00a0\u00bb|||\u00a0\u00bb][et_pb_text _builder_version=\u00a0\u00bb4.23.2&Prime; text_font=\u00a0\u00bbMontserrat|700|||||||\u00a0\u00bb text_text_color=\u00a0\u00bb#282828&Prime; text_font_size=\u00a0\u00bb40px\u00a0\u00bb text_line_height=\u00a0\u00bb1.8em\u00a0\u00bb header_font=\u00a0\u00bbMontserrat|700|||||||\u00a0\u00bb header_text_color=\u00a0\u00bb#000000&Prime; header_font_size=\u00a0\u00bb40px\u00a0\u00bb header_2_font=\u00a0\u00bb||||||||\u00a0\u00bb header_2_text_color=\u00a0\u00bb#000000&Prime; custom_margin=\u00a0\u00bb0px||||false|false\u00a0\u00bb animation_style=\u00a0\u00bbfade\u00a0\u00bb animation_direction=\u00a0\u00bbtop\u00a0\u00bb animation_delay=\u00a0\u00bb100ms\u00a0\u00bb header_font_size_tablet=\u00a0\u00bb40px\u00a0\u00bb header_font_size_phone=\u00a0\u00bb27px\u00a0\u00bb header_font_size_last_edited=\u00a0\u00bbon|phone\u00a0\u00bb locked=\u00a0\u00bboff\u00a0\u00bb inline_fonts=\u00a0\u00bbGeorgia\u00a0\u00bb global_colors_info=\u00a0\u00bb{}\u00a0\u00bb]<\/p>\n<h1>Le Grand Colloque<\/h1>\n<p>[\/et_pb_text][\/et_pb_column][\/et_pb_row][et_pb_row column_structure=\u00a0\u00bb1_3,1_3,1_3&Prime; _builder_version=\u00a0\u00bb4.23.2&Prime; custom_padding=\u00a0\u00bb27px|0px|0px|0px|false|false\u00a0\u00bb pac_drh_column_numbers_tablet=\u00a0\u00bbpac_drh_tab_col_three\u00a0\u00bb locked=\u00a0\u00bboff\u00a0\u00bb global_colors_info=\u00a0\u00bb{}\u00a0\u00bb][et_pb_column type=\u00a0\u00bb1_3&Prime; _builder_version=\u00a0\u00bb4.16&Prime; custom_padding=\u00a0\u00bb|||\u00a0\u00bb global_colors_info=\u00a0\u00bb{}\u00a0\u00bb custom_padding__hover=\u00a0\u00bb|||\u00a0\u00bb][et_pb_image src=\u00a0\u00bbhttps:\/\/www.droitdusport.com\/assises\/wp-content\/uploads\/2024\/02\/atelier-pratique-sante-joueur.jpg\u00a0\u00bb title_text=\u00a0\u00bbatelier-pratique-sante-joueur\u00a0\u00bb url=\u00a0\u00bbhttps:\/\/www.droitdusport.com\/assises\/integrite-physique-mentale\/\u00a0\u00bb align_tablet=\u00a0\u00bbcenter\u00a0\u00bb align_phone=\u00a0\u00bb\u00a0\u00bb align_last_edited=\u00a0\u00bbon|desktop\u00a0\u00bb module_class=\u00a0\u00bbzoom-image\u00a0\u00bb _builder_version=\u00a0\u00bb4.24.2&Prime; custom_margin=\u00a0\u00bb0px|0px|20px|0px\u00a0\u00bb custom_padding=\u00a0\u00bb0px|0px|0px|0px\u00a0\u00bb filter_saturate=\u00a0\u00bb0%\u00a0\u00bb animation_style=\u00a0\u00bbfade\u00a0\u00bb animation_delay=\u00a0\u00bb100ms\u00a0\u00bb border_width_bottom=\u00a0\u00bb6px\u00a0\u00bb border_style_bottom=\u00a0\u00bbinset\u00a0\u00bb locked=\u00a0\u00bboff\u00a0\u00bb global_colors_info=\u00a0\u00bb{}\u00a0\u00bb border_radii__hover_enabled=\u00a0\u00bbon\u00a0\u00bb border_width_bottom__hover_enabled=\u00a0\u00bbon|hover\u00a0\u00bb border_color_bottom__hover_enabled=\u00a0\u00bbon|hover\u00a0\u00bb border_color_bottom__hover=\u00a0\u00bb#4DBDC6&Prime; border_radii__hover=\u00a0\u00bb||||\u00a0\u00bb filter_saturate__hover_enabled=\u00a0\u00bbon\u00a0\u00bb filter_saturate__hover=\u00a0\u00bb100%\u00a0\u00bb border_width_bottom__hover=\u00a0\u00bb6px\u00a0\u00bb][\/et_pb_image][et_pb_text content_tablet=\u00a0\u00bb<\/p>\n<p><span style=%22color: #000000;%22><strong>Panel 1<br \/><\/strong>Jeudi 25 avril, 10h00<span style=%22text-decoration: underline;%22><strong><\/strong><\/span><\/span><span style=%22color: #000000;%22><span style=%22text-decoration: underline;%22><strong><\/strong><\/span><\/span><\/p>\n<p>\u00a0\u00bb content_phone=\u00a0\u00bb<\/p>\n<p><span style=%22color: #000000;%22><strong>Panel 1<br \/><\/strong>Jeudi 25 avril, 10h00<span style=%22text-decoration: underline;%22><strong><\/strong><\/span><\/span><span style=%22color: #000000;%22><span style=%22text-decoration: underline;%22><strong><\/strong><\/span><\/span><span style=%22color: #000000;%22><\/span><\/p>\n<p>\u00a0\u00bb content_last_edited=\u00a0\u00bbon|desktop\u00a0\u00bb _builder_version=\u00a0\u00bb4.24.2&Prime; header_font=\u00a0\u00bb||||||||\u00a0\u00bb header_4_font=\u00a0\u00bbMontserrat|700|||||||\u00a0\u00bb custom_margin=\u00a0\u00bb0px|0px|0px|0px\u00a0\u00bb custom_padding=\u00a0\u00bb0px|0px|5px|0px\u00a0\u00bb animation_style=\u00a0\u00bbfade\u00a0\u00bb animation_delay=\u00a0\u00bb100ms\u00a0\u00bb global_colors_info=\u00a0\u00bb{}\u00a0\u00bb]<\/p>\n<p><span style=\"color: #000000;\"><strong>Panel 1 <\/strong>&#8211; jeudi 25 avril, 10h00<span style=\"text-decoration: underline;\"><strong><br \/><\/strong><\/span><\/span><\/p>\n<p>[\/et_pb_text][et_pb_text content_tablet=\u00a0\u00bb<\/p>\n<p><a href=%22https:\/\/www.droitdusport.com\/assises\/integrite-physique-mentale\/%22><span style=%22text-decoration: underline; color: #4dbdc6;%22><span style=%22text-decoration: underline;%22><strong>Int\u00e9grit\u00e9 physique et mentale : comment prot\u00e9ger la sant\u00e9 des joueurs de foot ?<\/strong><\/span><\/span><\/a><\/p>\n<p>La sant\u00e9 des joueurs est l&rsquo;une des pr\u00e9occupations actuellement les plus pressantes pour les acteurs du football. Ces derniers sont en effet soumis \u00e0 une charge de travail de plus en plus lourde, cons\u00e9quence d\u2019un calendrier des comp\u00e9titions de plus en plus charg\u00e9. <br \/><a href=%22https:\/\/www.droitdusport.com\/assises\/integrite-physique-mentale\/%22><span style=%22text-decoration: underline; color: #4dbdc6;%22><em><strong>> Lire la suite<\/strong><\/em><\/span><\/a><\/p>\n<p>\u00a0\u00bb content_phone=\u00a0\u00bb<\/p>\n<p><a href=%22https:\/\/www.droitdusport.com\/assises\/integrite-physique-mentale\/%22><span style=%22text-decoration: underline; color: #4dbdc6;%22><span style=%22text-decoration: underline;%22><strong>Int\u00e9grit\u00e9 physique et mentale : comment prot\u00e9ger la sant\u00e9 des joueurs de foot ?<\/strong><\/span><\/span><\/a><\/p>\n<p>La sant\u00e9 des joueurs est l&rsquo;une des pr\u00e9occupations actuellement les plus pressantes pour les acteurs du football. Ces derniers sont en effet soumis \u00e0 une charge de travail de plus en plus lourde, cons\u00e9quence d\u2019un calendrier des comp\u00e9titions de plus en plus charg\u00e9. <a href=%22https:\/\/www.droitdusport.com\/assises\/integrite-physique-mentale\/%22><span style=%22text-decoration: underline; color: #4dbdc6;%22><em><strong>> Lire la suite<\/strong><\/em><\/span><\/a><\/p>\n<p>\u00a0\u00bb content_last_edited=\u00a0\u00bbon|tablet\u00a0\u00bb _builder_version=\u00a0\u00bb4.24.2&Prime; header_font=\u00a0\u00bb||||||||\u00a0\u00bb header_4_font=\u00a0\u00bbMontserrat|700|||||||\u00a0\u00bb custom_margin=\u00a0\u00bb0px|0px|0px|0px\u00a0\u00bb custom_padding=\u00a0\u00bb0px|0px|5px|0px\u00a0\u00bb animation_style=\u00a0\u00bbfade\u00a0\u00bb animation_delay=\u00a0\u00bb100ms\u00a0\u00bb global_colors_info=\u00a0\u00bb{}\u00a0\u00bb]<\/p>\n<p><a href=\"https:\/\/www.droitdusport.com\/assises\/integrite-physique-mentale\/\"><span style=\"text-decoration: underline; color: #4dbdc6;\"><span style=\"text-decoration: underline;\"><strong>Int\u00e9grit\u00e9 physique et mentale : comment prot\u00e9ger la sant\u00e9 des joueurs de foot ?<\/strong><\/span><\/span><\/a><\/p>\n<p>La sant\u00e9 des joueurs est l&rsquo;une des pr\u00e9occupations actuellement les plus pressantes pour les acteurs du football. Ces derniers sont en effet soumis \u00e0 une charge de travail de plus en plus lourde, cons\u00e9quence d\u2019un calendrier des comp\u00e9titions de plus en plus charg\u00e9.<br \/><a href=\"https:\/\/www.droitdusport.com\/assises\/integrite-physique-mentale\/\"><span style=\"text-decoration: underline; color: #4dbdc6;\"><em><strong>&gt; Lire la suite<\/strong><\/em><\/span><\/a><\/p>\n<p>[\/et_pb_text][\/et_pb_column][et_pb_column type=\u00a0\u00bb1_3&Prime; _builder_version=\u00a0\u00bb4.16&Prime; custom_padding=\u00a0\u00bb|||\u00a0\u00bb global_colors_info=\u00a0\u00bb{}\u00a0\u00bb custom_padding__hover=\u00a0\u00bb|||\u00a0\u00bb][et_pb_image src=\u00a0\u00bbhttps:\/\/www.droitdusport.com\/assises\/wp-content\/uploads\/2023\/12\/panel-3-adds-6-1.jpg\u00a0\u00bb title_text=\u00a0\u00bbpanel-3-adds-6&Prime; url=\u00a0\u00bbhttps:\/\/www.droitdusport.com\/assises\/vie-prive\/\u00a0\u00bb align_tablet=\u00a0\u00bbcenter\u00a0\u00bb align_phone=\u00a0\u00bb\u00a0\u00bb align_last_edited=\u00a0\u00bbon|desktop\u00a0\u00bb module_class=\u00a0\u00bbzoom-image\u00a0\u00bb _builder_version=\u00a0\u00bb4.23.2&Prime; custom_margin=\u00a0\u00bb0px|0px|20px|0px\u00a0\u00bb custom_padding=\u00a0\u00bb0px|0px|0px|0px\u00a0\u00bb filter_saturate=\u00a0\u00bb0%\u00a0\u00bb animation_style=\u00a0\u00bbfade\u00a0\u00bb animation_delay=\u00a0\u00bb100ms\u00a0\u00bb border_width_bottom=\u00a0\u00bb6px\u00a0\u00bb border_style_bottom=\u00a0\u00bbinset\u00a0\u00bb locked=\u00a0\u00bboff\u00a0\u00bb global_colors_info=\u00a0\u00bb{}\u00a0\u00bb border_radii__hover_enabled=\u00a0\u00bbon\u00a0\u00bb border_width_bottom__hover_enabled=\u00a0\u00bbon\u00a0\u00bb border_color_bottom__hover_enabled=\u00a0\u00bbon|hover\u00a0\u00bb border_color_bottom__hover=\u00a0\u00bb#4DBDC6&Prime; border_radii__hover=\u00a0\u00bb||||\u00a0\u00bb filter_saturate__hover_enabled=\u00a0\u00bbon\u00a0\u00bb filter_saturate__hover=\u00a0\u00bb100%\u00a0\u00bb border_width_bottom__hover=\u00a0\u00bb6px\u00a0\u00bb][\/et_pb_image][et_pb_text content_tablet=\u00a0\u00bb<\/p>\n<p><span style=%22color: #000000;%22><strong>Panel 2<br \/><\/strong><\/span><span style=%22color: #000000;%22>jeudi 25 avril, 11h45<\/span><\/p>\n<p>\u00a0\u00bb content_phone=\u00a0\u00bb<\/p>\n<p><span style=%22color: #000000;%22><strong>Panel 2<br \/><\/strong>jeudi 25 avril, 11h45<\/span><\/p>\n<p>\u00a0\u00bb content_last_edited=\u00a0\u00bbon|tablet\u00a0\u00bb _builder_version=\u00a0\u00bb4.24.0&Prime; header_font=\u00a0\u00bb||||||||\u00a0\u00bb header_4_font=\u00a0\u00bbMontserrat|700|||||||\u00a0\u00bb custom_margin=\u00a0\u00bb0px|0px|0px|0px\u00a0\u00bb custom_padding=\u00a0\u00bb0px|0px|5px|0px\u00a0\u00bb animation_style=\u00a0\u00bbfade\u00a0\u00bb animation_delay=\u00a0\u00bb100ms\u00a0\u00bb locked=\u00a0\u00bboff\u00a0\u00bb global_colors_info=\u00a0\u00bb{}\u00a0\u00bb]<\/p>\n<p><span style=\"color: #000000;\"><strong>Panel 2 <\/strong>&#8211; jeudi 25 avril, 11h45<span style=\"text-decoration: underline;\"><strong><br \/><\/strong><\/span><\/span><\/p>\n<p>[\/et_pb_text][et_pb_text content_tablet=\u00a0\u00bb<\/p>\n<p><a href=%22https:\/\/www.droitdusport.com\/assises\/vie-prive\/%22><span style=%22text-decoration: underline; color: #4dbdc6;%22><span style=%22text-decoration: underline;%22><strong>La vie priv\u00e9e<\/strong><\/span><\/span><\/a><\/p>\n<p class=%22p1%22>Comme tout individu, les sportifs ont le droit au respect de la vie priv\u00e9e. Cependant, la nature publique de leur profession et la n\u00e9cessite de garantir l\u2019\u00e9quit\u00e9 et l\u2019int\u00e9grit\u00e9 des comp\u00e9titions peuvent rendre la protection de ces droits plus complexe. C\u2019est en particulier visible dans le cadre de la lutte&#8230;<br \/><a href=%22https:\/\/www.droitdusport.com\/assises\/vie-prive\/%22><span style=%22text-decoration: underline; color: #4dbdc6;%22><em><strong><span style=%22color: #f39200; text-decoration: underline;%22><span style=%22color: #4dbdc6; text-decoration: underline;%22>> Lire la suite<\/span><\/span><\/strong><\/em><\/span><\/a><\/p>\n<p>\u00a0\u00bb content_phone=\u00a0\u00bb<\/p>\n<p><a href=%22https:\/\/www.droitdusport.com\/assises\/vie-prive\/%22><span style=%22text-decoration: underline; color: #4dbdc6;%22><span style=%22text-decoration: underline;%22><strong>La vie priv\u00e9e<\/strong><\/span><\/span><\/a><\/p>\n<p class=%22p1%22>Comme tout individu, les sportifs ont le droit au respect de la vie priv\u00e9e. Cependant, la nature publique de leur profession et la n\u00e9cessite de garantir l\u2019\u00e9quit\u00e9 et l\u2019int\u00e9grit\u00e9 des comp\u00e9titions peuvent rendre la protection de ces droits plus complexe. C\u2019est en particulier visible dans le cadre de la lutte&#8230;<br \/><a href=%22https:\/\/www.droitdusport.com\/assises\/vie-prive\/%22><span style=%22text-decoration: underline; color: #4dbdc6;%22><em><strong><span style=%22color: #f39200; text-decoration: underline;%22><span style=%22color: #4dbdc6; text-decoration: underline;%22>> Lire la suite<\/span><\/span><\/strong><\/em><\/span><\/a><\/p>\n<p>\u00a0\u00bb content_last_edited=\u00a0\u00bbon|phone\u00a0\u00bb _builder_version=\u00a0\u00bb4.23.2&Prime; header_font=\u00a0\u00bb||||||||\u00a0\u00bb header_4_font=\u00a0\u00bbMontserrat|700|||||||\u00a0\u00bb custom_margin=\u00a0\u00bb0px|0px|0px|0px\u00a0\u00bb custom_padding=\u00a0\u00bb0px|0px|5px|0px\u00a0\u00bb animation_style=\u00a0\u00bbfade\u00a0\u00bb animation_delay=\u00a0\u00bb100ms\u00a0\u00bb global_colors_info=\u00a0\u00bb{}\u00a0\u00bb]<\/p>\n<p><a href=\"https:\/\/www.droitdusport.com\/assises\/vie-prive\/\"><span style=\"text-decoration: underline; color: #4dbdc6;\"><span style=\"text-decoration: underline;\"><strong>La vie priv\u00e9e<\/strong><\/span><\/span><\/a><\/p>\n<p class=\"p1\">Comme tout individu, les sportifs ont le droit au respect de la vie priv\u00e9e. Cependant, la nature publique de leur profession et la n\u00e9cessite de garantir l\u2019\u00e9quit\u00e9 et l\u2019int\u00e9grit\u00e9 des comp\u00e9titions peuvent rendre la protection de ces droits plus complexe. C\u2019est en particulier visible dans le cadre de la lutte&#8230; <a href=\"https:\/\/www.droitdusport.com\/assises\/vie-prive\/\"><span style=\"text-decoration: underline; color: #4dbdc6;\"><em><strong><span style=\"color: #f39200; text-decoration: underline;\"><span style=\"color: #4dbdc6; text-decoration: underline;\">&gt; Lire la suite<\/span><\/span><\/strong><\/em><\/span><\/a><\/p>\n<p>[\/et_pb_text][\/et_pb_column][et_pb_column type=\u00a0\u00bb1_3&Prime; _builder_version=\u00a0\u00bb4.16&Prime; custom_padding=\u00a0\u00bb|||\u00a0\u00bb global_colors_info=\u00a0\u00bb{}\u00a0\u00bb custom_padding__hover=\u00a0\u00bb|||\u00a0\u00bb][et_pb_image src=\u00a0\u00bbhttps:\/\/www.droitdusport.com\/assises\/wp-content\/uploads\/2023\/12\/panel-2-adds-6-1.jpg\u00a0\u00bb title_text=\u00a0\u00bbpanel-2-adds-6&Prime; url=\u00a0\u00bbhttps:\/\/www.droitdusport.com\/assises\/acces-justice\/\u00a0\u00bb align_tablet=\u00a0\u00bbcenter\u00a0\u00bb align_phone=\u00a0\u00bb\u00a0\u00bb align_last_edited=\u00a0\u00bbon|desktop\u00a0\u00bb module_class=\u00a0\u00bbzoom-image\u00a0\u00bb _builder_version=\u00a0\u00bb4.23.2&Prime; custom_margin=\u00a0\u00bb0px|0px|20px|0px\u00a0\u00bb custom_padding=\u00a0\u00bb0px|0px|0px|0px\u00a0\u00bb filter_saturate=\u00a0\u00bb0%\u00a0\u00bb animation_style=\u00a0\u00bbfade\u00a0\u00bb animation_delay=\u00a0\u00bb100ms\u00a0\u00bb border_width_bottom=\u00a0\u00bb6px\u00a0\u00bb border_style_bottom=\u00a0\u00bbinset\u00a0\u00bb locked=\u00a0\u00bboff\u00a0\u00bb global_colors_info=\u00a0\u00bb{}\u00a0\u00bb border_radii__hover_enabled=\u00a0\u00bbon\u00a0\u00bb border_width_bottom__hover_enabled=\u00a0\u00bbon|hover\u00a0\u00bb border_color_bottom__hover_enabled=\u00a0\u00bbon|hover\u00a0\u00bb border_color_bottom__hover=\u00a0\u00bb#4DBDC6&Prime; border_radii__hover=\u00a0\u00bb||||\u00a0\u00bb filter_saturate__hover_enabled=\u00a0\u00bbon\u00a0\u00bb filter_saturate__hover=\u00a0\u00bb100%\u00a0\u00bb border_width_bottom__hover=\u00a0\u00bb6px\u00a0\u00bb][\/et_pb_image][et_pb_text content_tablet=\u00a0\u00bb<\/p>\n<p><span style=%22color: #000000;%22><strong>Panel 3<br \/><\/strong>Jeudi 25 avril, 14h30<span style=%22text-decoration: underline;%22><strong><br \/><\/strong><\/span><\/span><\/p>\n<p>\u00a0\u00bb content_phone=\u00a0\u00bb<\/p>\n<p><span style=%22color: #000000;%22><strong>Panel 3<br \/><\/strong>Jeudi 25 avril, 14h30<span style=%22text-decoration: underline;%22><strong><br \/><\/strong><\/span><\/span><\/p>\n<p>\u00a0\u00bb content_last_edited=\u00a0\u00bbon|phone\u00a0\u00bb _builder_version=\u00a0\u00bb4.24.0&Prime; header_font=\u00a0\u00bb||||||||\u00a0\u00bb header_4_font=\u00a0\u00bbMontserrat|700|||||||\u00a0\u00bb custom_margin=\u00a0\u00bb0px|0px|0px|0px\u00a0\u00bb custom_padding=\u00a0\u00bb0px|0px|5px|0px\u00a0\u00bb animation_style=\u00a0\u00bbfade\u00a0\u00bb animation_delay=\u00a0\u00bb100ms\u00a0\u00bb locked=\u00a0\u00bboff\u00a0\u00bb global_colors_info=\u00a0\u00bb{}\u00a0\u00bb]<\/p>\n<p><span style=\"color: #000000;\"><strong>Panel 3 <\/strong>&#8211; jeudi 25 avril 2024, 14h30<strong><\/strong><span style=\"text-decoration: underline;\"><strong><br \/><\/strong><\/span><\/span><\/p>\n<p>[\/et_pb_text][et_pb_text content_tablet=\u00a0\u00bb<\/p>\n<p><a href=%22https:\/\/www.droitdusport.com\/assises\/acces-justice\/%22><span style=%22text-decoration: underline; color: #4dbdc6;%22><span style=%22text-decoration: underline;%22><strong>L\u2019acc\u00e8s \u00e0 la justice<\/strong><\/span><\/span><\/a><\/p>\n<p>L\u2019acc\u00e8s \u00e0 la justice &#8211; comme le fait d\u2019avoir un proc\u00e8s \u00e9quitable &#8211; est une garantie essentielle pour le sportif. Or, ce dernier se trouve bien souvent embarqu\u00e9 dans des proc\u00e9dures impos\u00e9es, contraignantes, longues, co\u00fbteuses. Si l\u2019arbitrage propose un mode de r\u00e9solution des litiges dans le sport&#8230;<br \/><a href=%22https:\/\/www.droitdusport.com\/assises\/acces-justice\/%22><span style=%22text-decoration: underline; color: #4dbdc6;%22><strong><em>> Lire la suite<\/em><\/strong><\/span><\/a><\/p>\n<p>\u00a0\u00bb content_phone=\u00a0\u00bb<\/p>\n<p><a href=%22https:\/\/www.droitdusport.com\/assises\/acces-justice\/%22><span style=%22text-decoration: underline; color: #4dbdc6;%22><span style=%22text-decoration: underline;%22><strong>L\u2019acc\u00e8s \u00e0 la justice<\/strong><\/span><\/span><\/a><\/p>\n<p>L\u2019acc\u00e8s \u00e0 la justice &#8211; comme le fait d\u2019avoir un proc\u00e8s \u00e9quitable &#8211; est une garantie essentielle pour le sportif. Or, ce dernier se trouve bien souvent embarqu\u00e9 dans des proc\u00e9dures impos\u00e9es, contraignantes, longues, co\u00fbteuses. Si l\u2019arbitrage propose un mode de r\u00e9solution des litiges dans le sport&#8230;<br \/><a href=%22https:\/\/www.droitdusport.com\/assises\/acces-justice\/%22><span style=%22text-decoration: underline; color: #4dbdc6;%22><strong><em>> Lire la suite<\/em><\/strong><\/span><\/a><\/p>\n<p>\u00a0\u00bb content_last_edited=\u00a0\u00bbon|phone\u00a0\u00bb _builder_version=\u00a0\u00bb4.23.2&Prime; header_font=\u00a0\u00bb||||||||\u00a0\u00bb header_4_font=\u00a0\u00bbMontserrat|700|||||||\u00a0\u00bb custom_margin=\u00a0\u00bb0px|0px|0px|0px\u00a0\u00bb custom_padding=\u00a0\u00bb0px|0px|5px|0px\u00a0\u00bb animation_style=\u00a0\u00bbfade\u00a0\u00bb animation_delay=\u00a0\u00bb100ms\u00a0\u00bb locked=\u00a0\u00bboff\u00a0\u00bb global_colors_info=\u00a0\u00bb{}\u00a0\u00bb]<\/p>\n<p><a href=\"https:\/\/www.droitdusport.com\/assises\/acces-justice\/\"><span style=\"text-decoration: underline; color: #4dbdc6;\"><span style=\"text-decoration: underline;\"><strong>L\u2019acc\u00e8s \u00e0 la justice<\/strong><\/span><\/span><\/a><\/p>\n<p>L\u2019acc\u00e8s \u00e0 la justice &#8211; comme le fait d\u2019avoir un proc\u00e8s \u00e9quitable &#8211; est une garantie essentielle pour le sportif. Or, ce dernier se trouve bien souvent embarqu\u00e9 dans des proc\u00e9dures impos\u00e9es, contraignantes, longues, co\u00fbteuses. Si l\u2019arbitrage propose un mode de r\u00e9solution des litiges dans le sport&#8230; <a href=\"https:\/\/www.droitdusport.com\/assises\/acces-justice\/\"><span style=\"text-decoration: underline; color: #4dbdc6;\"><strong><em>&gt; Lire la suite<\/em><\/strong><\/span><\/a><\/p>\n<p>[\/et_pb_text][\/et_pb_column][\/et_pb_row][et_pb_row column_structure=\u00a0\u00bb1_3,1_3,1_3&Prime; _builder_version=\u00a0\u00bb4.23.2&Prime; custom_padding=\u00a0\u00bb27px|0px|0px|0px|false|false\u00a0\u00bb pac_drh_column_numbers_tablet=\u00a0\u00bbpac_drh_tab_col_three\u00a0\u00bb locked=\u00a0\u00bboff\u00a0\u00bb global_colors_info=\u00a0\u00bb{}\u00a0\u00bb][et_pb_column type=\u00a0\u00bb1_3&Prime; _builder_version=\u00a0\u00bb4.16&Prime; custom_padding=\u00a0\u00bb|||\u00a0\u00bb global_colors_info=\u00a0\u00bb{}\u00a0\u00bb custom_padding__hover=\u00a0\u00bb|||\u00a0\u00bb][et_pb_image src=\u00a0\u00bbhttps:\/\/www.droitdusport.com\/assises\/wp-content\/uploads\/2023\/12\/panel-4-adds-6-julian-christ.jpg\u00a0\u00bb title_text=\u00a0\u00bbpanel-4-adds-6-julian-christ\u00a0\u00bb url=\u00a0\u00bbhttps:\/\/www.droitdusport.com\/assises\/liberte-expression\/\u00a0\u00bb align_tablet=\u00a0\u00bbcenter\u00a0\u00bb align_phone=\u00a0\u00bb\u00a0\u00bb align_last_edited=\u00a0\u00bbon|desktop\u00a0\u00bb module_class=\u00a0\u00bbzoom-image\u00a0\u00bb _builder_version=\u00a0\u00bb4.23.2&Prime; custom_margin=\u00a0\u00bb0px|0px|20px|0px\u00a0\u00bb custom_padding=\u00a0\u00bb0px|0px|0px|0px\u00a0\u00bb filter_saturate=\u00a0\u00bb0%\u00a0\u00bb animation_style=\u00a0\u00bbfade\u00a0\u00bb animation_delay=\u00a0\u00bb100ms\u00a0\u00bb border_width_bottom=\u00a0\u00bb6px\u00a0\u00bb border_style_bottom=\u00a0\u00bbinset\u00a0\u00bb locked=\u00a0\u00bboff\u00a0\u00bb global_colors_info=\u00a0\u00bb{}\u00a0\u00bb border_radii__hover_enabled=\u00a0\u00bbon\u00a0\u00bb border_width_bottom__hover_enabled=\u00a0\u00bbon|hover\u00a0\u00bb border_color_bottom__hover_enabled=\u00a0\u00bbon|hover\u00a0\u00bb border_color_bottom__hover=\u00a0\u00bb#4DBDC6&Prime; border_radii__hover=\u00a0\u00bb||||\u00a0\u00bb filter_saturate__hover_enabled=\u00a0\u00bbon\u00a0\u00bb filter_saturate__hover=\u00a0\u00bb100%\u00a0\u00bb border_width_bottom__hover=\u00a0\u00bb6px\u00a0\u00bb][\/et_pb_image][et_pb_text content_tablet=\u00a0\u00bb<\/p>\n<p><span style=%22color: #000000;%22><strong>Panel 4<br \/><\/strong><\/span><span style=%22color: #000000;%22>Jeudi 25 avril, 16h00<span style=%22text-decoration: underline;%22><strong><br \/><\/strong><\/span><\/span><\/p>\n<p>\u00a0\u00bb content_phone=\u00a0\u00bb<\/p>\n<p><span style=%22color: #000000;%22><strong>Panel 4<br \/><\/strong><\/span><span style=%22color: #000000;%22>Jeudi 25 avril, 16h00<span style=%22text-decoration: underline;%22><strong><br \/><\/strong><\/span><\/span><\/p>\n<p>\u00a0\u00bb content_last_edited=\u00a0\u00bbon|desktop\u00a0\u00bb _builder_version=\u00a0\u00bb4.23.2&Prime; header_font=\u00a0\u00bb||||||||\u00a0\u00bb header_4_font=\u00a0\u00bbMontserrat|700|||||||\u00a0\u00bb custom_margin=\u00a0\u00bb0px|0px|0px|0px\u00a0\u00bb custom_padding=\u00a0\u00bb0px|0px|5px|0px\u00a0\u00bb animation_style=\u00a0\u00bbfade\u00a0\u00bb animation_delay=\u00a0\u00bb100ms\u00a0\u00bb global_colors_info=\u00a0\u00bb{}\u00a0\u00bb]<\/p>\n<p><span style=\"color: #000000;\"><strong>Panel 4 <\/strong>&#8211; jeudi 25 avril, 16h00<span style=\"text-decoration: underline;\"><strong><br \/><\/strong><\/span><\/span><\/p>\n<p>[\/et_pb_text][et_pb_text content_tablet=\u00a0\u00bb<\/p>\n<p><a href=%22https:\/\/www.droitdusport.com\/assises\/liberte-expression\/%22><span style=%22text-decoration: underline; color: #4dbdc6;%22><span style=%22text-decoration: underline;%22><strong>La libert\u00e9 d\u2019expression <\/strong><\/span><\/span><\/a><\/p>\n<p class=%22p1%22>Les sportifs jouent un r\u00f4le de plus en plus actif dans des questions sociales et politiques. La libert\u00e9 d\u2019expression des sportifs est mise \u00e0 l\u2019\u00e9preuve alors qu\u2019ils se prononcent sur des probl\u00e8mes tels que la justice sociale, les discriminations<em>&#8230;<br \/><\/em><a href=%22https:\/\/www.droitdusport.com\/assises\/liberte-expression\/%22><span style=%22text-decoration: underline; color: #4dbdc6;%22><strong><em>> Lire la suite<\/em><\/strong><\/span><\/a><\/p>\n<p>\u00a0\u00bb content_phone=\u00a0\u00bb<\/p>\n<p><a href=%22https:\/\/www.droitdusport.com\/assises\/liberte-expression\/%22><span style=%22text-decoration: underline; color: #4dbdc6;%22><span style=%22text-decoration: underline;%22><strong>La libert\u00e9 d\u2019expression <\/strong><\/span><\/span><\/a><\/p>\n<p class=%22p1%22>Les sportifs jouent un r\u00f4le de plus en plus actif dans des questions sociales et politiques. La libert\u00e9 d\u2019expression des sportifs est mise \u00e0 l\u2019\u00e9preuve alors qu\u2019ils se prononcent sur des probl\u00e8mes tels que la justice sociale, les discriminations<em>&#8230;<br \/><\/em><a href=%22https:\/\/www.droitdusport.com\/assises\/liberte-expression\/%22><span style=%22text-decoration: underline; color: #4dbdc6;%22><strong><em>> Lire la suite<\/em><\/strong><\/span><\/a><\/p>\n<p>\u00a0\u00bb content_last_edited=\u00a0\u00bbon|tablet\u00a0\u00bb _builder_version=\u00a0\u00bb4.24.2&Prime; header_font=\u00a0\u00bb||||||||\u00a0\u00bb header_4_font=\u00a0\u00bbMontserrat|700|||||||\u00a0\u00bb custom_margin=\u00a0\u00bb0px|0px|0px|0px\u00a0\u00bb custom_padding=\u00a0\u00bb0px|0px|5px|0px\u00a0\u00bb custom_padding_tablet=\u00a0\u00bb0px|0px|5px|0px\u00a0\u00bb custom_padding_phone=\u00a0\u00bb0px|0px|5px|0px\u00a0\u00bb custom_padding_last_edited=\u00a0\u00bbon|tablet\u00a0\u00bb animation_style=\u00a0\u00bbfade\u00a0\u00bb animation_delay=\u00a0\u00bb100ms\u00a0\u00bb global_colors_info=\u00a0\u00bb{}\u00a0\u00bb]<\/p>\n<p><a href=\"https:\/\/www.droitdusport.com\/assises\/liberte-expression\/\"><span style=\"text-decoration: underline; color: #4dbdc6;\"><span style=\"text-decoration: underline;\"><strong>La libert\u00e9 d\u2019expression <\/strong><\/span><\/span><\/a><\/p>\n<p class=\"p1\">Les sportifs jouent un r\u00f4le de plus en plus actif dans des questions sociales et politiques. La libert\u00e9 d\u2019expression des sportifs est mise \u00e0 l\u2019\u00e9preuve alors qu\u2019ils se prononcent sur des probl\u00e8mes tels que la justice sociale, les discriminations<em>&#8230; <\/em><a href=\"https:\/\/www.droitdusport.com\/assises\/liberte-expression\/\"><span style=\"text-decoration: underline; color: #4dbdc6;\"><strong><em>&gt; Lire la suite<\/em><\/strong><\/span><\/a><\/p>\n<p>[\/et_pb_text][\/et_pb_column][et_pb_column type=\u00a0\u00bb1_3&Prime; _builder_version=\u00a0\u00bb4.16&Prime; custom_padding=\u00a0\u00bb|||\u00a0\u00bb global_colors_info=\u00a0\u00bb{}\u00a0\u00bb custom_padding__hover=\u00a0\u00bb|||\u00a0\u00bb][et_pb_image src=\u00a0\u00bbhttps:\/\/www.droitdusport.com\/assises\/wp-content\/uploads\/2023\/12\/panel-5-adds_6.jpg\u00a0\u00bb title_text=\u00a0\u00bbpanel-5-adds_6&Prime; url=\u00a0\u00bbhttps:\/\/www.droitdusport.com\/assises\/sportif-image-droits\/\u00a0\u00bb align_tablet=\u00a0\u00bbcenter\u00a0\u00bb align_phone=\u00a0\u00bb\u00a0\u00bb align_last_edited=\u00a0\u00bbon|desktop\u00a0\u00bb module_class=\u00a0\u00bbzoom-image\u00a0\u00bb _builder_version=\u00a0\u00bb4.23.2&Prime; custom_margin=\u00a0\u00bb0px|0px|20px|0px\u00a0\u00bb custom_padding=\u00a0\u00bb0px|0px|0px|0px\u00a0\u00bb filter_saturate=\u00a0\u00bb0%\u00a0\u00bb animation_style=\u00a0\u00bbfade\u00a0\u00bb animation_delay=\u00a0\u00bb100ms\u00a0\u00bb border_width_bottom=\u00a0\u00bb6px\u00a0\u00bb border_style_bottom=\u00a0\u00bbinset\u00a0\u00bb locked=\u00a0\u00bboff\u00a0\u00bb global_colors_info=\u00a0\u00bb{}\u00a0\u00bb border_radii__hover_enabled=\u00a0\u00bbon\u00a0\u00bb border_width_bottom__hover_enabled=\u00a0\u00bbon\u00a0\u00bb border_color_bottom__hover_enabled=\u00a0\u00bbon|hover\u00a0\u00bb border_color_bottom__hover=\u00a0\u00bb#4DBDC6&Prime; border_radii__hover=\u00a0\u00bb||||\u00a0\u00bb filter_saturate__hover_enabled=\u00a0\u00bbon\u00a0\u00bb filter_saturate__hover=\u00a0\u00bb100%\u00a0\u00bb border_width_bottom__hover=\u00a0\u00bb6px\u00a0\u00bb][\/et_pb_image][et_pb_text content_tablet=\u00a0\u00bb<\/p>\n<p><span style=%22color: #000000;%22><strong>Panel 5<br \/><\/strong>Vendredi 26 avril, 9h30<span style=%22text-decoration: underline;%22><strong><br \/><\/strong><\/span><\/span><\/p>\n<p>\u00a0\u00bb content_phone=\u00a0\u00bb<\/p>\n<p><span style=%22color: #000000;%22><strong>Panel 5<br \/><\/strong>Vendredi 26 avril, 9h30<span style=%22text-decoration: underline;%22><strong><br \/><\/strong><\/span><\/span><\/p>\n<p>\u00a0\u00bb content_last_edited=\u00a0\u00bbon|tablet\u00a0\u00bb _builder_version=\u00a0\u00bb4.23.2&Prime; header_font=\u00a0\u00bb||||||||\u00a0\u00bb header_4_font=\u00a0\u00bbMontserrat|700|||||||\u00a0\u00bb custom_margin=\u00a0\u00bb0px|0px|0px|0px\u00a0\u00bb custom_padding=\u00a0\u00bb0px|0px|5px|0px\u00a0\u00bb animation_style=\u00a0\u00bbfade\u00a0\u00bb animation_delay=\u00a0\u00bb100ms\u00a0\u00bb global_colors_info=\u00a0\u00bb{}\u00a0\u00bb]<\/p>\n<p><span style=\"color: #000000;\"><strong>Panel 5<\/strong> &#8211; vendredi 26 avril, 9h30<span style=\"text-decoration: underline;\"><strong><br \/><\/strong><\/span><\/span><\/p>\n<p>[\/et_pb_text][et_pb_text content_tablet=\u00a0\u00bb<\/p>\n<p><span style=%22color: #4dbdc6;%22><a href=%22https:\/\/www.droitdusport.com\/assises\/sportif-image-droits\/%22 style=%22color: #4dbdc6;%22><span style=%22text-decoration: underline;%22><span style=%22text-decoration: underline;%22><strong>Le sportif, son image et ses droits<\/strong><\/span><\/span><\/a><\/span><\/p>\n<p>Le monde \u00e9volue rapidement, les sportifs \u00e9galement ! L\u2019av\u00e8nement des nouvelles technologies et l\u2019omnipr\u00e9sence des r\u00e9seaux sociaux bousculent l\u2019ordre \u00e9tabli et offrent de nouvelles opportunit\u00e9s pour les sportifs disposant d\u2019une forte notori\u00e9t\u00e9. En cr\u00e9ant d\u00e9sormais un v\u00e9ritable&#8230;<br \/><a href=%22https:\/\/www.droitdusport.com\/assises\/sportif-image-droits\/%22><span style=%22color: #4dbdc6;%22><span style=%22text-decoration: underline;%22><em><strong>> Lire la suite<\/strong><\/em><\/span><\/span><\/a><\/p>\n<p>\u00a0\u00bb content_phone=\u00a0\u00bb<\/p>\n<p><span style=%22color: #4dbdc6;%22><a href=%22https:\/\/www.droitdusport.com\/assises\/sportif-image-droits\/%22 style=%22color: #4dbdc6;%22><span style=%22text-decoration: underline;%22><span style=%22text-decoration: underline;%22><strong>Le sportif, son image et ses droits<\/strong><\/span><\/span><\/a><\/span><\/p>\n<p>Le monde \u00e9volue rapidement, les sportifs \u00e9galement ! L\u2019av\u00e8nement des nouvelles technologies et l\u2019omnipr\u00e9sence des r\u00e9seaux sociaux bousculent l\u2019ordre \u00e9tabli et offrent de nouvelles opportunit\u00e9s pour les sportifs disposant d\u2019une forte notori\u00e9t\u00e9. En cr\u00e9ant d\u00e9sormais un v\u00e9ritable&#8230;<br \/><a href=%22https:\/\/www.droitdusport.com\/assises\/sportif-image-droits\/%22><span style=%22color: #4dbdc6;%22><span style=%22text-decoration: underline;%22><em><strong>> Lire la suite<\/strong><\/em><\/span><\/span><\/a><\/p>\n<p>\u00a0\u00bb content_last_edited=\u00a0\u00bbon|phone\u00a0\u00bb _builder_version=\u00a0\u00bb4.23.2&Prime; header_font=\u00a0\u00bb||||||||\u00a0\u00bb header_4_font=\u00a0\u00bbMontserrat|700|||||||\u00a0\u00bb custom_margin=\u00a0\u00bb0px|0px|0px|0px\u00a0\u00bb custom_padding=\u00a0\u00bb0px|0px|5px|0px\u00a0\u00bb animation_style=\u00a0\u00bbfade\u00a0\u00bb animation_delay=\u00a0\u00bb100ms\u00a0\u00bb global_colors_info=\u00a0\u00bb{}\u00a0\u00bb]<\/p>\n<p><span style=\"color: #4dbdc6;\"><a href=\"https:\/\/www.droitdusport.com\/assises\/sportif-image-droits\/\" style=\"color: #4dbdc6;\"><span style=\"text-decoration: underline;\"><span style=\"text-decoration: underline;\"><strong>Le sportif, son image et ses droits<\/strong><\/span><\/span><\/a><\/span><\/p>\n<p>Le monde \u00e9volue rapidement, les sportifs \u00e9galement ! L\u2019av\u00e8nement des nouvelles technologies et l\u2019omnipr\u00e9sence des r\u00e9seaux sociaux bousculent l\u2019ordre \u00e9tabli et offrent de nouvelles opportunit\u00e9s pour les sportifs disposant d\u2019une forte notori\u00e9t\u00e9. En cr\u00e9ant d\u00e9sormais un v\u00e9ritable&#8230;<a href=\"https:\/\/www.droitdusport.com\/assises\/sportif-image-droits\/\"> <span style=\"color: #4dbdc6;\"><span style=\"text-decoration: underline;\"><em><strong>&gt; Lire la suite<\/strong><\/em><\/span><\/span><\/a><\/p>\n<p>[\/et_pb_text][\/et_pb_column][et_pb_column type=\u00a0\u00bb1_3&Prime; _builder_version=\u00a0\u00bb4.16&Prime; custom_padding=\u00a0\u00bb|||\u00a0\u00bb global_colors_info=\u00a0\u00bb{}\u00a0\u00bb custom_padding__hover=\u00a0\u00bb|||\u00a0\u00bb][et_pb_image src=\u00a0\u00bbhttps:\/\/www.droitdusport.com\/assises\/wp-content\/uploads\/2023\/12\/panel-6-adds-6-scott-graham.jpg\u00a0\u00bb title_text=\u00a0\u00bbpanel-6-adds-6-scott-graham\u00a0\u00bb url=\u00a0\u00bbhttps:\/\/www.droitdusport.com\/assises\/droits-athletes\/\u00a0\u00bb align_tablet=\u00a0\u00bbcenter\u00a0\u00bb align_phone=\u00a0\u00bb\u00a0\u00bb align_last_edited=\u00a0\u00bbon|desktop\u00a0\u00bb module_class=\u00a0\u00bbzoom-image\u00a0\u00bb _builder_version=\u00a0\u00bb4.23.2&Prime; custom_margin=\u00a0\u00bb0px|0px|20px|0px\u00a0\u00bb custom_padding=\u00a0\u00bb0px|0px|0px|0px\u00a0\u00bb filter_saturate=\u00a0\u00bb0%\u00a0\u00bb animation_style=\u00a0\u00bbfade\u00a0\u00bb animation_delay=\u00a0\u00bb100ms\u00a0\u00bb border_width_bottom=\u00a0\u00bb6px\u00a0\u00bb border_style_bottom=\u00a0\u00bbinset\u00a0\u00bb locked=\u00a0\u00bboff\u00a0\u00bb global_colors_info=\u00a0\u00bb{}\u00a0\u00bb border_radii__hover_enabled=\u00a0\u00bbon\u00a0\u00bb border_width_bottom__hover_enabled=\u00a0\u00bbon|hover\u00a0\u00bb border_color_bottom__hover_enabled=\u00a0\u00bbon|hover\u00a0\u00bb border_color_bottom__hover=\u00a0\u00bb#4DBDC6&Prime; border_radii__hover=\u00a0\u00bb||||\u00a0\u00bb filter_saturate__hover_enabled=\u00a0\u00bbon\u00a0\u00bb filter_saturate__hover=\u00a0\u00bb100%\u00a0\u00bb border_width_bottom__hover=\u00a0\u00bb6px\u00a0\u00bb][\/et_pb_image][et_pb_text content_tablet=\u00a0\u00bb<\/p>\n<p><span style=%22color: #000000;%22><strong>Panel 6<br \/><\/strong>Vendredi 26 avril, 11h00<\/span><\/p>\n<p>\u00a0\u00bb content_phone=\u00a0\u00bb<\/p>\n<p><span style=%22color: #000000;%22><strong>Panel 6<br \/><\/strong>Vendredi 26 avril, 11h00<\/span><\/p>\n<p>\u00a0\u00bb content_last_edited=\u00a0\u00bbon|phone\u00a0\u00bb _builder_version=\u00a0\u00bb4.23.2&Prime; header_font=\u00a0\u00bb||||||||\u00a0\u00bb header_4_font=\u00a0\u00bbMontserrat|700|||||||\u00a0\u00bb custom_margin=\u00a0\u00bb0px|0px|0px|0px\u00a0\u00bb custom_padding=\u00a0\u00bb0px|0px|5px|0px\u00a0\u00bb animation_style=\u00a0\u00bbfade\u00a0\u00bb animation_delay=\u00a0\u00bb100ms\u00a0\u00bb global_colors_info=\u00a0\u00bb{}\u00a0\u00bb]<\/p>\n<p><span style=\"color: #000000;\"><strong>Panel 6<\/strong> &#8211; Vendredi 26 avril, 11h00<\/span><\/p>\n<p>[\/et_pb_text][et_pb_text content_tablet=\u00a0\u00bb<\/p>\n<p><span style=%22color: #4dbdc6;%22><a href=%22https:\/\/www.droitdusport.com\/assises\/declaration-universelle-droits-athletes\/%22 style=%22color: #4dbdc6;%22><span style=%22text-decoration: underline;%22><span style=%22text-decoration: underline;%22><strong>D\u00e9claration universelle des droits des athl\u00e8tes<\/strong><\/span><\/span><\/a><\/span><\/p>\n<p>Le Barreau de Paris pr\u00e9sentera \u00e0 l\u2019occasion des 6\u00e8mes Assises du droit du sport et \u00e0 quelques mois de Jeux de Paris 2024 un texte relatif aux droits et aux libert\u00e9s des sportifs. Sans valeur juridique contraignante, mais d\u2019une port\u00e9e symbolique, cette<em>&#8230;<br \/><\/em><span style=%22color: #4dbdc6;%22><a href=%22https:\/\/www.droitdusport.com\/assises\/declaration-universelle-droits-athletes\/%22 style=%22color: #4dbdc6;%22><span style=%22text-decoration: underline;%22><strong><em>> Lire la suite<\/em><\/strong><\/span><\/a><\/span><\/p>\n<p>\u00a0\u00bb content_phone=\u00a0\u00bb<\/p>\n<p><span style=%22color: #4dbdc6;%22><a href=%22https:\/\/www.droitdusport.com\/assises\/declaration-universelle-droits-athletes\/%22 style=%22color: #4dbdc6;%22><span style=%22text-decoration: underline;%22><span style=%22text-decoration: underline;%22><strong>D\u00e9claration universelle des droits des athl\u00e8tes<\/strong><\/span><\/span><\/a><\/span><\/p>\n<p>Le Barreau de Paris pr\u00e9sentera \u00e0 l\u2019occasion des 6\u00e8mes Assises du droit du sport et \u00e0 quelques mois de Jeux de Paris 2024 un texte relatif aux droits et aux libert\u00e9s des sportifs. Sans valeur juridique contraignante, mais d\u2019une port\u00e9e symbolique, cette<em>&#8230;<br \/><\/em><span style=%22color: #4dbdc6;%22><a href=%22https:\/\/www.droitdusport.com\/assises\/declaration-universelle-droits-athletes\/%22 style=%22color: #4dbdc6;%22><span style=%22text-decoration: underline;%22><strong><em>> Lire la suite<\/em><\/strong><\/span><\/a><\/span><\/p>\n<p>\u00a0\u00bb content_last_edited=\u00a0\u00bbon|phone\u00a0\u00bb _builder_version=\u00a0\u00bb4.24.2&Prime; header_font=\u00a0\u00bb||||||||\u00a0\u00bb header_4_font=\u00a0\u00bbMontserrat|700|||||||\u00a0\u00bb custom_margin=\u00a0\u00bb0px|0px|0px|0px\u00a0\u00bb custom_padding=\u00a0\u00bb0px|0px|5px|0px\u00a0\u00bb animation_style=\u00a0\u00bbfade\u00a0\u00bb animation_delay=\u00a0\u00bb100ms\u00a0\u00bb global_colors_info=\u00a0\u00bb{}\u00a0\u00bb]<\/p>\n<p><span style=\"color: #4dbdc6;\"><a href=\"https:\/\/www.droitdusport.com\/assises\/droits-athletes\/\" style=\"color: #4dbdc6;\"><span style=\"text-decoration: underline;\"><span style=\"text-decoration: underline;\"><strong>La d\u00e9claration des droits des athl\u00e8tes<\/strong><\/span><\/span><\/a><\/span><\/p>\n<p>Le Barreau de Paris pr\u00e9sentera \u00e0 l\u2019occasion des 6\u00e8mes Assises du droit du sport et \u00e0 quelques mois de Jeux de Paris 2024 un texte relatif aux droits et aux libert\u00e9s des sportifs. Sans valeur juridique contraignante, mais d\u2019une port\u00e9e symbolique, cette<em>&#8230; <\/em><span style=\"color: #4dbdc6;\"><a href=\"https:\/\/www.droitdusport.com\/assises\/droits-athletes\/\" style=\"color: #4dbdc6;\"><span style=\"text-decoration: underline;\"><strong><em>&gt; Lire la suite<\/em><\/strong><\/span><\/a><\/span><\/p>\n<p>[\/et_pb_text][\/et_pb_column][\/et_pb_row][\/et_pb_section][et_pb_section fb_built=\u00a0\u00bb1&Prime; disabled_on=\u00a0\u00bbon|on|on\u00a0\u00bb module_id=\u00a0\u00bbateliers\u00a0\u00bb _builder_version=\u00a0\u00bb4.25.1&Prime; background_color=\u00a0\u00bb#FFFFFF\u00a0\u00bb custom_padding=\u00a0\u00bb80px|0px|80px|0px|false|false\u00a0\u00bb disabled=\u00a0\u00bbon\u00a0\u00bb locked=\u00a0\u00bboff\u00a0\u00bb global_colors_info=\u00a0\u00bb{}\u00a0\u00bb][et_pb_row _builder_version=\u00a0\u00bb4.23.1&Prime; custom_margin=\u00a0\u00bb||\u00a0\u00bb custom_padding=\u00a0\u00bb0px|0px|0|0px|false|false\u00a0\u00bb global_colors_info=\u00a0\u00bb{}\u00a0\u00bb][et_pb_column type=\u00a0\u00bb4_4&Prime; _builder_version=\u00a0\u00bb4.16&Prime; background_blend=\u00a0\u00bbmultiply\u00a0\u00bb custom_padding=\u00a0\u00bb|||\u00a0\u00bb global_colors_info=\u00a0\u00bb{}\u00a0\u00bb custom_padding__hover=\u00a0\u00bb|||\u00a0\u00bb][et_pb_text _builder_version=\u00a0\u00bb4.24.2&Prime; text_font=\u00a0\u00bbMontserrat|700|||||||\u00a0\u00bb text_text_color=\u00a0\u00bb#282828&Prime; text_font_size=\u00a0\u00bb40px\u00a0\u00bb text_line_height=\u00a0\u00bb1.8em\u00a0\u00bb header_font=\u00a0\u00bbMontserrat|700|||||||\u00a0\u00bb header_text_color=\u00a0\u00bb#000000&Prime; header_font_size=\u00a0\u00bb40px\u00a0\u00bb header_2_font=\u00a0\u00bb||||||||\u00a0\u00bb header_2_text_color=\u00a0\u00bb#000000&Prime; custom_margin=\u00a0\u00bb0px||||false|false\u00a0\u00bb animation_style=\u00a0\u00bbfade\u00a0\u00bb animation_direction=\u00a0\u00bbtop\u00a0\u00bb animation_delay=\u00a0\u00bb100ms\u00a0\u00bb header_font_size_tablet=\u00a0\u00bb40px\u00a0\u00bb header_font_size_phone=\u00a0\u00bb27px\u00a0\u00bb header_font_size_last_edited=\u00a0\u00bbon|phone\u00a0\u00bb locked=\u00a0\u00bboff\u00a0\u00bb inline_fonts=\u00a0\u00bbGeorgia\u00a0\u00bb global_colors_info=\u00a0\u00bb{}\u00a0\u00bb]<\/p>\n<h1>Les ateliers pratiques<\/h1>\n<p>[\/et_pb_text][\/et_pb_column][\/et_pb_row][et_pb_row column_structure=\u00a0\u00bb1_2,1_2&Prime; _builder_version=\u00a0\u00bb4.24.2&Prime; custom_padding=\u00a0\u00bb27px|0px|0px|0px|false|false\u00a0\u00bb pac_drh_column_numbers_tablet=\u00a0\u00bbpac_drh_tab_col_two\u00a0\u00bb locked=\u00a0\u00bboff\u00a0\u00bb global_colors_info=\u00a0\u00bb{}\u00a0\u00bb][et_pb_column type=\u00a0\u00bb1_2&Prime; _builder_version=\u00a0\u00bb4.16&Prime; custom_padding=\u00a0\u00bb|||\u00a0\u00bb global_colors_info=\u00a0\u00bb{}\u00a0\u00bb custom_padding__hover=\u00a0\u00bb|||\u00a0\u00bb][et_pb_image src=\u00a0\u00bbhttps:\/\/www.droitdusport.com\/assises\/wp-content\/uploads\/2023\/12\/panel-1-adds-6-hunter-bryant.jpg\u00a0\u00bb title_text=\u00a0\u00bbpanel-1-adds-6-hunter-bryant\u00a0\u00bb url=\u00a0\u00bbhttps:\/\/www.droitdusport.com\/assises\/preserver-integrite-mentale-sportifs\/\u00a0\u00bb align_tablet=\u00a0\u00bbcenter\u00a0\u00bb align_phone=\u00a0\u00bb\u00a0\u00bb align_last_edited=\u00a0\u00bbon|desktop\u00a0\u00bb module_class=\u00a0\u00bbzoom-image\u00a0\u00bb _builder_version=\u00a0\u00bb4.24.3&Prime; custom_margin=\u00a0\u00bb0px|0px|20px|0px\u00a0\u00bb custom_padding=\u00a0\u00bb0px|0px|0px|0px\u00a0\u00bb filter_saturate=\u00a0\u00bb0%\u00a0\u00bb animation_style=\u00a0\u00bbfade\u00a0\u00bb animation_delay=\u00a0\u00bb100ms\u00a0\u00bb border_width_bottom=\u00a0\u00bb6px\u00a0\u00bb border_style_bottom=\u00a0\u00bbinset\u00a0\u00bb locked=\u00a0\u00bboff\u00a0\u00bb global_colors_info=\u00a0\u00bb{}\u00a0\u00bb border_radii__hover_enabled=\u00a0\u00bbon\u00a0\u00bb border_width_bottom__hover_enabled=\u00a0\u00bbon|hover\u00a0\u00bb border_color_bottom__hover_enabled=\u00a0\u00bbon|hover\u00a0\u00bb border_color_bottom__hover=\u00a0\u00bb#4DBDC6&Prime; border_radii__hover=\u00a0\u00bb||||\u00a0\u00bb filter_saturate__hover_enabled=\u00a0\u00bbon\u00a0\u00bb filter_saturate__hover=\u00a0\u00bb100%\u00a0\u00bb border_width_bottom__hover=\u00a0\u00bb6px\u00a0\u00bb][\/et_pb_image][et_pb_text content_tablet=\u00a0\u00bb<\/p>\n<p><span style=%22color: #000000;%22><strong>Atelier pratique 1<br \/><\/strong>jeudi 25 avril, 11h45 \u00e0 13h00<\/span><\/p>\n<p>\u00a0\u00bb content_phone=\u00a0\u00bb<\/p>\n<p><span style=%22color: #000000;%22><strong>Atelier pratique 1<br \/><\/strong>jeudi 25 avril, 11h45 \u00e0 13h00<\/span><span style=%22color: #000000;%22><\/span><\/p>\n<p>\u00a0\u00bb content_last_edited=\u00a0\u00bbon|phone\u00a0\u00bb _builder_version=\u00a0\u00bb4.24.2&Prime; header_font=\u00a0\u00bb||||||||\u00a0\u00bb header_4_font=\u00a0\u00bbMontserrat|700|||||||\u00a0\u00bb custom_margin=\u00a0\u00bb0px|0px|0px|0px\u00a0\u00bb custom_padding=\u00a0\u00bb0px|0px|5px|0px\u00a0\u00bb custom_padding_tablet=\u00a0\u00bb||||false|false\u00a0\u00bb custom_padding_phone=\u00a0\u00bb||||false|false\u00a0\u00bb custom_padding_last_edited=\u00a0\u00bbon|phone\u00a0\u00bb animation_style=\u00a0\u00bbfade\u00a0\u00bb animation_delay=\u00a0\u00bb100ms\u00a0\u00bb locked=\u00a0\u00bboff\u00a0\u00bb global_colors_info=\u00a0\u00bb{}\u00a0\u00bb]<\/p>\n<p><span style=\"color: #000000;\"><strong>Atelier pratique 1 <\/strong>&#8211; jeudi 25 avril, 11h45 \u00e0 13h00<span style=\"text-decoration: underline;\"><strong><br \/><\/strong><\/span><\/span><\/p>\n<p>[\/et_pb_text][et_pb_text content_tablet=\u00a0\u00bb<\/p>\n<p><a href=%22https:\/\/www.droitdusport.com\/assises\/preserver-integrite-mentale-sportifs\/%22><span style=%22text-decoration: underline; color: #4dbdc6;%22><span style=%22text-decoration: underline;%22><strong>Pr\u00e9server l&rsquo;int\u00e9grit\u00e9 mentale des sportifs<\/strong><\/span><\/span><\/a><\/p>\n<p class=%22p1%22>La probl\u00e9matique de l&rsquo;int\u00e9grit\u00e9 mentale des sportifs est devenue une pr\u00e9occupation majeure dans le monde du sport, suscitant des discussions et des actions visant \u00e0 mieux comprendre et \u00e0 soutenir la sant\u00e9 mentale des athl\u00e8tes. Confront\u00e9s au d\u00e9fi constant de la performance physique, soumis \u00e0 de nombreuses pressions, vivant une forme&#8230; <a href=%22https:\/\/www.droitdusport.com\/assises\/preserver-integrite-mentale-sportifs\/%22><span style=%22text-decoration: underline; color: #4dbdc6;%22><em><strong>> Lire la suite<\/strong><\/em><\/span><\/a><\/p>\n<p>\u00a0\u00bb content_phone=\u00a0\u00bb<\/p>\n<p><a href=%22https:\/\/www.droitdusport.com\/assises\/preserver-integrite-mentale-sportifs\/%22><span style=%22text-decoration: underline; color: #4dbdc6;%22><span style=%22text-decoration: underline;%22><strong>Pr\u00e9server l&rsquo;int\u00e9grit\u00e9 mentale des sportifs<\/strong><\/span><\/span><\/a><\/p>\n<p class=%22p1%22>La probl\u00e9matique de l&rsquo;int\u00e9grit\u00e9 mentale des sportifs est devenue une pr\u00e9occupation majeure dans le monde du sport, suscitant des discussions et des actions visant \u00e0 mieux comprendre et \u00e0 soutenir la sant\u00e9 mentale des athl\u00e8tes. Confront\u00e9s au d\u00e9fi constant de la performance physique, soumis \u00e0 de nombreuses pressions, vivant une forme&#8230;<br \/><a href=%22https:\/\/www.droitdusport.com\/assises\/preserver-integrite-mentale-sportifs\/%22><span style=%22text-decoration: underline; color: #4dbdc6;%22><em><strong>> Lire la suite<\/strong><\/em><\/span><\/a><\/p>\n<p>\u00a0\u00bb content_last_edited=\u00a0\u00bbon|phone\u00a0\u00bb _builder_version=\u00a0\u00bb4.24.3&Prime; header_font=\u00a0\u00bb||||||||\u00a0\u00bb header_4_font=\u00a0\u00bbMontserrat|700|||||||\u00a0\u00bb custom_margin=\u00a0\u00bb0px|0px|0px|0px\u00a0\u00bb custom_padding=\u00a0\u00bb0px|0px|5px|0px|false|false\u00a0\u00bb custom_padding_tablet=\u00a0\u00bb||||false|false\u00a0\u00bb custom_padding_phone=\u00a0\u00bb0px|0px|5px||false|false\u00a0\u00bb custom_padding_last_edited=\u00a0\u00bbon|phone\u00a0\u00bb animation_style=\u00a0\u00bbfade\u00a0\u00bb animation_delay=\u00a0\u00bb100ms\u00a0\u00bb locked=\u00a0\u00bboff\u00a0\u00bb global_colors_info=\u00a0\u00bb{}\u00a0\u00bb]<\/p>\n<p><a href=\"https:\/\/www.droitdusport.com\/assises\/preserver-integrite-mentale-sportifs\/\"><span style=\"text-decoration: underline; color: #4dbdc6;\"><span style=\"text-decoration: underline;\"><strong>Pr\u00e9server l&rsquo;int\u00e9grit\u00e9 mentale des sportifs<\/strong><\/span><\/span><\/a><\/p>\n<p class=\"p1\">La probl\u00e9matique de l&rsquo;int\u00e9grit\u00e9 mentale des sportifs est devenue une pr\u00e9occupation majeure dans le monde du sport, suscitant des discussions et des actions visant \u00e0 mieux comprendre et \u00e0 soutenir la sant\u00e9 mentale des athl\u00e8tes. Confront\u00e9s au d\u00e9fi constant de la performance physique, soumis \u00e0 de nombreuses pressions, vivant une forme&#8230; <a href=\"https:\/\/www.droitdusport.com\/assises\/preserver-integrite-mentale-sportifs\/\"><span style=\"text-decoration: underline; color: #4dbdc6;\"><em><strong>&gt; Lire la suite<\/strong><\/em><\/span><\/a><\/p>\n<p>[\/et_pb_text][\/et_pb_column][et_pb_column type=\u00a0\u00bb1_2&Prime; _builder_version=\u00a0\u00bb4.16&Prime; custom_padding=\u00a0\u00bb|||\u00a0\u00bb global_colors_info=\u00a0\u00bb{}\u00a0\u00bb custom_padding__hover=\u00a0\u00bb|||\u00a0\u00bb][et_pb_image src=\u00a0\u00bbhttps:\/\/www.droitdusport.com\/assises\/wp-content\/uploads\/2024\/02\/atelier-pratique-data-sport.jpg\u00a0\u00bb title_text=\u00a0\u00bbatelier-pratique-data-sport\u00a0\u00bb url=\u00a0\u00bbhttps:\/\/www.droitdusport.com\/assises\/datas-foot-professionnel\/\u00a0\u00bb align_tablet=\u00a0\u00bbcenter\u00a0\u00bb align_phone=\u00a0\u00bb\u00a0\u00bb align_last_edited=\u00a0\u00bbon|desktop\u00a0\u00bb module_class=\u00a0\u00bbzoom-image\u00a0\u00bb _builder_version=\u00a0\u00bb4.24.2&Prime; custom_margin=\u00a0\u00bb0px|0px|20px|0px\u00a0\u00bb custom_padding=\u00a0\u00bb0px|0px|0px|0px\u00a0\u00bb filter_saturate=\u00a0\u00bb0%\u00a0\u00bb animation_style=\u00a0\u00bbfade\u00a0\u00bb animation_delay=\u00a0\u00bb100ms\u00a0\u00bb border_width_bottom=\u00a0\u00bb6px\u00a0\u00bb border_style_bottom=\u00a0\u00bbinset\u00a0\u00bb locked=\u00a0\u00bboff\u00a0\u00bb global_colors_info=\u00a0\u00bb{}\u00a0\u00bb border_radii__hover_enabled=\u00a0\u00bbon\u00a0\u00bb border_width_bottom__hover_enabled=\u00a0\u00bbon\u00a0\u00bb border_color_bottom__hover_enabled=\u00a0\u00bbon|hover\u00a0\u00bb border_color_bottom__hover=\u00a0\u00bb#4DBDC6&Prime; border_radii__hover=\u00a0\u00bb||||\u00a0\u00bb filter_saturate__hover_enabled=\u00a0\u00bbon\u00a0\u00bb filter_saturate__hover=\u00a0\u00bb100%\u00a0\u00bb border_width_bottom__hover=\u00a0\u00bb6px\u00a0\u00bb][\/et_pb_image][et_pb_text content_tablet=\u00a0\u00bb<\/p>\n<p><span style=%22color: #000000;%22><strong>Atelier pratique 2<br \/><\/strong>jeudi 25 avril, 14h15 \u00e0 15h30<\/span><\/p>\n<p>\u00a0\u00bb content_phone=\u00a0\u00bb<\/p>\n<p><span style=%22color: #000000;%22><strong>Atelier pratique 2<br \/><\/strong>jeudi 25 avril, 14h15 \u00e0 15h30<\/span><\/p>\n<p>\u00a0\u00bb content_last_edited=\u00a0\u00bbon|phone\u00a0\u00bb _builder_version=\u00a0\u00bb4.24.2&Prime; header_font=\u00a0\u00bb||||||||\u00a0\u00bb header_4_font=\u00a0\u00bbMontserrat|700|||||||\u00a0\u00bb custom_margin=\u00a0\u00bb0px|0px|0px|0px\u00a0\u00bb custom_padding=\u00a0\u00bb0px|0px|5px|0px\u00a0\u00bb custom_padding_tablet=\u00a0\u00bb0px|0px|5px|0px\u00a0\u00bb custom_padding_phone=\u00a0\u00bb||||false|false\u00a0\u00bb custom_padding_last_edited=\u00a0\u00bbon|phone\u00a0\u00bb animation_style=\u00a0\u00bbfade\u00a0\u00bb animation_delay=\u00a0\u00bb100ms\u00a0\u00bb locked=\u00a0\u00bboff\u00a0\u00bb global_colors_info=\u00a0\u00bb{}\u00a0\u00bb]<\/p>\n<p><span style=\"color: #000000;\"><strong>Atelier pratique 2 &#8211; <\/strong>jeudi 25 avril, 14h15 \u00e0 15h30<\/span><\/p>\n<p>[\/et_pb_text][et_pb_text content_tablet=\u00a0\u00bb<\/p>\n<p><a href=%22https:\/\/www.droitdusport.com\/assises\/datas-foot-professionnel\/%22><span style=%22text-decoration: underline; color: #4dbdc6;%22><span style=%22text-decoration: underline;%22><strong>Les datas, nouvelles ressources financi\u00e8res du foot pro ?<\/strong><\/span><\/span><\/a><\/p>\n<p>Dans le football professionnel, les donn\u00e9es relatives aux joueurs sont omnipr\u00e9sentes et d\u2019ores et d\u00e9j\u00e0 exploit\u00e9es \u00e0 de multiples fins, sans qu\u2019il existe n\u00e9cessairement un cadre juridique adapt\u00e9.<br \/>Pourtant, la nature de la data fait que celle-ci pourrait ais\u00e9ment \u00eatre \u00e9rig\u00e9e au rang de droit de la personnalit\u00e9,&#8230;<br \/><a href=%22https:\/\/www.droitdusport.com\/assises\/datas-foot-professionnel\/%22><span style=%22text-decoration: underline; color: #4dbdc6;%22><em><strong>> Lire la suite<\/strong><\/em><\/span><\/a><\/p>\n<p>\u00a0\u00bb content_phone=\u00a0\u00bb<\/p>\n<p><a href=%22https:\/\/www.droitdusport.com\/assises\/datas-foot-professionnel\/%22><span style=%22text-decoration: underline; color: #4dbdc6;%22><span style=%22text-decoration: underline;%22><strong>Les datas, nouvelles ressources financi\u00e8res du foot pro ?<\/strong><\/span><\/span><\/a><\/p>\n<p>Dans le football professionnel, les donn\u00e9es relatives aux joueurs sont omnipr\u00e9sentes et d\u2019ores et d\u00e9j\u00e0 exploit\u00e9es \u00e0 de multiples fins, sans qu\u2019il existe n\u00e9cessairement un cadre juridique adapt\u00e9.<br \/>Pourtant, la nature de la data fait que celle-ci pourrait ais\u00e9ment \u00eatre \u00e9rig\u00e9e au rang de droit de la personnalit\u00e9,&#8230; <a href=%22https:\/\/www.droitdusport.com\/assises\/datas-foot-professionnel\/%22><span style=%22text-decoration: underline; color: #4dbdc6;%22><em><strong>> Lire la suite<\/strong><\/em><\/span><\/a><\/p>\n<p>\u00a0\u00bb content_last_edited=\u00a0\u00bbon|phone\u00a0\u00bb _builder_version=\u00a0\u00bb4.24.2&Prime; header_font=\u00a0\u00bb||||||||\u00a0\u00bb header_4_font=\u00a0\u00bbMontserrat|700|||||||\u00a0\u00bb custom_margin=\u00a0\u00bb0px|0px|0px|0px\u00a0\u00bb custom_padding=\u00a0\u00bb0px|0px|5px|0px|false|false\u00a0\u00bb custom_padding_tablet=\u00a0\u00bb||||false|false\u00a0\u00bb custom_padding_phone=\u00a0\u00bb0px|0px|5px||false|false\u00a0\u00bb custom_padding_last_edited=\u00a0\u00bbon|tablet\u00a0\u00bb animation_style=\u00a0\u00bbfade\u00a0\u00bb animation_delay=\u00a0\u00bb100ms\u00a0\u00bb locked=\u00a0\u00bboff\u00a0\u00bb global_colors_info=\u00a0\u00bb{}\u00a0\u00bb]<\/p>\n<p><a href=\"https:\/\/www.droitdusport.com\/assises\/datas-foot-professionnel\/\"><span style=\"text-decoration: underline; color: #4dbdc6;\"><span style=\"text-decoration: underline;\"><strong>Les datas, nouvelles ressources financi\u00e8res du foot pro ?<\/strong><\/span><\/span><\/a><\/p>\n<p>Dans le football professionnel, les donn\u00e9es relatives aux joueurs sont omnipr\u00e9sentes et d\u2019ores et d\u00e9j\u00e0 exploit\u00e9es \u00e0 de multiples fins, sans qu\u2019il existe n\u00e9cessairement un cadre juridique adapt\u00e9.<br \/>Pourtant, la nature de la data fait que celle-ci pourrait ais\u00e9ment \u00eatre \u00e9rig\u00e9e au rang de droit de la personnalit\u00e9,&#8230; <a href=\"https:\/\/www.droitdusport.com\/assises\/datas-foot-professionnel\/\"><span style=\"text-decoration: underline; color: #4dbdc6;\"><em><strong>&gt; Lire la suite<\/strong><\/em><\/span><\/a><\/p>\n<p>[\/et_pb_text][\/et_pb_column][\/et_pb_row][et_pb_row column_structure=\u00a0\u00bb1_2,1_2&Prime; _builder_version=\u00a0\u00bb4.24.2&Prime; custom_padding=\u00a0\u00bb27px|0px|0px|0px|false|false\u00a0\u00bb pac_drh_column_numbers_tablet=\u00a0\u00bbpac_drh_tab_col_two\u00a0\u00bb locked=\u00a0\u00bboff\u00a0\u00bb global_colors_info=\u00a0\u00bb{}\u00a0\u00bb][et_pb_column type=\u00a0\u00bb1_2&Prime; _builder_version=\u00a0\u00bb4.16&Prime; custom_padding=\u00a0\u00bb|||\u00a0\u00bb global_colors_info=\u00a0\u00bb{}\u00a0\u00bb custom_padding__hover=\u00a0\u00bb|||\u00a0\u00bb][et_pb_image src=\u00a0\u00bbhttps:\/\/www.droitdusport.com\/assises\/wp-content\/uploads\/2024\/02\/atelier-pratique-Stabilite-contractuelle.jpg\u00a0\u00bb title_text=\u00a0\u00bbatelier-pratique-Stabilite\u0301-contractuelle\u00a0\u00bb url=\u00a0\u00bbhttps:\/\/www.droitdusport.com\/assises\/stabilite-contractuelle\/\u00a0\u00bb align_tablet=\u00a0\u00bbcenter\u00a0\u00bb align_phone=\u00a0\u00bb\u00a0\u00bb align_last_edited=\u00a0\u00bbon|desktop\u00a0\u00bb module_class=\u00a0\u00bbzoom-image\u00a0\u00bb _builder_version=\u00a0\u00bb4.24.2&Prime; custom_margin=\u00a0\u00bb0px|0px|20px|0px\u00a0\u00bb custom_padding=\u00a0\u00bb0px|0px|0px|0px\u00a0\u00bb filter_saturate=\u00a0\u00bb0%\u00a0\u00bb animation_style=\u00a0\u00bbfade\u00a0\u00bb animation_delay=\u00a0\u00bb100ms\u00a0\u00bb border_width_bottom=\u00a0\u00bb6px\u00a0\u00bb border_style_bottom=\u00a0\u00bbinset\u00a0\u00bb locked=\u00a0\u00bboff\u00a0\u00bb global_colors_info=\u00a0\u00bb{}\u00a0\u00bb border_radii__hover_enabled=\u00a0\u00bbon\u00a0\u00bb border_width_bottom__hover_enabled=\u00a0\u00bbon|hover\u00a0\u00bb border_color_bottom__hover_enabled=\u00a0\u00bbon|hover\u00a0\u00bb border_color_bottom__hover=\u00a0\u00bb#4DBDC6&Prime; border_radii__hover=\u00a0\u00bb||||\u00a0\u00bb filter_saturate__hover_enabled=\u00a0\u00bbon\u00a0\u00bb filter_saturate__hover=\u00a0\u00bb100%\u00a0\u00bb border_width_bottom__hover=\u00a0\u00bb6px\u00a0\u00bb][\/et_pb_image][et_pb_text content_tablet=\u00a0\u00bb<\/p>\n<p><span style=%22color: #000000;%22><strong>Atelier pratique 3<br \/><\/strong>jeudi 25 avril, 16h00 \u00e0 17h30<\/span><\/p>\n<p>\u00a0\u00bb content_phone=\u00a0\u00bb<\/p>\n<p><span style=%22color: #000000;%22><strong>Atelier pratique 3<br \/><\/strong><\/span><span style=%22color: #000000;%22>jeudi 25 avril, 16h00 \u00e0 17h30<\/span><\/p>\n<p>\u00a0\u00bb content_last_edited=\u00a0\u00bbon|phone\u00a0\u00bb _builder_version=\u00a0\u00bb4.24.2&Prime; header_font=\u00a0\u00bb||||||||\u00a0\u00bb header_4_font=\u00a0\u00bbMontserrat|700|||||||\u00a0\u00bb custom_margin=\u00a0\u00bb0px|0px|0px|0px\u00a0\u00bb custom_padding=\u00a0\u00bb0px|0px|5px|0px\u00a0\u00bb custom_padding_tablet=\u00a0\u00bb||||false|false\u00a0\u00bb custom_padding_phone=\u00a0\u00bb||||false|false\u00a0\u00bb custom_padding_last_edited=\u00a0\u00bbon|phone\u00a0\u00bb animation_style=\u00a0\u00bbfade\u00a0\u00bb animation_delay=\u00a0\u00bb100ms\u00a0\u00bb locked=\u00a0\u00bboff\u00a0\u00bb global_colors_info=\u00a0\u00bb{}\u00a0\u00bb]<\/p>\n<p><span style=\"color: #000000;\"><strong>Atelier pratique 3 &#8211;<\/strong>\u00a0jeudi 25 avril, 16h00 \u00e0 17h30<span style=\"text-decoration: underline;\"><strong><br \/><\/strong><\/span><\/span><\/p>\n<p>[\/et_pb_text][et_pb_text content_tablet=\u00a0\u00bb<\/p>\n<p><a href=%22https:\/\/www.droitdusport.com\/assises\/stabilite-contractuelle\/%22><span style=%22text-decoration: underline; color: #4dbdc6;%22><span style=%22text-decoration: underline;%22><strong>Stabilit\u00e9 contractuelle, transferts et libert\u00e9 de circulation des joueurs de foot<\/strong><\/span><\/span><\/a><\/p>\n<p>Le syst\u00e8me des transferts dans le football est-il compatible avec le principe de libre circulation des travailleurs reconnu par le Trait\u00e9 sur le fonctionnement de l&rsquo;Union europ\u00e9enne (TFUE, art. 45) ?<br \/>La question n&rsquo;est pas nouvelle puisque, d\u00e9j\u00e0, dans l&rsquo;arr\u00eat Bosman du 15 d\u00e9cembre 1995, la Cour de justice de l&rsquo;UE avait&#8230; <a href=%22https:\/\/www.droitdusport.com\/assises\/stabilite-contractuelle\/%22><span style=%22text-decoration: underline; color: #4dbdc6;%22><em><strong>> Lire la suite<\/strong><\/em><\/span><\/a><\/p>\n<p>\u00a0\u00bb content_phone=\u00a0\u00bb<\/p>\n<p><a href=%22https:\/\/www.droitdusport.com\/assises\/stabilite-contractuelle\/%22><span style=%22text-decoration: underline; color: #4dbdc6;%22><span style=%22text-decoration: underline;%22><strong>Stabilit\u00e9 contractuelle, transferts et libert\u00e9 de circulation des joueurs de foot<\/strong><\/span><\/span><\/a><\/p>\n<p>Le syst\u00e8me des transferts dans le football est-il compatible avec le principe de libre circulation des travailleurs reconnu par le Trait\u00e9 sur le fonctionnement de l&rsquo;Union europ\u00e9enne (TFUE, art. 45) ?<br \/>La question n&rsquo;est pas nouvelle puisque, d\u00e9j\u00e0, dans l&rsquo;arr\u00eat Bosman du 15 d\u00e9cembre 1995, la Cour de justice de l&rsquo;UE avait&#8230; <a href=%22https:\/\/www.droitdusport.com\/assises\/stabilite-contractuelle\/%22><span style=%22text-decoration: underline; color: #4dbdc6;%22><em><strong>> Lire la suite<\/strong><\/em><\/span><\/a><\/p>\n<p>\u00a0\u00bb content_last_edited=\u00a0\u00bbon|desktop\u00a0\u00bb _builder_version=\u00a0\u00bb4.24.2&Prime; header_font=\u00a0\u00bb||||||||\u00a0\u00bb header_4_font=\u00a0\u00bbMontserrat|700|||||||\u00a0\u00bb custom_margin=\u00a0\u00bb0px|0px|0px|0px\u00a0\u00bb custom_padding=\u00a0\u00bb0px|0px|5px|0px\u00a0\u00bb custom_padding_tablet=\u00a0\u00bb||||false|false\u00a0\u00bb custom_padding_phone=\u00a0\u00bb||||false|false\u00a0\u00bb custom_padding_last_edited=\u00a0\u00bbon|phone\u00a0\u00bb animation_style=\u00a0\u00bbfade\u00a0\u00bb animation_delay=\u00a0\u00bb100ms\u00a0\u00bb locked=\u00a0\u00bboff\u00a0\u00bb global_colors_info=\u00a0\u00bb{}\u00a0\u00bb]<\/p>\n<p><a href=\"https:\/\/www.droitdusport.com\/assises\/stabilite-contractuelle\/\"><span style=\"text-decoration: underline; color: #4dbdc6;\"><span style=\"text-decoration: underline;\"><strong>Stabilit\u00e9 contractuelle, transferts et libert\u00e9 de circulation des joueurs de foot<\/strong><\/span><\/span><\/a><\/p>\n<p>Le syst\u00e8me des transferts dans le football est-il compatible avec le principe de libre circulation des travailleurs reconnu par le Trait\u00e9 sur le fonctionnement de l&rsquo;Union europ\u00e9enne (TFUE, art. 45) ?<br \/>La question n&rsquo;est pas nouvelle puisque, d\u00e9j\u00e0, dans l&rsquo;arr\u00eat Bosman du 15 d\u00e9cembre 1995, la Cour de justice de l&rsquo;UE avait&#8230; <a href=\"https:\/\/www.droitdusport.com\/assises\/stabilite-contractuelle\/\"><span style=\"text-decoration: underline; color: #4dbdc6;\"><em><strong>&gt; Lire la suite<\/strong><\/em><\/span><\/a><\/p>\n<p>[\/et_pb_text][\/et_pb_column][et_pb_column type=\u00a0\u00bb1_2&Prime; _builder_version=\u00a0\u00bb4.16&Prime; custom_padding=\u00a0\u00bb|||\u00a0\u00bb global_colors_info=\u00a0\u00bb{}\u00a0\u00bb custom_padding__hover=\u00a0\u00bb|||\u00a0\u00bb][et_pb_image src=\u00a0\u00bbhttps:\/\/www.droitdusport.com\/assises\/wp-content\/uploads\/2024\/02\/atelier-pratique-abus-sexuels-sport.jpg\u00a0\u00bb title_text=\u00a0\u00bbatelier-pratique-abus-sexuels-sport\u00a0\u00bb url=\u00a0\u00bbhttps:\/\/www.droitdusport.com\/assises\/abus-sexuels\/\u00a0\u00bb align_tablet=\u00a0\u00bbcenter\u00a0\u00bb align_phone=\u00a0\u00bb\u00a0\u00bb align_last_edited=\u00a0\u00bbon|desktop\u00a0\u00bb module_class=\u00a0\u00bbzoom-image\u00a0\u00bb _builder_version=\u00a0\u00bb4.24.2&Prime; custom_margin=\u00a0\u00bb0px|0px|20px|0px\u00a0\u00bb custom_padding=\u00a0\u00bb0px|0px|0px|0px\u00a0\u00bb filter_saturate=\u00a0\u00bb0%\u00a0\u00bb animation_style=\u00a0\u00bbfade\u00a0\u00bb animation_delay=\u00a0\u00bb100ms\u00a0\u00bb border_width_bottom=\u00a0\u00bb6px\u00a0\u00bb border_style_bottom=\u00a0\u00bbinset\u00a0\u00bb locked=\u00a0\u00bboff\u00a0\u00bb global_colors_info=\u00a0\u00bb{}\u00a0\u00bb border_radii__hover_enabled=\u00a0\u00bbon\u00a0\u00bb border_width_bottom__hover_enabled=\u00a0\u00bbon\u00a0\u00bb border_color_bottom__hover_enabled=\u00a0\u00bbon|hover\u00a0\u00bb border_color_bottom__hover=\u00a0\u00bb#4DBDC6&Prime; border_radii__hover=\u00a0\u00bb||||\u00a0\u00bb filter_saturate__hover_enabled=\u00a0\u00bbon\u00a0\u00bb filter_saturate__hover=\u00a0\u00bb100%\u00a0\u00bb border_width_bottom__hover=\u00a0\u00bb6px\u00a0\u00bb][\/et_pb_image][et_pb_text content_tablet=\u00a0\u00bb<\/p>\n<p><span style=%22color: #000000;%22><strong>Atelier pratique 4<br \/><\/strong>vendredi 26 avril, 9h30 \u00e0 10h45<\/span><\/p>\n<p>\u00a0\u00bb content_phone=\u00a0\u00bb<\/p>\n<p><span style=%22color: #000000;%22><strong>Atelier pratique 4<br \/><\/strong><\/span><span style=%22color: #000000;%22>vendredi 26 avril, 9h30 \u00e0 10h45<\/span><\/p>\n<p>\u00a0\u00bb content_last_edited=\u00a0\u00bbon|desktop\u00a0\u00bb _builder_version=\u00a0\u00bb4.24.2&Prime; header_font=\u00a0\u00bb||||||||\u00a0\u00bb header_4_font=\u00a0\u00bbMontserrat|700|||||||\u00a0\u00bb custom_margin=\u00a0\u00bb0px|0px|0px|0px\u00a0\u00bb custom_padding=\u00a0\u00bb0px|0px|5px|0px\u00a0\u00bb custom_padding_tablet=\u00a0\u00bb0px|0px|5px|0px\u00a0\u00bb custom_padding_phone=\u00a0\u00bb0px|0px|5px||false|false\u00a0\u00bb custom_padding_last_edited=\u00a0\u00bbon|phone\u00a0\u00bb animation_style=\u00a0\u00bbfade\u00a0\u00bb animation_delay=\u00a0\u00bb100ms\u00a0\u00bb locked=\u00a0\u00bboff\u00a0\u00bb global_colors_info=\u00a0\u00bb{}\u00a0\u00bb]<\/p>\n<p><span style=\"color: #000000;\"><strong>Atelier pratique 4 <\/strong>&#8211; vendredi 26 avril, 9h30 \u00e0 10h45<span style=\"text-decoration: underline;\"><strong><br \/><\/strong><\/span><\/span><\/p>\n<p>[\/et_pb_text][et_pb_text content_tablet=\u00a0\u00bb<\/p>\n<p><span style=%22text-decoration: underline; color: #4dbdc6;%22><span style=%22text-decoration: underline;%22><strong><a href=%22https:\/\/www.droitdusport.com\/assises\/abus-sexuels\/%22>Abus sexuels dans le sport : Pr\u00e9venir les situations \u00e0 risques pour mieux garantir l\u2019honorabilit\u00e9 des entra\u00eeneurs<\/a><br \/><\/strong><\/span><\/span><\/p>\n<p class=%22p1%22>La probl\u00e9matique des abus sexuels dans le sport est une r\u00e9alit\u00e9 complexe et d\u00e9licate qui peut se manifester sous diff\u00e9rentes formes et toucher des athl\u00e8tes de tous \u00e2ges, de tous niveaux de comp\u00e9tition et de toutes disciplines sportives.<br \/>Face \u00e0 ce fl\u00e9au qui a longtemps b\u00e9n\u00e9fici\u00e9 de la culture&#8230; <a href=%22https:\/\/www.droitdusport.com\/assises\/abus-sexuels\/%22><span style=%22text-decoration: underline; color: #4dbdc6;%22><em><strong>> Lire la suite<\/strong><\/em><\/span><\/a><\/p>\n<p>\u00a0\u00bb content_phone=\u00a0\u00bb<\/p>\n<p><span style=%22text-decoration: underline; color: #4dbdc6;%22><span style=%22text-decoration: underline;%22><strong><a href=%22https:\/\/www.droitdusport.com\/assises\/abus-sexuels\/%22>Abus sexuels dans le sport : Pr\u00e9venir les situations \u00e0 risques pour mieux garantir l\u2019honorabilit\u00e9 des entra\u00eeneurs<\/a><br \/><\/strong><\/span><\/span><\/p>\n<p class=%22p1%22>La probl\u00e9matique des abus sexuels dans le sport est une r\u00e9alit\u00e9 complexe et d\u00e9licate qui peut se manifester sous diff\u00e9rentes formes et toucher des athl\u00e8tes de tous \u00e2ges, de tous niveaux de comp\u00e9tition et de toutes disciplines sportives.<br \/>Face \u00e0 ce fl\u00e9au qui a longtemps b\u00e9n\u00e9fici\u00e9 de la culture&#8230; <a href=%22https:\/\/www.droitdusport.com\/assises\/abus-sexuels\/%22><span style=%22text-decoration: underline; color: #4dbdc6;%22><em><strong>> Lire la suite<\/strong><\/em><\/span><\/a><\/p>\n<p>\u00a0\u00bb content_last_edited=\u00a0\u00bbon|phone\u00a0\u00bb _builder_version=\u00a0\u00bb4.24.3&Prime; header_font=\u00a0\u00bb||||||||\u00a0\u00bb header_4_font=\u00a0\u00bbMontserrat|700|||||||\u00a0\u00bb custom_margin=\u00a0\u00bb0px|0px|0px|0px\u00a0\u00bb custom_padding=\u00a0\u00bb0px|0px|5px|0px\u00a0\u00bb custom_padding_tablet=\u00a0\u00bb0px|0px|5px|0px\u00a0\u00bb custom_padding_phone=\u00a0\u00bb||||false|false\u00a0\u00bb custom_padding_last_edited=\u00a0\u00bbon|phone\u00a0\u00bb animation_style=\u00a0\u00bbfade\u00a0\u00bb animation_delay=\u00a0\u00bb100ms\u00a0\u00bb locked=\u00a0\u00bboff\u00a0\u00bb global_colors_info=\u00a0\u00bb{}\u00a0\u00bb]<\/p>\n<p><span style=\"text-decoration: underline; color: #4dbdc6;\"><span style=\"text-decoration: underline;\"><strong><a href=\"https:\/\/www.droitdusport.com\/assises\/abus-sexuels\/\">Protection des pratiquants et des acteurs : Pr\u00e9venir les situations \u00e0 risques pour garantir et sauvegarder l&rsquo;honorabilit\u00e9 des entra\u00eeneurs<\/a><br \/><\/strong><\/span><\/span><\/p>\n<p class=\"p1\">La probl\u00e9matique des abus sexuels dans le sport est une r\u00e9alit\u00e9 complexe et d\u00e9licate qui peut se manifester sous diff\u00e9rentes formes et toucher des athl\u00e8tes de tous \u00e2ges, de tous niveaux de comp\u00e9tition et de toutes disciplines sportives.<br \/>Face \u00e0 ce fl\u00e9au qui a longtemps b\u00e9n\u00e9fici\u00e9 de la culture&#8230; <a href=\"https:\/\/www.droitdusport.com\/assises\/abus-sexuels\/\"><span style=\"text-decoration: underline; color: #4dbdc6;\"><em><strong>&gt; Lire la suite<\/strong><\/em><\/span><\/a><\/p>\n<p>[\/et_pb_text][\/et_pb_column][\/et_pb_row][\/et_pb_section][et_pb_section fb_built=\u00a0\u00bb1&Prime; disabled_on=\u00a0\u00bbon|on|on\u00a0\u00bb module_id=\u00a0\u00bbprogramme\u00a0\u00bb _builder_version=\u00a0\u00bb4.25.1&Prime; background_color=\u00a0\u00bb#ededed\u00a0\u00bb custom_padding=\u00a0\u00bb80px|3px|80px|0px|false|false\u00a0\u00bb disabled=\u00a0\u00bbon\u00a0\u00bb locked=\u00a0\u00bboff\u00a0\u00bb global_colors_info=\u00a0\u00bb{}\u00a0\u00bb][et_pb_row _builder_version=\u00a0\u00bb4.16&Prime; background_color=\u00a0\u00bb#ffffff\u00a0\u00bb custom_padding=\u00a0\u00bb0|20px|10px|20px|false|false\u00a0\u00bb animation_style=\u00a0\u00bbfade\u00a0\u00bb animation_delay=\u00a0\u00bb100ms\u00a0\u00bb border_color_top=\u00a0\u00bb#e1e3e5&Prime; border_width_bottom=\u00a0\u00bb1px\u00a0\u00bb border_color_bottom=\u00a0\u00bb#e1e3e5&Prime; locked=\u00a0\u00bboff\u00a0\u00bb global_colors_info=\u00a0\u00bb{}\u00a0\u00bb][et_pb_column type=\u00a0\u00bb4_4&Prime; _builder_version=\u00a0\u00bb4.16&Prime; custom_padding=\u00a0\u00bb|||\u00a0\u00bb global_colors_info=\u00a0\u00bb{}\u00a0\u00bb custom_padding__hover=\u00a0\u00bb|||\u00a0\u00bb][et_pb_text content_tablet=\u00a0\u00bb<\/p>\n<h1>Programme<\/h1>\n<h1><\/h1>\n<\/p>\n<p><span style=%22font-size: x-large;%22><strong><span style=%22font-family: Montserrat;%22>Jeudi 25 avril 2024 &#8211; Maison du Barreau de Paris<\/span><\/strong><\/span><\/p>\n<p>\u00a0\u00bb content_phone=\u00a0\u00bb<\/p>\n<h1>Programme<\/h1>\n<h1><\/h1>\n<\/p>\n<p><span style=%22font-size: x-large;%22><strong><span style=%22font-family: Montserrat;%22>Jeudi 25 avril 2024 &#8211; Maison du Barreau de Paris<\/span><\/strong><\/span><\/p>\n<p>\u00a0\u00bb content_last_edited=\u00a0\u00bbon|phone\u00a0\u00bb _builder_version=\u00a0\u00bb4.23.2&Prime; text_font=\u00a0\u00bbMontserrat|700|||||||\u00a0\u00bb text_text_color=\u00a0\u00bb#282828&Prime; text_font_size=\u00a0\u00bb10px\u00a0\u00bb header_font=\u00a0\u00bbMontserrat|700|||||||\u00a0\u00bb header_text_color=\u00a0\u00bb#000000&Prime; header_font_size=\u00a0\u00bb40px\u00a0\u00bb header_2_font=\u00a0\u00bb||||||||\u00a0\u00bb header_3_font=\u00a0\u00bb||||||||\u00a0\u00bb custom_margin=\u00a0\u00bb25px|||\u00a0\u00bb animation_style=\u00a0\u00bbfade\u00a0\u00bb animation_direction=\u00a0\u00bbtop\u00a0\u00bb animation_delay=\u00a0\u00bb100ms\u00a0\u00bb header_font_size_tablet=\u00a0\u00bb\u00a0\u00bb header_font_size_phone=\u00a0\u00bb27px\u00a0\u00bb header_font_size_last_edited=\u00a0\u00bbon|desktop\u00a0\u00bb inline_fonts=\u00a0\u00bbMontserrat\u00a0\u00bb global_colors_info=\u00a0\u00bb{}\u00a0\u00bb]<\/p>\n<h1>Programme<\/h1>\n<h1><\/h1>\n<p>&nbsp;<\/p>\n<p><span style=\"font-size: x-large;\"><strong><span style=\"font-family: Montserrat;\">Jeudi 25 avril 2024 &#8211; Maison du Barreau de Paris<\/span><\/strong><\/span><\/p>\n<p>[\/et_pb_text][\/et_pb_column][\/et_pb_row][et_pb_row column_structure=\u00a0\u00bb1_4,3_4&Prime; _builder_version=\u00a0\u00bb4.16&Prime; background_color=\u00a0\u00bb#ffffff\u00a0\u00bb custom_padding=\u00a0\u00bb29px|20px|0|20px|false|false\u00a0\u00bb animation_style=\u00a0\u00bbfade\u00a0\u00bb animation_delay=\u00a0\u00bb100ms\u00a0\u00bb border_color_top=\u00a0\u00bb#e1e3e5&Prime; border_width_bottom=\u00a0\u00bb1px\u00a0\u00bb border_color_bottom=\u00a0\u00bb#e1e3e5&Prime; locked=\u00a0\u00bboff\u00a0\u00bb global_colors_info=\u00a0\u00bb{}\u00a0\u00bb][et_pb_column type=\u00a0\u00bb1_4&Prime; _builder_version=\u00a0\u00bb4.16&Prime; custom_padding=\u00a0\u00bb|||\u00a0\u00bb global_colors_info=\u00a0\u00bb{}\u00a0\u00bb custom_padding__hover=\u00a0\u00bb|||\u00a0\u00bb][et_pb_blurb title=\u00a0\u00bb8h30 &#8211; 9h00&Prime; use_icon=\u00a0\u00bbon\u00a0\u00bb font_icon=\u00a0\u00bb&#x7d;||divi||400&Prime; icon_color=\u00a0\u00bb#4DBDC6&Prime; icon_placement=\u00a0\u00bbleft\u00a0\u00bb image_icon_width=\u00a0\u00bb17px\u00a0\u00bb _builder_version=\u00a0\u00bb4.23.1&Prime; header_font=\u00a0\u00bbMontserrat||||||||\u00a0\u00bb header_text_color=\u00a0\u00bb#7c7c7c\u00a0\u00bb header_font_size=\u00a0\u00bb16px\u00a0\u00bb icon_font_size=\u00a0\u00bb17px\u00a0\u00bb global_colors_info=\u00a0\u00bb{}\u00a0\u00bb][\/et_pb_blurb][\/et_pb_column][et_pb_column type=\u00a0\u00bb3_4&Prime; _builder_version=\u00a0\u00bb4.16&Prime; custom_padding=\u00a0\u00bb|||\u00a0\u00bb global_colors_info=\u00a0\u00bb{}\u00a0\u00bb custom_padding__hover=\u00a0\u00bb|||\u00a0\u00bb][et_pb_text _builder_version=\u00a0\u00bb4.23.1&Prime; text_font=\u00a0\u00bb||||||||\u00a0\u00bb text_text_color=\u00a0\u00bb#7a7a7a\u00a0\u00bb text_line_height=\u00a0\u00bb1.8em\u00a0\u00bb link_font=\u00a0\u00bb||||||||\u00a0\u00bb link_text_color=\u00a0\u00bb#7a7a7a\u00a0\u00bb header_font=\u00a0\u00bb||||||||\u00a0\u00bb header_3_font=\u00a0\u00bbMontserrat|700|||||||\u00a0\u00bb header_3_text_color=\u00a0\u00bb#F39200&Prime; header_3_line_height=\u00a0\u00bb1.3em\u00a0\u00bb custom_margin=\u00a0\u00bb-9px||20px||false|false\u00a0\u00bb global_colors_info=\u00a0\u00bb{}\u00a0\u00bb link_text_color__hover_enabled=\u00a0\u00bbon\u00a0\u00bb link_text_color__hover=\u00a0\u00bb#7a7a7a\u00a0\u00bb]<\/p>\n<h3><span style=\"color: #4dbdc6;\">Accueil caf\u00e9 des participants<\/span><\/h3>\n<p>[\/et_pb_text][\/et_pb_column][\/et_pb_row][et_pb_row column_structure=\u00a0\u00bb1_4,3_4&Prime; _builder_version=\u00a0\u00bb4.24.3&Prime; background_color=\u00a0\u00bb#ffffff\u00a0\u00bb custom_padding=\u00a0\u00bb29px|20px|0|20px|false|false\u00a0\u00bb animation_style=\u00a0\u00bbfade\u00a0\u00bb animation_delay=\u00a0\u00bb100ms\u00a0\u00bb border_color_top=\u00a0\u00bb#e1e3e5&Prime; border_color_bottom=\u00a0\u00bb#e1e3e5&Prime; locked=\u00a0\u00bboff\u00a0\u00bb global_colors_info=\u00a0\u00bb{}\u00a0\u00bb][et_pb_column type=\u00a0\u00bb1_4&Prime; _builder_version=\u00a0\u00bb4.16&Prime; custom_padding=\u00a0\u00bb|||\u00a0\u00bb global_colors_info=\u00a0\u00bb{}\u00a0\u00bb custom_padding__hover=\u00a0\u00bb|||\u00a0\u00bb][et_pb_blurb title=\u00a0\u00bb9h00 &#8211; 9h45&Prime; use_icon=\u00a0\u00bbon\u00a0\u00bb font_icon=\u00a0\u00bb&#x7d;||divi||400&Prime; icon_color=\u00a0\u00bb#4DBDC6&Prime; icon_placement=\u00a0\u00bbleft\u00a0\u00bb image_icon_width=\u00a0\u00bb17px\u00a0\u00bb _builder_version=\u00a0\u00bb4.23.1&Prime; header_font=\u00a0\u00bbMontserrat||||||||\u00a0\u00bb header_text_color=\u00a0\u00bb#7c7c7c\u00a0\u00bb header_font_size=\u00a0\u00bb16px\u00a0\u00bb icon_font_size=\u00a0\u00bb17px\u00a0\u00bb global_colors_info=\u00a0\u00bb{}\u00a0\u00bb][\/et_pb_blurb][\/et_pb_column][et_pb_column type=\u00a0\u00bb3_4&Prime; _builder_version=\u00a0\u00bb4.16&Prime; custom_padding=\u00a0\u00bb|||\u00a0\u00bb global_colors_info=\u00a0\u00bb{}\u00a0\u00bb custom_padding__hover=\u00a0\u00bb|||\u00a0\u00bb][et_pb_text _builder_version=\u00a0\u00bb4.23.1&Prime; text_font=\u00a0\u00bb||||||||\u00a0\u00bb text_text_color=\u00a0\u00bb#7a7a7a\u00a0\u00bb text_line_height=\u00a0\u00bb1.8em\u00a0\u00bb link_font=\u00a0\u00bb||||||||\u00a0\u00bb link_text_color=\u00a0\u00bb#7a7a7a\u00a0\u00bb header_font=\u00a0\u00bb||||||||\u00a0\u00bb header_3_font=\u00a0\u00bbMontserrat|700|||||||\u00a0\u00bb header_3_text_color=\u00a0\u00bb#F39200&Prime; header_3_line_height=\u00a0\u00bb1.3em\u00a0\u00bb custom_margin=\u00a0\u00bb-9px||20px||false|false\u00a0\u00bb global_colors_info=\u00a0\u00bb{}\u00a0\u00bb link_text_color__hover_enabled=\u00a0\u00bbon\u00a0\u00bb link_text_color__hover=\u00a0\u00bb#7a7a7a\u00a0\u00bb]<\/p>\n<h3><span style=\"color: #4dbdc6;\">Allocutions d&rsquo;ouverture<\/span><\/h3>\n<p>[\/et_pb_text][\/et_pb_column][\/et_pb_row][et_pb_row column_structure=\u00a0\u00bb1_5,1_5,3_5&Prime; _builder_version=\u00a0\u00bb4.24.0&Prime; background_color=\u00a0\u00bb#ffffff\u00a0\u00bb custom_padding=\u00a0\u00bb15px|20px|12px|20px|false|false\u00a0\u00bb animation_style=\u00a0\u00bbfade\u00a0\u00bb animation_delay=\u00a0\u00bb100ms\u00a0\u00bb pac_drh_column_numbers_tablet=\u00a0\u00bbpac_drh_tab_col_two\u00a0\u00bb border_color_top=\u00a0\u00bb#e1e3e5&Prime; border_width_bottom=\u00a0\u00bb1px\u00a0\u00bb border_color_bottom=\u00a0\u00bb#e1e3e5&Prime; locked=\u00a0\u00bboff\u00a0\u00bb global_colors_info=\u00a0\u00bb{}\u00a0\u00bb][et_pb_column type=\u00a0\u00bb1_5&Prime; _builder_version=\u00a0\u00bb4.16&Prime; custom_padding=\u00a0\u00bb|||\u00a0\u00bb global_colors_info=\u00a0\u00bb{}\u00a0\u00bb custom_padding__hover=\u00a0\u00bb|||\u00a0\u00bb][\/et_pb_column][et_pb_column type=\u00a0\u00bb1_5&Prime; _builder_version=\u00a0\u00bb4.16&Prime; custom_padding=\u00a0\u00bb|||\u00a0\u00bb global_colors_info=\u00a0\u00bb{}\u00a0\u00bb custom_padding__hover=\u00a0\u00bb|||\u00a0\u00bb][et_pb_image src=\u00a0\u00bbhttps:\/\/www.droitdusport.com\/assises\/wp-content\/uploads\/2024\/04\/Vanessa-BOUSARDO-nb-square.jpg\u00a0\u00bb title_text=\u00a0\u00bbVanessa-BOUSARDO-nb-square\u00a0\u00bb _builder_version=\u00a0\u00bb4.24.3&Prime; max_width=\u00a0\u00bb55%\u00a0\u00bb module_alignment=\u00a0\u00bbcenter\u00a0\u00bb custom_margin=\u00a0\u00bb|||\u00a0\u00bb custom_margin_tablet=\u00a0\u00bb90px|||\u00a0\u00bb custom_margin_last_edited=\u00a0\u00bboff|desktop\u00a0\u00bb animation_style=\u00a0\u00bbzoom\u00a0\u00bb border_radii=\u00a0\u00bbon|100%|100%|100%|100%\u00a0\u00bb always_center_on_mobile=\u00a0\u00bboff\u00a0\u00bb locked=\u00a0\u00bboff\u00a0\u00bb global_colors_info=\u00a0\u00bb{}\u00a0\u00bb][\/et_pb_image][\/et_pb_column][et_pb_column type=\u00a0\u00bb3_5&Prime; _builder_version=\u00a0\u00bb4.16&Prime; custom_padding=\u00a0\u00bb|||\u00a0\u00bb global_colors_info=\u00a0\u00bb{}\u00a0\u00bb custom_padding__hover=\u00a0\u00bb|||\u00a0\u00bb][et_pb_text content_tablet=\u00a0\u00bb<\/p>\n<p><span style=%22color: #000000;%22><strong>Vanessa BOUSARDO<br \/><\/strong><\/span>Vice-B\u00e2tonni\u00e8re du Barreau de Paris<\/p>\n<p>\u00a0\u00bb content_phone=\u00a0\u00bb<\/p>\n<p><span style=%22color: #000000;%22><strong><\/strong><\/span><span style=%22color: #000000;%22><strong>Vanessa BOUSARDO<br \/><\/strong><span style=%22color: #7a7a7a;%22>Vice-B\u00e2tonni\u00e8re du Barreau de Paris<\/span><\/span><\/p>\n<p>\u00a0\u00bb content_last_edited=\u00a0\u00bbon|phone\u00a0\u00bb module_id=\u00a0\u00bbcentrer-verticalement\u00a0\u00bb _builder_version=\u00a0\u00bb4.25.0&Prime; text_font=\u00a0\u00bb||||||||\u00a0\u00bb text_text_color=\u00a0\u00bb#7a7a7a\u00a0\u00bb text_line_height=\u00a0\u00bb1.8em\u00a0\u00bb link_font=\u00a0\u00bb||||||||\u00a0\u00bb link_text_color=\u00a0\u00bb#7a7a7a\u00a0\u00bb header_font=\u00a0\u00bb||||||||\u00a0\u00bb header_3_font=\u00a0\u00bbMontserrat|700|||||||\u00a0\u00bb header_3_text_color=\u00a0\u00bb#4dbdc6&Prime; header_3_line_height=\u00a0\u00bb1.3em\u00a0\u00bb custom_margin=\u00a0\u00bb||||false|false\u00a0\u00bb custom_padding=\u00a0\u00bb10px||||false|false\u00a0\u00bb custom_padding_tablet=\u00a0\u00bb10px||||false|false\u00a0\u00bb custom_padding_phone=\u00a0\u00bb10px||||false|false\u00a0\u00bb custom_padding_last_edited=\u00a0\u00bbon|desktop\u00a0\u00bb global_colors_info=\u00a0\u00bb{}\u00a0\u00bb link_text_color__hover_enabled=\u00a0\u00bbon\u00a0\u00bb link_text_color__hover=\u00a0\u00bb#7a7a7a\u00a0\u00bb]<\/p>\n<p><span style=\"color: #000000;\"><strong>Vanessa BOUSARDO<br \/><\/strong><\/span>Vice-B\u00e2tonni\u00e8re du Barreau de Paris<\/p>\n<p>[\/et_pb_text][\/et_pb_column][\/et_pb_row][et_pb_row column_structure=\u00a0\u00bb1_4,3_4&Prime; _builder_version=\u00a0\u00bb4.24.0&Prime; background_color=\u00a0\u00bb#ffffff\u00a0\u00bb custom_padding=\u00a0\u00bb29px|20px|0|20px|false|false\u00a0\u00bb animation_style=\u00a0\u00bbfade\u00a0\u00bb animation_delay=\u00a0\u00bb100ms\u00a0\u00bb border_color_top=\u00a0\u00bb#e1e3e5&Prime; border_color_bottom=\u00a0\u00bb#e1e3e5&Prime; locked=\u00a0\u00bboff\u00a0\u00bb global_colors_info=\u00a0\u00bb{}\u00a0\u00bb][et_pb_column type=\u00a0\u00bb1_4&Prime; _builder_version=\u00a0\u00bb4.16&Prime; custom_padding=\u00a0\u00bb|||\u00a0\u00bb global_colors_info=\u00a0\u00bb{}\u00a0\u00bb custom_padding__hover=\u00a0\u00bb|||\u00a0\u00bb][et_pb_blurb title=\u00a0\u00bb9h45 &#8211; 10h00&Prime; use_icon=\u00a0\u00bbon\u00a0\u00bb font_icon=\u00a0\u00bb&#x7d;||divi||400&Prime; icon_color=\u00a0\u00bb#4DBDC6&Prime; icon_placement=\u00a0\u00bbleft\u00a0\u00bb image_icon_width=\u00a0\u00bb17px\u00a0\u00bb _builder_version=\u00a0\u00bb4.24.2&Prime; header_font=\u00a0\u00bbMontserrat||||||||\u00a0\u00bb header_text_color=\u00a0\u00bb#7c7c7c\u00a0\u00bb header_font_size=\u00a0\u00bb16px\u00a0\u00bb icon_font_size=\u00a0\u00bb17px\u00a0\u00bb global_colors_info=\u00a0\u00bb{}\u00a0\u00bb][\/et_pb_blurb][\/et_pb_column][et_pb_column type=\u00a0\u00bb3_4&Prime; _builder_version=\u00a0\u00bb4.16&Prime; custom_padding=\u00a0\u00bb|||\u00a0\u00bb global_colors_info=\u00a0\u00bb{}\u00a0\u00bb custom_padding__hover=\u00a0\u00bb|||\u00a0\u00bb][et_pb_text _builder_version=\u00a0\u00bb4.23.1&Prime; text_font=\u00a0\u00bb||||||||\u00a0\u00bb text_text_color=\u00a0\u00bb#7a7a7a\u00a0\u00bb text_line_height=\u00a0\u00bb1.8em\u00a0\u00bb link_font=\u00a0\u00bb||||||||\u00a0\u00bb link_text_color=\u00a0\u00bb#7a7a7a\u00a0\u00bb header_font=\u00a0\u00bb||||||||\u00a0\u00bb header_3_font=\u00a0\u00bbMontserrat|700|||||||\u00a0\u00bb header_3_text_color=\u00a0\u00bb#F39200&Prime; header_3_line_height=\u00a0\u00bb1.3em\u00a0\u00bb custom_margin=\u00a0\u00bb-9px||20px||false|false\u00a0\u00bb global_colors_info=\u00a0\u00bb{}\u00a0\u00bb link_text_color__hover_enabled=\u00a0\u00bbon\u00a0\u00bb link_text_color__hover=\u00a0\u00bb#7a7a7a\u00a0\u00bb]<\/p>\n<h3><span style=\"color: #4dbdc6;\">Propos introductifs<\/span><\/h3>\n<p>[\/et_pb_text][\/et_pb_column][\/et_pb_row][et_pb_row column_structure=\u00a0\u00bb1_5,1_5,3_5&Prime; _builder_version=\u00a0\u00bb4.24.0&Prime; background_color=\u00a0\u00bb#ffffff\u00a0\u00bb custom_padding=\u00a0\u00bb15px|20px|12px|20px|false|false\u00a0\u00bb animation_style=\u00a0\u00bbfade\u00a0\u00bb animation_delay=\u00a0\u00bb100ms\u00a0\u00bb pac_drh_column_numbers_tablet=\u00a0\u00bbpac_drh_tab_col_two\u00a0\u00bb border_color_top=\u00a0\u00bb#e1e3e5&Prime; border_width_bottom=\u00a0\u00bb1px\u00a0\u00bb border_color_bottom=\u00a0\u00bb#e1e3e5&Prime; locked=\u00a0\u00bboff\u00a0\u00bb global_colors_info=\u00a0\u00bb{}\u00a0\u00bb][et_pb_column type=\u00a0\u00bb1_5&Prime; _builder_version=\u00a0\u00bb4.16&Prime; custom_padding=\u00a0\u00bb|||\u00a0\u00bb global_colors_info=\u00a0\u00bb{}\u00a0\u00bb custom_padding__hover=\u00a0\u00bb|||\u00a0\u00bb][\/et_pb_column][et_pb_column type=\u00a0\u00bb1_5&Prime; _builder_version=\u00a0\u00bb4.16&Prime; custom_padding=\u00a0\u00bb|||\u00a0\u00bb global_colors_info=\u00a0\u00bb{}\u00a0\u00bb custom_padding__hover=\u00a0\u00bb|||\u00a0\u00bb][et_pb_image src=\u00a0\u00bbhttps:\/\/www.droitdusport.com\/assises\/wp-content\/uploads\/2024\/02\/Gerald-SIMON-nb-square.jpg\u00a0\u00bb title_text=\u00a0\u00bbGerald-SIMON-nb-square\u00a0\u00bb _builder_version=\u00a0\u00bb4.24.0&Prime; max_width=\u00a0\u00bb55%\u00a0\u00bb module_alignment=\u00a0\u00bbcenter\u00a0\u00bb custom_margin=\u00a0\u00bb|||\u00a0\u00bb custom_margin_tablet=\u00a0\u00bb90px|||\u00a0\u00bb custom_margin_last_edited=\u00a0\u00bboff|desktop\u00a0\u00bb animation_style=\u00a0\u00bbzoom\u00a0\u00bb border_radii=\u00a0\u00bbon|100%|100%|100%|100%\u00a0\u00bb always_center_on_mobile=\u00a0\u00bboff\u00a0\u00bb locked=\u00a0\u00bboff\u00a0\u00bb global_colors_info=\u00a0\u00bb{}\u00a0\u00bb][\/et_pb_image][\/et_pb_column][et_pb_column type=\u00a0\u00bb3_5&Prime; _builder_version=\u00a0\u00bb4.16&Prime; custom_padding=\u00a0\u00bb|||\u00a0\u00bb global_colors_info=\u00a0\u00bb{}\u00a0\u00bb custom_padding__hover=\u00a0\u00bb|||\u00a0\u00bb][et_pb_text content_tablet=\u00a0\u00bb<\/p>\n<p><span style=%22color: #000000;%22><strong><\/strong><\/span><span style=%22color: #000000;%22><strong>G\u00e9rald SIMON<br \/><\/strong><\/span>Professeur de droit public \u00e0 l&rsquo;Universit\u00e9 de Bourgogne, Arbitre au Tribunal arbitral du sport (TAS)<\/p>\n<p><strong> <\/strong><\/p>\n<p>\u00a0\u00bb content_phone=\u00a0\u00bb<\/p>\n<p><span style=%22color: #000000;%22><strong><\/strong><\/span><span style=%22color: #000000;%22><strong>G\u00e9rald SIMON<br \/><\/strong><\/span>Professeur de droit public \u00e0 l&rsquo;Universit\u00e9 de Bourgogne, Arbitre au Tribunal arbitral du sport (TAS)<\/p>\n<p><strong> <\/strong><\/p>\n<p>\u00a0\u00bb content_last_edited=\u00a0\u00bbon|desktop\u00a0\u00bb module_id=\u00a0\u00bbcentrer-verticalement\u00a0\u00bb _builder_version=\u00a0\u00bb4.24.0&Prime; text_font=\u00a0\u00bb||||||||\u00a0\u00bb text_text_color=\u00a0\u00bb#7a7a7a\u00a0\u00bb text_line_height=\u00a0\u00bb1.8em\u00a0\u00bb link_font=\u00a0\u00bb||||||||\u00a0\u00bb link_text_color=\u00a0\u00bb#7a7a7a\u00a0\u00bb header_font=\u00a0\u00bb||||||||\u00a0\u00bb header_3_font=\u00a0\u00bbMontserrat|700|||||||\u00a0\u00bb header_3_text_color=\u00a0\u00bb#4dbdc6&Prime; header_3_line_height=\u00a0\u00bb1.3em\u00a0\u00bb custom_margin=\u00a0\u00bb||||false|false\u00a0\u00bb custom_padding=\u00a0\u00bb10px||||false|false\u00a0\u00bb custom_padding_tablet=\u00a0\u00bb10px||||false|false\u00a0\u00bb custom_padding_phone=\u00a0\u00bb10px||||false|false\u00a0\u00bb custom_padding_last_edited=\u00a0\u00bbon|desktop\u00a0\u00bb global_colors_info=\u00a0\u00bb{}\u00a0\u00bb link_text_color__hover_enabled=\u00a0\u00bbon\u00a0\u00bb link_text_color__hover=\u00a0\u00bb#7a7a7a\u00a0\u00bb]<\/p>\n<p><span style=\"color: #000000;\"><strong>G\u00e9rald SIMON<br \/><\/strong><\/span>Professeur de droit public \u00e0 l&rsquo;Universit\u00e9 de Bourgogne,<br \/>Arbitre au Tribunal arbitral du sport (TAS)<\/p>\n<p><strong>\u00a0<\/strong><\/p>\n<p>[\/et_pb_text][\/et_pb_column][\/et_pb_row][et_pb_row column_structure=\u00a0\u00bb1_5,1_5,3_5&Prime; _builder_version=\u00a0\u00bb4.16&Prime; background_color=\u00a0\u00bb#ffffff\u00a0\u00bb custom_padding=\u00a0\u00bb29px|20px|12px|20px|false|false\u00a0\u00bb animation_style=\u00a0\u00bbfade\u00a0\u00bb animation_delay=\u00a0\u00bb100ms\u00a0\u00bb border_color_top=\u00a0\u00bb#e1e3e5&Prime; border_width_bottom=\u00a0\u00bb1px\u00a0\u00bb border_color_bottom=\u00a0\u00bb#e1e3e5&Prime; locked=\u00a0\u00bboff\u00a0\u00bb global_colors_info=\u00a0\u00bb{}\u00a0\u00bb][et_pb_column type=\u00a0\u00bb1_5&Prime; _builder_version=\u00a0\u00bb4.16&Prime; custom_padding=\u00a0\u00bb|||\u00a0\u00bb global_colors_info=\u00a0\u00bb{}\u00a0\u00bb custom_padding__hover=\u00a0\u00bb|||\u00a0\u00bb][et_pb_blurb title=\u00a0\u00bb10h00 &#8211; 11h30&Prime; use_icon=\u00a0\u00bbon\u00a0\u00bb font_icon=\u00a0\u00bb&#x7d;||divi||400&Prime; icon_color=\u00a0\u00bb#4DBDC6&Prime; icon_placement=\u00a0\u00bbleft\u00a0\u00bb image_icon_width=\u00a0\u00bb17px\u00a0\u00bb _builder_version=\u00a0\u00bb4.24.2&Prime; header_font=\u00a0\u00bbMontserrat||||||||\u00a0\u00bb header_text_color=\u00a0\u00bb#7c7c7c\u00a0\u00bb header_font_size=\u00a0\u00bb16px\u00a0\u00bb icon_font_size=\u00a0\u00bb17px\u00a0\u00bb global_colors_info=\u00a0\u00bb{}\u00a0\u00bb][\/et_pb_blurb][\/et_pb_column][et_pb_column type=\u00a0\u00bb1_5&Prime; _builder_version=\u00a0\u00bb4.16&Prime; custom_padding=\u00a0\u00bb|||\u00a0\u00bb global_colors_info=\u00a0\u00bb{}\u00a0\u00bb custom_padding__hover=\u00a0\u00bb|||\u00a0\u00bb][et_pb_image src=\u00a0\u00bbhttps:\/\/www.droitdusport.com\/assises\/wp-content\/uploads\/2024\/03\/Joelle-Monlouis-nb-square.jpg\u00a0\u00bb title_text=\u00a0\u00bbJoelle-Monlouis-nb-square\u00a0\u00bb disabled_on=\u00a0\u00bboff|off|off\u00a0\u00bb _builder_version=\u00a0\u00bb4.24.2&Prime; max_width=\u00a0\u00bb55%\u00a0\u00bb module_alignment=\u00a0\u00bbcenter\u00a0\u00bb custom_margin=\u00a0\u00bb|||\u00a0\u00bb custom_margin_tablet=\u00a0\u00bb90px|||\u00a0\u00bb custom_margin_last_edited=\u00a0\u00bboff|desktop\u00a0\u00bb animation_style=\u00a0\u00bbzoom\u00a0\u00bb border_radii=\u00a0\u00bbon|100%|100%|100%|100%\u00a0\u00bb always_center_on_mobile=\u00a0\u00bboff\u00a0\u00bb locked=\u00a0\u00bboff\u00a0\u00bb global_colors_info=\u00a0\u00bb{}\u00a0\u00bb][\/et_pb_image][\/et_pb_column][et_pb_column type=\u00a0\u00bb3_5&Prime; _builder_version=\u00a0\u00bb4.16&Prime; custom_padding=\u00a0\u00bb|||\u00a0\u00bb global_colors_info=\u00a0\u00bb{}\u00a0\u00bb custom_padding__hover=\u00a0\u00bb|||\u00a0\u00bb][et_pb_text disabled_on=\u00a0\u00bboff|off|off\u00a0\u00bb _builder_version=\u00a0\u00bb4.24.3&Prime; text_font=\u00a0\u00bb||||||||\u00a0\u00bb text_text_color=\u00a0\u00bb#7a7a7a\u00a0\u00bb text_line_height=\u00a0\u00bb1.8em\u00a0\u00bb link_font=\u00a0\u00bb||||||||\u00a0\u00bb link_text_color=\u00a0\u00bb#7a7a7a\u00a0\u00bb header_font=\u00a0\u00bb||||||||\u00a0\u00bb header_3_font=\u00a0\u00bbMontserrat|700|||||||\u00a0\u00bb header_3_text_color=\u00a0\u00bb#4dbdc6&Prime; header_3_line_height=\u00a0\u00bb1.3em\u00a0\u00bb custom_margin=\u00a0\u00bb||20px|\u00a0\u00bb global_colors_info=\u00a0\u00bb{}\u00a0\u00bb link_text_color__hover_enabled=\u00a0\u00bbon\u00a0\u00bb link_text_color__hover=\u00a0\u00bb#7a7a7a\u00a0\u00bb]<\/p>\n<h3><a href=\"https:\/\/www.droitdusport.com\/assises\/integrite-physique-mentale\/\"><span style=\"text-decoration: underline;\"><span style=\"color: #f39200;\"><span style=\"color: #4dbdc6; text-decoration: underline;\">Panel 1 &#8211; Int\u00e9grit\u00e9 physique et mentale : comment prot\u00e9ger la sant\u00e9 des joueurs de foot ?<\/span><\/span><\/span><\/a><span style=\"text-decoration: underline; color: #f39200;\"><br \/><\/span><\/h3>\n<p><span style=\"color: #4dbdc6;\"><strong>Mod\u00e9rateur :<\/strong><strong><\/strong><\/span> <strong>Jo\u00eblle MONLOUIS<\/strong>, Avocate au Barreau de Paris<\/p>\n<p>[\/et_pb_text][et_pb_text disabled_on=\u00a0\u00bboff|off|off\u00a0\u00bb _builder_version=\u00a0\u00bb4.25.0&Prime; text_font=\u00a0\u00bb||||||||\u00a0\u00bb text_text_color=\u00a0\u00bb#7a7a7a\u00a0\u00bb text_line_height=\u00a0\u00bb1.8em\u00a0\u00bb link_font=\u00a0\u00bb||||||||\u00a0\u00bb link_text_color=\u00a0\u00bb#7a7a7a\u00a0\u00bb header_font=\u00a0\u00bb||||||||\u00a0\u00bb header_3_font=\u00a0\u00bbMontserrat|700|||||||\u00a0\u00bb header_3_text_color=\u00a0\u00bb#4dbdc6&Prime; header_3_line_height=\u00a0\u00bb1.3em\u00a0\u00bb custom_margin=\u00a0\u00bb||20px|\u00a0\u00bb custom_padding=\u00a0\u00bb||||false|false\u00a0\u00bb locked=\u00a0\u00bboff\u00a0\u00bb global_colors_info=\u00a0\u00bb{}\u00a0\u00bb link_text_color__hover_enabled=\u00a0\u00bbon\u00a0\u00bb link_text_color__hover=\u00a0\u00bb#7a7a7a\u00a0\u00bb]<\/p>\n<p><span style=\"color: #f39200;\"><strong><span style=\"color: #4dbdc6;\">Intervenants :<\/span><br \/><\/strong><\/span><strong>Jan KLEINER,<\/strong>\u00a0Director of Football Regulatory at FIFA<br \/><strong>Olivier L\u00c9TANG,<\/strong> Pr\u00e9sident Directeur g\u00e9n\u00e9ral, LOSC Lille<br \/><strong>Maheta MOLANGO,<\/strong> Pr\u00e9sident de Player Football Association (PFA)<br \/><strong>David TERRIER,<\/strong> Vice-pr\u00e9sident de l\u2019UNFP<br \/><span style=\"text-decoration: underline;\"><strong><\/strong><\/span><span style=\"text-decoration: underline;\"><strong><\/strong><\/span><\/p>\n<p>[\/et_pb_text][\/et_pb_column][\/et_pb_row][et_pb_row column_structure=\u00a0\u00bb1_4,3_4&Prime; _builder_version=\u00a0\u00bb4.16&Prime; background_color=\u00a0\u00bb#ffffff\u00a0\u00bb custom_padding=\u00a0\u00bb29px|20px|0|20px|false|false\u00a0\u00bb animation_style=\u00a0\u00bbfade\u00a0\u00bb animation_delay=\u00a0\u00bb100ms\u00a0\u00bb border_color_top=\u00a0\u00bb#e1e3e5&Prime; border_width_bottom=\u00a0\u00bb1px\u00a0\u00bb border_color_bottom=\u00a0\u00bb#e1e3e5&Prime; locked=\u00a0\u00bboff\u00a0\u00bb global_colors_info=\u00a0\u00bb{}\u00a0\u00bb][et_pb_column type=\u00a0\u00bb1_4&Prime; _builder_version=\u00a0\u00bb4.16&Prime; custom_padding=\u00a0\u00bb|||\u00a0\u00bb global_colors_info=\u00a0\u00bb{}\u00a0\u00bb custom_padding__hover=\u00a0\u00bb|||\u00a0\u00bb][et_pb_blurb title=\u00a0\u00bb11h30 &#8211; 11h45&Prime; use_icon=\u00a0\u00bbon\u00a0\u00bb font_icon=\u00a0\u00bb&#xe105;||divi||400&Prime; icon_placement=\u00a0\u00bbleft\u00a0\u00bb image_icon_width=\u00a0\u00bb17px\u00a0\u00bb _builder_version=\u00a0\u00bb4.23.1&Prime; header_font=\u00a0\u00bbMontserrat||||||||\u00a0\u00bb header_text_color=\u00a0\u00bb#7c7c7c\u00a0\u00bb header_font_size=\u00a0\u00bb16px\u00a0\u00bb icon_font_size=\u00a0\u00bb17px\u00a0\u00bb global_colors_info=\u00a0\u00bb{}\u00a0\u00bb][\/et_pb_blurb][\/et_pb_column][et_pb_column type=\u00a0\u00bb3_4&Prime; _builder_version=\u00a0\u00bb4.16&Prime; custom_padding=\u00a0\u00bb|||\u00a0\u00bb global_colors_info=\u00a0\u00bb{}\u00a0\u00bb custom_padding__hover=\u00a0\u00bb|||\u00a0\u00bb][et_pb_text _builder_version=\u00a0\u00bb4.23.1&Prime; text_font=\u00a0\u00bb||||||||\u00a0\u00bb text_text_color=\u00a0\u00bb#7a7a7a\u00a0\u00bb text_line_height=\u00a0\u00bb1.8em\u00a0\u00bb link_font=\u00a0\u00bb||||||||\u00a0\u00bb link_text_color=\u00a0\u00bb#7a7a7a\u00a0\u00bb header_font=\u00a0\u00bb||||||||\u00a0\u00bb header_3_font=\u00a0\u00bbMontserrat|700|||||||\u00a0\u00bb header_3_text_color=\u00a0\u00bb#4dbdc6&Prime; header_3_line_height=\u00a0\u00bb1.3em\u00a0\u00bb custom_margin=\u00a0\u00bb0px||20px|\u00a0\u00bb global_colors_info=\u00a0\u00bb{}\u00a0\u00bb link_text_color__hover_enabled=\u00a0\u00bbon\u00a0\u00bb link_text_color__hover=\u00a0\u00bb#7a7a7a\u00a0\u00bb]<\/p>\n<h3>Pause<\/h3>\n<p>[\/et_pb_text][\/et_pb_column][\/et_pb_row][et_pb_row column_structure=\u00a0\u00bb1_5,1_5,3_5&Prime; _builder_version=\u00a0\u00bb4.16&Prime; background_color=\u00a0\u00bb#ffffff\u00a0\u00bb custom_padding=\u00a0\u00bb29px|20px|12px|20px|false|false\u00a0\u00bb animation_style=\u00a0\u00bbfade\u00a0\u00bb animation_delay=\u00a0\u00bb100ms\u00a0\u00bb border_color_top=\u00a0\u00bb#e1e3e5&Prime; border_width_bottom=\u00a0\u00bb1px\u00a0\u00bb border_color_bottom=\u00a0\u00bb#e1e3e5&Prime; locked=\u00a0\u00bboff\u00a0\u00bb global_colors_info=\u00a0\u00bb{}\u00a0\u00bb][et_pb_column type=\u00a0\u00bb1_5&Prime; _builder_version=\u00a0\u00bb4.16&Prime; custom_padding=\u00a0\u00bb|||\u00a0\u00bb global_colors_info=\u00a0\u00bb{}\u00a0\u00bb custom_padding__hover=\u00a0\u00bb|||\u00a0\u00bb][et_pb_blurb title=\u00a0\u00bb11h45 &#8211; 13h00&Prime; use_icon=\u00a0\u00bbon\u00a0\u00bb font_icon=\u00a0\u00bb&#x7d;||divi||400&Prime; icon_color=\u00a0\u00bb#4DBDC6&Prime; icon_placement=\u00a0\u00bbleft\u00a0\u00bb image_icon_width=\u00a0\u00bb17px\u00a0\u00bb _builder_version=\u00a0\u00bb4.24.2&Prime; header_font=\u00a0\u00bbMontserrat||||||||\u00a0\u00bb header_text_color=\u00a0\u00bb#7c7c7c\u00a0\u00bb header_font_size=\u00a0\u00bb16px\u00a0\u00bb icon_font_size=\u00a0\u00bb17px\u00a0\u00bb global_colors_info=\u00a0\u00bb{}\u00a0\u00bb][\/et_pb_blurb][\/et_pb_column][et_pb_column type=\u00a0\u00bb1_5&Prime; _builder_version=\u00a0\u00bb4.16&Prime; custom_padding=\u00a0\u00bb|||\u00a0\u00bb global_colors_info=\u00a0\u00bb{}\u00a0\u00bb custom_padding__hover=\u00a0\u00bb|||\u00a0\u00bb][et_pb_image src=\u00a0\u00bbhttps:\/\/www.droitdusport.com\/assises\/wp-content\/uploads\/2023\/12\/christophe-bertrand-nb-150&#215;150-1.jpg\u00a0\u00bb title_text=\u00a0\u00bbchristophe-bertrand-nb-150&#215;150-1&Prime; _builder_version=\u00a0\u00bb4.24.2&Prime; max_width=\u00a0\u00bb55%\u00a0\u00bb module_alignment=\u00a0\u00bbcenter\u00a0\u00bb custom_margin=\u00a0\u00bb|||\u00a0\u00bb custom_margin_tablet=\u00a0\u00bb90px|||\u00a0\u00bb custom_margin_last_edited=\u00a0\u00bboff|desktop\u00a0\u00bb animation_style=\u00a0\u00bbzoom\u00a0\u00bb border_radii=\u00a0\u00bbon|100%|100%|100%|100%\u00a0\u00bb always_center_on_mobile=\u00a0\u00bboff\u00a0\u00bb locked=\u00a0\u00bboff\u00a0\u00bb global_colors_info=\u00a0\u00bb{}\u00a0\u00bb][\/et_pb_image][\/et_pb_column][et_pb_column type=\u00a0\u00bb3_5&Prime; _builder_version=\u00a0\u00bb4.16&Prime; custom_padding=\u00a0\u00bb|||\u00a0\u00bb global_colors_info=\u00a0\u00bb{}\u00a0\u00bb custom_padding__hover=\u00a0\u00bb|||\u00a0\u00bb][et_pb_text _builder_version=\u00a0\u00bb4.24.2&Prime; text_font=\u00a0\u00bb||||||||\u00a0\u00bb text_text_color=\u00a0\u00bb#7a7a7a\u00a0\u00bb text_line_height=\u00a0\u00bb1.8em\u00a0\u00bb link_font=\u00a0\u00bb||||||||\u00a0\u00bb link_text_color=\u00a0\u00bb#7a7a7a\u00a0\u00bb header_font=\u00a0\u00bb||||||||\u00a0\u00bb header_3_font=\u00a0\u00bbMontserrat|700|||||||\u00a0\u00bb header_3_text_color=\u00a0\u00bb#4dbdc6&Prime; header_3_line_height=\u00a0\u00bb1.3em\u00a0\u00bb custom_margin=\u00a0\u00bb||20px|\u00a0\u00bb global_colors_info=\u00a0\u00bb{}\u00a0\u00bb link_text_color__hover_enabled=\u00a0\u00bbon\u00a0\u00bb link_text_color__hover=\u00a0\u00bb#7a7a7a\u00a0\u00bb]<\/p>\n<h3><span style=\"text-decoration: underline;\"><span style=\"color: #f39200;\"><a href=\"https:\/\/www.droitdusport.com\/assises\/vie-prive\/\"><span style=\"color: #4dbdc6; text-decoration: underline;\">Panel 2 &#8211; La vie priv\u00e9e<\/span><\/a><\/span><\/span><span style=\"text-decoration: underline; color: #f39200;\"><br \/><\/span><\/h3>\n<p><span style=\"color: #4dbdc6;\"><strong>Mod\u00e9rateur :<\/strong><strong><\/strong><\/span> <strong>Christophe BERTRAND<\/strong>, Avocat au Barreau de Paris, <strong>Bertrand &amp; Associ\u00e9<\/strong><\/p>\n<p>[\/et_pb_text][et_pb_text _builder_version=\u00a0\u00bb4.24.2&Prime; text_font=\u00a0\u00bb||||||||\u00a0\u00bb text_text_color=\u00a0\u00bb#7a7a7a\u00a0\u00bb text_line_height=\u00a0\u00bb1.8em\u00a0\u00bb link_font=\u00a0\u00bb||||||||\u00a0\u00bb link_text_color=\u00a0\u00bb#7a7a7a\u00a0\u00bb header_font=\u00a0\u00bb||||||||\u00a0\u00bb header_3_font=\u00a0\u00bbMontserrat|700|||||||\u00a0\u00bb header_3_text_color=\u00a0\u00bb#4dbdc6&Prime; header_3_line_height=\u00a0\u00bb1.3em\u00a0\u00bb custom_margin=\u00a0\u00bb||20px|\u00a0\u00bb custom_padding=\u00a0\u00bb||||false|false\u00a0\u00bb locked=\u00a0\u00bboff\u00a0\u00bb global_colors_info=\u00a0\u00bb{}\u00a0\u00bb link_text_color__hover_enabled=\u00a0\u00bbon\u00a0\u00bb link_text_color__hover=\u00a0\u00bb#7a7a7a\u00a0\u00bb]<\/p>\n<p><span style=\"color: #f39200;\"><strong><span style=\"color: #4dbdc6;\">Intervenants :<\/span><br \/><\/strong><\/span><strong>Pascal CHANTEUR,<\/strong> Pr\u00e9sident de l\u2019UNCP, Vice-pr\u00e9sident de la LNC et du CPA<strong><br \/>Thierry CHIRON,<\/strong> Avocat au Barreau de Dijon, <strong>L\u00e9gi Conseils<\/strong><br \/><strong>Antoine MARCELAUD,<\/strong> Directeur des Affaires Juridiques et Institutionnelles de l\u2019AFLD<br \/><strong>Philippe SENMARTIN,<\/strong> Avocat au Barreau de Montpellier, <strong>CSA &amp; Associ\u00e9s<\/strong><br \/><span style=\"text-decoration: underline;\"><strong><\/strong><\/span><span style=\"text-decoration: underline;\"><strong><\/strong><\/span><\/p>\n<p>[\/et_pb_text][\/et_pb_column][\/et_pb_row][et_pb_row column_structure=\u00a0\u00bb1_4,3_4&Prime; _builder_version=\u00a0\u00bb4.17.3&Prime; background_color=\u00a0\u00bb#ffffff\u00a0\u00bb custom_padding=\u00a0\u00bb29px|20px|0|20px|false|false\u00a0\u00bb animation_style=\u00a0\u00bbfade\u00a0\u00bb animation_delay=\u00a0\u00bb100ms\u00a0\u00bb border_color_top=\u00a0\u00bb#e1e3e5&Prime; border_color_bottom=\u00a0\u00bb#e1e3e5&Prime; locked=\u00a0\u00bboff\u00a0\u00bb global_colors_info=\u00a0\u00bb{}\u00a0\u00bb][et_pb_column type=\u00a0\u00bb1_4&Prime; _builder_version=\u00a0\u00bb4.16&Prime; custom_padding=\u00a0\u00bb|||\u00a0\u00bb global_colors_info=\u00a0\u00bb{}\u00a0\u00bb custom_padding__hover=\u00a0\u00bb|||\u00a0\u00bb][\/et_pb_column][et_pb_column type=\u00a0\u00bb3_4&Prime; _builder_version=\u00a0\u00bb4.16&Prime; custom_padding=\u00a0\u00bb|||\u00a0\u00bb global_colors_info=\u00a0\u00bb{}\u00a0\u00bb custom_padding__hover=\u00a0\u00bb|||\u00a0\u00bb][et_pb_text _builder_version=\u00a0\u00bb4.16&Prime; text_font=\u00a0\u00bb||||||||\u00a0\u00bb text_text_color=\u00a0\u00bb#7a7a7a\u00a0\u00bb text_line_height=\u00a0\u00bb1.8em\u00a0\u00bb link_font=\u00a0\u00bb||||||||\u00a0\u00bb link_text_color=\u00a0\u00bb#7a7a7a\u00a0\u00bb header_font=\u00a0\u00bb||||||||\u00a0\u00bb header_3_font=\u00a0\u00bbMontserrat|700|||||||\u00a0\u00bb header_3_text_color=\u00a0\u00bb#4dbdc6&Prime; header_3_line_height=\u00a0\u00bb1.3em\u00a0\u00bb custom_margin=\u00a0\u00bb0px||20px|\u00a0\u00bb global_colors_info=\u00a0\u00bb{}\u00a0\u00bb link_text_color__hover_enabled=\u00a0\u00bbon\u00a0\u00bb link_text_color__hover=\u00a0\u00bb#7a7a7a\u00a0\u00bb]<\/p>\n<h3><span style=\"color: #f39200;\"><span style=\"color: #666666;\">Ou atelier pratique 1 :<\/span><br \/><\/span><\/h3>\n<p>[\/et_pb_text][\/et_pb_column][\/et_pb_row][et_pb_row column_structure=\u00a0\u00bb1_5,1_5,3_5&Prime; _builder_version=\u00a0\u00bb4.16&Prime; background_color=\u00a0\u00bb#ffffff\u00a0\u00bb custom_padding=\u00a0\u00bb29px|20px|12px|20px|false|false\u00a0\u00bb animation_style=\u00a0\u00bbfade\u00a0\u00bb animation_delay=\u00a0\u00bb100ms\u00a0\u00bb border_color_top=\u00a0\u00bb#e1e3e5&Prime; border_width_bottom=\u00a0\u00bb1px\u00a0\u00bb border_color_bottom=\u00a0\u00bb#e1e3e5&Prime; locked=\u00a0\u00bboff\u00a0\u00bb global_colors_info=\u00a0\u00bb{}\u00a0\u00bb][et_pb_column type=\u00a0\u00bb1_5&Prime; _builder_version=\u00a0\u00bb4.16&Prime; custom_padding=\u00a0\u00bb|||\u00a0\u00bb global_colors_info=\u00a0\u00bb{}\u00a0\u00bb custom_padding__hover=\u00a0\u00bb|||\u00a0\u00bb][et_pb_blurb title=\u00a0\u00bb11h45 &#8211; 13h00&Prime; use_icon=\u00a0\u00bbon\u00a0\u00bb font_icon=\u00a0\u00bb&#x7d;||divi||400&Prime; icon_color=\u00a0\u00bb#4DBDC6&Prime; icon_placement=\u00a0\u00bbleft\u00a0\u00bb image_icon_width=\u00a0\u00bb17px\u00a0\u00bb _builder_version=\u00a0\u00bb4.24.2&Prime; header_font=\u00a0\u00bbMontserrat||||||||\u00a0\u00bb header_text_color=\u00a0\u00bb#7c7c7c\u00a0\u00bb header_font_size=\u00a0\u00bb16px\u00a0\u00bb icon_font_size=\u00a0\u00bb17px\u00a0\u00bb global_colors_info=\u00a0\u00bb{}\u00a0\u00bb][\/et_pb_blurb][\/et_pb_column][et_pb_column type=\u00a0\u00bb1_5&Prime; _builder_version=\u00a0\u00bb4.16&Prime; custom_padding=\u00a0\u00bb|||\u00a0\u00bb global_colors_info=\u00a0\u00bb{}\u00a0\u00bb custom_padding__hover=\u00a0\u00bb|||\u00a0\u00bb][et_pb_image src=\u00a0\u00bbhttps:\/\/www.droitdusport.com\/assises\/wp-content\/uploads\/2024\/03\/Joelle-Monlouis-nb-square.jpg\u00a0\u00bb title_text=\u00a0\u00bbJoelle-Monlouis-nb-square\u00a0\u00bb _builder_version=\u00a0\u00bb4.24.3&Prime; max_width=\u00a0\u00bb55%\u00a0\u00bb module_alignment=\u00a0\u00bbcenter\u00a0\u00bb custom_margin=\u00a0\u00bb|||\u00a0\u00bb custom_margin_tablet=\u00a0\u00bb90px|||\u00a0\u00bb custom_margin_last_edited=\u00a0\u00bboff|desktop\u00a0\u00bb animation_style=\u00a0\u00bbzoom\u00a0\u00bb border_radii=\u00a0\u00bbon|100%|100%|100%|100%\u00a0\u00bb always_center_on_mobile=\u00a0\u00bboff\u00a0\u00bb locked=\u00a0\u00bboff\u00a0\u00bb global_colors_info=\u00a0\u00bb{}\u00a0\u00bb][\/et_pb_image][\/et_pb_column][et_pb_column type=\u00a0\u00bb3_5&Prime; _builder_version=\u00a0\u00bb4.16&Prime; custom_padding=\u00a0\u00bb|||\u00a0\u00bb global_colors_info=\u00a0\u00bb{}\u00a0\u00bb custom_padding__hover=\u00a0\u00bb|||\u00a0\u00bb][et_pb_text _builder_version=\u00a0\u00bb4.24.3&Prime; text_font=\u00a0\u00bb||||||||\u00a0\u00bb text_text_color=\u00a0\u00bb#7a7a7a\u00a0\u00bb text_line_height=\u00a0\u00bb1.8em\u00a0\u00bb link_font=\u00a0\u00bb||||||||\u00a0\u00bb link_text_color=\u00a0\u00bb#7a7a7a\u00a0\u00bb header_font=\u00a0\u00bb||||||||\u00a0\u00bb header_3_font=\u00a0\u00bbMontserrat|700|||||||\u00a0\u00bb header_3_text_color=\u00a0\u00bb#4dbdc6&Prime; header_3_line_height=\u00a0\u00bb1.3em\u00a0\u00bb custom_margin=\u00a0\u00bb||20px|\u00a0\u00bb global_colors_info=\u00a0\u00bb{}\u00a0\u00bb link_text_color__hover_enabled=\u00a0\u00bbon\u00a0\u00bb link_text_color__hover=\u00a0\u00bb#7a7a7a\u00a0\u00bb]<\/p>\n<h3><span style=\"text-decoration: underline; color: #f39200;\"><a href=\"https:\/\/www.droitdusport.com\/assises\/preserver-integrite-mentale-sportifs\/\"><span style=\"text-decoration: underline; color: #4dbdc6;\"><span style=\"text-decoration: underline;\"><strong>Pr\u00e9server l&rsquo;int\u00e9grit\u00e9 mentale des sportifs<\/strong><\/span><\/span><\/a><\/span><\/h3>\n<p><span style=\"color: #4dbdc6;\"><strong>Mod\u00e9rateur :<\/strong><strong><\/strong><\/span> <strong>Jo\u00eblle MONLOUIS,<\/strong> Avocate au Barreau de Paris<\/p>\n<p>[\/et_pb_text][et_pb_text _builder_version=\u00a0\u00bb4.24.3&Prime; text_font=\u00a0\u00bb||||||||\u00a0\u00bb text_text_color=\u00a0\u00bb#7a7a7a\u00a0\u00bb text_line_height=\u00a0\u00bb1.8em\u00a0\u00bb link_font=\u00a0\u00bb||||||||\u00a0\u00bb link_text_color=\u00a0\u00bb#7a7a7a\u00a0\u00bb header_font=\u00a0\u00bb||||||||\u00a0\u00bb header_3_font=\u00a0\u00bbMontserrat|700|||||||\u00a0\u00bb header_3_text_color=\u00a0\u00bb#4dbdc6&Prime; header_3_line_height=\u00a0\u00bb1.3em\u00a0\u00bb custom_margin=\u00a0\u00bb||20px|\u00a0\u00bb custom_padding=\u00a0\u00bb||||false|false\u00a0\u00bb locked=\u00a0\u00bboff\u00a0\u00bb global_colors_info=\u00a0\u00bb{}\u00a0\u00bb link_text_color__hover_enabled=\u00a0\u00bbon\u00a0\u00bb link_text_color__hover=\u00a0\u00bb#7a7a7a\u00a0\u00bb]<\/p>\n<p><span style=\"color: #f39200;\"><strong><span style=\"color: #4dbdc6;\">Intervenants :<\/span><br \/><\/strong><\/span><strong>Francisca DAUZET,<\/strong> Coach mental d\u2019ath\u00e8tes, Responsable de la dimension mentale et psychologique DTN de la FFT<br \/><strong>Laurent EDRIAT,<\/strong> Pr\u00e9parateur mental<br \/><strong>David JACOTOT,<\/strong> Professeur de droit priv\u00e9, Universit\u00e9 de Bourgogne<br \/><strong>Ysaora THIBUS,<\/strong> Escrimeuse, sportive de haut niveau<br \/><span style=\"text-decoration: underline;\"><strong><\/strong><\/span><span style=\"text-decoration: underline;\"><strong><\/strong><\/span><\/p>\n<p>[\/et_pb_text][\/et_pb_column][\/et_pb_row][et_pb_row column_structure=\u00a0\u00bb1_4,3_4&Prime; _builder_version=\u00a0\u00bb4.16&Prime; background_color=\u00a0\u00bb#ffffff\u00a0\u00bb custom_padding=\u00a0\u00bb29px|20px|0|20px|false|false\u00a0\u00bb animation_style=\u00a0\u00bbfade\u00a0\u00bb animation_delay=\u00a0\u00bb100ms\u00a0\u00bb border_color_top=\u00a0\u00bb#e1e3e5&Prime; border_width_bottom=\u00a0\u00bb1px\u00a0\u00bb border_color_bottom=\u00a0\u00bb#e1e3e5&Prime; locked=\u00a0\u00bboff\u00a0\u00bb global_colors_info=\u00a0\u00bb{}\u00a0\u00bb][et_pb_column type=\u00a0\u00bb1_4&Prime; _builder_version=\u00a0\u00bb4.16&Prime; custom_padding=\u00a0\u00bb|||\u00a0\u00bb global_colors_info=\u00a0\u00bb{}\u00a0\u00bb custom_padding__hover=\u00a0\u00bb|||\u00a0\u00bb][et_pb_blurb title=\u00a0\u00bb13h00&Prime; use_icon=\u00a0\u00bbon\u00a0\u00bb font_icon=\u00a0\u00bb&#xe105;||divi||400&Prime; icon_placement=\u00a0\u00bbleft\u00a0\u00bb image_icon_width=\u00a0\u00bb17px\u00a0\u00bb _builder_version=\u00a0\u00bb4.23.1&Prime; header_font=\u00a0\u00bbMontserrat||||||||\u00a0\u00bb header_text_color=\u00a0\u00bb#7c7c7c\u00a0\u00bb header_font_size=\u00a0\u00bb16px\u00a0\u00bb icon_font_size=\u00a0\u00bb17px\u00a0\u00bb global_colors_info=\u00a0\u00bb{}\u00a0\u00bb][\/et_pb_blurb][\/et_pb_column][et_pb_column type=\u00a0\u00bb3_4&Prime; _builder_version=\u00a0\u00bb4.16&Prime; custom_padding=\u00a0\u00bb|||\u00a0\u00bb global_colors_info=\u00a0\u00bb{}\u00a0\u00bb custom_padding__hover=\u00a0\u00bb|||\u00a0\u00bb][et_pb_text _builder_version=\u00a0\u00bb4.16&Prime; text_font=\u00a0\u00bb||||||||\u00a0\u00bb text_text_color=\u00a0\u00bb#7a7a7a\u00a0\u00bb text_line_height=\u00a0\u00bb1.8em\u00a0\u00bb link_font=\u00a0\u00bb||||||||\u00a0\u00bb link_text_color=\u00a0\u00bb#7a7a7a\u00a0\u00bb header_font=\u00a0\u00bb||||||||\u00a0\u00bb header_3_font=\u00a0\u00bbMontserrat|700|||||||\u00a0\u00bb header_3_text_color=\u00a0\u00bb#4dbdc6&Prime; header_3_line_height=\u00a0\u00bb1.3em\u00a0\u00bb custom_margin=\u00a0\u00bb0px||20px|\u00a0\u00bb global_colors_info=\u00a0\u00bb{}\u00a0\u00bb link_text_color__hover_enabled=\u00a0\u00bbon\u00a0\u00bb link_text_color__hover=\u00a0\u00bb#7a7a7a\u00a0\u00bb]<\/p>\n<h3>D\u00e9jeuner<\/h3>\n<p>[\/et_pb_text][\/et_pb_column][\/et_pb_row][et_pb_row column_structure=\u00a0\u00bb1_5,1_5,3_5&Prime; _builder_version=\u00a0\u00bb4.16&Prime; background_color=\u00a0\u00bb#ffffff\u00a0\u00bb custom_padding=\u00a0\u00bb29px|20px|12px|20px|false|false\u00a0\u00bb animation_style=\u00a0\u00bbfade\u00a0\u00bb animation_delay=\u00a0\u00bb100ms\u00a0\u00bb border_color_top=\u00a0\u00bb#e1e3e5&Prime; border_width_bottom=\u00a0\u00bb1px\u00a0\u00bb border_color_bottom=\u00a0\u00bb#e1e3e5&Prime; locked=\u00a0\u00bboff\u00a0\u00bb global_colors_info=\u00a0\u00bb{}\u00a0\u00bb][et_pb_column type=\u00a0\u00bb1_5&Prime; _builder_version=\u00a0\u00bb4.16&Prime; custom_padding=\u00a0\u00bb|||\u00a0\u00bb global_colors_info=\u00a0\u00bb{}\u00a0\u00bb custom_padding__hover=\u00a0\u00bb|||\u00a0\u00bb][et_pb_blurb title=\u00a0\u00bb14h15 &#8211; 15h30&Prime; use_icon=\u00a0\u00bbon\u00a0\u00bb font_icon=\u00a0\u00bb&#x7d;||divi||400&Prime; icon_color=\u00a0\u00bb#4DBDC6&Prime; icon_placement=\u00a0\u00bbleft\u00a0\u00bb image_icon_width=\u00a0\u00bb17px\u00a0\u00bb _builder_version=\u00a0\u00bb4.24.2&Prime; header_font=\u00a0\u00bbMontserrat||||||||\u00a0\u00bb header_text_color=\u00a0\u00bb#7c7c7c\u00a0\u00bb header_font_size=\u00a0\u00bb16px\u00a0\u00bb icon_font_size=\u00a0\u00bb17px\u00a0\u00bb global_colors_info=\u00a0\u00bb{}\u00a0\u00bb][\/et_pb_blurb][\/et_pb_column][et_pb_column type=\u00a0\u00bb1_5&Prime; _builder_version=\u00a0\u00bb4.16&Prime; custom_padding=\u00a0\u00bb|||\u00a0\u00bb global_colors_info=\u00a0\u00bb{}\u00a0\u00bb custom_padding__hover=\u00a0\u00bb|||\u00a0\u00bb][et_pb_image src=\u00a0\u00bbhttps:\/\/www.droitdusport.com\/assises\/wp-content\/uploads\/2024\/02\/laurent-moreuil-nb-square.jpg\u00a0\u00bb title_text=\u00a0\u00bblaurent-moreuil-nb-square\u00a0\u00bb _builder_version=\u00a0\u00bb4.24.2&Prime; max_width=\u00a0\u00bb55%\u00a0\u00bb module_alignment=\u00a0\u00bbcenter\u00a0\u00bb custom_margin=\u00a0\u00bb|||\u00a0\u00bb custom_margin_tablet=\u00a0\u00bb90px|||\u00a0\u00bb custom_margin_last_edited=\u00a0\u00bboff|desktop\u00a0\u00bb animation_style=\u00a0\u00bbzoom\u00a0\u00bb border_radii=\u00a0\u00bbon|100%|100%|100%|100%\u00a0\u00bb always_center_on_mobile=\u00a0\u00bboff\u00a0\u00bb locked=\u00a0\u00bboff\u00a0\u00bb global_colors_info=\u00a0\u00bb{}\u00a0\u00bb][\/et_pb_image][\/et_pb_column][et_pb_column type=\u00a0\u00bb3_5&Prime; _builder_version=\u00a0\u00bb4.16&Prime; custom_padding=\u00a0\u00bb|||\u00a0\u00bb global_colors_info=\u00a0\u00bb{}\u00a0\u00bb custom_padding__hover=\u00a0\u00bb|||\u00a0\u00bb][et_pb_text _builder_version=\u00a0\u00bb4.24.2&Prime; text_font=\u00a0\u00bb||||||||\u00a0\u00bb text_text_color=\u00a0\u00bb#7a7a7a\u00a0\u00bb text_line_height=\u00a0\u00bb1.8em\u00a0\u00bb link_font=\u00a0\u00bb||||||||\u00a0\u00bb link_text_color=\u00a0\u00bb#7a7a7a\u00a0\u00bb header_font=\u00a0\u00bb||||||||\u00a0\u00bb header_3_font=\u00a0\u00bbMontserrat|700|||||||\u00a0\u00bb header_3_text_color=\u00a0\u00bb#4dbdc6&Prime; header_3_line_height=\u00a0\u00bb1.3em\u00a0\u00bb custom_margin=\u00a0\u00bb||20px|\u00a0\u00bb global_colors_info=\u00a0\u00bb{}\u00a0\u00bb link_text_color__hover_enabled=\u00a0\u00bbon\u00a0\u00bb link_text_color__hover=\u00a0\u00bb#7a7a7a\u00a0\u00bb]<\/p>\n<h3><span style=\"text-decoration: underline;\"><span style=\"color: #f39200;\"><a href=\"https:\/\/www.droitdusport.com\/assises\/acces-justice\/\"><span style=\"color: #4dbdc6; text-decoration: underline;\">Panel 3 &#8211; L&rsquo;acc\u00e8s \u00e0 la justice<\/span><\/a><\/span><\/span><span style=\"text-decoration: underline; color: #f39200;\"><br \/><\/span><\/h3>\n<p><span style=\"color: #4dbdc6;\"><strong>Mod\u00e9rateur :<\/strong><strong><\/strong><\/span>\u00a0<strong>Laurent MOREUIL,<\/strong> Avocat au Barreau de Paris, <strong>Patchwork Avocat<\/strong><\/p>\n<p>[\/et_pb_text][et_pb_text _builder_version=\u00a0\u00bb4.24.3&Prime; text_font=\u00a0\u00bb||||||||\u00a0\u00bb text_text_color=\u00a0\u00bb#7a7a7a\u00a0\u00bb text_line_height=\u00a0\u00bb1.8em\u00a0\u00bb link_font=\u00a0\u00bb||||||||\u00a0\u00bb link_text_color=\u00a0\u00bb#7a7a7a\u00a0\u00bb header_font=\u00a0\u00bb||||||||\u00a0\u00bb header_3_font=\u00a0\u00bbMontserrat|700|||||||\u00a0\u00bb header_3_text_color=\u00a0\u00bb#4dbdc6&Prime; header_3_line_height=\u00a0\u00bb1.3em\u00a0\u00bb custom_margin=\u00a0\u00bb||20px|\u00a0\u00bb custom_padding=\u00a0\u00bb||||false|false\u00a0\u00bb locked=\u00a0\u00bboff\u00a0\u00bb global_colors_info=\u00a0\u00bb{}\u00a0\u00bb link_text_color__hover_enabled=\u00a0\u00bbon\u00a0\u00bb link_text_color__hover=\u00a0\u00bb#7a7a7a\u00a0\u00bb]<\/p>\n<p><span style=\"color: #f39200;\"><strong><span style=\"color: #4dbdc6;\">Intervenants :<\/span><br \/><\/strong><\/span><strong>Gr\u00e9gory ERNES,<\/strong> Avocat au Barreau de Bruxelles, <strong>ATFIELD<\/strong><br \/><strong>Bernard FOUCHER,<\/strong> Conseiller d\u2019\u00c9tat Honoraire, Arbitre au Tribunal Arbitral du Sport (TAS),<br \/>Membre du Comit\u00e9 de l\u2019arbitrage sportif fran\u00e7ais de la Chambre arbitrale su sport (CAS), Conciliateur au CNOSF<br \/><strong>Claude-Alb\u00e9ric MAETZ,<\/strong> Pr\u00e9sident de la Commission juridique de la Ligue de Football Professionnel (LFP), Codirecteur de l\u2019Institut de Droit des Affaires (IDA), Aix-Marseille Universit\u00e9<br \/><strong>Jean-Michel MARMAYOU,<\/strong> Professeur de droit priv\u00e9, Aix-Marseille Universit\u00e9, Directeur du Centre de droit du sport de Marseille<br \/><span style=\"text-decoration: underline;\"><strong><\/strong><\/span><span style=\"text-decoration: underline;\"><strong><\/strong><\/span><\/p>\n<p>[\/et_pb_text][\/et_pb_column][\/et_pb_row][et_pb_row column_structure=\u00a0\u00bb1_4,3_4&Prime; _builder_version=\u00a0\u00bb4.17.3&Prime; background_color=\u00a0\u00bb#ffffff\u00a0\u00bb custom_padding=\u00a0\u00bb29px|20px|0|20px|false|false\u00a0\u00bb animation_style=\u00a0\u00bbfade\u00a0\u00bb animation_delay=\u00a0\u00bb100ms\u00a0\u00bb border_color_top=\u00a0\u00bb#e1e3e5&Prime; border_color_bottom=\u00a0\u00bb#e1e3e5&Prime; locked=\u00a0\u00bboff\u00a0\u00bb global_colors_info=\u00a0\u00bb{}\u00a0\u00bb][et_pb_column type=\u00a0\u00bb1_4&Prime; _builder_version=\u00a0\u00bb4.16&Prime; custom_padding=\u00a0\u00bb|||\u00a0\u00bb global_colors_info=\u00a0\u00bb{}\u00a0\u00bb custom_padding__hover=\u00a0\u00bb|||\u00a0\u00bb][\/et_pb_column][et_pb_column type=\u00a0\u00bb3_4&Prime; _builder_version=\u00a0\u00bb4.16&Prime; custom_padding=\u00a0\u00bb|||\u00a0\u00bb global_colors_info=\u00a0\u00bb{}\u00a0\u00bb custom_padding__hover=\u00a0\u00bb|||\u00a0\u00bb][et_pb_text _builder_version=\u00a0\u00bb4.24.2&Prime; text_font=\u00a0\u00bb||||||||\u00a0\u00bb text_text_color=\u00a0\u00bb#7a7a7a\u00a0\u00bb text_line_height=\u00a0\u00bb1.8em\u00a0\u00bb link_font=\u00a0\u00bb||||||||\u00a0\u00bb link_text_color=\u00a0\u00bb#7a7a7a\u00a0\u00bb header_font=\u00a0\u00bb||||||||\u00a0\u00bb header_3_font=\u00a0\u00bbMontserrat|700|||||||\u00a0\u00bb header_3_text_color=\u00a0\u00bb#4dbdc6&Prime; header_3_line_height=\u00a0\u00bb1.3em\u00a0\u00bb custom_margin=\u00a0\u00bb0px||20px|\u00a0\u00bb custom_padding=\u00a0\u00bb2px|||||\u00a0\u00bb global_colors_info=\u00a0\u00bb{}\u00a0\u00bb link_text_color__hover_enabled=\u00a0\u00bbon\u00a0\u00bb link_text_color__hover=\u00a0\u00bb#7a7a7a\u00a0\u00bb]<\/p>\n<h3><span style=\"color: #f39200;\"><span style=\"color: #666666;\">Ou atelier pratique 2 :<\/span><br \/><\/span><\/h3>\n<p>[\/et_pb_text][\/et_pb_column][\/et_pb_row][et_pb_row column_structure=\u00a0\u00bb1_5,1_5,3_5&Prime; _builder_version=\u00a0\u00bb4.16&Prime; background_color=\u00a0\u00bb#ffffff\u00a0\u00bb custom_padding=\u00a0\u00bb29px|20px|12px|20px|false|false\u00a0\u00bb animation_style=\u00a0\u00bbfade\u00a0\u00bb animation_delay=\u00a0\u00bb100ms\u00a0\u00bb border_color_top=\u00a0\u00bb#e1e3e5&Prime; border_width_bottom=\u00a0\u00bb1px\u00a0\u00bb border_color_bottom=\u00a0\u00bb#e1e3e5&Prime; locked=\u00a0\u00bboff\u00a0\u00bb global_colors_info=\u00a0\u00bb{}\u00a0\u00bb][et_pb_column type=\u00a0\u00bb1_5&Prime; _builder_version=\u00a0\u00bb4.16&Prime; custom_padding=\u00a0\u00bb|||\u00a0\u00bb global_colors_info=\u00a0\u00bb{}\u00a0\u00bb custom_padding__hover=\u00a0\u00bb|||\u00a0\u00bb][et_pb_blurb title=\u00a0\u00bb14h15 &#8211; 15h30&Prime; use_icon=\u00a0\u00bbon\u00a0\u00bb font_icon=\u00a0\u00bb&#x7d;||divi||400&Prime; icon_color=\u00a0\u00bb#4DBDC6&Prime; icon_placement=\u00a0\u00bbleft\u00a0\u00bb image_icon_width=\u00a0\u00bb17px\u00a0\u00bb _builder_version=\u00a0\u00bb4.24.2&Prime; header_font=\u00a0\u00bbMontserrat||||||||\u00a0\u00bb header_text_color=\u00a0\u00bb#7c7c7c\u00a0\u00bb header_font_size=\u00a0\u00bb16px\u00a0\u00bb icon_font_size=\u00a0\u00bb17px\u00a0\u00bb global_colors_info=\u00a0\u00bb{}\u00a0\u00bb][\/et_pb_blurb][\/et_pb_column][et_pb_column type=\u00a0\u00bb1_5&Prime; _builder_version=\u00a0\u00bb4.16&Prime; custom_padding=\u00a0\u00bb|||\u00a0\u00bb global_colors_info=\u00a0\u00bb{}\u00a0\u00bb custom_padding__hover=\u00a0\u00bb|||\u00a0\u00bb][et_pb_image src=\u00a0\u00bbhttps:\/\/www.droitdusport.com\/assises\/wp-content\/uploads\/2024\/03\/Fabien-Safanjon-nb-square.jpg\u00a0\u00bb title_text=\u00a0\u00bbFabien-Safanjon-nb-square\u00a0\u00bb _builder_version=\u00a0\u00bb4.24.2&Prime; max_width=\u00a0\u00bb55%\u00a0\u00bb module_alignment=\u00a0\u00bbcenter\u00a0\u00bb custom_margin=\u00a0\u00bb|||\u00a0\u00bb custom_margin_tablet=\u00a0\u00bb90px|||\u00a0\u00bb custom_margin_last_edited=\u00a0\u00bboff|desktop\u00a0\u00bb animation_style=\u00a0\u00bbzoom\u00a0\u00bb border_radii=\u00a0\u00bbon|100%|100%|100%|100%\u00a0\u00bb always_center_on_mobile=\u00a0\u00bboff\u00a0\u00bb locked=\u00a0\u00bboff\u00a0\u00bb global_colors_info=\u00a0\u00bb{}\u00a0\u00bb][\/et_pb_image][\/et_pb_column][et_pb_column type=\u00a0\u00bb3_5&Prime; _builder_version=\u00a0\u00bb4.16&Prime; custom_padding=\u00a0\u00bb|||\u00a0\u00bb global_colors_info=\u00a0\u00bb{}\u00a0\u00bb custom_padding__hover=\u00a0\u00bb|||\u00a0\u00bb][et_pb_text _builder_version=\u00a0\u00bb4.24.2&Prime; text_font=\u00a0\u00bb||||||||\u00a0\u00bb text_text_color=\u00a0\u00bb#7a7a7a\u00a0\u00bb text_line_height=\u00a0\u00bb1.8em\u00a0\u00bb link_font=\u00a0\u00bb||||||||\u00a0\u00bb link_text_color=\u00a0\u00bb#7a7a7a\u00a0\u00bb header_font=\u00a0\u00bb||||||||\u00a0\u00bb header_3_font=\u00a0\u00bbMontserrat|700|||||||\u00a0\u00bb header_3_text_color=\u00a0\u00bb#4dbdc6&Prime; header_3_line_height=\u00a0\u00bb1.3em\u00a0\u00bb custom_margin=\u00a0\u00bb||20px|\u00a0\u00bb global_colors_info=\u00a0\u00bb{}\u00a0\u00bb link_text_color__hover_enabled=\u00a0\u00bbon\u00a0\u00bb link_text_color__hover=\u00a0\u00bb#7a7a7a\u00a0\u00bb]<\/p>\n<h3><span style=\"text-decoration: underline; color: #f39200;\"><a href=\"https:\/\/www.droitdusport.com\/assises\/datas-foot-professionnel\/\"><span style=\"text-decoration: underline; color: #4dbdc6;\"><span style=\"text-decoration: underline;\"><strong>Les datas, nouvelles ressources financi\u00e8res du foot pro ?<\/strong><\/span><\/span><\/a><\/span><\/h3>\n<p><span style=\"color: #4dbdc6;\"><strong>Mod\u00e9rateur :<\/strong><strong><\/strong><\/span>\u00a0<strong>Fabien SAFANJON,<\/strong> Vice-pr\u00e9sident de l\u2019UNFP<\/p>\n<p>[\/et_pb_text][et_pb_text _builder_version=\u00a0\u00bb4.24.3&Prime; text_font=\u00a0\u00bb||||||||\u00a0\u00bb text_text_color=\u00a0\u00bb#7a7a7a\u00a0\u00bb text_line_height=\u00a0\u00bb1.8em\u00a0\u00bb link_font=\u00a0\u00bb||||||||\u00a0\u00bb link_text_color=\u00a0\u00bb#7a7a7a\u00a0\u00bb header_font=\u00a0\u00bb||||||||\u00a0\u00bb header_3_font=\u00a0\u00bbMontserrat|700|||||||\u00a0\u00bb header_3_text_color=\u00a0\u00bb#4dbdc6&Prime; header_3_line_height=\u00a0\u00bb1.3em\u00a0\u00bb custom_margin=\u00a0\u00bb||20px|\u00a0\u00bb custom_padding=\u00a0\u00bb||||false|false\u00a0\u00bb locked=\u00a0\u00bboff\u00a0\u00bb global_colors_info=\u00a0\u00bb{}\u00a0\u00bb link_text_color__hover_enabled=\u00a0\u00bbon\u00a0\u00bb link_text_color__hover=\u00a0\u00bb#7a7a7a\u00a0\u00bb]<\/p>\n<p><span style=\"color: #f39200;\"><strong><span style=\"color: #4dbdc6;\">Intervenants :<\/span><br \/><\/strong><\/span><strong>Gaylor RABU,<\/strong> Ma\u00eetre de conf\u00e9rence, Aix-Marseille Universit\u00e9<strong><br \/>Emmanuel RONCO,<\/strong> Avocat au Barreau de Paris, Eversheds Sutherland<strong><br \/>Arnaud SANTIN,<\/strong> CEO SPORTSDYNAMICS<br \/><strong>Jean-Baptiste ALLIOT,<\/strong> Co-Founder &amp; Chief Strategy Officer, <strong>LaSource<\/strong><br \/><span style=\"text-decoration: underline;\"><strong><\/strong><\/span><span style=\"text-decoration: underline;\"><strong><\/strong><\/span><\/p>\n<p>[\/et_pb_text][\/et_pb_column][\/et_pb_row][et_pb_row column_structure=\u00a0\u00bb1_4,3_4&Prime; _builder_version=\u00a0\u00bb4.16&Prime; background_color=\u00a0\u00bb#ffffff\u00a0\u00bb custom_padding=\u00a0\u00bb29px|20px|0|20px|false|false\u00a0\u00bb animation_style=\u00a0\u00bbfade\u00a0\u00bb animation_delay=\u00a0\u00bb100ms\u00a0\u00bb border_color_top=\u00a0\u00bb#e1e3e5&Prime; border_width_bottom=\u00a0\u00bb1px\u00a0\u00bb border_color_bottom=\u00a0\u00bb#e1e3e5&Prime; locked=\u00a0\u00bboff\u00a0\u00bb global_colors_info=\u00a0\u00bb{}\u00a0\u00bb][et_pb_column type=\u00a0\u00bb1_4&Prime; _builder_version=\u00a0\u00bb4.16&Prime; custom_padding=\u00a0\u00bb|||\u00a0\u00bb global_colors_info=\u00a0\u00bb{}\u00a0\u00bb custom_padding__hover=\u00a0\u00bb|||\u00a0\u00bb][et_pb_blurb title=\u00a0\u00bb15h30 &#8211; 16h00&Prime; use_icon=\u00a0\u00bbon\u00a0\u00bb font_icon=\u00a0\u00bb&#xe105;||divi||400&Prime; icon_placement=\u00a0\u00bbleft\u00a0\u00bb image_icon_width=\u00a0\u00bb17px\u00a0\u00bb _builder_version=\u00a0\u00bb4.23.1&Prime; header_font=\u00a0\u00bbMontserrat||||||||\u00a0\u00bb header_text_color=\u00a0\u00bb#7c7c7c\u00a0\u00bb header_font_size=\u00a0\u00bb16px\u00a0\u00bb icon_font_size=\u00a0\u00bb17px\u00a0\u00bb global_colors_info=\u00a0\u00bb{}\u00a0\u00bb][\/et_pb_blurb][\/et_pb_column][et_pb_column type=\u00a0\u00bb3_4&Prime; _builder_version=\u00a0\u00bb4.16&Prime; custom_padding=\u00a0\u00bb|||\u00a0\u00bb global_colors_info=\u00a0\u00bb{}\u00a0\u00bb custom_padding__hover=\u00a0\u00bb|||\u00a0\u00bb][et_pb_text _builder_version=\u00a0\u00bb4.23.1&Prime; text_font=\u00a0\u00bb||||||||\u00a0\u00bb text_text_color=\u00a0\u00bb#7a7a7a\u00a0\u00bb text_line_height=\u00a0\u00bb1.8em\u00a0\u00bb link_font=\u00a0\u00bb||||||||\u00a0\u00bb link_text_color=\u00a0\u00bb#7a7a7a\u00a0\u00bb header_font=\u00a0\u00bb||||||||\u00a0\u00bb header_3_font=\u00a0\u00bbMontserrat|700|||||||\u00a0\u00bb header_3_text_color=\u00a0\u00bb#4dbdc6&Prime; header_3_line_height=\u00a0\u00bb1.3em\u00a0\u00bb custom_margin=\u00a0\u00bb0px||20px|\u00a0\u00bb global_colors_info=\u00a0\u00bb{}\u00a0\u00bb link_text_color__hover_enabled=\u00a0\u00bbon\u00a0\u00bb link_text_color__hover=\u00a0\u00bb#7a7a7a\u00a0\u00bb]<\/p>\n<h3>Pause<\/h3>\n<p>[\/et_pb_text][\/et_pb_column][\/et_pb_row][et_pb_row column_structure=\u00a0\u00bb1_5,1_5,3_5&Prime; _builder_version=\u00a0\u00bb4.16&Prime; background_color=\u00a0\u00bb#ffffff\u00a0\u00bb custom_padding=\u00a0\u00bb29px|20px|12px|20px|false|false\u00a0\u00bb animation_style=\u00a0\u00bbfade\u00a0\u00bb animation_delay=\u00a0\u00bb100ms\u00a0\u00bb border_color_top=\u00a0\u00bb#e1e3e5&Prime; border_width_bottom=\u00a0\u00bb1px\u00a0\u00bb border_color_bottom=\u00a0\u00bb#e1e3e5&Prime; locked=\u00a0\u00bboff\u00a0\u00bb global_colors_info=\u00a0\u00bb{}\u00a0\u00bb][et_pb_column type=\u00a0\u00bb1_5&Prime; _builder_version=\u00a0\u00bb4.16&Prime; custom_padding=\u00a0\u00bb|||\u00a0\u00bb global_colors_info=\u00a0\u00bb{}\u00a0\u00bb custom_padding__hover=\u00a0\u00bb|||\u00a0\u00bb][et_pb_blurb title=\u00a0\u00bb16h00 &#8211; 17h30&Prime; use_icon=\u00a0\u00bbon\u00a0\u00bb font_icon=\u00a0\u00bb&#x7d;||divi||400&Prime; icon_color=\u00a0\u00bb#4DBDC6&Prime; icon_placement=\u00a0\u00bbleft\u00a0\u00bb image_icon_width=\u00a0\u00bb17px\u00a0\u00bb _builder_version=\u00a0\u00bb4.23.1&Prime; header_font=\u00a0\u00bbMontserrat||||||||\u00a0\u00bb header_text_color=\u00a0\u00bb#7c7c7c\u00a0\u00bb header_font_size=\u00a0\u00bb16px\u00a0\u00bb icon_font_size=\u00a0\u00bb17px\u00a0\u00bb global_colors_info=\u00a0\u00bb{}\u00a0\u00bb][\/et_pb_blurb][\/et_pb_column][et_pb_column type=\u00a0\u00bb1_5&Prime; _builder_version=\u00a0\u00bb4.16&Prime; custom_padding=\u00a0\u00bb|||\u00a0\u00bb global_colors_info=\u00a0\u00bb{}\u00a0\u00bb custom_padding__hover=\u00a0\u00bb|||\u00a0\u00bb][et_pb_image src=\u00a0\u00bbhttps:\/\/www.droitdusport.com\/assises\/wp-content\/uploads\/2019\/04\/basile_ader_profil.jpg\u00a0\u00bb title_text=\u00a0\u00bbbasile_ader_profil\u00a0\u00bb _builder_version=\u00a0\u00bb4.24.2&Prime; max_width=\u00a0\u00bb55%\u00a0\u00bb module_alignment=\u00a0\u00bbcenter\u00a0\u00bb custom_margin=\u00a0\u00bb|||\u00a0\u00bb custom_margin_tablet=\u00a0\u00bb90px|||\u00a0\u00bb custom_margin_last_edited=\u00a0\u00bboff|desktop\u00a0\u00bb animation_style=\u00a0\u00bbzoom\u00a0\u00bb border_radii=\u00a0\u00bbon|100%|100%|100%|100%\u00a0\u00bb always_center_on_mobile=\u00a0\u00bboff\u00a0\u00bb locked=\u00a0\u00bboff\u00a0\u00bb global_colors_info=\u00a0\u00bb{}\u00a0\u00bb][\/et_pb_image][\/et_pb_column][et_pb_column type=\u00a0\u00bb3_5&Prime; _builder_version=\u00a0\u00bb4.16&Prime; custom_padding=\u00a0\u00bb|||\u00a0\u00bb global_colors_info=\u00a0\u00bb{}\u00a0\u00bb custom_padding__hover=\u00a0\u00bb|||\u00a0\u00bb][et_pb_text _builder_version=\u00a0\u00bb4.24.2&Prime; text_font=\u00a0\u00bb||||||||\u00a0\u00bb text_text_color=\u00a0\u00bb#7a7a7a\u00a0\u00bb text_line_height=\u00a0\u00bb1.8em\u00a0\u00bb link_font=\u00a0\u00bb||||||||\u00a0\u00bb link_text_color=\u00a0\u00bb#7a7a7a\u00a0\u00bb header_font=\u00a0\u00bb||||||||\u00a0\u00bb header_3_font=\u00a0\u00bbMontserrat|700|||||||\u00a0\u00bb header_3_text_color=\u00a0\u00bb#4dbdc6&Prime; header_3_line_height=\u00a0\u00bb1.3em\u00a0\u00bb custom_margin=\u00a0\u00bb||20px|\u00a0\u00bb global_colors_info=\u00a0\u00bb{}\u00a0\u00bb link_text_color__hover_enabled=\u00a0\u00bbon\u00a0\u00bb link_text_color__hover=\u00a0\u00bb#7a7a7a\u00a0\u00bb]<\/p>\n<h3><a href=\"https:\/\/www.droitdusport.com\/assises\/liberte-expression\/\"><span style=\"text-decoration: underline;\"><span style=\"color: #f39200;\"><span style=\"color: #4dbdc6; text-decoration: underline;\">Panel 4 &#8211; L<\/span><span style=\"color: #4dbdc6; text-decoration: underline;\">a libert\u00e9 d&rsquo;expression<\/span><\/span><\/span><\/a><span style=\"text-decoration: underline; color: #f39200;\"><br \/><\/span><\/h3>\n<p><span style=\"color: #4dbdc6;\"><strong>Mod\u00e9rateur :<\/strong><strong><\/strong><\/span>\u00a0<strong>Basile ADER,<\/strong> Avocat au Barreau de Paris, <strong>August Debouzy<\/strong><\/p>\n<p>[\/et_pb_text][et_pb_text _builder_version=\u00a0\u00bb4.25.0&Prime; text_font=\u00a0\u00bb||||||||\u00a0\u00bb text_text_color=\u00a0\u00bb#7a7a7a\u00a0\u00bb text_line_height=\u00a0\u00bb1.8em\u00a0\u00bb link_font=\u00a0\u00bb||||||||\u00a0\u00bb link_text_color=\u00a0\u00bb#7a7a7a\u00a0\u00bb header_font=\u00a0\u00bb||||||||\u00a0\u00bb header_3_font=\u00a0\u00bbMontserrat|700|||||||\u00a0\u00bb header_3_text_color=\u00a0\u00bb#4dbdc6&Prime; header_3_line_height=\u00a0\u00bb1.3em\u00a0\u00bb custom_margin=\u00a0\u00bb||20px|\u00a0\u00bb custom_padding=\u00a0\u00bb||||false|false\u00a0\u00bb locked=\u00a0\u00bboff\u00a0\u00bb global_colors_info=\u00a0\u00bb{}\u00a0\u00bb link_text_color__hover_enabled=\u00a0\u00bbon\u00a0\u00bb link_text_color__hover=\u00a0\u00bb#7a7a7a\u00a0\u00bb]<\/p>\n<p><span style=\"color: #f39200;\"><strong><span style=\"color: #4dbdc6;\">Intervenants :<\/span><br \/><\/strong><\/span><strong>David JACOTOT, <\/strong>Professeur de droit priv\u00e9, Universit\u00e9 de Bourgogne<strong><br \/>Constance POPINEAU,<\/strong> Directrice juridique du\u00a0CNOSF<strong><br \/>Badou SAMBAGUE,<\/strong> Avocat au Barreau de Paris, <strong>BS Law<\/strong><br \/><strong>Lilian THURAM,<\/strong> Ancien international de football<br \/><span style=\"text-decoration: underline;\"><strong><\/strong><\/span><span style=\"text-decoration: underline;\"><strong><\/strong><\/span><\/p>\n<p>[\/et_pb_text][\/et_pb_column][\/et_pb_row][et_pb_row column_structure=\u00a0\u00bb1_4,3_4&Prime; _builder_version=\u00a0\u00bb4.17.3&Prime; background_color=\u00a0\u00bb#ffffff\u00a0\u00bb custom_padding=\u00a0\u00bb29px|20px|0|20px|false|false\u00a0\u00bb animation_style=\u00a0\u00bbfade\u00a0\u00bb animation_delay=\u00a0\u00bb100ms\u00a0\u00bb border_color_top=\u00a0\u00bb#e1e3e5&Prime; border_color_bottom=\u00a0\u00bb#e1e3e5&Prime; locked=\u00a0\u00bboff\u00a0\u00bb global_colors_info=\u00a0\u00bb{}\u00a0\u00bb][et_pb_column type=\u00a0\u00bb1_4&Prime; _builder_version=\u00a0\u00bb4.16&Prime; custom_padding=\u00a0\u00bb|||\u00a0\u00bb global_colors_info=\u00a0\u00bb{}\u00a0\u00bb custom_padding__hover=\u00a0\u00bb|||\u00a0\u00bb][\/et_pb_column][et_pb_column type=\u00a0\u00bb3_4&Prime; _builder_version=\u00a0\u00bb4.16&Prime; custom_padding=\u00a0\u00bb|||\u00a0\u00bb global_colors_info=\u00a0\u00bb{}\u00a0\u00bb custom_padding__hover=\u00a0\u00bb|||\u00a0\u00bb][et_pb_text _builder_version=\u00a0\u00bb4.24.2&Prime; text_font=\u00a0\u00bb||||||||\u00a0\u00bb text_text_color=\u00a0\u00bb#7a7a7a\u00a0\u00bb text_line_height=\u00a0\u00bb1.8em\u00a0\u00bb link_font=\u00a0\u00bb||||||||\u00a0\u00bb link_text_color=\u00a0\u00bb#7a7a7a\u00a0\u00bb header_font=\u00a0\u00bb||||||||\u00a0\u00bb header_3_font=\u00a0\u00bbMontserrat|700|||||||\u00a0\u00bb header_3_text_color=\u00a0\u00bb#4dbdc6&Prime; header_3_line_height=\u00a0\u00bb1.3em\u00a0\u00bb custom_margin=\u00a0\u00bb0px||20px|\u00a0\u00bb custom_padding=\u00a0\u00bb2px|||||\u00a0\u00bb global_colors_info=\u00a0\u00bb{}\u00a0\u00bb link_text_color__hover_enabled=\u00a0\u00bbon\u00a0\u00bb link_text_color__hover=\u00a0\u00bb#7a7a7a\u00a0\u00bb]<\/p>\n<h3><span style=\"color: #f39200;\"><span style=\"color: #666666;\">Ou atelier pratique 3 :<\/span><br \/><\/span><\/h3>\n<p>[\/et_pb_text][\/et_pb_column][\/et_pb_row][et_pb_row column_structure=\u00a0\u00bb1_5,1_5,3_5&Prime; _builder_version=\u00a0\u00bb4.16&Prime; background_color=\u00a0\u00bb#ffffff\u00a0\u00bb custom_padding=\u00a0\u00bb29px|20px|12px|20px|false|false\u00a0\u00bb animation_style=\u00a0\u00bbfade\u00a0\u00bb animation_delay=\u00a0\u00bb100ms\u00a0\u00bb border_color_top=\u00a0\u00bb#e1e3e5&Prime; border_width_bottom=\u00a0\u00bb1px\u00a0\u00bb border_color_bottom=\u00a0\u00bb#e1e3e5&Prime; locked=\u00a0\u00bboff\u00a0\u00bb global_colors_info=\u00a0\u00bb{}\u00a0\u00bb][et_pb_column type=\u00a0\u00bb1_5&Prime; _builder_version=\u00a0\u00bb4.16&Prime; custom_padding=\u00a0\u00bb|||\u00a0\u00bb global_colors_info=\u00a0\u00bb{}\u00a0\u00bb custom_padding__hover=\u00a0\u00bb|||\u00a0\u00bb][et_pb_blurb title=\u00a0\u00bb16h00 &#8211; 17h30&Prime; use_icon=\u00a0\u00bbon\u00a0\u00bb font_icon=\u00a0\u00bb&#x7d;||divi||400&Prime; icon_color=\u00a0\u00bb#4DBDC6&Prime; icon_placement=\u00a0\u00bbleft\u00a0\u00bb image_icon_width=\u00a0\u00bb17px\u00a0\u00bb _builder_version=\u00a0\u00bb4.23.1&Prime; header_font=\u00a0\u00bbMontserrat||||||||\u00a0\u00bb header_text_color=\u00a0\u00bb#7c7c7c\u00a0\u00bb header_font_size=\u00a0\u00bb16px\u00a0\u00bb icon_font_size=\u00a0\u00bb17px\u00a0\u00bb global_colors_info=\u00a0\u00bb{}\u00a0\u00bb][\/et_pb_blurb][\/et_pb_column][et_pb_column type=\u00a0\u00bb1_5&Prime; _builder_version=\u00a0\u00bb4.16&Prime; custom_padding=\u00a0\u00bb|||\u00a0\u00bb global_colors_info=\u00a0\u00bb{}\u00a0\u00bb custom_padding__hover=\u00a0\u00bb|||\u00a0\u00bb][et_pb_image src=\u00a0\u00bbhttps:\/\/www.droitdusport.com\/assises\/wp-content\/uploads\/2024\/03\/gregory-ernes-square-nb.jpg\u00a0\u00bb title_text=\u00a0\u00bbgregory-ernes-square-nb\u00a0\u00bb disabled_on=\u00a0\u00bboff|off|off\u00a0\u00bb _builder_version=\u00a0\u00bb4.24.2&Prime; max_width=\u00a0\u00bb55%\u00a0\u00bb module_alignment=\u00a0\u00bbcenter\u00a0\u00bb custom_margin=\u00a0\u00bb|||\u00a0\u00bb custom_margin_tablet=\u00a0\u00bb90px|||\u00a0\u00bb custom_margin_last_edited=\u00a0\u00bboff|desktop\u00a0\u00bb animation_style=\u00a0\u00bbzoom\u00a0\u00bb border_radii=\u00a0\u00bbon|100%|100%|100%|100%\u00a0\u00bb always_center_on_mobile=\u00a0\u00bboff\u00a0\u00bb locked=\u00a0\u00bboff\u00a0\u00bb global_colors_info=\u00a0\u00bb{}\u00a0\u00bb][\/et_pb_image][\/et_pb_column][et_pb_column type=\u00a0\u00bb3_5&Prime; _builder_version=\u00a0\u00bb4.16&Prime; custom_padding=\u00a0\u00bb|||\u00a0\u00bb global_colors_info=\u00a0\u00bb{}\u00a0\u00bb custom_padding__hover=\u00a0\u00bb|||\u00a0\u00bb][et_pb_text _builder_version=\u00a0\u00bb4.24.2&Prime; text_font=\u00a0\u00bb||||||||\u00a0\u00bb text_text_color=\u00a0\u00bb#7a7a7a\u00a0\u00bb text_line_height=\u00a0\u00bb1.8em\u00a0\u00bb link_font=\u00a0\u00bb||||||||\u00a0\u00bb link_text_color=\u00a0\u00bb#7a7a7a\u00a0\u00bb header_font=\u00a0\u00bb||||||||\u00a0\u00bb header_3_font=\u00a0\u00bbMontserrat|700|||||||\u00a0\u00bb header_3_text_color=\u00a0\u00bb#4dbdc6&Prime; header_3_line_height=\u00a0\u00bb1.3em\u00a0\u00bb custom_margin=\u00a0\u00bb||20px|\u00a0\u00bb global_colors_info=\u00a0\u00bb{}\u00a0\u00bb link_text_color__hover_enabled=\u00a0\u00bbon\u00a0\u00bb link_text_color__hover=\u00a0\u00bb#7a7a7a\u00a0\u00bb]<\/p>\n<h3><span style=\"text-decoration: underline;\"><span style=\"color: #f39200;\"><a href=\"https:\/\/www.droitdusport.com\/assises\/vie-prive\/\"><span style=\"color: #4dbdc6; text-decoration: underline;\"><\/span><\/a><\/span><a href=\"https:\/\/www.droitdusport.com\/assises\/stabilite-contractuelle\/\"><span style=\"color: #f39200;\"><span style=\"color: #4dbdc6;\"><strong><span style=\"color: #4dbdc6; text-decoration: underline;\">Stabilit\u00e9 contractuelle, transferts et libert\u00e9 de circulation des joueurs de foot<\/span><\/strong><\/span><\/span><\/a><\/span><\/h3>\n<p><span style=\"color: #4dbdc6;\"><strong><\/strong><\/span><span style=\"color: #4dbdc6;\"><strong>Mod\u00e9rateur :<\/strong><strong><\/strong><\/span> <span style=\"color: #7a7a7a;\"><strong>Gr\u00e9gory ERNES,<\/strong> Avocat au Barreau de Bruxelles, <strong>ATFIELD<\/strong><\/span><\/p>\n<p>[\/et_pb_text][et_pb_text _builder_version=\u00a0\u00bb4.24.2&Prime; text_font=\u00a0\u00bb||||||||\u00a0\u00bb text_text_color=\u00a0\u00bb#7a7a7a\u00a0\u00bb text_line_height=\u00a0\u00bb1.8em\u00a0\u00bb link_font=\u00a0\u00bb||||||||\u00a0\u00bb link_text_color=\u00a0\u00bb#7a7a7a\u00a0\u00bb header_font=\u00a0\u00bb||||||||\u00a0\u00bb header_3_font=\u00a0\u00bbMontserrat|700|||||||\u00a0\u00bb header_3_text_color=\u00a0\u00bb#4dbdc6&Prime; header_3_line_height=\u00a0\u00bb1.3em\u00a0\u00bb custom_margin=\u00a0\u00bb||20px|\u00a0\u00bb custom_padding=\u00a0\u00bb||||false|false\u00a0\u00bb locked=\u00a0\u00bboff\u00a0\u00bb global_colors_info=\u00a0\u00bb{}\u00a0\u00bb link_text_color__hover_enabled=\u00a0\u00bbon\u00a0\u00bb link_text_color__hover=\u00a0\u00bb#7a7a7a\u00a0\u00bb]<\/p>\n<p><span style=\"color: #f39200;\"><strong><span style=\"color: #4dbdc6;\">Intervenants :<\/span><br \/><\/strong><\/span><strong>Sheena BELMANS,<\/strong> Avocate au Barreau de Bruxelles, <strong>ATFIELD<\/strong><br \/><strong>Jacques BLONDIN,<\/strong> Avocat au Barreau de Madrid, ancien Chef du FIFA TMS et du D\u00e9partement d\u2019application r\u00e9glementaire de la FIFA<br \/><strong>Philippe PIAT,<\/strong> Pr\u00e9sident de l\u2019UNFP<br \/><strong>Fabrice RIZZO,<\/strong> Professeur de droit, Aix-Marseille Universit\u00e9<br \/><span style=\"text-decoration: underline;\"><strong><\/strong><\/span><span style=\"text-decoration: underline;\"><strong><\/strong><\/span><\/p>\n<p>[\/et_pb_text][\/et_pb_column][\/et_pb_row][et_pb_row column_structure=\u00a0\u00bb1_4,3_4&Prime; _builder_version=\u00a0\u00bb4.16&Prime; background_color=\u00a0\u00bb#ffffff\u00a0\u00bb custom_padding=\u00a0\u00bb29px|20px|0|20px|false|false\u00a0\u00bb animation_style=\u00a0\u00bbfade\u00a0\u00bb animation_delay=\u00a0\u00bb100ms\u00a0\u00bb border_color_top=\u00a0\u00bb#e1e3e5&Prime; border_width_bottom=\u00a0\u00bb1px\u00a0\u00bb border_color_bottom=\u00a0\u00bb#e1e3e5&Prime; locked=\u00a0\u00bboff\u00a0\u00bb global_colors_info=\u00a0\u00bb{}\u00a0\u00bb][et_pb_column type=\u00a0\u00bb1_4&Prime; _builder_version=\u00a0\u00bb4.16&Prime; custom_padding=\u00a0\u00bb|||\u00a0\u00bb global_colors_info=\u00a0\u00bb{}\u00a0\u00bb custom_padding__hover=\u00a0\u00bb|||\u00a0\u00bb][et_pb_blurb title=\u00a0\u00bb17h30&Prime; use_icon=\u00a0\u00bbon\u00a0\u00bb font_icon=\u00a0\u00bb&#x7d;||divi||400&Prime; icon_color=\u00a0\u00bb#4DBDC6&Prime; icon_placement=\u00a0\u00bbleft\u00a0\u00bb image_icon_width=\u00a0\u00bb17px\u00a0\u00bb _builder_version=\u00a0\u00bb4.23.1&Prime; header_font=\u00a0\u00bbMontserrat||||||||\u00a0\u00bb header_text_color=\u00a0\u00bb#7c7c7c\u00a0\u00bb header_font_size=\u00a0\u00bb16px\u00a0\u00bb icon_font_size=\u00a0\u00bb17px\u00a0\u00bb global_colors_info=\u00a0\u00bb{}\u00a0\u00bb][\/et_pb_blurb][\/et_pb_column][et_pb_column type=\u00a0\u00bb3_4&Prime; _builder_version=\u00a0\u00bb4.16&Prime; custom_padding=\u00a0\u00bb|||\u00a0\u00bb global_colors_info=\u00a0\u00bb{}\u00a0\u00bb custom_padding__hover=\u00a0\u00bb|||\u00a0\u00bb][et_pb_text _builder_version=\u00a0\u00bb4.23.1&Prime; text_font=\u00a0\u00bb||||||||\u00a0\u00bb text_text_color=\u00a0\u00bb#7a7a7a\u00a0\u00bb text_line_height=\u00a0\u00bb1.8em\u00a0\u00bb link_font=\u00a0\u00bb||||||||\u00a0\u00bb link_text_color=\u00a0\u00bb#7a7a7a\u00a0\u00bb header_font=\u00a0\u00bb||||||||\u00a0\u00bb header_3_font=\u00a0\u00bbMontserrat|700|||||||\u00a0\u00bb header_3_text_color=\u00a0\u00bb#F39200&Prime; header_3_line_height=\u00a0\u00bb1.3em\u00a0\u00bb custom_margin=\u00a0\u00bb-9px||20px||false|false\u00a0\u00bb global_colors_info=\u00a0\u00bb{}\u00a0\u00bb link_text_color__hover_enabled=\u00a0\u00bbon\u00a0\u00bb link_text_color__hover=\u00a0\u00bb#7a7a7a\u00a0\u00bb]<\/p>\n<h3><span style=\"color: #4dbdc6;\">Cl\u00f4ture de la premi\u00e8re journ\u00e9e<\/span><\/h3>\n<p>[\/et_pb_text][\/et_pb_column][\/et_pb_row][et_pb_row _builder_version=\u00a0\u00bb4.16&Prime; background_color=\u00a0\u00bb#ffffff\u00a0\u00bb custom_padding=\u00a0\u00bb75px|20px|10px|20px|false|false\u00a0\u00bb border_color_top=\u00a0\u00bb#e1e3e5&Prime; border_width_bottom=\u00a0\u00bb1px\u00a0\u00bb border_color_bottom=\u00a0\u00bb#e1e3e5&Prime; global_colors_info=\u00a0\u00bb{}\u00a0\u00bb][et_pb_column type=\u00a0\u00bb4_4&Prime; _builder_version=\u00a0\u00bb4.16&Prime; custom_padding=\u00a0\u00bb|||\u00a0\u00bb global_colors_info=\u00a0\u00bb{}\u00a0\u00bb custom_padding__hover=\u00a0\u00bb|||\u00a0\u00bb][et_pb_text _builder_version=\u00a0\u00bb4.23.1&Prime; text_font=\u00a0\u00bbMontserrat|700|||||||\u00a0\u00bb text_text_color=\u00a0\u00bb#282828&Prime; header_font=\u00a0\u00bbMontserrat|700|||||||\u00a0\u00bb header_text_color=\u00a0\u00bb#000000&Prime; header_font_size=\u00a0\u00bb40px\u00a0\u00bb header_2_font=\u00a0\u00bb||||||||\u00a0\u00bb header_3_font=\u00a0\u00bb||||||||\u00a0\u00bb custom_margin=\u00a0\u00bb25px|||\u00a0\u00bb animation_style=\u00a0\u00bbfade\u00a0\u00bb animation_direction=\u00a0\u00bbtop\u00a0\u00bb animation_delay=\u00a0\u00bb100ms\u00a0\u00bb inline_fonts=\u00a0\u00bbMontserrat\u00a0\u00bb global_colors_info=\u00a0\u00bb{}\u00a0\u00bb]<\/p>\n<p><span style=\"font-size: x-large;\"><strong><span style=\"font-family: Montserrat;\">Vendredi 26 avril 2024<\/span><\/strong><\/span><\/p>\n<p>[\/et_pb_text][\/et_pb_column][\/et_pb_row][et_pb_row column_structure=\u00a0\u00bb1_4,3_4&Prime; _builder_version=\u00a0\u00bb4.16&Prime; background_color=\u00a0\u00bb#ffffff\u00a0\u00bb custom_padding=\u00a0\u00bb29px|20px|0|20px|false|false\u00a0\u00bb animation_style=\u00a0\u00bbfade\u00a0\u00bb animation_delay=\u00a0\u00bb100ms\u00a0\u00bb border_color_top=\u00a0\u00bb#e1e3e5&Prime; border_width_bottom=\u00a0\u00bb1px\u00a0\u00bb border_color_bottom=\u00a0\u00bb#e1e3e5&Prime; locked=\u00a0\u00bboff\u00a0\u00bb global_colors_info=\u00a0\u00bb{}\u00a0\u00bb][et_pb_column type=\u00a0\u00bb1_4&Prime; _builder_version=\u00a0\u00bb4.16&Prime; custom_padding=\u00a0\u00bb|||\u00a0\u00bb global_colors_info=\u00a0\u00bb{}\u00a0\u00bb custom_padding__hover=\u00a0\u00bb|||\u00a0\u00bb][et_pb_blurb title=\u00a0\u00bb9h00 &#8211; 9h30&Prime; use_icon=\u00a0\u00bbon\u00a0\u00bb font_icon=\u00a0\u00bb&#x7d;||divi||400&Prime; icon_color=\u00a0\u00bb#4DBDC6&Prime; icon_placement=\u00a0\u00bbleft\u00a0\u00bb image_icon_width=\u00a0\u00bb17px\u00a0\u00bb _builder_version=\u00a0\u00bb4.23.1&Prime; header_font=\u00a0\u00bbMontserrat||||||||\u00a0\u00bb header_text_color=\u00a0\u00bb#7c7c7c\u00a0\u00bb header_font_size=\u00a0\u00bb16px\u00a0\u00bb icon_font_size=\u00a0\u00bb17px\u00a0\u00bb global_colors_info=\u00a0\u00bb{}\u00a0\u00bb][\/et_pb_blurb][\/et_pb_column][et_pb_column type=\u00a0\u00bb3_4&Prime; _builder_version=\u00a0\u00bb4.16&Prime; custom_padding=\u00a0\u00bb|||\u00a0\u00bb global_colors_info=\u00a0\u00bb{}\u00a0\u00bb custom_padding__hover=\u00a0\u00bb|||\u00a0\u00bb][et_pb_text _builder_version=\u00a0\u00bb4.23.1&Prime; text_font=\u00a0\u00bb||||||||\u00a0\u00bb text_text_color=\u00a0\u00bb#7a7a7a\u00a0\u00bb text_line_height=\u00a0\u00bb1.8em\u00a0\u00bb link_font=\u00a0\u00bb||||||||\u00a0\u00bb link_text_color=\u00a0\u00bb#7a7a7a\u00a0\u00bb header_font=\u00a0\u00bb||||||||\u00a0\u00bb header_3_font=\u00a0\u00bbMontserrat|700|||||||\u00a0\u00bb header_3_text_color=\u00a0\u00bb#F39200&Prime; header_3_line_height=\u00a0\u00bb1.3em\u00a0\u00bb custom_margin=\u00a0\u00bb-9px||20px||false|false\u00a0\u00bb global_colors_info=\u00a0\u00bb{}\u00a0\u00bb link_text_color__hover_enabled=\u00a0\u00bbon\u00a0\u00bb link_text_color__hover=\u00a0\u00bb#7a7a7a\u00a0\u00bb]<\/p>\n<h3><span style=\"color: #4dbdc6;\">Accueil caf\u00e9 des participants<\/span><\/h3>\n<p>[\/et_pb_text][\/et_pb_column][\/et_pb_row][et_pb_row column_structure=\u00a0\u00bb1_5,1_5,3_5&Prime; _builder_version=\u00a0\u00bb4.16&Prime; background_color=\u00a0\u00bb#ffffff\u00a0\u00bb custom_padding=\u00a0\u00bb29px|20px|12px|20px|false|false\u00a0\u00bb animation_style=\u00a0\u00bbfade\u00a0\u00bb animation_delay=\u00a0\u00bb100ms\u00a0\u00bb border_color_top=\u00a0\u00bb#e1e3e5&Prime; border_width_bottom=\u00a0\u00bb1px\u00a0\u00bb border_color_bottom=\u00a0\u00bb#e1e3e5&Prime; locked=\u00a0\u00bboff\u00a0\u00bb global_colors_info=\u00a0\u00bb{}\u00a0\u00bb][et_pb_column type=\u00a0\u00bb1_5&Prime; _builder_version=\u00a0\u00bb4.16&Prime; custom_padding=\u00a0\u00bb|||\u00a0\u00bb global_colors_info=\u00a0\u00bb{}\u00a0\u00bb custom_padding__hover=\u00a0\u00bb|||\u00a0\u00bb][et_pb_blurb title=\u00a0\u00bb9h30 &#8211; 10h45&Prime; use_icon=\u00a0\u00bbon\u00a0\u00bb font_icon=\u00a0\u00bb&#x7d;||divi||400&Prime; icon_color=\u00a0\u00bb#4DBDC6&Prime; icon_placement=\u00a0\u00bbleft\u00a0\u00bb image_icon_width=\u00a0\u00bb17px\u00a0\u00bb _builder_version=\u00a0\u00bb4.23.1&Prime; header_font=\u00a0\u00bbMontserrat||||||||\u00a0\u00bb header_text_color=\u00a0\u00bb#7c7c7c\u00a0\u00bb header_font_size=\u00a0\u00bb16px\u00a0\u00bb icon_font_size=\u00a0\u00bb17px\u00a0\u00bb global_colors_info=\u00a0\u00bb{}\u00a0\u00bb][\/et_pb_blurb][\/et_pb_column][et_pb_column type=\u00a0\u00bb1_5&Prime; _builder_version=\u00a0\u00bb4.16&Prime; custom_padding=\u00a0\u00bb|||\u00a0\u00bb global_colors_info=\u00a0\u00bb{}\u00a0\u00bb custom_padding__hover=\u00a0\u00bb|||\u00a0\u00bb][et_pb_image src=\u00a0\u00bbhttps:\/\/www.droitdusport.com\/assises\/wp-content\/uploads\/2024\/04\/Thibault-LACHACINSKI-nb-square.jpg\u00a0\u00bb title_text=\u00a0\u00bbThibault-LACHACINSKI-nb-square\u00a0\u00bb disabled_on=\u00a0\u00bboff|off|off\u00a0\u00bb _builder_version=\u00a0\u00bb4.24.3&Prime; max_width=\u00a0\u00bb55%\u00a0\u00bb module_alignment=\u00a0\u00bbcenter\u00a0\u00bb custom_margin=\u00a0\u00bb|||\u00a0\u00bb custom_margin_tablet=\u00a0\u00bb90px|||\u00a0\u00bb custom_margin_last_edited=\u00a0\u00bboff|desktop\u00a0\u00bb animation_style=\u00a0\u00bbzoom\u00a0\u00bb border_radii=\u00a0\u00bbon|100%|100%|100%|100%\u00a0\u00bb always_center_on_mobile=\u00a0\u00bboff\u00a0\u00bb locked=\u00a0\u00bboff\u00a0\u00bb global_colors_info=\u00a0\u00bb{}\u00a0\u00bb][\/et_pb_image][\/et_pb_column][et_pb_column type=\u00a0\u00bb3_5&Prime; _builder_version=\u00a0\u00bb4.16&Prime; custom_padding=\u00a0\u00bb|||\u00a0\u00bb global_colors_info=\u00a0\u00bb{}\u00a0\u00bb custom_padding__hover=\u00a0\u00bb|||\u00a0\u00bb][et_pb_text disabled_on=\u00a0\u00bboff|off|off\u00a0\u00bb _builder_version=\u00a0\u00bb4.24.3&Prime; text_font=\u00a0\u00bb||||||||\u00a0\u00bb text_text_color=\u00a0\u00bb#7a7a7a\u00a0\u00bb text_line_height=\u00a0\u00bb1.8em\u00a0\u00bb link_font=\u00a0\u00bb||||||||\u00a0\u00bb link_text_color=\u00a0\u00bb#7a7a7a\u00a0\u00bb header_font=\u00a0\u00bb||||||||\u00a0\u00bb header_3_font=\u00a0\u00bbMontserrat|700|||||||\u00a0\u00bb header_3_text_color=\u00a0\u00bb#4dbdc6&Prime; header_3_line_height=\u00a0\u00bb1.3em\u00a0\u00bb custom_margin=\u00a0\u00bb||20px|\u00a0\u00bb locked=\u00a0\u00bboff\u00a0\u00bb global_colors_info=\u00a0\u00bb{}\u00a0\u00bb link_text_color__hover_enabled=\u00a0\u00bbon\u00a0\u00bb link_text_color__hover=\u00a0\u00bb#7a7a7a\u00a0\u00bb]<\/p>\n<h3><span style=\"text-decoration: underline;\"><a href=\"https:\/\/www.droitdusport.com\/assises\/sportif-image-droits\/\"><span style=\"color: #4dbdc6; text-decoration: underline;\">Panel 5 &#8211; Le sportif, son image et ses droits<\/span><\/a><\/span><span style=\"text-decoration: underline; color: #f39200;\"><\/span><\/h3>\n<p><span style=\"color: #4dbdc6;\"><strong>Mod\u00e9rateur :<\/strong><strong><\/strong><\/span>\u00a0<strong>Thibault LACHACINSKI,<\/strong> Avocat au Barreau de Paris, <strong>NFALAW<\/strong><\/p>\n<p>[\/et_pb_text][et_pb_text disabled_on=\u00a0\u00bboff|off|off\u00a0\u00bb _builder_version=\u00a0\u00bb4.24.3&Prime; text_font=\u00a0\u00bb||||||||\u00a0\u00bb text_text_color=\u00a0\u00bb#7a7a7a\u00a0\u00bb text_line_height=\u00a0\u00bb1.8em\u00a0\u00bb link_font=\u00a0\u00bb||||||||\u00a0\u00bb link_text_color=\u00a0\u00bb#7a7a7a\u00a0\u00bb header_font=\u00a0\u00bb||||||||\u00a0\u00bb header_3_font=\u00a0\u00bbMontserrat|700|||||||\u00a0\u00bb header_3_text_color=\u00a0\u00bb#4dbdc6&Prime; header_3_line_height=\u00a0\u00bb1.3em\u00a0\u00bb custom_margin=\u00a0\u00bb||20px|\u00a0\u00bb custom_padding=\u00a0\u00bb||||false|false\u00a0\u00bb locked=\u00a0\u00bboff\u00a0\u00bb global_colors_info=\u00a0\u00bb{}\u00a0\u00bb link_text_color__hover_enabled=\u00a0\u00bbon\u00a0\u00bb link_text_color__hover=\u00a0\u00bb#7a7a7a\u00a0\u00bb]<\/p>\n<p><span style=\"color: #f39200;\"><strong><span style=\"color: #4dbdc6;\">Intervenants :<\/span><br \/><\/strong><\/span><strong>Caroline ANGELINI,<\/strong> Conseill\u00e8re M\u00e9dias et Image, <strong>Caroline A Consulting<\/strong><br \/><strong>Patricia MOYERSOEN,<\/strong> Avocate au Barreau de Paris, <strong>Moyersoen Avocats<\/strong><br \/><strong>Constance POPINEAU,<\/strong> Directrice juridique du CNOSF<br \/><strong>Delphine VERHEYDEN,<\/strong> Avocate au Barreau de Paris, <strong>Verheyden Avocats<\/strong><span style=\"text-decoration: underline;\"><strong><\/strong><\/span><span style=\"text-decoration: underline;\"><strong><\/strong><\/span><\/p>\n<p>[\/et_pb_text][\/et_pb_column][\/et_pb_row][et_pb_row column_structure=\u00a0\u00bb1_4,3_4&Prime; _builder_version=\u00a0\u00bb4.17.3&Prime; background_color=\u00a0\u00bb#ffffff\u00a0\u00bb custom_padding=\u00a0\u00bb29px|20px|0|20px|false|false\u00a0\u00bb animation_style=\u00a0\u00bbfade\u00a0\u00bb animation_delay=\u00a0\u00bb100ms\u00a0\u00bb border_color_top=\u00a0\u00bb#e1e3e5&Prime; border_color_bottom=\u00a0\u00bb#e1e3e5&Prime; locked=\u00a0\u00bboff\u00a0\u00bb global_colors_info=\u00a0\u00bb{}\u00a0\u00bb][et_pb_column type=\u00a0\u00bb1_4&Prime; _builder_version=\u00a0\u00bb4.16&Prime; custom_padding=\u00a0\u00bb|||\u00a0\u00bb global_colors_info=\u00a0\u00bb{}\u00a0\u00bb custom_padding__hover=\u00a0\u00bb|||\u00a0\u00bb][\/et_pb_column][et_pb_column type=\u00a0\u00bb3_4&Prime; _builder_version=\u00a0\u00bb4.16&Prime; custom_padding=\u00a0\u00bb|||\u00a0\u00bb global_colors_info=\u00a0\u00bb{}\u00a0\u00bb custom_padding__hover=\u00a0\u00bb|||\u00a0\u00bb][et_pb_text _builder_version=\u00a0\u00bb4.24.2&Prime; text_font=\u00a0\u00bb||||||||\u00a0\u00bb text_text_color=\u00a0\u00bb#7a7a7a\u00a0\u00bb text_line_height=\u00a0\u00bb1.8em\u00a0\u00bb link_font=\u00a0\u00bb||||||||\u00a0\u00bb link_text_color=\u00a0\u00bb#7a7a7a\u00a0\u00bb header_font=\u00a0\u00bb||||||||\u00a0\u00bb header_3_font=\u00a0\u00bbMontserrat|700|||||||\u00a0\u00bb header_3_text_color=\u00a0\u00bb#4dbdc6&Prime; header_3_line_height=\u00a0\u00bb1.3em\u00a0\u00bb custom_margin=\u00a0\u00bb0px||20px|\u00a0\u00bb custom_padding=\u00a0\u00bb2px|||||\u00a0\u00bb global_colors_info=\u00a0\u00bb{}\u00a0\u00bb link_text_color__hover_enabled=\u00a0\u00bbon\u00a0\u00bb link_text_color__hover=\u00a0\u00bb#7a7a7a\u00a0\u00bb]<\/p>\n<h3><span style=\"color: #f39200;\"><span style=\"color: #666666;\">Ou atelier pratique 4 :<\/span><br \/><\/span><\/h3>\n<p>[\/et_pb_text][\/et_pb_column][\/et_pb_row][et_pb_row column_structure=\u00a0\u00bb1_5,1_5,3_5&Prime; _builder_version=\u00a0\u00bb4.16&Prime; background_color=\u00a0\u00bb#ffffff\u00a0\u00bb custom_padding=\u00a0\u00bb29px|20px|12px|20px|false|false\u00a0\u00bb animation_style=\u00a0\u00bbfade\u00a0\u00bb animation_delay=\u00a0\u00bb100ms\u00a0\u00bb border_color_top=\u00a0\u00bb#e1e3e5&Prime; border_width_bottom=\u00a0\u00bb1px\u00a0\u00bb border_color_bottom=\u00a0\u00bb#e1e3e5&Prime; locked=\u00a0\u00bboff\u00a0\u00bb global_colors_info=\u00a0\u00bb{}\u00a0\u00bb][et_pb_column type=\u00a0\u00bb1_5&Prime; _builder_version=\u00a0\u00bb4.16&Prime; custom_padding=\u00a0\u00bb|||\u00a0\u00bb global_colors_info=\u00a0\u00bb{}\u00a0\u00bb custom_padding__hover=\u00a0\u00bb|||\u00a0\u00bb][et_pb_blurb title=\u00a0\u00bb9h30 &#8211; 10h45&Prime; use_icon=\u00a0\u00bbon\u00a0\u00bb font_icon=\u00a0\u00bb&#x7d;||divi||400&Prime; icon_color=\u00a0\u00bb#4DBDC6&Prime; icon_placement=\u00a0\u00bbleft\u00a0\u00bb image_icon_width=\u00a0\u00bb17px\u00a0\u00bb _builder_version=\u00a0\u00bb4.23.1&Prime; header_font=\u00a0\u00bbMontserrat||||||||\u00a0\u00bb header_text_color=\u00a0\u00bb#7c7c7c\u00a0\u00bb header_font_size=\u00a0\u00bb16px\u00a0\u00bb icon_font_size=\u00a0\u00bb17px\u00a0\u00bb global_colors_info=\u00a0\u00bb{}\u00a0\u00bb][\/et_pb_blurb][\/et_pb_column][et_pb_column type=\u00a0\u00bb1_5&Prime; _builder_version=\u00a0\u00bb4.16&Prime; custom_padding=\u00a0\u00bb|||\u00a0\u00bb global_colors_info=\u00a0\u00bb{}\u00a0\u00bb custom_padding__hover=\u00a0\u00bb|||\u00a0\u00bb][et_pb_image src=\u00a0\u00bbhttps:\/\/www.droitdusport.com\/assises\/wp-content\/uploads\/2024\/04\/Thibaut-DAGORNE-nb-square.jpg\u00a0\u00bb title_text=\u00a0\u00bbThibaut-DAGORNE-nb-square\u00a0\u00bb disabled_on=\u00a0\u00bboff|off|off\u00a0\u00bb _builder_version=\u00a0\u00bb4.24.3&Prime; max_width=\u00a0\u00bb55%\u00a0\u00bb module_alignment=\u00a0\u00bbcenter\u00a0\u00bb custom_margin=\u00a0\u00bb|||\u00a0\u00bb custom_margin_tablet=\u00a0\u00bb90px|||\u00a0\u00bb custom_margin_last_edited=\u00a0\u00bboff|desktop\u00a0\u00bb animation_style=\u00a0\u00bbzoom\u00a0\u00bb border_radii=\u00a0\u00bbon|100%|100%|100%|100%\u00a0\u00bb always_center_on_mobile=\u00a0\u00bboff\u00a0\u00bb locked=\u00a0\u00bboff\u00a0\u00bb global_colors_info=\u00a0\u00bb{}\u00a0\u00bb][\/et_pb_image][\/et_pb_column][et_pb_column type=\u00a0\u00bb3_5&Prime; _builder_version=\u00a0\u00bb4.16&Prime; custom_padding=\u00a0\u00bb|||\u00a0\u00bb global_colors_info=\u00a0\u00bb{}\u00a0\u00bb custom_padding__hover=\u00a0\u00bb|||\u00a0\u00bb][et_pb_text disabled_on=\u00a0\u00bboff|off|off\u00a0\u00bb _builder_version=\u00a0\u00bb4.24.3&Prime; text_font=\u00a0\u00bb||||||||\u00a0\u00bb text_text_color=\u00a0\u00bb#7a7a7a\u00a0\u00bb text_line_height=\u00a0\u00bb1.8em\u00a0\u00bb link_font=\u00a0\u00bb||||||||\u00a0\u00bb link_text_color=\u00a0\u00bb#7a7a7a\u00a0\u00bb header_font=\u00a0\u00bb||||||||\u00a0\u00bb header_3_font=\u00a0\u00bbMontserrat|700|||||||\u00a0\u00bb header_3_text_color=\u00a0\u00bb#4dbdc6&Prime; header_3_line_height=\u00a0\u00bb1.3em\u00a0\u00bb custom_margin=\u00a0\u00bb||20px|\u00a0\u00bb global_colors_info=\u00a0\u00bb{}\u00a0\u00bb link_text_color__hover_enabled=\u00a0\u00bbon\u00a0\u00bb link_text_color__hover=\u00a0\u00bb#7a7a7a\u00a0\u00bb]<\/p>\n<h3><span style=\"text-decoration: underline;\"><a href=\"https:\/\/www.droitdusport.com\/assises\/abus-sexuels\/\"><span style=\"color: #f39200;\"><span style=\"color: #4dbdc6;\"><strong><span style=\"color: #4dbdc6; text-decoration: underline;\">Protection des pratiquants et des acteurs : Pr\u00e9venir les situations \u00e0 risques pour garantir et sauvegarder l&rsquo;honorabilit\u00e9 des entra\u00eeneurs<\/span><\/strong><\/span><\/span><\/a><\/span><span style=\"color: #f39200;\"><span style=\"color: #4dbdc6;\"><span style=\"color: #4dbdc6;\"><\/span><\/span><\/span><\/h3>\n<p><span style=\"color: #4dbdc6;\"><strong>Mod\u00e9rateur :<\/strong><strong><\/strong><\/span> <span style=\"color: #7a7a7a;\"><strong>Thibaut DAGORNE,<\/strong> D\u00e9l\u00e9gu\u00e9 g\u00e9n\u00e9ral de Master7, membre de la FEP<\/span><\/p>\n<p>[\/et_pb_text][et_pb_text disabled_on=\u00a0\u00bboff|off|off\u00a0\u00bb _builder_version=\u00a0\u00bb4.24.2&Prime; text_font=\u00a0\u00bb||||||||\u00a0\u00bb text_text_color=\u00a0\u00bb#7a7a7a\u00a0\u00bb text_line_height=\u00a0\u00bb1.8em\u00a0\u00bb link_font=\u00a0\u00bb||||||||\u00a0\u00bb link_text_color=\u00a0\u00bb#7a7a7a\u00a0\u00bb header_font=\u00a0\u00bb||||||||\u00a0\u00bb header_3_font=\u00a0\u00bbMontserrat|700|||||||\u00a0\u00bb header_3_text_color=\u00a0\u00bb#4dbdc6&Prime; header_3_line_height=\u00a0\u00bb1.3em\u00a0\u00bb custom_margin=\u00a0\u00bb||20px|\u00a0\u00bb custom_padding=\u00a0\u00bb||||false|false\u00a0\u00bb locked=\u00a0\u00bboff\u00a0\u00bb global_colors_info=\u00a0\u00bb{}\u00a0\u00bb link_text_color__hover_enabled=\u00a0\u00bbon\u00a0\u00bb link_text_color__hover=\u00a0\u00bb#7a7a7a\u00a0\u00bb]<\/p>\n<p><span style=\"color: #f39200;\"><strong><span style=\"color: #4dbdc6;\">Intervenants :<br \/><\/span><\/strong><\/span><strong>Fabienne\u00a0BOURDAIS,<\/strong> Directrice des Sports, Minist\u00e8re des Sports des Jeux Olympiques et Paralympiques<br \/><strong>Samuel CHEVRET,<\/strong> Avocat au Barreau de Paris, Derby Avocats<br \/><strong>Benjamin PEYRELEVADE,<\/strong> Avocat au Barreau de Paris, DENOVO<br \/><strong>St\u00e9phanie PIOGER,<\/strong> Vice-pr\u00e9sidente de la F\u00e9d\u00e9ration fran\u00e7aise de Basket-ball (FFBB), Avocate<span style=\"text-decoration: underline;\"><strong><\/strong><\/span><span style=\"text-decoration: underline;\"><strong><\/strong><\/span><\/p>\n<p>[\/et_pb_text][\/et_pb_column][\/et_pb_row][et_pb_row column_structure=\u00a0\u00bb1_5,1_5,3_5&Prime; disabled_on=\u00a0\u00bboff|off|off\u00a0\u00bb _builder_version=\u00a0\u00bb4.24.2&Prime; background_color=\u00a0\u00bb#ffffff\u00a0\u00bb custom_padding=\u00a0\u00bb29px|20px|12px|20px|false|false\u00a0\u00bb animation_style=\u00a0\u00bbfade\u00a0\u00bb animation_delay=\u00a0\u00bb100ms\u00a0\u00bb border_color_top=\u00a0\u00bb#e1e3e5&Prime; border_width_bottom=\u00a0\u00bb1px\u00a0\u00bb border_color_bottom=\u00a0\u00bb#e1e3e5&Prime; locked=\u00a0\u00bboff\u00a0\u00bb global_colors_info=\u00a0\u00bb{}\u00a0\u00bb][et_pb_column type=\u00a0\u00bb1_5&Prime; _builder_version=\u00a0\u00bb4.16&Prime; custom_padding=\u00a0\u00bb|||\u00a0\u00bb global_colors_info=\u00a0\u00bb{}\u00a0\u00bb custom_padding__hover=\u00a0\u00bb|||\u00a0\u00bb][et_pb_blurb title=\u00a0\u00bb11h00 &#8211; 12h15&Prime; use_icon=\u00a0\u00bbon\u00a0\u00bb font_icon=\u00a0\u00bb&#x7d;||divi||400&Prime; icon_color=\u00a0\u00bb#4DBDC6&Prime; icon_placement=\u00a0\u00bbleft\u00a0\u00bb image_icon_width=\u00a0\u00bb17px\u00a0\u00bb _builder_version=\u00a0\u00bb4.25.0&Prime; header_font=\u00a0\u00bbMontserrat||||||||\u00a0\u00bb header_text_color=\u00a0\u00bb#7c7c7c\u00a0\u00bb header_font_size=\u00a0\u00bb16px\u00a0\u00bb icon_font_size=\u00a0\u00bb17px\u00a0\u00bb global_colors_info=\u00a0\u00bb{}\u00a0\u00bb][\/et_pb_blurb][\/et_pb_column][et_pb_column type=\u00a0\u00bb1_5&Prime; _builder_version=\u00a0\u00bb4.16&Prime; custom_padding=\u00a0\u00bb|||\u00a0\u00bb global_colors_info=\u00a0\u00bb{}\u00a0\u00bb custom_padding__hover=\u00a0\u00bb|||\u00a0\u00bb][et_pb_image src=\u00a0\u00bbhttps:\/\/www.droitdusport.com\/assises\/wp-content\/uploads\/2024\/04\/Frederic-BIBAL-nb-square.jpg\u00a0\u00bb title_text=\u00a0\u00bbFrederic-BIBAL-nb-square\u00a0\u00bb _builder_version=\u00a0\u00bb4.24.2&Prime; max_width=\u00a0\u00bb55%\u00a0\u00bb module_alignment=\u00a0\u00bbcenter\u00a0\u00bb custom_margin=\u00a0\u00bb|||\u00a0\u00bb custom_margin_tablet=\u00a0\u00bb90px|||\u00a0\u00bb custom_margin_last_edited=\u00a0\u00bboff|desktop\u00a0\u00bb animation_style=\u00a0\u00bbzoom\u00a0\u00bb border_radii=\u00a0\u00bbon|100%|100%|100%|100%\u00a0\u00bb always_center_on_mobile=\u00a0\u00bboff\u00a0\u00bb locked=\u00a0\u00bboff\u00a0\u00bb global_colors_info=\u00a0\u00bb{}\u00a0\u00bb][\/et_pb_image][\/et_pb_column][et_pb_column type=\u00a0\u00bb3_5&Prime; _builder_version=\u00a0\u00bb4.16&Prime; custom_padding=\u00a0\u00bb|||\u00a0\u00bb global_colors_info=\u00a0\u00bb{}\u00a0\u00bb custom_padding__hover=\u00a0\u00bb|||\u00a0\u00bb][et_pb_text _builder_version=\u00a0\u00bb4.24.2&Prime; text_font=\u00a0\u00bb||||||||\u00a0\u00bb text_text_color=\u00a0\u00bb#7a7a7a\u00a0\u00bb text_line_height=\u00a0\u00bb1.8em\u00a0\u00bb link_font=\u00a0\u00bb||||||||\u00a0\u00bb link_text_color=\u00a0\u00bb#7a7a7a\u00a0\u00bb header_font=\u00a0\u00bb||||||||\u00a0\u00bb header_3_font=\u00a0\u00bbMontserrat|700|||||||\u00a0\u00bb header_3_text_color=\u00a0\u00bb#4dbdc6&Prime; header_3_line_height=\u00a0\u00bb1.3em\u00a0\u00bb custom_margin=\u00a0\u00bb||20px|\u00a0\u00bb global_colors_info=\u00a0\u00bb{}\u00a0\u00bb link_text_color__hover_enabled=\u00a0\u00bbon\u00a0\u00bb link_text_color__hover=\u00a0\u00bb#7a7a7a\u00a0\u00bb]<\/p>\n<h3><a href=\"https:\/\/www.droitdusport.com\/assises\/droits-athletes\/\"><span style=\"text-decoration: underline;\"><span style=\"color: #f39200;\"><span style=\"color: #4dbdc6; text-decoration: underline;\">Panel 6 &#8211; L<\/span><span style=\"color: #4dbdc6; text-decoration: underline;\">a d\u00e9claration des droits des athl\u00e8tes<\/span><\/span><\/span><\/a><span style=\"text-decoration: underline; color: #f39200;\"><br \/><\/span><\/h3>\n<p><span style=\"color: #4dbdc6;\"><strong>Mod\u00e9rateur :<\/strong><strong><\/strong><\/span>\u00a0<strong>Fr\u00e9d\u00e9ric BIBAL,<\/strong> Avocat au Barreau de Paris<\/p>\n<p>[\/et_pb_text][et_pb_text _builder_version=\u00a0\u00bb4.24.3&Prime; text_font=\u00a0\u00bb||||||||\u00a0\u00bb text_text_color=\u00a0\u00bb#7a7a7a\u00a0\u00bb text_line_height=\u00a0\u00bb1.8em\u00a0\u00bb link_font=\u00a0\u00bb||||||||\u00a0\u00bb link_text_color=\u00a0\u00bb#7a7a7a\u00a0\u00bb header_font=\u00a0\u00bb||||||||\u00a0\u00bb header_3_font=\u00a0\u00bbMontserrat|700|||||||\u00a0\u00bb header_3_text_color=\u00a0\u00bb#4dbdc6&Prime; header_3_line_height=\u00a0\u00bb1.3em\u00a0\u00bb custom_margin=\u00a0\u00bb||20px|\u00a0\u00bb custom_padding=\u00a0\u00bb||||false|false\u00a0\u00bb locked=\u00a0\u00bboff\u00a0\u00bb global_colors_info=\u00a0\u00bb{}\u00a0\u00bb link_text_color__hover_enabled=\u00a0\u00bbon\u00a0\u00bb link_text_color__hover=\u00a0\u00bb#7a7a7a\u00a0\u00bb]<\/p>\n<p><span style=\"color: #f39200;\"><strong><span style=\"color: #4dbdc6;\">Intervenants :<\/span><br \/><\/strong><\/span><strong>Thierry ABALLEA,<\/strong> <span style=\"color: #7a7a7a;\">Avocat au Barreau de Paris, \u00c9lu Conseil National des Barreaux, Ancien sportif de haut niveau<\/span><strong><span style=\"color: #000000;\"><\/span><\/strong><br \/><strong>Xavier DUPR\u00c9 DE BOULOIS,<\/strong> Professeur de droit public \u00e0 l&rsquo;Universit\u00e9 Paris 1 <span>Panth\u00e9on-Sorbonne<\/span><br \/><strong>Alexandra FUSAI,<\/strong> Responsable suivi socioprofessionnel, Joueuses et joueurs Parcours Haut Niveau, F\u00e9d\u00e9ration fran\u00e7aise de tennis (FFT)<br \/><strong>Sophie KWASNY,<\/strong> Cheffe de la Division Sport et Secr\u00e9taire ex\u00e9cutive de l&rsquo;APES, Conseil de l&rsquo;Europe<br \/><strong>Philippe PIAT,<\/strong> Pr\u00e9sident de l&rsquo;UNFP<br \/><span style=\"text-decoration: underline;\"><strong><\/strong><\/span><span style=\"text-decoration: underline;\"><strong><\/strong><\/span><\/p>\n<p>[\/et_pb_text][\/et_pb_column][\/et_pb_row][et_pb_row column_structure=\u00a0\u00bb1_4,3_4&Prime; _builder_version=\u00a0\u00bb4.24.0&Prime; background_color=\u00a0\u00bb#ffffff\u00a0\u00bb custom_padding=\u00a0\u00bb29px|20px|0|20px|false|false\u00a0\u00bb animation_style=\u00a0\u00bbfade\u00a0\u00bb animation_delay=\u00a0\u00bb100ms\u00a0\u00bb border_color_top=\u00a0\u00bb#e1e3e5&Prime; border_color_bottom=\u00a0\u00bb#e1e3e5&Prime; locked=\u00a0\u00bboff\u00a0\u00bb global_colors_info=\u00a0\u00bb{}\u00a0\u00bb][et_pb_column type=\u00a0\u00bb1_4&Prime; _builder_version=\u00a0\u00bb4.16&Prime; custom_padding=\u00a0\u00bb|||\u00a0\u00bb global_colors_info=\u00a0\u00bb{}\u00a0\u00bb custom_padding__hover=\u00a0\u00bb|||\u00a0\u00bb][et_pb_blurb title=\u00a0\u00bb12h15 &#8211; 12h45&Prime; use_icon=\u00a0\u00bbon\u00a0\u00bb font_icon=\u00a0\u00bb&#x7d;||divi||400&Prime; icon_color=\u00a0\u00bb#4DBDC6&Prime; icon_placement=\u00a0\u00bbleft\u00a0\u00bb image_icon_width=\u00a0\u00bb17px\u00a0\u00bb _builder_version=\u00a0\u00bb4.25.0&Prime; header_font=\u00a0\u00bbMontserrat||||||||\u00a0\u00bb header_text_color=\u00a0\u00bb#7c7c7c\u00a0\u00bb header_font_size=\u00a0\u00bb16px\u00a0\u00bb icon_font_size=\u00a0\u00bb17px\u00a0\u00bb global_colors_info=\u00a0\u00bb{}\u00a0\u00bb][\/et_pb_blurb][\/et_pb_column][et_pb_column type=\u00a0\u00bb3_4&Prime; _builder_version=\u00a0\u00bb4.16&Prime; custom_padding=\u00a0\u00bb|||\u00a0\u00bb global_colors_info=\u00a0\u00bb{}\u00a0\u00bb custom_padding__hover=\u00a0\u00bb|||\u00a0\u00bb][et_pb_text _builder_version=\u00a0\u00bb4.23.1&Prime; text_font=\u00a0\u00bb||||||||\u00a0\u00bb text_text_color=\u00a0\u00bb#7a7a7a\u00a0\u00bb text_line_height=\u00a0\u00bb1.8em\u00a0\u00bb link_font=\u00a0\u00bb||||||||\u00a0\u00bb link_text_color=\u00a0\u00bb#7a7a7a\u00a0\u00bb header_font=\u00a0\u00bb||||||||\u00a0\u00bb header_3_font=\u00a0\u00bbMontserrat|700|||||||\u00a0\u00bb header_3_text_color=\u00a0\u00bb#F39200&Prime; header_3_line_height=\u00a0\u00bb1.3em\u00a0\u00bb custom_margin=\u00a0\u00bb-9px||20px||false|false\u00a0\u00bb global_colors_info=\u00a0\u00bb{}\u00a0\u00bb link_text_color__hover_enabled=\u00a0\u00bbon\u00a0\u00bb link_text_color__hover=\u00a0\u00bb#7a7a7a\u00a0\u00bb]<\/p>\n<h3><span style=\"color: #4dbdc6;\">Rapport de synth\u00e8se<\/span><\/h3>\n<p>[\/et_pb_text][\/et_pb_column][\/et_pb_row][et_pb_row column_structure=\u00a0\u00bb1_5,1_5,3_5&Prime; _builder_version=\u00a0\u00bb4.24.0&Prime; background_color=\u00a0\u00bb#ffffff\u00a0\u00bb custom_padding=\u00a0\u00bb15px|20px|12px|20px|false|false\u00a0\u00bb animation_style=\u00a0\u00bbfade\u00a0\u00bb animation_delay=\u00a0\u00bb100ms\u00a0\u00bb pac_drh_column_numbers_tablet=\u00a0\u00bbpac_drh_tab_col_two\u00a0\u00bb border_color_top=\u00a0\u00bb#e1e3e5&Prime; border_width_bottom=\u00a0\u00bb1px\u00a0\u00bb border_color_bottom=\u00a0\u00bb#e1e3e5&Prime; locked=\u00a0\u00bboff\u00a0\u00bb global_colors_info=\u00a0\u00bb{}\u00a0\u00bb][et_pb_column type=\u00a0\u00bb1_5&Prime; _builder_version=\u00a0\u00bb4.16&Prime; custom_padding=\u00a0\u00bb|||\u00a0\u00bb global_colors_info=\u00a0\u00bb{}\u00a0\u00bb custom_padding__hover=\u00a0\u00bb|||\u00a0\u00bb][\/et_pb_column][et_pb_column type=\u00a0\u00bb1_5&Prime; _builder_version=\u00a0\u00bb4.16&Prime; custom_padding=\u00a0\u00bb|||\u00a0\u00bb global_colors_info=\u00a0\u00bb{}\u00a0\u00bb custom_padding__hover=\u00a0\u00bb|||\u00a0\u00bb][et_pb_image src=\u00a0\u00bbhttps:\/\/www.droitdusport.com\/assises\/wp-content\/uploads\/2024\/02\/Frederic-KRENC-nb-square.jpg\u00a0\u00bb title_text=\u00a0\u00bbFre\u0301de\u0301ric-KRENC-nb-square\u00a0\u00bb _builder_version=\u00a0\u00bb4.24.0&Prime; max_width=\u00a0\u00bb55%\u00a0\u00bb module_alignment=\u00a0\u00bbcenter\u00a0\u00bb custom_margin=\u00a0\u00bb|||\u00a0\u00bb custom_margin_tablet=\u00a0\u00bb90px|||\u00a0\u00bb custom_margin_last_edited=\u00a0\u00bboff|desktop\u00a0\u00bb animation_style=\u00a0\u00bbzoom\u00a0\u00bb border_radii=\u00a0\u00bbon|100%|100%|100%|100%\u00a0\u00bb always_center_on_mobile=\u00a0\u00bboff\u00a0\u00bb locked=\u00a0\u00bboff\u00a0\u00bb global_colors_info=\u00a0\u00bb{}\u00a0\u00bb][\/et_pb_image][\/et_pb_column][et_pb_column type=\u00a0\u00bb3_5&Prime; _builder_version=\u00a0\u00bb4.16&Prime; custom_padding=\u00a0\u00bb|||\u00a0\u00bb global_colors_info=\u00a0\u00bb{}\u00a0\u00bb custom_padding__hover=\u00a0\u00bb|||\u00a0\u00bb][et_pb_text content_tablet=\u00a0\u00bb<\/p>\n<p><span style=%22color: #000000;%22><strong><\/strong><\/span><span style=%22color: #000000;%22><strong>G\u00e9rald SIMON<br \/><\/strong><\/span>Professeur de droit public \u00e0 l&rsquo;Universit\u00e9 de Bourgogne, Arbitre au Tribunal arbitral du sport (TAS)<\/p>\n<p><strong> <\/strong><\/p>\n<p>\u00a0\u00bb content_last_edited=\u00a0\u00bboff|desktop\u00a0\u00bb module_id=\u00a0\u00bbcentrer-verticalement\u00a0\u00bb _builder_version=\u00a0\u00bb4.24.0&Prime; text_font=\u00a0\u00bb||||||||\u00a0\u00bb text_text_color=\u00a0\u00bb#7a7a7a\u00a0\u00bb text_line_height=\u00a0\u00bb1.8em\u00a0\u00bb link_font=\u00a0\u00bb||||||||\u00a0\u00bb link_text_color=\u00a0\u00bb#7a7a7a\u00a0\u00bb header_font=\u00a0\u00bb||||||||\u00a0\u00bb header_3_font=\u00a0\u00bbMontserrat|700|||||||\u00a0\u00bb header_3_text_color=\u00a0\u00bb#4dbdc6&Prime; header_3_line_height=\u00a0\u00bb1.3em\u00a0\u00bb custom_margin=\u00a0\u00bb||||false|false\u00a0\u00bb custom_padding=\u00a0\u00bb10px||||false|false\u00a0\u00bb custom_padding_tablet=\u00a0\u00bb10px||||false|false\u00a0\u00bb custom_padding_phone=\u00a0\u00bb10px||||false|false\u00a0\u00bb custom_padding_last_edited=\u00a0\u00bbon|desktop\u00a0\u00bb global_colors_info=\u00a0\u00bb{}\u00a0\u00bb link_text_color__hover_enabled=\u00a0\u00bbon\u00a0\u00bb link_text_color__hover=\u00a0\u00bb#7a7a7a\u00a0\u00bb]<\/p>\n<p><strong><span style=\"color: #000000;\">Fr\u00e9d\u00e9ric KRENC<\/span><br \/><\/strong>Juge \u00e0 la Cour europ\u00e9enne des droits de l\u2019Homme (CEDH)<\/p>\n<p><strong>\u00a0<\/strong><\/p>\n<p>[\/et_pb_text][\/et_pb_column][\/et_pb_row][et_pb_row column_structure=\u00a0\u00bb1_4,3_4&Prime; _builder_version=\u00a0\u00bb4.16&Prime; background_color=\u00a0\u00bb#ffffff\u00a0\u00bb custom_padding=\u00a0\u00bb29px|20px|0|20px|false|false\u00a0\u00bb animation_style=\u00a0\u00bbfade\u00a0\u00bb animation_delay=\u00a0\u00bb100ms\u00a0\u00bb border_color_top=\u00a0\u00bb#e1e3e5&Prime; border_width_bottom=\u00a0\u00bb1px\u00a0\u00bb border_color_bottom=\u00a0\u00bb#e1e3e5&Prime; locked=\u00a0\u00bboff\u00a0\u00bb global_colors_info=\u00a0\u00bb{}\u00a0\u00bb][et_pb_column type=\u00a0\u00bb1_4&Prime; _builder_version=\u00a0\u00bb4.16&Prime; custom_padding=\u00a0\u00bb|||\u00a0\u00bb global_colors_info=\u00a0\u00bb{}\u00a0\u00bb custom_padding__hover=\u00a0\u00bb|||\u00a0\u00bb][et_pb_blurb title=\u00a0\u00bb12h45&Prime; use_icon=\u00a0\u00bbon\u00a0\u00bb font_icon=\u00a0\u00bb&#x7d;||divi||400&Prime; icon_color=\u00a0\u00bb#4DBDC6&Prime; icon_placement=\u00a0\u00bbleft\u00a0\u00bb image_icon_width=\u00a0\u00bb17px\u00a0\u00bb _builder_version=\u00a0\u00bb4.25.0&Prime; header_font=\u00a0\u00bbMontserrat||||||||\u00a0\u00bb header_text_color=\u00a0\u00bb#7c7c7c\u00a0\u00bb header_font_size=\u00a0\u00bb16px\u00a0\u00bb icon_font_size=\u00a0\u00bb17px\u00a0\u00bb global_colors_info=\u00a0\u00bb{}\u00a0\u00bb][\/et_pb_blurb][\/et_pb_column][et_pb_column type=\u00a0\u00bb3_4&Prime; _builder_version=\u00a0\u00bb4.16&Prime; custom_padding=\u00a0\u00bb|||\u00a0\u00bb global_colors_info=\u00a0\u00bb{}\u00a0\u00bb custom_padding__hover=\u00a0\u00bb|||\u00a0\u00bb][et_pb_text _builder_version=\u00a0\u00bb4.23.2&Prime; text_font=\u00a0\u00bb||||||||\u00a0\u00bb text_text_color=\u00a0\u00bb#7a7a7a\u00a0\u00bb text_line_height=\u00a0\u00bb1.8em\u00a0\u00bb link_font=\u00a0\u00bb||||||||\u00a0\u00bb link_text_color=\u00a0\u00bb#7a7a7a\u00a0\u00bb header_font=\u00a0\u00bb||||||||\u00a0\u00bb header_3_font=\u00a0\u00bbMontserrat|700|||||||\u00a0\u00bb header_3_text_color=\u00a0\u00bb#F39200&Prime; header_3_line_height=\u00a0\u00bb1.3em\u00a0\u00bb custom_margin=\u00a0\u00bb-9px||20px||false|false\u00a0\u00bb global_colors_info=\u00a0\u00bb{}\u00a0\u00bb link_text_color__hover_enabled=\u00a0\u00bbon\u00a0\u00bb link_text_color__hover=\u00a0\u00bb#7a7a7a\u00a0\u00bb]<\/p>\n<h3><span style=\"color: #4dbdc6;\">Cl\u00f4ture des Assises du droit du sport<\/span><\/h3>\n<p>[\/et_pb_text][\/et_pb_column][\/et_pb_row][\/et_pb_section][et_pb_section fb_built=\u00a0\u00bb1&Prime; disabled_on=\u00a0\u00bbon|on|on\u00a0\u00bb module_id=\u00a0\u00bbpartenaires\u00a0\u00bb _builder_version=\u00a0\u00bb4.25.1&Prime; background_color=\u00a0\u00bb#ededed\u00a0\u00bb custom_margin=\u00a0\u00bb||||false|false\u00a0\u00bb custom_padding=\u00a0\u00bb80px|0px|80px|0px|false|false\u00a0\u00bb disabled=\u00a0\u00bbon\u00a0\u00bb locked=\u00a0\u00bboff\u00a0\u00bb global_colors_info=\u00a0\u00bb{}\u00a0\u00bb][et_pb_row _builder_version=\u00a0\u00bb4.16&Prime; custom_margin=\u00a0\u00bb|||\u00a0\u00bb custom_padding=\u00a0\u00bb0px|0px|27px|0px|false|false\u00a0\u00bb global_colors_info=\u00a0\u00bb{}\u00a0\u00bb][et_pb_column type=\u00a0\u00bb4_4&Prime; _builder_version=\u00a0\u00bb4.16&Prime; custom_padding=\u00a0\u00bb|||\u00a0\u00bb global_colors_info=\u00a0\u00bb{}\u00a0\u00bb custom_padding__hover=\u00a0\u00bb|||\u00a0\u00bb][et_pb_text _builder_version=\u00a0\u00bb4.16&Prime; text_font=\u00a0\u00bb||||||||\u00a0\u00bb header_font=\u00a0\u00bbMontserrat|700|||||||\u00a0\u00bb header_text_align=\u00a0\u00bbcenter\u00a0\u00bb header_font_size=\u00a0\u00bb40px\u00a0\u00bb header_2_font=\u00a0\u00bbMontserrat|700|||||||\u00a0\u00bb header_2_text_align=\u00a0\u00bbcenter\u00a0\u00bb header_2_text_color=\u00a0\u00bb#21212a\u00a0\u00bb header_2_font_size=\u00a0\u00bb40px\u00a0\u00bb header_2_line_height=\u00a0\u00bb1.3em\u00a0\u00bb max_width=\u00a0\u00bb700px\u00a0\u00bb module_alignment=\u00a0\u00bbcenter\u00a0\u00bb custom_margin=\u00a0\u00bb|||\u00a0\u00bb animation_style=\u00a0\u00bbfade\u00a0\u00bb animation_delay=\u00a0\u00bb100ms\u00a0\u00bb header_font_size_tablet=\u00a0\u00bb\u00a0\u00bb header_font_size_phone=\u00a0\u00bb30px\u00a0\u00bb header_font_size_last_edited=\u00a0\u00bbon|desktop\u00a0\u00bb global_colors_info=\u00a0\u00bb{}\u00a0\u00bb]<\/p>\n<h1>Partenaires<span style=\"color: #4dbdc6;\"> majeurs<\/span><\/h1>\n<p>[\/et_pb_text][\/et_pb_column][\/et_pb_row][et_pb_row column_structure=\u00a0\u00bb1_3,1_3,1_3&Prime; admin_label=\u00a0\u00bbSponsors\u00a0\u00bb _builder_version=\u00a0\u00bb4.24.2&Prime; background_color=\u00a0\u00bb#ffffff\u00a0\u00bb custom_margin=\u00a0\u00bb|||\u00a0\u00bb animation_style=\u00a0\u00bbfade\u00a0\u00bb animation_delay=\u00a0\u00bb100ms\u00a0\u00bb pac_drh_column_numbers_tablet=\u00a0\u00bbpac_drh_tab_col_three\u00a0\u00bb pac_drh_column_numbers_phone=\u00a0\u00bbpac_drh_phone_col_one\u00a0\u00bb global_colors_info=\u00a0\u00bb{}\u00a0\u00bb][et_pb_column type=\u00a0\u00bb1_3&Prime; _builder_version=\u00a0\u00bb4.24.2&Prime; background_image=\u00a0\u00bbhttps:\/\/www.droitdusport.com\/assises\/wp-content\/uploads\/2024\/04\/logo-cabinet-atfield.jpg\u00a0\u00bb background_size=\u00a0\u00bbcontain\u00a0\u00bb custom_padding=\u00a0\u00bb|||\u00a0\u00bb global_colors_info=\u00a0\u00bb{}\u00a0\u00bb custom_padding__hover=\u00a0\u00bb|||\u00a0\u00bb][et_pb_image src=\u00a0\u00bbhttps:\/\/www.droitdusport.com\/assises\/wp-content\/uploads\/2024\/04\/logo-cabinet-atfield.jpg\u00a0\u00bb title_text=\u00a0\u00bblogo-cabinet-atfield\u00a0\u00bb url=\u00a0\u00bbhttps:\/\/www.atfield.be\/\u00a0\u00bb url_new_window=\u00a0\u00bbon\u00a0\u00bb align=\u00a0\u00bbcenter\u00a0\u00bb align_tablet=\u00a0\u00bbcenter\u00a0\u00bb align_phone=\u00a0\u00bb\u00a0\u00bb align_last_edited=\u00a0\u00bbon|desktop\u00a0\u00bb _builder_version=\u00a0\u00bb4.24.2&Prime; width=\u00a0\u00bb75%\u00a0\u00bb max_width_tablet=\u00a0\u00bb50%\u00a0\u00bb max_width_phone=\u00a0\u00bb35%\u00a0\u00bb max_width_last_edited=\u00a0\u00bboff|desktop\u00a0\u00bb filter_saturate=\u00a0\u00bb0%\u00a0\u00bb animation_style=\u00a0\u00bbfade\u00a0\u00bb animation_delay=\u00a0\u00bb150ms\u00a0\u00bb hover_transition_duration=\u00a0\u00bb100ms\u00a0\u00bb global_colors_info=\u00a0\u00bb{}\u00a0\u00bb filter_opacity__hover_enabled=\u00a0\u00bbon\u00a0\u00bb filter_opacity__hover=\u00a0\u00bb0%\u00a0\u00bb filter_brightness__hover_enabled=\u00a0\u00bboff|hover\u00a0\u00bb filter_brightness__hover=\u00a0\u00bb100%\u00a0\u00bb][\/et_pb_image][\/et_pb_column][et_pb_column type=\u00a0\u00bb1_3&Prime; _builder_version=\u00a0\u00bb4.23.2&Prime; background_image=\u00a0\u00bbhttps:\/\/www.droitdusport.com\/assises\/wp-content\/uploads\/2023\/12\/logo-unfp.jpg\u00a0\u00bb background_size=\u00a0\u00bbcontain\u00a0\u00bb custom_padding=\u00a0\u00bb|||\u00a0\u00bb global_colors_info=\u00a0\u00bb{}\u00a0\u00bb custom_padding__hover=\u00a0\u00bb|||\u00a0\u00bb][et_pb_image src=\u00a0\u00bbhttps:\/\/www.droitdusport.com\/assises\/wp-content\/uploads\/2023\/12\/logo-unfp.jpg\u00a0\u00bb title_text=\u00a0\u00bblogo-unfp\u00a0\u00bb url=\u00a0\u00bbhttps:\/\/www.unfp.org\/\u00a0\u00bb url_new_window=\u00a0\u00bbon\u00a0\u00bb align=\u00a0\u00bbcenter\u00a0\u00bb align_tablet=\u00a0\u00bbcenter\u00a0\u00bb align_phone=\u00a0\u00bb\u00a0\u00bb align_last_edited=\u00a0\u00bbon|desktop\u00a0\u00bb _builder_version=\u00a0\u00bb4.23.2&Prime; width=\u00a0\u00bb75%\u00a0\u00bb max_width_tablet=\u00a0\u00bb50%\u00a0\u00bb max_width_phone=\u00a0\u00bb35%\u00a0\u00bb max_width_last_edited=\u00a0\u00bboff|desktop\u00a0\u00bb filter_saturate=\u00a0\u00bb0%\u00a0\u00bb animation_style=\u00a0\u00bbfade\u00a0\u00bb animation_delay=\u00a0\u00bb100ms\u00a0\u00bb hover_transition_duration=\u00a0\u00bb100ms\u00a0\u00bb global_colors_info=\u00a0\u00bb{}\u00a0\u00bb filter_opacity__hover_enabled=\u00a0\u00bbon\u00a0\u00bb filter_opacity__hover=\u00a0\u00bb0%\u00a0\u00bb filter_saturate__hover_enabled=\u00a0\u00bboff|desktop\u00a0\u00bb][\/et_pb_image][\/et_pb_column][et_pb_column type=\u00a0\u00bb1_3&Prime; _builder_version=\u00a0\u00bb4.23.2&Prime; background_image=\u00a0\u00bbhttps:\/\/www.droitdusport.com\/assises\/wp-content\/uploads\/2023\/12\/logo-cabinet-bslaw.jpg\u00a0\u00bb background_size=\u00a0\u00bbcontain\u00a0\u00bb custom_padding=\u00a0\u00bb|||\u00a0\u00bb global_colors_info=\u00a0\u00bb{}\u00a0\u00bb custom_padding__hover=\u00a0\u00bb|||\u00a0\u00bb][et_pb_image src=\u00a0\u00bbhttps:\/\/www.droitdusport.com\/assises\/wp-content\/uploads\/2023\/12\/logo-cabinet-bslaw.jpg\u00a0\u00bb title_text=\u00a0\u00bblogo-cabinet-bslaw\u00a0\u00bb url=\u00a0\u00bbhttps:\/\/www.bslawparis.com\/\u00a0\u00bb url_new_window=\u00a0\u00bbon\u00a0\u00bb align=\u00a0\u00bbcenter\u00a0\u00bb _builder_version=\u00a0\u00bb4.23.2&Prime; width=\u00a0\u00bb75%\u00a0\u00bb filter_saturate=\u00a0\u00bb0%\u00a0\u00bb global_colors_info=\u00a0\u00bb{}\u00a0\u00bb filter_opacity__hover_enabled=\u00a0\u00bbon\u00a0\u00bb filter_opacity__hover=\u00a0\u00bb0%\u00a0\u00bb][\/et_pb_image][\/et_pb_column][\/et_pb_row][et_pb_row _builder_version=\u00a0\u00bb4.23.1&Prime; custom_margin=\u00a0\u00bb|||\u00a0\u00bb custom_padding=\u00a0\u00bb40px|0px|27px|0px|false|false\u00a0\u00bb global_colors_info=\u00a0\u00bb{}\u00a0\u00bb][et_pb_column type=\u00a0\u00bb4_4&Prime; _builder_version=\u00a0\u00bb4.16&Prime; custom_padding=\u00a0\u00bb|||\u00a0\u00bb global_colors_info=\u00a0\u00bb{}\u00a0\u00bb custom_padding__hover=\u00a0\u00bb|||\u00a0\u00bb][et_pb_text _builder_version=\u00a0\u00bb4.16&Prime; text_font=\u00a0\u00bb||||||||\u00a0\u00bb header_font=\u00a0\u00bbMontserrat|700|||||||\u00a0\u00bb header_text_align=\u00a0\u00bbcenter\u00a0\u00bb header_font_size=\u00a0\u00bb40px\u00a0\u00bb header_2_font=\u00a0\u00bbMontserrat|700|||||||\u00a0\u00bb header_2_text_align=\u00a0\u00bbcenter\u00a0\u00bb header_2_text_color=\u00a0\u00bb#21212a\u00a0\u00bb header_2_font_size=\u00a0\u00bb40px\u00a0\u00bb header_2_line_height=\u00a0\u00bb1.3em\u00a0\u00bb max_width=\u00a0\u00bb700px\u00a0\u00bb module_alignment=\u00a0\u00bbcenter\u00a0\u00bb custom_margin=\u00a0\u00bb|||\u00a0\u00bb animation_style=\u00a0\u00bbfade\u00a0\u00bb animation_delay=\u00a0\u00bb100ms\u00a0\u00bb header_font_size_tablet=\u00a0\u00bb\u00a0\u00bb header_font_size_phone=\u00a0\u00bb30px\u00a0\u00bb header_font_size_last_edited=\u00a0\u00bbon|desktop\u00a0\u00bb global_colors_info=\u00a0\u00bb{}\u00a0\u00bb]<\/p>\n<h1>Partenaire<span style=\"color: #4dbdc6;\">\u00a0m\u00e9dia<\/span><\/h1>\n<p>[\/et_pb_text][\/et_pb_column][\/et_pb_row][et_pb_row admin_label=\u00a0\u00bbSponsors\u00a0\u00bb _builder_version=\u00a0\u00bb4.23.2&Prime; background_color=\u00a0\u00bb#ffffff\u00a0\u00bb custom_margin=\u00a0\u00bb|||\u00a0\u00bb animation_style=\u00a0\u00bbfade\u00a0\u00bb animation_delay=\u00a0\u00bb100ms\u00a0\u00bb locked=\u00a0\u00bboff\u00a0\u00bb global_colors_info=\u00a0\u00bb{}\u00a0\u00bb][et_pb_column type=\u00a0\u00bb4_4&Prime; _builder_version=\u00a0\u00bb4.23.1&Prime; background_image=\u00a0\u00bbhttps:\/\/www.droitdusport.com\/assises\/wp-content\/uploads\/2019\/06\/02-logo-echo-des-arenes.jpg\u00a0\u00bb background_size=\u00a0\u00bbcontain\u00a0\u00bb custom_padding=\u00a0\u00bb|||\u00a0\u00bb global_colors_info=\u00a0\u00bb{}\u00a0\u00bb custom_padding__hover=\u00a0\u00bb|||\u00a0\u00bb][et_pb_image src=\u00a0\u00bbhttps:\/\/www.droitdusport.com\/assises\/wp-content\/uploads\/2019\/06\/02-logo-echo-des-arenes-nb.jpg\u00a0\u00bb url=\u00a0\u00bbhttp:\/\/www.lechodesarenes.com\/\u00a0\u00bb url_new_window=\u00a0\u00bbon\u00a0\u00bb align=\u00a0\u00bbcenter\u00a0\u00bb align_tablet=\u00a0\u00bbcenter\u00a0\u00bb align_phone=\u00a0\u00bb\u00a0\u00bb align_last_edited=\u00a0\u00bbon|desktop\u00a0\u00bb _builder_version=\u00a0\u00bb4.23.2&Prime; width=\u00a0\u00bb22%\u00a0\u00bb width_tablet=\u00a0\u00bb22%\u00a0\u00bb width_phone=\u00a0\u00bb80%\u00a0\u00bb width_last_edited=\u00a0\u00bbon|phone\u00a0\u00bb max_width_tablet=\u00a0\u00bb50%\u00a0\u00bb max_width_phone=\u00a0\u00bb35%\u00a0\u00bb max_width_last_edited=\u00a0\u00bboff|desktop\u00a0\u00bb animation_style=\u00a0\u00bbfade\u00a0\u00bb animation_delay=\u00a0\u00bb50ms\u00a0\u00bb hover_transition_duration=\u00a0\u00bb100ms\u00a0\u00bb global_colors_info=\u00a0\u00bb{}\u00a0\u00bb filter_opacity__hover_enabled=\u00a0\u00bbon\u00a0\u00bb filter_opacity__hover=\u00a0\u00bb0%\u00a0\u00bb][\/et_pb_image][\/et_pb_column][\/et_pb_row][\/et_pb_section][et_pb_section fb_built=\u00a0\u00bb1&Prime; disabled_on=\u00a0\u00bboff|off|off\u00a0\u00bb admin_label=\u00a0\u00bbVideo\u00a0\u00bb module_id=\u00a0\u00bbvideo\u00a0\u00bb _builder_version=\u00a0\u00bb4.25.1&Prime; custom_padding=\u00a0\u00bb0px||0px|\u00a0\u00bb animation_style=\u00a0\u00bbfold\u00a0\u00bb animation_direction=\u00a0\u00bbbottom\u00a0\u00bb animation_intensity_fold=\u00a0\u00bb4%\u00a0\u00bb locked=\u00a0\u00bboff\u00a0\u00bb global_colors_info=\u00a0\u00bb{}\u00a0\u00bb][et_pb_row use_custom_gutter=\u00a0\u00bbon\u00a0\u00bb gutter_width=\u00a0\u00bb1&Prime; make_equal=\u00a0\u00bbon\u00a0\u00bb module_class=\u00a0\u00bb et_pb_row_fullwidth\u00a0\u00bb _builder_version=\u00a0\u00bb4.16&Prime; background_size=\u00a0\u00bbinitial\u00a0\u00bb background_position=\u00a0\u00bbtop_left\u00a0\u00bb background_repeat=\u00a0\u00bbrepeat\u00a0\u00bb width=\u00a0\u00bb100%\u00a0\u00bb width_tablet=\u00a0\u00bb100%\u00a0\u00bb width_phone=\u00a0\u00bb\u00a0\u00bb width_last_edited=\u00a0\u00bbon|desktop\u00a0\u00bb max_width=\u00a0\u00bb100%\u00a0\u00bb max_width_tablet=\u00a0\u00bb100%\u00a0\u00bb max_width_phone=\u00a0\u00bb\u00a0\u00bb max_width_last_edited=\u00a0\u00bbon|desktop\u00a0\u00bb custom_margin=\u00a0\u00bb|||\u00a0\u00bb custom_padding=\u00a0\u00bb0px|0px|0px|0px\u00a0\u00bb make_fullwidth=\u00a0\u00bbon\u00a0\u00bb global_colors_info=\u00a0\u00bb{}\u00a0\u00bb][et_pb_column type=\u00a0\u00bb4_4&Prime; _builder_version=\u00a0\u00bb4.16&Prime; background_position=\u00a0\u00bbtop_left\u00a0\u00bb custom_padding=\u00a0\u00bb|||\u00a0\u00bb global_colors_info=\u00a0\u00bb{}\u00a0\u00bb custom_padding__hover=\u00a0\u00bb|||\u00a0\u00bb][et_pb_video src=\u00a0\u00bbhttps:\/\/youtu.be\/SLirYeLlnNQ?si=NFoW7ePwIoPlk1V5&Prime; play_icon_color=\u00a0\u00bb#ffffff\u00a0\u00bb thumbnail_overlay_color=\u00a0\u00bbrgba(0,0,0,0)\u00a0\u00bb module_id=\u00a0\u00bbvideo\u00a0\u00bb _builder_version=\u00a0\u00bb4.25.1&Prime; global_colors_info=\u00a0\u00bb{}\u00a0\u00bb][\/et_pb_video][\/et_pb_column][\/et_pb_row][\/et_pb_section][et_pb_section fb_built=\u00a0\u00bb1&Prime; fullwidth=\u00a0\u00bbon\u00a0\u00bb disabled_on=\u00a0\u00bboff|off|off\u00a0\u00bb admin_label=\u00a0\u00bbHero\u00a0\u00bb module_id=\u00a0\u00bbretrospective\u00a0\u00bb _builder_version=\u00a0\u00bb4.25.1&Prime; background_color=\u00a0\u00bbrgba(31,31,31,0.75)\u00a0\u00bb parallax=\u00a0\u00bbon\u00a0\u00bb custom_padding=\u00a0\u00bb|||\u00a0\u00bb hover_enabled=\u00a0\u00bb0&Prime; transparent_background=\u00a0\u00bbon\u00a0\u00bb locked=\u00a0\u00bboff\u00a0\u00bb global_colors_info=\u00a0\u00bb{}\u00a0\u00bb sticky_enabled=\u00a0\u00bb0&Prime;][et_pb_fullwidth_header title=\u00a0\u00bbR\u00e9trospective\u00a0\u00bb text_orientation=\u00a0\u00bbcenter\u00a0\u00bb button_one_text=\u00a0\u00bbVoir la galerie de photos\u00a0\u00bb button_one_url=\u00a0\u00bbhttps:\/\/www.droitdusport.com\/assises\/retro-ads6\/\u00a0\u00bb background_overlay_color=\u00a0\u00bbrgba(31,31,31,0.85)\u00a0\u00bb subhead_font_color=\u00a0\u00bb#bebebe\u00a0\u00bb _builder_version=\u00a0\u00bb4.25.1&Prime; title_font=\u00a0\u00bbPlayfair Display||||\u00a0\u00bb title_text_align=\u00a0\u00bbcenter\u00a0\u00bb title_text_color=\u00a0\u00bb#ffffff\u00a0\u00bb title_font_size=\u00a0\u00bb72px\u00a0\u00bb title_letter_spacing=\u00a0\u00bb1px\u00a0\u00bb title_line_height=\u00a0\u00bb1.3em\u00a0\u00bb content_font=\u00a0\u00bbMontserrat||||\u00a0\u00bb content_text_color=\u00a0\u00bb#FFFFFF\u00a0\u00bb content_font_size=\u00a0\u00bb19px\u00a0\u00bb content_line_height=\u00a0\u00bb1.8em\u00a0\u00bb subhead_font=\u00a0\u00bbMontserrat||||\u00a0\u00bb subhead_text_color=\u00a0\u00bb#bebebe\u00a0\u00bb subhead_line_height=\u00a0\u00bb1.8em\u00a0\u00bb background_color=\u00a0\u00bbrgba(255, 255, 255, 0)\u00a0\u00bb background_image=\u00a0\u00bbhttps:\/\/www.droitdusport.com\/assises\/wp-content\/uploads\/2024\/05\/fond-retrospective-5.jpg\u00a0\u00bb parallax=\u00a0\u00bbon\u00a0\u00bb parallax_method=\u00a0\u00bbon\u00a0\u00bb custom_padding=\u00a0\u00bb10%||15%||false|false\u00a0\u00bb animation_style=\u00a0\u00bbzoom\u00a0\u00bb animation_duration=\u00a0\u00bb1500ms\u00a0\u00bb animation_intensity_zoom=\u00a0\u00bb4%\u00a0\u00bb title_font_size_tablet=\u00a0\u00bb52px\u00a0\u00bb title_font_size_phone=\u00a0\u00bb33px\u00a0\u00bb title_font_size_last_edited=\u00a0\u00bbon|phone\u00a0\u00bb title_line_height_last_edited=\u00a0\u00bboff|desktop\u00a0\u00bb global_colors_info=\u00a0\u00bb{}\u00a0\u00bb button_one_text_size__hover_enabled=\u00a0\u00bboff\u00a0\u00bb button_two_text_size__hover_enabled=\u00a0\u00bboff\u00a0\u00bb button_one_text_color__hover_enabled=\u00a0\u00bboff\u00a0\u00bb button_two_text_color__hover_enabled=\u00a0\u00bboff\u00a0\u00bb button_one_border_width__hover_enabled=\u00a0\u00bboff\u00a0\u00bb button_two_border_width__hover_enabled=\u00a0\u00bboff\u00a0\u00bb button_one_border_color__hover_enabled=\u00a0\u00bboff\u00a0\u00bb button_two_border_color__hover_enabled=\u00a0\u00bboff\u00a0\u00bb button_one_border_radius__hover_enabled=\u00a0\u00bboff\u00a0\u00bb button_two_border_radius__hover_enabled=\u00a0\u00bboff\u00a0\u00bb button_one_letter_spacing__hover_enabled=\u00a0\u00bboff\u00a0\u00bb button_two_letter_spacing__hover_enabled=\u00a0\u00bboff\u00a0\u00bb button_one_bg_color__hover_enabled=\u00a0\u00bboff\u00a0\u00bb button_two_bg_color__hover_enabled=\u00a0\u00bboff\u00a0\u00bb][\/et_pb_fullwidth_header][\/et_pb_section][et_pb_section fb_built=\u00a0\u00bb1&Prime; custom_padding_last_edited=\u00a0\u00bboff|desktop\u00a0\u00bb disabled_on=\u00a0\u00bbon|on|on\u00a0\u00bb admin_label=\u00a0\u00bbhero section\u00a0\u00bb module_id=\u00a0\u00bbnewsletter\u00a0\u00bb _builder_version=\u00a0\u00bb4.25.1&Prime; custom_margin=\u00a0\u00bb|||\u00a0\u00bb custom_padding=\u00a0\u00bb80px||100px||false|false\u00a0\u00bb custom_padding_tablet=\u00a0\u00bb130px||130px|\u00a0\u00bb disabled=\u00a0\u00bbon\u00a0\u00bb locked=\u00a0\u00bboff\u00a0\u00bb global_colors_info=\u00a0\u00bb{}\u00a0\u00bb][et_pb_row _builder_version=\u00a0\u00bb4.16&Prime; custom_padding=\u00a0\u00bb0px|0px|0|0px|false|false\u00a0\u00bb global_colors_info=\u00a0\u00bb{}\u00a0\u00bb][et_pb_column type=\u00a0\u00bb4_4&Prime; _builder_version=\u00a0\u00bb4.16&Prime; custom_padding=\u00a0\u00bb|||\u00a0\u00bb global_colors_info=\u00a0\u00bb{}\u00a0\u00bb custom_padding__hover=\u00a0\u00bb|||\u00a0\u00bb][et_pb_text _builder_version=\u00a0\u00bb4.23.2&Prime; header_font=\u00a0\u00bbMontserrat|700|||||||\u00a0\u00bb header_text_color=\u00a0\u00bb#000000&Prime; header_font_size=\u00a0\u00bb40px\u00a0\u00bb header_2_font=\u00a0\u00bbMontserrat|700|||||||\u00a0\u00bb header_2_text_color=\u00a0\u00bb#000000&Prime; header_2_font_size=\u00a0\u00bb25px\u00a0\u00bb custom_padding=\u00a0\u00bb||\u00a0\u00bb locked=\u00a0\u00bboff\u00a0\u00bb global_colors_info=\u00a0\u00bb{}\u00a0\u00bb]<\/p>\n<h2 class=\"et_pb_module_header et-fb-editable-element et-fb-editable-element__editing\" data-shortcode-id=\"2.1.0.1-1553785016631\" data-quickaccess-id=\"header\" contenteditable=\"true\"><\/h2>\n<h1>Restez inform\u00e9<\/h1>\n<p>Abonnez-vous gratuitement \u00e0 la <strong>newsletter des Assises du droit du sport<\/strong> pour recevoir toutes les derni\u00e8res infos sur l\u2019\u00e9v\u00e9nement.<\/p>\n<p>*Champs requis.<\/p>\n<p>[\/et_pb_text][\/et_pb_column][\/et_pb_row][et_pb_row use_custom_gutter=\u00a0\u00bbon\u00a0\u00bb admin_label=\u00a0\u00bbtitle and illustration\u00a0\u00bb _builder_version=\u00a0\u00bb4.16&Prime; background_size=\u00a0\u00bbinitial\u00a0\u00bb background_position=\u00a0\u00bbtop_left\u00a0\u00bb background_repeat=\u00a0\u00bbrepeat\u00a0\u00bb custom_padding=\u00a0\u00bb||0||false|false\u00a0\u00bb global_colors_info=\u00a0\u00bb{}\u00a0\u00bb][et_pb_column type=\u00a0\u00bb4_4&Prime; _builder_version=\u00a0\u00bb4.16&Prime; custom_padding=\u00a0\u00bb|||\u00a0\u00bb global_colors_info=\u00a0\u00bb{}\u00a0\u00bb custom_padding__hover=\u00a0\u00bb|||\u00a0\u00bb][et_pb_contact_form use_spam_service=\u00a0\u00bbon\u00a0\u00bb recaptcha_list=\u00a0\u00bbAssises Droit du Sport|Assises Droit du Sport-0&Prime; email=\u00a0\u00bbcontact@droitdusport.com\u00a0\u00bb use_redirect=\u00a0\u00bbon\u00a0\u00bb redirect_url=\u00a0\u00bbhttps:\/\/www.droitdusport.com\/assises\/confirmation-abonnement-newsletter\/\u00a0\u00bb success_message=\u00a0\u00bbVotre demande a bien \u00e9t\u00e9 prise en compte. Merci.\u00a0\u00bb submit_button_text=\u00a0\u00bbRecevoir la newsletter\u00a0\u00bb module_id=\u00a0\u00bbet_pb_contact_form_0&Prime; _builder_version=\u00a0\u00bb4.23.2&Prime; _unique_id=\u00a0\u00bb75a6f983-3856-44b7-b97c-680d8fa7eaa5&Prime; form_field_background_color=\u00a0\u00bb#ededed\u00a0\u00bb title_level=\u00a0\u00bbh2&Prime; title_font=\u00a0\u00bbMontserrat|700|||||||\u00a0\u00bb title_text_color=\u00a0\u00bb#000000&Prime; title_font_size=\u00a0\u00bb25px\u00a0\u00bb title_line_height=\u00a0\u00bb1.7em\u00a0\u00bb form_field_font=\u00a0\u00bb||||||||\u00a0\u00bb custom_button=\u00a0\u00bbon\u00a0\u00bb button_text_size=\u00a0\u00bb16px\u00a0\u00bb button_text_color=\u00a0\u00bb#ffffff\u00a0\u00bb button_bg_color=\u00a0\u00bb#4DBDC6&Prime; button_border_width=\u00a0\u00bb0px\u00a0\u00bb button_border_color=\u00a0\u00bb#edf000&Prime; button_border_radius=\u00a0\u00bb0px\u00a0\u00bb button_letter_spacing=\u00a0\u00bb0px\u00a0\u00bb button_font=\u00a0\u00bbMontserrat|700|||||||\u00a0\u00bb button_icon=\u00a0\u00bb&#x45;||divi||400&Prime; custom_padding=\u00a0\u00bb0px|0px|0px|0px\u00a0\u00bb link_option_url_new_window=\u00a0\u00bbon\u00a0\u00bb button_letter_spacing_tablet=\u00a0\u00bb\u00a0\u00bb button_letter_spacing_phone=\u00a0\u00bb\u00a0\u00bb button_letter_spacing_last_edited=\u00a0\u00bbon|desktop\u00a0\u00bb form_background_color=\u00a0\u00bb#ededed\u00a0\u00bb locked=\u00a0\u00bboff\u00a0\u00bb global_colors_info=\u00a0\u00bb{}\u00a0\u00bb][et_pb_contact_field field_id=\u00a0\u00bbMail\u00a0\u00bb field_title=\u00a0\u00bbAdresse e-mail*\u00a0\u00bb fullwidth_field=\u00a0\u00bbon\u00a0\u00bb _builder_version=\u00a0\u00bb4.16&Prime; form_field_font=\u00a0\u00bb||||||||\u00a0\u00bb global_colors_info=\u00a0\u00bb{}\u00a0\u00bb][\/et_pb_contact_field][et_pb_contact_field field_id=\u00a0\u00bbName_and_Firstname\u00a0\u00bb field_title=\u00a0\u00bbNom et pr\u00e9nom*\u00a0\u00bb fullwidth_field=\u00a0\u00bbon\u00a0\u00bb _builder_version=\u00a0\u00bb4.16&Prime; global_colors_info=\u00a0\u00bb{}\u00a0\u00bb][\/et_pb_contact_field][et_pb_contact_field field_id=\u00a0\u00bbCompany\u00a0\u00bb field_title=\u00a0\u00bbSoci\u00e9t\u00e9\u00a0\u00bb required_mark=\u00a0\u00bboff\u00a0\u00bb fullwidth_field=\u00a0\u00bbon\u00a0\u00bb _builder_version=\u00a0\u00bb4.16&Prime; global_colors_info=\u00a0\u00bb{}\u00a0\u00bb][\/et_pb_contact_field][et_pb_contact_field field_id=\u00a0\u00bbProfession\u00a0\u00bb field_title=\u00a0\u00bbFonction\u00a0\u00bb required_mark=\u00a0\u00bboff\u00a0\u00bb fullwidth_field=\u00a0\u00bbon\u00a0\u00bb _builder_version=\u00a0\u00bb4.16&Prime; global_colors_info=\u00a0\u00bb{}\u00a0\u00bb][\/et_pb_contact_field][et_pb_contact_field field_id=\u00a0\u00bbPhone\u00a0\u00bb field_title=\u00a0\u00bbT\u00e9l.\u00a0\u00bb required_mark=\u00a0\u00bboff\u00a0\u00bb fullwidth_field=\u00a0\u00bbon\u00a0\u00bb _builder_version=\u00a0\u00bb4.16&Prime; global_colors_info=\u00a0\u00bb{}\u00a0\u00bb][\/et_pb_contact_field][et_pb_contact_field field_id=\u00a0\u00bbRGPD\u00a0\u00bb field_title=\u00a0\u00bbConfidentialit\u00e9* :\u00a0\u00bb field_type=\u00a0\u00bbcheckbox\u00a0\u00bb checkbox_options=\u00a0\u00bb%91{%22value%22:%22J\u2019accepte de recevoir cette newsletter et je comprends que je peux me d\u00e9sabonner facilement \u00e0 tout moment. J\u2019ai lu et j\u2019accepte votre Politique de Confidentialit\u00e9.%22,%22checked%22:0,%22dragID%22:-1,%22link_url%22:%22%22}%93&Prime; fullwidth_field=\u00a0\u00bbon\u00a0\u00bb _builder_version=\u00a0\u00bb4.16&Prime; global_colors_info=\u00a0\u00bb{}\u00a0\u00bb][\/et_pb_contact_field][\/et_pb_contact_form][\/et_pb_column][\/et_pb_row][\/et_pb_section][et_pb_section fb_built=\u00a0\u00bb1&Prime; fullwidth=\u00a0\u00bbon\u00a0\u00bb disabled_on=\u00a0\u00bbon|on|on\u00a0\u00bb admin_label=\u00a0\u00bbMap Section\u00a0\u00bb module_id=\u00a0\u00bblocalisation\u00a0\u00bb _builder_version=\u00a0\u00bb4.25.1&Prime; border_color_all=\u00a0\u00bb#ffba60&Prime; border_width_left=\u00a0\u00bb0vw\u00a0\u00bb border_color_left=\u00a0\u00bb#173E49&Prime; disabled=\u00a0\u00bbon\u00a0\u00bb locked=\u00a0\u00bboff\u00a0\u00bb global_colors_info=\u00a0\u00bb{}\u00a0\u00bb][et_pb_fullwidth_map google_api_key=\u00a0\u00bbAIzaSyCz6avCBjvBFbMjuQPJ5voErA_NNw8o-Yk\u00a0\u00bb address=\u00a0\u00bb2 Rue de Harlay, 75001 Paris, France\u00a0\u00bb zoom_level=\u00a0\u00bb13&Prime; address_lat=\u00a0\u00bb48.85067801121&Prime; address_lng=\u00a0\u00bb2.3573163403399&Prime; mouse_wheel=\u00a0\u00bboff\u00a0\u00bb use_grayscale_filter=\u00a0\u00bbon\u00a0\u00bb grayscale_filter_amount=\u00a0\u00bb30&Prime; _builder_version=\u00a0\u00bb4.23.2&Prime; min_height=\u00a0\u00bb650px\u00a0\u00bb height=\u00a0\u00bb650px\u00a0\u00bb child_filter_saturate=\u00a0\u00bb20%\u00a0\u00bb global_colors_info=\u00a0\u00bb{}\u00a0\u00bb][et_pb_map_pin title=\u00a0\u00bb4\u00e8mes Assises du Droit du Sport\u00a0\u00bb pin_address=\u00a0\u00bb2 Rue de Harlay, 75001 Paris, France\u00a0\u00bb zoom_level=\u00a0\u00bb12&Prime; pin_address_lat=\u00a0\u00bb48.8567075&Prime; pin_address_lng=\u00a0\u00bb2.3431577&Prime; _builder_version=\u00a0\u00bb4.23.2&Prime; global_colors_info=\u00a0\u00bb{}\u00a0\u00bb]<\/p>\n<p><span>Maison du Barreau de Paris<br \/><\/span><span>2 Rue de Harlay, 75001 Paris, France<\/span><\/p>\n<p>[\/et_pb_map_pin][\/et_pb_fullwidth_map][\/et_pb_section]<\/p>\n","protected":false},"excerpt":{"rendered":"<p>Les 6\u00e8mes Assises du droit du sportCette 6\u00e8me \u00a0\u00e9dition des Assises du droit du sport du sport sera enti\u00e8rement consacr\u00e9e \u00e0 la th\u00e9matique des Droits et des Libert\u00e9s des sportifs. Elle proposera dans ce cadre un Grand colloque et des Ateliers pratiques, en pr\u00e9sence de nombreux acteurs du sport et d\u2019experts reconnus.Inscriptions Acc\u00e8s aux deux [&hellip;]<\/p>\n","protected":false},"author":1,"featured_media":6122,"parent":0,"menu_order":0,"comment_status":"closed","ping_status":"closed","template":"","meta":{"_et_pb_use_builder":"on","_et_pb_old_content":"","_et_gb_content_width":"","footnotes":""},"class_list":["post-85","page","type-page","status-publish","has-post-thumbnail","hentry"],"yoast_head":"<!-- This site is optimized with the Yoast SEO plugin v27.5 - https:\/\/yoast.com\/product\/yoast-seo-wordpress\/ -->\n<title>6\u00b0 Assises du droit du sport - Grand Colloque<\/title>\n<meta name=\"description\" content=\"Participez \u00e0 la 6\u00e8me \u00e9dition des Assises du droit du sport qui se tiendra au Barreau de Paris, les 25 et 26 avril 2024.\" \/>\n<meta name=\"robots\" content=\"index, follow, max-snippet:-1, max-image-preview:large, max-video-preview:-1\" \/>\n<link rel=\"canonical\" href=\"https:\/\/www.droitdusport.com\/assises\/6emes-ads-paris-2024\/\" \/>\n<meta property=\"og:locale\" content=\"fr_FR\" \/>\n<meta property=\"og:type\" content=\"article\" \/>\n<meta property=\"og:title\" content=\"6\u00b0 Assises du droit du sport - Grand Colloque\" \/>\n<meta property=\"og:description\" content=\"Participez \u00e0 la 6\u00e8me \u00e9dition des Assises du droit du sport qui se tiendra au Barreau de Paris, les 25 et 26 avril 2024.\" \/>\n<meta property=\"og:url\" content=\"https:\/\/www.droitdusport.com\/assises\/6emes-ads-paris-2024\/\" \/>\n<meta property=\"og:site_name\" content=\"Les Assises du droit du sport\" \/>\n<meta property=\"article:modified_time\" content=\"2026-01-25T12:32:12+00:00\" \/>\n<meta property=\"og:image\" content=\"https:\/\/www.droitdusport.com\/assises\/wp-content\/uploads\/2023\/12\/adds-6-rs.jpg\" \/>\n\t<meta property=\"og:image:width\" content=\"769\" \/>\n\t<meta property=\"og:image:height\" content=\"767\" \/>\n\t<meta property=\"og:image:type\" content=\"image\/jpeg\" \/>\n<meta name=\"twitter:card\" content=\"summary_large_image\" \/>\n<meta name=\"twitter:image\" content=\"https:\/\/www.droitdusport.com\/assises\/wp-content\/uploads\/2023\/12\/adds-6-rs.jpg\" \/>\n<meta name=\"twitter:site\" content=\"@Droitdusportcom\" \/>\n<meta name=\"twitter:label1\" content=\"Dur\u00e9e de lecture estim\u00e9e\" \/>\n\t<meta name=\"twitter:data1\" content=\"13 minutes\" \/>\n<script type=\"application\/ld+json\" class=\"yoast-schema-graph\">{\"@context\":\"https:\\\/\\\/schema.org\",\"@graph\":[{\"@type\":\"WebPage\",\"@id\":\"https:\\\/\\\/www.droitdusport.com\\\/assises\\\/6emes-ads-paris-2024\\\/\",\"url\":\"https:\\\/\\\/www.droitdusport.com\\\/assises\\\/6emes-ads-paris-2024\\\/\",\"name\":\"6\u00b0 Assises du droit du sport - Grand Colloque\",\"isPartOf\":{\"@id\":\"https:\\\/\\\/www.droitdusport.com\\\/assises\\\/#website\"},\"primaryImageOfPage\":{\"@id\":\"https:\\\/\\\/www.droitdusport.com\\\/assises\\\/6emes-ads-paris-2024\\\/#primaryimage\"},\"image\":{\"@id\":\"https:\\\/\\\/www.droitdusport.com\\\/assises\\\/6emes-ads-paris-2024\\\/#primaryimage\"},\"thumbnailUrl\":\"https:\\\/\\\/www.droitdusport.com\\\/assises\\\/wp-content\\\/uploads\\\/2023\\\/12\\\/adds-6-rs.jpg\",\"datePublished\":\"2019-03-18T15:46:02+00:00\",\"dateModified\":\"2026-01-25T12:32:12+00:00\",\"description\":\"Participez \u00e0 la 6\u00e8me \u00e9dition des Assises du droit du sport qui se tiendra au Barreau de Paris, les 25 et 26 avril 2024.\",\"breadcrumb\":{\"@id\":\"https:\\\/\\\/www.droitdusport.com\\\/assises\\\/6emes-ads-paris-2024\\\/#breadcrumb\"},\"inLanguage\":\"fr-FR\",\"potentialAction\":[{\"@type\":\"ReadAction\",\"target\":[\"https:\\\/\\\/www.droitdusport.com\\\/assises\\\/6emes-ads-paris-2024\\\/\"]}]},{\"@type\":\"ImageObject\",\"inLanguage\":\"fr-FR\",\"@id\":\"https:\\\/\\\/www.droitdusport.com\\\/assises\\\/6emes-ads-paris-2024\\\/#primaryimage\",\"url\":\"https:\\\/\\\/www.droitdusport.com\\\/assises\\\/wp-content\\\/uploads\\\/2023\\\/12\\\/adds-6-rs.jpg\",\"contentUrl\":\"https:\\\/\\\/www.droitdusport.com\\\/assises\\\/wp-content\\\/uploads\\\/2023\\\/12\\\/adds-6-rs.jpg\",\"width\":769,\"height\":767},{\"@type\":\"BreadcrumbList\",\"@id\":\"https:\\\/\\\/www.droitdusport.com\\\/assises\\\/6emes-ads-paris-2024\\\/#breadcrumb\",\"itemListElement\":[{\"@type\":\"ListItem\",\"position\":1,\"name\":\"Home\",\"item\":\"https:\\\/\\\/www.droitdusport.com\\\/assises\\\/\"},{\"@type\":\"ListItem\",\"position\":2,\"name\":\"6\u00b0 Assises du droit du sport &#8211; Paris 2024\"}]},{\"@type\":\"WebSite\",\"@id\":\"https:\\\/\\\/www.droitdusport.com\\\/assises\\\/#website\",\"url\":\"https:\\\/\\\/www.droitdusport.com\\\/assises\\\/\",\"name\":\"Les Assises du droit du sport\",\"description\":\"Grand Colloque sur le droit du sport\",\"publisher\":{\"@id\":\"https:\\\/\\\/www.droitdusport.com\\\/assises\\\/#organization\"},\"potentialAction\":[{\"@type\":\"SearchAction\",\"target\":{\"@type\":\"EntryPoint\",\"urlTemplate\":\"https:\\\/\\\/www.droitdusport.com\\\/assises\\\/?s={search_term_string}\"},\"query-input\":{\"@type\":\"PropertyValueSpecification\",\"valueRequired\":true,\"valueName\":\"search_term_string\"}}],\"inLanguage\":\"fr-FR\"},{\"@type\":\"Organization\",\"@id\":\"https:\\\/\\\/www.droitdusport.com\\\/assises\\\/#organization\",\"name\":\"\u00c9ditions droitdusport.com\",\"url\":\"https:\\\/\\\/www.droitdusport.com\\\/assises\\\/\",\"logo\":{\"@type\":\"ImageObject\",\"inLanguage\":\"fr-FR\",\"@id\":\"https:\\\/\\\/www.droitdusport.com\\\/assises\\\/#\\\/schema\\\/logo\\\/image\\\/\",\"url\":\"https:\\\/\\\/www.droitdusport.com\\\/assises\\\/wp-content\\\/uploads\\\/2019\\\/03\\\/logo-droit_du_sport-nv.svg\",\"contentUrl\":\"https:\\\/\\\/www.droitdusport.com\\\/assises\\\/wp-content\\\/uploads\\\/2019\\\/03\\\/logo-droit_du_sport-nv.svg\",\"width\":499,\"height\":91,\"caption\":\"\u00c9ditions droitdusport.com\"},\"image\":{\"@id\":\"https:\\\/\\\/www.droitdusport.com\\\/assises\\\/#\\\/schema\\\/logo\\\/image\\\/\"},\"sameAs\":[\"https:\\\/\\\/x.com\\\/Droitdusportcom\",\"https:\\\/\\\/www.linkedin.com\\\/company\\\/editions-droitdusport-com\\\/about\\\/\"]}]}<\/script>\n<!-- \/ Yoast SEO plugin. -->","yoast_head_json":{"title":"6\u00b0 Assises du droit du sport - Grand Colloque","description":"Participez \u00e0 la 6\u00e8me \u00e9dition des Assises du droit du sport qui se tiendra au Barreau de Paris, les 25 et 26 avril 2024.","robots":{"index":"index","follow":"follow","max-snippet":"max-snippet:-1","max-image-preview":"max-image-preview:large","max-video-preview":"max-video-preview:-1"},"canonical":"https:\/\/www.droitdusport.com\/assises\/6emes-ads-paris-2024\/","og_locale":"fr_FR","og_type":"article","og_title":"6\u00b0 Assises du droit du sport - Grand Colloque","og_description":"Participez \u00e0 la 6\u00e8me \u00e9dition des Assises du droit du sport qui se tiendra au Barreau de Paris, les 25 et 26 avril 2024.","og_url":"https:\/\/www.droitdusport.com\/assises\/6emes-ads-paris-2024\/","og_site_name":"Les Assises du droit du sport","article_modified_time":"2026-01-25T12:32:12+00:00","og_image":[{"width":769,"height":767,"url":"https:\/\/www.droitdusport.com\/assises\/wp-content\/uploads\/2023\/12\/adds-6-rs.jpg","type":"image\/jpeg"}],"twitter_card":"summary_large_image","twitter_image":"https:\/\/www.droitdusport.com\/assises\/wp-content\/uploads\/2023\/12\/adds-6-rs.jpg","twitter_site":"@Droitdusportcom","twitter_misc":{"Dur\u00e9e de lecture estim\u00e9e":"13 minutes"},"schema":{"@context":"https:\/\/schema.org","@graph":[{"@type":"WebPage","@id":"https:\/\/www.droitdusport.com\/assises\/6emes-ads-paris-2024\/","url":"https:\/\/www.droitdusport.com\/assises\/6emes-ads-paris-2024\/","name":"6\u00b0 Assises du droit du sport - Grand Colloque","isPartOf":{"@id":"https:\/\/www.droitdusport.com\/assises\/#website"},"primaryImageOfPage":{"@id":"https:\/\/www.droitdusport.com\/assises\/6emes-ads-paris-2024\/#primaryimage"},"image":{"@id":"https:\/\/www.droitdusport.com\/assises\/6emes-ads-paris-2024\/#primaryimage"},"thumbnailUrl":"https:\/\/www.droitdusport.com\/assises\/wp-content\/uploads\/2023\/12\/adds-6-rs.jpg","datePublished":"2019-03-18T15:46:02+00:00","dateModified":"2026-01-25T12:32:12+00:00","description":"Participez \u00e0 la 6\u00e8me \u00e9dition des Assises du droit du sport qui se tiendra au Barreau de Paris, les 25 et 26 avril 2024.","breadcrumb":{"@id":"https:\/\/www.droitdusport.com\/assises\/6emes-ads-paris-2024\/#breadcrumb"},"inLanguage":"fr-FR","potentialAction":[{"@type":"ReadAction","target":["https:\/\/www.droitdusport.com\/assises\/6emes-ads-paris-2024\/"]}]},{"@type":"ImageObject","inLanguage":"fr-FR","@id":"https:\/\/www.droitdusport.com\/assises\/6emes-ads-paris-2024\/#primaryimage","url":"https:\/\/www.droitdusport.com\/assises\/wp-content\/uploads\/2023\/12\/adds-6-rs.jpg","contentUrl":"https:\/\/www.droitdusport.com\/assises\/wp-content\/uploads\/2023\/12\/adds-6-rs.jpg","width":769,"height":767},{"@type":"BreadcrumbList","@id":"https:\/\/www.droitdusport.com\/assises\/6emes-ads-paris-2024\/#breadcrumb","itemListElement":[{"@type":"ListItem","position":1,"name":"Home","item":"https:\/\/www.droitdusport.com\/assises\/"},{"@type":"ListItem","position":2,"name":"6\u00b0 Assises du droit du sport &#8211; Paris 2024"}]},{"@type":"WebSite","@id":"https:\/\/www.droitdusport.com\/assises\/#website","url":"https:\/\/www.droitdusport.com\/assises\/","name":"Les Assises du droit du sport","description":"Grand Colloque sur le droit du sport","publisher":{"@id":"https:\/\/www.droitdusport.com\/assises\/#organization"},"potentialAction":[{"@type":"SearchAction","target":{"@type":"EntryPoint","urlTemplate":"https:\/\/www.droitdusport.com\/assises\/?s={search_term_string}"},"query-input":{"@type":"PropertyValueSpecification","valueRequired":true,"valueName":"search_term_string"}}],"inLanguage":"fr-FR"},{"@type":"Organization","@id":"https:\/\/www.droitdusport.com\/assises\/#organization","name":"\u00c9ditions droitdusport.com","url":"https:\/\/www.droitdusport.com\/assises\/","logo":{"@type":"ImageObject","inLanguage":"fr-FR","@id":"https:\/\/www.droitdusport.com\/assises\/#\/schema\/logo\/image\/","url":"https:\/\/www.droitdusport.com\/assises\/wp-content\/uploads\/2019\/03\/logo-droit_du_sport-nv.svg","contentUrl":"https:\/\/www.droitdusport.com\/assises\/wp-content\/uploads\/2019\/03\/logo-droit_du_sport-nv.svg","width":499,"height":91,"caption":"\u00c9ditions droitdusport.com"},"image":{"@id":"https:\/\/www.droitdusport.com\/assises\/#\/schema\/logo\/image\/"},"sameAs":["https:\/\/x.com\/Droitdusportcom","https:\/\/www.linkedin.com\/company\/editions-droitdusport-com\/about\/"]}]}},"_links":{"self":[{"href":"https:\/\/www.droitdusport.com\/assises\/wp-json\/wp\/v2\/pages\/85","targetHints":{"allow":["GET"]}}],"collection":[{"href":"https:\/\/www.droitdusport.com\/assises\/wp-json\/wp\/v2\/pages"}],"about":[{"href":"https:\/\/www.droitdusport.com\/assises\/wp-json\/wp\/v2\/types\/page"}],"author":[{"embeddable":true,"href":"https:\/\/www.droitdusport.com\/assises\/wp-json\/wp\/v2\/users\/1"}],"replies":[{"embeddable":true,"href":"https:\/\/www.droitdusport.com\/assises\/wp-json\/wp\/v2\/comments?post=85"}],"version-history":[{"count":138,"href":"https:\/\/www.droitdusport.com\/assises\/wp-json\/wp\/v2\/pages\/85\/revisions"}],"predecessor-version":[{"id":8103,"href":"https:\/\/www.droitdusport.com\/assises\/wp-json\/wp\/v2\/pages\/85\/revisions\/8103"}],"wp:featuredmedia":[{"embeddable":true,"href":"https:\/\/www.droitdusport.com\/assises\/wp-json\/wp\/v2\/media\/6122"}],"wp:attachment":[{"href":"https:\/\/www.droitdusport.com\/assises\/wp-json\/wp\/v2\/media?parent=85"}],"curies":[{"name":"wp","href":"https:\/\/api.w.org\/{rel}","templated":true}]}}