{"id":85,"date":"2019-03-18T16:46:02","date_gmt":"2019-03-18T15:46:02","guid":{"rendered":"https:\/\/www.droitdusport.com\/assises\/?page_id=85"},"modified":"2026-06-30T16:23:16","modified_gmt":"2026-06-30T14:23:16","slug":"6emes-ads-paris-2024","status":"publish","type":"page","link":"https:\/\/www.droitdusport.com\/assises\/6emes-ads-paris-2024\/","title":{"rendered":"6\u00b0 Assises du droit du sport &#8211; Paris 2024"},"content":{"rendered":"\n<div class=\"et_pb_section_0 et_pb_section et_section_regular et_block_section\"><div class=\"et_pb_row_0 et_pb_row et_pb_equal_columns et_pb_gutters1 et_block_row\"><div class=\"et_pb_column_0 et_pb_column et_pb_column_1_3 et_block_column et_pb_css_mix_blend_mode_passthrough\"><div class=\"et_pb_image_0 et_pb_image et_pb_module et_block_module\"><a href=\"https:\/\/www.droitdusport.com\" target=\"_blank\"><span class=\"et_pb_image_wrap\"><img loading=\"lazy\" decoding=\"async\" src=\"https:\/\/www.droitdusport.com\/assises\/wp-content\/uploads\/2023\/11\/logo-adds-6-blanc.svg\" width=\"200\" height=\"65\" srcset=\"https:\/\/www.droitdusport.com\/assises\/wp-content\/uploads\/2023\/11\/logo-adds-6-blanc.svg 200w\" class=\"wp-image-4688\" title=\"logo-adds-6-blanc\" \/><\/span><\/a><\/div><\/div><div class=\"et_pb_column_1 et_pb_column et_pb_column_1_3 et_block_column et_pb_css_mix_blend_mode_passthrough\"><div class=\"et_pb_image_1 et_pb_image et_pb_module et_block_module\"><a href=\"https:\/\/www.avocatparis.org\/\" target=\"_blank\"><span class=\"et_pb_image_wrap\"><img loading=\"lazy\" decoding=\"async\" src=\"https:\/\/www.droitdusport.com\/assises\/wp-content\/uploads\/2019\/03\/logo-barreau-paris-vb.svg\" width=\"134\" height=\"59\" srcset=\"https:\/\/www.droitdusport.com\/assises\/wp-content\/uploads\/2019\/03\/logo-barreau-paris-vb.svg 134w\" sizes=\"(max-width: 134px) 100vw, 134px\" class=\"wp-image-643\" title=\"logo-barreau-paris-vb\" \/><\/span><\/a><\/div><\/div><div class=\"et_pb_column_2 et_pb_column et_pb_column_1_3 et-last-child et_block_column et_pb_css_mix_blend_mode_passthrough\"><div class=\"et_pb_image_2 et_pb_image et_pb_module et_block_module\"><span class=\"et_pb_image_wrap\"><img loading=\"lazy\" decoding=\"async\" src=\"https:\/\/www.droitdusport.com\/assises\/wp-content\/uploads\/2022\/02\/presentent.svg\" width=\"222\" height=\"109\" srcset=\"https:\/\/www.droitdusport.com\/assises\/wp-content\/uploads\/2022\/02\/presentent.svg 222w\" class=\"wp-image-4180\" title=\"presentent\" \/><\/span><\/div><\/div><\/div><\/div><div class=\"et_pb_section_1 et_pb_section et_section_regular et_block_section et_pb_section_parallax\"><span class=\"et-pb-parallax-wrapper et-pb-parallax-hidden-tablet et-pb-parallax-hidden-phone\"><span class=\"et-pb-parallax-background et-pb-parallax-background--css et-pb-parallax-background-module--divi-section-1\" style=\"background-image:url(https:\/\/www.droitdusport.com\/assises\/wp-content\/uploads\/2023\/11\/adds-6-visuell-desktop.svg)\"><\/span><\/span><div class=\"et_pb_row_1 et_pb_row et_block_row custom_row\"><div class=\"et_pb_column_3 et_pb_column et_pb_column_1_3 et_block_column et_pb_css_mix_blend_mode_passthrough first-on-mobile\"><div class=\"et_pb_image_3 et_pb_image et_pb_module et_block_module\"><span class=\"et_pb_image_wrap\"><img loading=\"lazy\" decoding=\"async\" src=\"https:\/\/www.droitdusport.com\/assises\/wp-content\/uploads\/2023\/11\/dates-illu-adds_6.svg\" width=\"124\" height=\"322\" srcset=\"https:\/\/www.droitdusport.com\/assises\/wp-content\/uploads\/2023\/11\/dates-illu-adds_6.svg 124w\" class=\"wp-image-4658\" title=\"dates-illu-adds_6\" \/><\/span><\/div><\/div><div class=\"et_pb_column_4 et_pb_column et_pb_column_1_3 et_block_column et_pb_column_empty et_pb_css_mix_blend_mode_passthrough third-on-mobile\"><\/div><div class=\"et_pb_column_5 et_pb_column et_pb_column_1_3 et-last-child et_block_column et_pb_css_mix_blend_mode_passthrough third-on-mobile\"><div class=\"et_pb_image_4 et_pb_image et_pb_image_sticky et_pb_module et_block_module\"><a href=\"#grandcolloque\"><span class=\"et_pb_image_wrap\"><img loading=\"lazy\" decoding=\"async\" src=\"https:\/\/www.droitdusport.com\/assises\/wp-content\/uploads\/2023\/12\/infos-adds-6-2.svg\" width=\"163\" height=\"249\" srcset=\"https:\/\/www.droitdusport.com\/assises\/wp-content\/uploads\/2023\/12\/infos-adds-6-2.svg 163w\" class=\"wp-image-6264\" title=\"infos-adds-6-2\" \/><\/span><\/a><\/div><\/div><\/div><div class=\"et_pb_row_2 et_pb_row et_block_row et_pb_row_fullwidth\"><div class=\"et_pb_column_6 et_pb_column et_pb_column_4_4 et-last-child et_block_column et_pb_css_mix_blend_mode_passthrough\"><div class=\"et_pb_image_5 et_pb_image et_pb_image_sticky et_pb_module et_block_module\"><span class=\"et_pb_image_wrap\"><img loading=\"lazy\" decoding=\"async\" src=\"https:\/\/www.droitdusport.com\/assises\/wp-content\/uploads\/2023\/11\/titre-adds_6.svg\" width=\"512\" height=\"189\" srcset=\"https:\/\/www.droitdusport.com\/assises\/wp-content\/uploads\/2023\/11\/titre-adds_6.svg 512w\" sizes=\"(min-width: 0px) and (max-width: 480px) 480px, (min-width: 481px) 512px, 100vw\" class=\"wp-image-4664\" title=\"titre-adds_6\" \/><\/span><\/div><\/div><\/div><\/div><div class=\"et_pb_section_2 et_pb_section et_section_regular et_block_section\" id=\"propos\"><div class=\"et_pb_row_3 et_pb_row et_block_row\"><div class=\"et_pb_column_7 et_pb_column et_pb_column_4_4 et-last-child et_block_column et_pb_css_mix_blend_mode_passthrough\"><div class=\"et_pb_text_0 et_pb_text et_pb_bg_layout_light et_pb_module et_block_module\"><div class=\"et_pb_text_inner\"><h1>Les 6<span style=\"font-size: large;\"><sup>\u00e8mes<\/sup><\/span> Assises du droit du sport<\/h1>\n<\/div><\/div><div class=\"et_pb_text_1 et_pb_text et_pb_bg_layout_light et_pb_module et_block_module\"><div class=\"et_pb_text_inner\"><div><span>Cette <span style=\"color: #4dbdc6;\"><strong>6<span style=\"font-size: x-small;\"><sup>\u00e8me<\/sup><\/span> \u00a0\u00e9dition des Assises du droit du sport<\/strong><\/span> du sport sera enti\u00e8rement consacr\u00e9e \u00e0 la th\u00e9matique des <strong>Droits et des Libert\u00e9s des sportifs<\/strong>. Elle proposera dans ce cadre un <strong>Grand colloque<\/strong> et des <strong>Ateliers pratiques<\/strong>, en pr\u00e9sence de nombreux acteurs du sport et d\u2019experts reconnus.<\/span><\/div>\n<\/div><\/div><\/div><\/div><\/div><div class=\"et_pb_section_9 et_pb_section et_section_regular et_block_section et_animated\" id=\"video\"><div class=\"et_pb_row_45 et_pb_row et_pb_equal_columns et_pb_gutters1 et_block_row et_pb_row_fullwidth\"><div class=\"et_pb_column_97 et_pb_column et_pb_column_4_4 et-last-child et_block_column et_pb_css_mix_blend_mode_passthrough\"><div class=\"et_pb_video_0 et_pb_video et_pb_module et_block_module\" id=\"video\"><div class=\"et_pb_video_box\"><iframe loading=\"lazy\" title=\"6\u00e8mes Assises du droit du sport - R\u00e9trospective\" width=\"1080\" height=\"608\" src=\"https:\/\/www.youtube.com\/embed\/SLirYeLlnNQ?feature=oembed\"  allow=\"accelerometer; autoplay; clipboard-write; encrypted-media; gyroscope; picture-in-picture; web-share\" referrerpolicy=\"strict-origin-when-cross-origin\" allowfullscreen><\/iframe><\/div><\/div><\/div><\/div><\/div><div class=\"et_pb_section_10 et_pb_section et_pb_fullwidth_section et_section_regular et_block_section\" id=\"retrospective\"><section class=\"et_pb_fullwidth_header_0 et_pb_fullwidth_header et_pb_bg_layout_dark et_pb_text_align_center et_animated et_pb_section_parallax et_pb_module et_flex_module\"><span class=\"et-pb-parallax-wrapper\"><span class=\"et-pb-parallax-background et-pb-parallax-background-module--divi-fullwidth-header-0\" style=\"background-image:url(https:\/\/www.droitdusport.com\/assises\/wp-content\/uploads\/2024\/05\/fond-retrospective-5.jpg)\"><\/span><\/span><div class=\"et_pb_fullwidth_header_container center\"><div class=\"header-content-container center\"><div class=\"header-content et_flex_module\"><h1 class=\"et_pb_module_header\">R\u00e9trospective<\/h1><div class=\"et_pb_header_button_wrapper\"><a class=\"et_pb_button et_pb_more_button et_pb_button_one\" href=\"https:\/\/www.droitdusport.com\/assises\/retro-ads6\/\">Voir la galerie de photos<\/a><\/div><\/div><\/div><\/div><div class=\"et_pb_fullwidth_header_overlay\"><\/div><div class=\"et_pb_fullwidth_header_scroll\"><\/div><\/section><\/div>\n","protected":false},"excerpt":{"rendered":"","protected":false},"author":1,"featured_media":6122,"parent":0,"menu_order":0,"comment_status":"closed","ping_status":"closed","template":"","meta":{"footnotes":""},"class_list":["post-85","page","type-page","status-publish","has-post-thumbnail","hentry"],"yoast_head":"<!-- This site is optimized with the Yoast SEO plugin v28.3 - https:\/\/yoast.com\/product\/yoast-seo-wordpress\/ -->\n<title>6\u00b0 Assises du droit du sport - Grand Colloque<\/title>\n<meta name=\"description\" content=\"Participez \u00e0 la 6\u00e8me \u00e9dition des Assises du droit du sport qui se tiendra au Barreau de Paris, les 25 et 26 avril 2024.\" \/>\n<meta name=\"robots\" content=\"index, follow, max-snippet:-1, max-image-preview:large, max-video-preview:-1\" \/>\n<link rel=\"canonical\" href=\"https:\/\/www.droitdusport.com\/assises\/6emes-ads-paris-2024\/\" \/>\n<meta property=\"og:locale\" content=\"fr_FR\" \/>\n<meta property=\"og:type\" content=\"article\" \/>\n<meta property=\"og:title\" content=\"6\u00b0 Assises du droit du sport - Grand Colloque\" \/>\n<meta property=\"og:description\" content=\"Participez \u00e0 la 6\u00e8me \u00e9dition des Assises du droit du sport qui se tiendra au Barreau de Paris, les 25 et 26 avril 2024.\" \/>\n<meta property=\"og:url\" content=\"https:\/\/www.droitdusport.com\/assises\/6emes-ads-paris-2024\/\" \/>\n<meta property=\"og:site_name\" content=\"Les Assises du droit du sport\" \/>\n<meta property=\"article:modified_time\" content=\"2026-06-30T14:23:16+00:00\" \/>\n<meta property=\"og:image\" content=\"https:\/\/www.droitdusport.com\/assises\/wp-content\/uploads\/2023\/12\/adds-6-rs.jpg\" \/>\n\t<meta property=\"og:image:width\" content=\"769\" \/>\n\t<meta property=\"og:image:height\" content=\"767\" \/>\n\t<meta property=\"og:image:type\" content=\"image\/jpeg\" \/>\n<meta name=\"twitter:card\" content=\"summary_large_image\" \/>\n<meta name=\"twitter:image\" content=\"https:\/\/www.droitdusport.com\/assises\/wp-content\/uploads\/2023\/12\/adds-6-rs.jpg\" \/>\n<meta name=\"twitter:site\" content=\"@Droitdusportcom\" \/>\n<meta name=\"twitter:label1\" content=\"Dur\u00e9e de lecture estim\u00e9e\" \/>\n\t<meta name=\"twitter:data1\" content=\"13 minutes\" \/>\n<script type=\"application\/ld+json\" class=\"yoast-schema-graph\">{\"@context\":\"https:\\\/\\\/schema.org\",\"@graph\":[{\"@type\":\"WebPage\",\"@id\":\"https:\\\/\\\/www.droitdusport.com\\\/assises\\\/6emes-ads-paris-2024\\\/\",\"url\":\"https:\\\/\\\/www.droitdusport.com\\\/assises\\\/6emes-ads-paris-2024\\\/\",\"name\":\"6\u00b0 Assises du droit du sport - Grand Colloque\",\"isPartOf\":{\"@id\":\"https:\\\/\\\/www.droitdusport.com\\\/assises\\\/#website\"},\"primaryImageOfPage\":{\"@id\":\"https:\\\/\\\/www.droitdusport.com\\\/assises\\\/6emes-ads-paris-2024\\\/#primaryimage\"},\"image\":{\"@id\":\"https:\\\/\\\/www.droitdusport.com\\\/assises\\\/6emes-ads-paris-2024\\\/#primaryimage\"},\"thumbnailUrl\":\"https:\\\/\\\/www.droitdusport.com\\\/assises\\\/wp-content\\\/uploads\\\/2023\\\/12\\\/adds-6-rs.jpg\",\"datePublished\":\"2019-03-18T15:46:02+00:00\",\"dateModified\":\"2026-06-30T14:23:16+00:00\",\"description\":\"Participez \u00e0 la 6\u00e8me \u00e9dition des Assises du droit du sport qui se tiendra au Barreau de Paris, les 25 et 26 avril 2024.\",\"breadcrumb\":{\"@id\":\"https:\\\/\\\/www.droitdusport.com\\\/assises\\\/6emes-ads-paris-2024\\\/#breadcrumb\"},\"inLanguage\":\"fr-FR\",\"potentialAction\":[{\"@type\":\"ReadAction\",\"target\":[\"https:\\\/\\\/www.droitdusport.com\\\/assises\\\/6emes-ads-paris-2024\\\/\"]}]},{\"@type\":\"ImageObject\",\"inLanguage\":\"fr-FR\",\"@id\":\"https:\\\/\\\/www.droitdusport.com\\\/assises\\\/6emes-ads-paris-2024\\\/#primaryimage\",\"url\":\"https:\\\/\\\/www.droitdusport.com\\\/assises\\\/wp-content\\\/uploads\\\/2023\\\/12\\\/adds-6-rs.jpg\",\"contentUrl\":\"https:\\\/\\\/www.droitdusport.com\\\/assises\\\/wp-content\\\/uploads\\\/2023\\\/12\\\/adds-6-rs.jpg\",\"width\":769,\"height\":767},{\"@type\":\"BreadcrumbList\",\"@id\":\"https:\\\/\\\/www.droitdusport.com\\\/assises\\\/6emes-ads-paris-2024\\\/#breadcrumb\",\"itemListElement\":[{\"@type\":\"ListItem\",\"position\":1,\"name\":\"Home\",\"item\":\"https:\\\/\\\/www.droitdusport.com\\\/assises\\\/\"},{\"@type\":\"ListItem\",\"position\":2,\"name\":\"6\u00b0 Assises du droit du sport &#8211; Paris 2024\"}]},{\"@type\":\"WebSite\",\"@id\":\"https:\\\/\\\/www.droitdusport.com\\\/assises\\\/#website\",\"url\":\"https:\\\/\\\/www.droitdusport.com\\\/assises\\\/\",\"name\":\"Les Assises du droit du sport\",\"description\":\"Grand Colloque sur le droit du sport\",\"publisher\":{\"@id\":\"https:\\\/\\\/www.droitdusport.com\\\/assises\\\/#organization\"},\"potentialAction\":[{\"@type\":\"SearchAction\",\"target\":{\"@type\":\"EntryPoint\",\"urlTemplate\":\"https:\\\/\\\/www.droitdusport.com\\\/assises\\\/?s={search_term_string}\"},\"query-input\":{\"@type\":\"PropertyValueSpecification\",\"valueRequired\":true,\"valueName\":\"search_term_string\"}}],\"inLanguage\":\"fr-FR\"},{\"@type\":\"Organization\",\"@id\":\"https:\\\/\\\/www.droitdusport.com\\\/assises\\\/#organization\",\"name\":\"\u00c9ditions droitdusport.com\",\"url\":\"https:\\\/\\\/www.droitdusport.com\\\/assises\\\/\",\"logo\":{\"@type\":\"ImageObject\",\"inLanguage\":\"fr-FR\",\"@id\":\"https:\\\/\\\/www.droitdusport.com\\\/assises\\\/#\\\/schema\\\/logo\\\/image\\\/\",\"url\":\"https:\\\/\\\/www.droitdusport.com\\\/assises\\\/wp-content\\\/uploads\\\/2019\\\/03\\\/logo-droit_du_sport-nv.svg\",\"contentUrl\":\"https:\\\/\\\/www.droitdusport.com\\\/assises\\\/wp-content\\\/uploads\\\/2019\\\/03\\\/logo-droit_du_sport-nv.svg\",\"width\":499,\"height\":91,\"caption\":\"\u00c9ditions droitdusport.com\"},\"image\":{\"@id\":\"https:\\\/\\\/www.droitdusport.com\\\/assises\\\/#\\\/schema\\\/logo\\\/image\\\/\"},\"sameAs\":[\"https:\\\/\\\/x.com\\\/Droitdusportcom\",\"https:\\\/\\\/www.linkedin.com\\\/company\\\/editions-droitdusport-com\\\/about\\\/\"]}]}<\/script>\n<!-- \/ Yoast SEO plugin. -->","yoast_head_json":{"title":"6\u00b0 Assises du droit du sport - Grand Colloque","description":"Participez \u00e0 la 6\u00e8me \u00e9dition des Assises du droit du sport qui se tiendra au Barreau de Paris, les 25 et 26 avril 2024.","robots":{"index":"index","follow":"follow","max-snippet":"max-snippet:-1","max-image-preview":"max-image-preview:large","max-video-preview":"max-video-preview:-1"},"canonical":"https:\/\/www.droitdusport.com\/assises\/6emes-ads-paris-2024\/","og_locale":"fr_FR","og_type":"article","og_title":"6\u00b0 Assises du droit du sport - Grand Colloque","og_description":"Participez \u00e0 la 6\u00e8me \u00e9dition des Assises du droit du sport qui se tiendra au Barreau de Paris, les 25 et 26 avril 2024.","og_url":"https:\/\/www.droitdusport.com\/assises\/6emes-ads-paris-2024\/","og_site_name":"Les Assises du droit du sport","article_modified_time":"2026-06-30T14:23:16+00:00","og_image":[{"width":769,"height":767,"url":"https:\/\/www.droitdusport.com\/assises\/wp-content\/uploads\/2023\/12\/adds-6-rs.jpg","type":"image\/jpeg"}],"twitter_card":"summary_large_image","twitter_image":"https:\/\/www.droitdusport.com\/assises\/wp-content\/uploads\/2023\/12\/adds-6-rs.jpg","twitter_site":"@Droitdusportcom","twitter_misc":{"Dur\u00e9e de lecture estim\u00e9e":"13 minutes"},"schema":{"@context":"https:\/\/schema.org","@graph":[{"@type":"WebPage","@id":"https:\/\/www.droitdusport.com\/assises\/6emes-ads-paris-2024\/","url":"https:\/\/www.droitdusport.com\/assises\/6emes-ads-paris-2024\/","name":"6\u00b0 Assises du droit du sport - Grand Colloque","isPartOf":{"@id":"https:\/\/www.droitdusport.com\/assises\/#website"},"primaryImageOfPage":{"@id":"https:\/\/www.droitdusport.com\/assises\/6emes-ads-paris-2024\/#primaryimage"},"image":{"@id":"https:\/\/www.droitdusport.com\/assises\/6emes-ads-paris-2024\/#primaryimage"},"thumbnailUrl":"https:\/\/www.droitdusport.com\/assises\/wp-content\/uploads\/2023\/12\/adds-6-rs.jpg","datePublished":"2019-03-18T15:46:02+00:00","dateModified":"2026-06-30T14:23:16+00:00","description":"Participez \u00e0 la 6\u00e8me \u00e9dition des Assises du droit du sport qui se tiendra au Barreau de Paris, les 25 et 26 avril 2024.","breadcrumb":{"@id":"https:\/\/www.droitdusport.com\/assises\/6emes-ads-paris-2024\/#breadcrumb"},"inLanguage":"fr-FR","potentialAction":[{"@type":"ReadAction","target":["https:\/\/www.droitdusport.com\/assises\/6emes-ads-paris-2024\/"]}]},{"@type":"ImageObject","inLanguage":"fr-FR","@id":"https:\/\/www.droitdusport.com\/assises\/6emes-ads-paris-2024\/#primaryimage","url":"https:\/\/www.droitdusport.com\/assises\/wp-content\/uploads\/2023\/12\/adds-6-rs.jpg","contentUrl":"https:\/\/www.droitdusport.com\/assises\/wp-content\/uploads\/2023\/12\/adds-6-rs.jpg","width":769,"height":767},{"@type":"BreadcrumbList","@id":"https:\/\/www.droitdusport.com\/assises\/6emes-ads-paris-2024\/#breadcrumb","itemListElement":[{"@type":"ListItem","position":1,"name":"Home","item":"https:\/\/www.droitdusport.com\/assises\/"},{"@type":"ListItem","position":2,"name":"6\u00b0 Assises du droit du sport &#8211; Paris 2024"}]},{"@type":"WebSite","@id":"https:\/\/www.droitdusport.com\/assises\/#website","url":"https:\/\/www.droitdusport.com\/assises\/","name":"Les Assises du droit du sport","description":"Grand Colloque sur le droit du sport","publisher":{"@id":"https:\/\/www.droitdusport.com\/assises\/#organization"},"potentialAction":[{"@type":"SearchAction","target":{"@type":"EntryPoint","urlTemplate":"https:\/\/www.droitdusport.com\/assises\/?s={search_term_string}"},"query-input":{"@type":"PropertyValueSpecification","valueRequired":true,"valueName":"search_term_string"}}],"inLanguage":"fr-FR"},{"@type":"Organization","@id":"https:\/\/www.droitdusport.com\/assises\/#organization","name":"\u00c9ditions droitdusport.com","url":"https:\/\/www.droitdusport.com\/assises\/","logo":{"@type":"ImageObject","inLanguage":"fr-FR","@id":"https:\/\/www.droitdusport.com\/assises\/#\/schema\/logo\/image\/","url":"https:\/\/www.droitdusport.com\/assises\/wp-content\/uploads\/2019\/03\/logo-droit_du_sport-nv.svg","contentUrl":"https:\/\/www.droitdusport.com\/assises\/wp-content\/uploads\/2019\/03\/logo-droit_du_sport-nv.svg","width":499,"height":91,"caption":"\u00c9ditions droitdusport.com"},"image":{"@id":"https:\/\/www.droitdusport.com\/assises\/#\/schema\/logo\/image\/"},"sameAs":["https:\/\/x.com\/Droitdusportcom","https:\/\/www.linkedin.com\/company\/editions-droitdusport-com\/about\/"]}]}},"_links":{"self":[{"href":"https:\/\/www.droitdusport.com\/assises\/wp-json\/wp\/v2\/pages\/85","targetHints":{"allow":["GET"]}}],"collection":[{"href":"https:\/\/www.droitdusport.com\/assises\/wp-json\/wp\/v2\/pages"}],"about":[{"href":"https:\/\/www.droitdusport.com\/assises\/wp-json\/wp\/v2\/types\/page"}],"author":[{"embeddable":true,"href":"https:\/\/www.droitdusport.com\/assises\/wp-json\/wp\/v2\/users\/1"}],"replies":[{"embeddable":true,"href":"https:\/\/www.droitdusport.com\/assises\/wp-json\/wp\/v2\/comments?post=85"}],"version-history":[{"count":139,"href":"https:\/\/www.droitdusport.com\/assises\/wp-json\/wp\/v2\/pages\/85\/revisions"}],"predecessor-version":[{"id":9701,"href":"https:\/\/www.droitdusport.com\/assises\/wp-json\/wp\/v2\/pages\/85\/revisions\/9701"}],"wp:featuredmedia":[{"embeddable":true,"href":"https:\/\/www.droitdusport.com\/assises\/wp-json\/wp\/v2\/media\/6122"}],"wp:attachment":[{"href":"https:\/\/www.droitdusport.com\/assises\/wp-json\/wp\/v2\/media?parent=85"}],"curies":[{"name":"wp","href":"https:\/\/api.w.org\/{rel}","templated":true}]}}